{"id":7963,"date":"2023-12-11T09:10:38","date_gmt":"2023-12-11T09:10:38","guid":{"rendered":"https:\/\/surmasterprojects.com\/?page_id=7963"},"modified":"2023-12-11T09:10:38","modified_gmt":"2023-12-11T09:10:38","slug":"donde-alojarse-en-portocolom-mallorca","status":"publish","type":"page","link":"https:\/\/surmasterprojects.com\/de\/blog\/donde-alojarse-en-portocolom-mallorca\/","title":{"rendered":"\u00bfD\u00f3nde alojarse en Portocolom, Mallorca?"},"content":{"rendered":"\n[et_pb_section fb_built=\u00bb1&#8243; _builder_version=\u00bb4.21.0&#8243; _module_preset=\u00bbdefault\u00bb global_colors_info=\u00bb{}\u00bb theme_builder_area=\u00bbpost_content\u00bb][et_pb_row _builder_version=\u00bb4.16&#8243; custom_padding=\u00bb21px|||||\u00bb locked=\u00bboff\u00bb global_colors_info=\u00bb{}\u00bb theme_builder_area=\u00bbpost_content\u00bb][et_pb_column type=\u00bb4_4&#8243; _builder_version=\u00bb4.16&#8243; global_colors_info=\u00bb{}\u00bb theme_builder_area=\u00bbpost_content\u00bb][et_pb_text _builder_version=\u00bb4.23.1&#8243; header_font=\u00bbBellefair||||||||\u00bb header_font_size=\u00bb48px\u00bb header_line_height=\u00bb1.2em\u00bb header_2_font=\u00bbBellefair||||||||\u00bb header_2_text_color=\u00bb#000000&#8243; header_2_font_size=\u00bb48px\u00bb header_2_line_height=\u00bb1.2em\u00bb header_6_font=\u00bbMontserrat|700||on|||||\u00bb header_6_text_color=\u00bb#ff4e00&#8243; header_6_font_size=\u00bb12px\u00bb header_6_letter_spacing=\u00bb2px\u00bb header_6_line_height=\u00bb1.2em\u00bb text_orientation=\u00bbcenter\u00bb max_width=\u00bb700px\u00bb module_alignment=\u00bbcenter\u00bb hover_enabled=\u00bb0&#8243; header_2_font_size_tablet=\u00bb42px\u00bb header_2_font_size_phone=\u00bb34px\u00bb header_2_font_size_last_edited=\u00bbon|desktop\u00bb header_6_font_size_tablet=\u00bb42px\u00bb header_6_font_size_phone=\u00bb34px\u00bb header_6_font_size_last_edited=\u00bboff|phone\u00bb text_text_align=\u00bbjustify\u00bb locked=\u00bboff\u00bb global_colors_info=\u00bb{}\u00bb header_2_2_font_size_tablet=\u00bb42px\u00bb header_3_2_font_size_tablet=\u00bb42px\u00bb header_4_2_font_size_tablet=\u00bb42px\u00bb header_5_2_font_size_tablet=\u00bb42px\u00bb header_6_2_font_size_tablet=\u00bb42px\u00bb header_2_2_font_size_phone=\u00bb34px\u00bb header_3_2_font_size_phone=\u00bb34px\u00bb header_4_2_font_size_phone=\u00bb34px\u00bb header_5_2_font_size_phone=\u00bb34px\u00bb header_6_2_font_size_phone=\u00bb34px\u00bb header_2_2_font_size_last_edited=\u00bbon|tablet\u00bb header_3_2_font_size_last_edited=\u00bbon|tablet\u00bb header_4_2_font_size_last_edited=\u00bbon|tablet\u00bb header_5_2_font_size_last_edited=\u00bbon|tablet\u00bb header_6_2_font_size_last_edited=\u00bbon|tablet\u00bb header_2_3_font_size_tablet=\u00bb34px\u00bb header_3_3_font_size_tablet=\u00bb34px\u00bb header_4_3_font_size_tablet=\u00bb34px\u00bb header_5_3_font_size_tablet=\u00bb34px\u00bb header_6_3_font_size_tablet=\u00bb34px\u00bb header_2_3_font_size_phone=\u00bb28px\u00bb header_3_3_font_size_phone=\u00bb28px\u00bb header_4_3_font_size_phone=\u00bb28px\u00bb header_5_3_font_size_phone=\u00bb28px\u00bb header_6_3_font_size_phone=\u00bb28px\u00bb header_2_3_font_size_last_edited=\u00bbon|phone\u00bb header_3_3_font_size_last_edited=\u00bbon|phone\u00bb header_4_3_font_size_last_edited=\u00bbon|phone\u00bb header_5_3_font_size_last_edited=\u00bbon|phone\u00bb header_6_3_font_size_last_edited=\u00bbon|phone\u00bb header_2_4_font_size_tablet=\u00bb22px\u00bb header_3_4_font_size_tablet=\u00bb22px\u00bb header_4_4_font_size_tablet=\u00bb22px\u00bb header_5_4_font_size_tablet=\u00bb22px\u00bb header_6_4_font_size_tablet=\u00bb22px\u00bb header_2_4_font_size_phone=\u00bb18px\u00bb header_3_4_font_size_phone=\u00bb18px\u00bb header_4_4_font_size_phone=\u00bb18px\u00bb header_5_4_font_size_phone=\u00bb18px\u00bb header_6_4_font_size_phone=\u00bb18px\u00bb header_2_4_font_size_last_edited=\u00bbon|phone\u00bb header_3_4_font_size_last_edited=\u00bbon|phone\u00bb header_4_4_font_size_last_edited=\u00bbon|phone\u00bb header_5_4_font_size_last_edited=\u00bbon|phone\u00bb header_6_4_font_size_last_edited=\u00bbon|phone\u00bb header_2_5_font_size_phone=\u00bb16px\u00bb header_3_5_font_size_phone=\u00bb16px\u00bb header_4_5_font_size_phone=\u00bb16px\u00bb header_5_5_font_size_phone=\u00bb16px\u00bb header_6_5_font_size_phone=\u00bb16px\u00bb header_2_5_font_size_last_edited=\u00bbon|tablet\u00bb header_3_5_font_size_last_edited=\u00bbon|tablet\u00bb header_4_5_font_size_last_edited=\u00bbon|tablet\u00bb header_5_5_font_size_last_edited=\u00bbon|tablet\u00bb header_6_5_font_size_last_edited=\u00bbon|tablet\u00bb theme_builder_area=\u00bbpost_content\u00bb sticky_enabled=\u00bb0&#8243;]<h6>ALOJARSE EN PORTOCOLOM<\/h6>\n<h1><span style=\"font-weight: 400;\">\u00bfD\u00f3nde alojarse en Portocolom, Mallorca<\/span>?<\/h1>[\/et_pb_text][et_pb_image src=\u00bbhttp:\/\/surmasterprojects.com\/wp-content\/uploads\/2023\/11\/portocolom-pueblo-portada-e1700784229143.jpg\u00bb title_text=\u00bbportocolom-pueblo-portada\u00bb align=\u00bbcenter\u00bb _builder_version=\u00bb4.23.1&#8243; hover_enabled=\u00bb0&#8243; global_colors_info=\u00bb{}\u00bb theme_builder_area=\u00bbpost_content\u00bb sticky_enabled=\u00bb0&#8243;][\/et_pb_image][\/et_pb_column][\/et_pb_row][et_pb_row column_structure=\u00bb1_2,1_2&#8243; _builder_version=\u00bb4.16&#8243; custom_padding=\u00bb||0px|||\u00bb global_colors_info=\u00bb{}\u00bb theme_builder_area=\u00bbpost_content\u00bb][et_pb_column type=\u00bb1_2&#8243; _builder_version=\u00bb4.16&#8243; global_colors_info=\u00bb{}\u00bb theme_builder_area=\u00bbpost_content\u00bb][et_pb_text _builder_version=\u00bb4.23.1&#8243; header_font=\u00bbBellefair||||||||\u00bb header_text_color=\u00bb#000000&#8243; header_font_size=\u00bb48px\u00bb header_line_height=\u00bb1.2em\u00bb header_2_font=\u00bbBellefair||||||||\u00bb header_2_text_align=\u00bbleft\u00bb header_2_text_color=\u00bb#000000&#8243; header_2_font_size=\u00bb48px\u00bb header_2_line_height=\u00bb1.2em\u00bb header_3_font=\u00bbBellefair||||||||\u00bb header_3_text_color=\u00bb#000000&#8243; header_3_font_size=\u00bb38px\u00bb header_3_line_height=\u00bb1.2em\u00bb header_4_font=\u00bbBellefair||||||||\u00bb header_4_text_color=\u00bb#000000&#8243; header_4_font_size=\u00bb30px\u00bb header_4_line_height=\u00bb1.4em\u00bb header_5_font=\u00bbBellefair||||||||\u00bb header_5_text_color=\u00bb#000000&#8243; header_5_font_size=\u00bb22px\u00bb header_5_line_height=\u00bb1.2em\u00bb header_6_font=\u00bbMontserrat|700||on|||||\u00bb header_6_text_color=\u00bb#ff4e00&#8243; header_6_font_size=\u00bb12px\u00bb header_6_letter_spacing=\u00bb2px\u00bb header_6_line_height=\u00bb1.2em\u00bb hover_enabled=\u00bb0&#8243; header_font_size_tablet=\u00bb42px\u00bb header_font_size_phone=\u00bb34px\u00bb header_font_size_last_edited=\u00bbon|tablet\u00bb header_2_font_size_tablet=\u00bb42px\u00bb header_2_font_size_phone=\u00bb34px\u00bb header_2_font_size_last_edited=\u00bbon|tablet\u00bb header_3_font_size_tablet=\u00bb34px\u00bb header_3_font_size_phone=\u00bb28px\u00bb header_3_font_size_last_edited=\u00bbon|phone\u00bb header_4_font_size_tablet=\u00bb22px\u00bb header_4_font_size_phone=\u00bb18px\u00bb header_4_font_size_last_edited=\u00bbon|phone\u00bb header_5_font_size_tablet=\u00bb\u00bb header_5_font_size_phone=\u00bb16px\u00bb header_5_font_size_last_edited=\u00bbon|tablet\u00bb border_color_all=\u00bb#ff4e00&#8243; border_width_bottom=\u00bb4px\u00bb text_text_align=\u00bbjustify\u00bb locked=\u00bboff\u00bb global_colors_info=\u00bb{}\u00bb header_2_2_font_size_tablet=\u00bb42px\u00bb header_3_2_font_size_tablet=\u00bb42px\u00bb header_4_2_font_size_tablet=\u00bb42px\u00bb header_5_2_font_size_tablet=\u00bb42px\u00bb header_6_2_font_size_tablet=\u00bb42px\u00bb header_2_2_font_size_phone=\u00bb34px\u00bb header_3_2_font_size_phone=\u00bb34px\u00bb header_4_2_font_size_phone=\u00bb34px\u00bb header_5_2_font_size_phone=\u00bb34px\u00bb header_6_2_font_size_phone=\u00bb34px\u00bb header_2_2_font_size_last_edited=\u00bbon|tablet\u00bb header_3_2_font_size_last_edited=\u00bbon|tablet\u00bb header_4_2_font_size_last_edited=\u00bbon|tablet\u00bb header_5_2_font_size_last_edited=\u00bbon|tablet\u00bb header_6_2_font_size_last_edited=\u00bbon|tablet\u00bb header_2_3_font_size_tablet=\u00bb34px\u00bb header_3_3_font_size_tablet=\u00bb34px\u00bb header_4_3_font_size_tablet=\u00bb34px\u00bb header_5_3_font_size_tablet=\u00bb34px\u00bb header_6_3_font_size_tablet=\u00bb34px\u00bb header_2_3_font_size_phone=\u00bb28px\u00bb header_3_3_font_size_phone=\u00bb28px\u00bb header_4_3_font_size_phone=\u00bb28px\u00bb header_5_3_font_size_phone=\u00bb28px\u00bb header_6_3_font_size_phone=\u00bb28px\u00bb header_2_3_font_size_last_edited=\u00bbon|phone\u00bb header_3_3_font_size_last_edited=\u00bbon|phone\u00bb header_4_3_font_size_last_edited=\u00bbon|phone\u00bb header_5_3_font_size_last_edited=\u00bbon|phone\u00bb header_6_3_font_size_last_edited=\u00bbon|phone\u00bb header_2_4_font_size_tablet=\u00bb22px\u00bb header_3_4_font_size_tablet=\u00bb22px\u00bb header_4_4_font_size_tablet=\u00bb22px\u00bb header_5_4_font_size_tablet=\u00bb22px\u00bb header_6_4_font_size_tablet=\u00bb22px\u00bb header_2_4_font_size_phone=\u00bb18px\u00bb header_3_4_font_size_phone=\u00bb18px\u00bb header_4_4_font_size_phone=\u00bb18px\u00bb header_5_4_font_size_phone=\u00bb18px\u00bb header_6_4_font_size_phone=\u00bb18px\u00bb header_2_4_font_size_last_edited=\u00bbon|phone\u00bb header_3_4_font_size_last_edited=\u00bbon|phone\u00bb header_4_4_font_size_last_edited=\u00bbon|phone\u00bb header_5_4_font_size_last_edited=\u00bbon|phone\u00bb header_6_4_font_size_last_edited=\u00bbon|phone\u00bb header_2_5_font_size_phone=\u00bb16px\u00bb header_3_5_font_size_phone=\u00bb16px\u00bb header_4_5_font_size_phone=\u00bb16px\u00bb header_5_5_font_size_phone=\u00bb16px\u00bb header_6_5_font_size_phone=\u00bb16px\u00bb header_2_5_font_size_last_edited=\u00bbon|tablet\u00bb header_3_5_font_size_last_edited=\u00bbon|tablet\u00bb header_4_5_font_size_last_edited=\u00bbon|tablet\u00bb header_5_5_font_size_last_edited=\u00bbon|tablet\u00bb header_6_5_font_size_last_edited=\u00bbon|tablet\u00bb theme_builder_area=\u00bbpost_content\u00bb sticky_enabled=\u00bb0&#8243;]<h4><span style=\"font-weight: 400;\">La costa este de Mallorca alberga uno de sus secretos mejor guardados: Portocolom, un encantador pueblo pesquero que cautiva con sus playas id\u00edlicas, su atm\u00f3sfera vibrante y su exquisita oferta gastron\u00f3mica.<\/span><\/h4>[\/et_pb_text][et_pb_text _builder_version=\u00bb4.23.1&#8243; text_font=\u00bb||||||||\u00bb text_font_size=\u00bb16px\u00bb text_line_height=\u00bb2em\u00bb text_orientation=\u00bbjustified\u00bb hover_enabled=\u00bb0&#8243; text_font_size_tablet=\u00bb15px\u00bb text_font_size_phone=\u00bb14px\u00bb text_font_size_last_edited=\u00bbon|phone\u00bb locked=\u00bboff\u00bb global_colors_info=\u00bb{}\u00bb theme_builder_area=\u00bbpost_content\u00bb sticky_enabled=\u00bb0&#8243;]<p><span style=\"font-weight: 400;\">En este art\u00edculo, te guiamos a trav\u00e9s de las opciones de alojamiento que ofrece Portocolom, desde hoteles lujosos hasta acogedores campings, asegur\u00e1ndonos de que encuentres el refugio perfecto para tu estancia. \u00a1Sum\u00e9rgete en la magia de Portocolom y encuentra el hogar perfecto lejos de casa!<\/span><\/p>[\/et_pb_text][\/et_pb_column][et_pb_column type=\u00bb1_2&#8243; _builder_version=\u00bb4.16&#8243; global_colors_info=\u00bb{}\u00bb theme_builder_area=\u00bbpost_content\u00bb][et_pb_text _builder_version=\u00bb4.23.1&#8243; text_font=\u00bb||||||||\u00bb text_font_size=\u00bb16px\u00bb text_line_height=\u00bb2em\u00bb header_2_line_height=\u00bb1.4em\u00bb text_orientation=\u00bbjustified\u00bb hover_enabled=\u00bb0&#8243; text_font_size_tablet=\u00bb15px\u00bb text_font_size_phone=\u00bb14px\u00bb text_font_size_last_edited=\u00bbon|phone\u00bb locked=\u00bboff\u00bb global_colors_info=\u00bb{}\u00bb theme_builder_area=\u00bbpost_content\u00bb sticky_enabled=\u00bb0&#8243;]<h2><span style=\"font-weight: 400;\">Encuentra el alojamiento perfecto para alojarte en Portocolom<\/span><\/h2>\n<p><span style=\"font-weight: 400;\">Portocolom es un precioso pueblo pesquero ubicado en la costa este de Mallorca. Es un destino tur\u00edstico popular, conocido por sus hermosas playas, su animado ambiente y, por supuesto, su deliciosa gastronom\u00eda.<\/span><\/p>\n<p>&nbsp;<\/p>\n<p><span style=\"font-weight: 400;\">Si est\u00e1s planeando unas vacaciones en Portocolom, una de las cosas m\u00e1s importantes que debes tener en cuenta es tu alojamiento. En este art\u00edculo, te damos algunos consejos para ayudarte a encontrar el alojamiento perfecto para tus vacaciones.<\/span><\/p>[\/et_pb_text][\/et_pb_column][\/et_pb_row][et_pb_row column_structure=\u00bb1_2,1_2&#8243; _builder_version=\u00bb4.16&#8243; custom_padding=\u00bb||0px|||\u00bb global_colors_info=\u00bb{}\u00bb theme_builder_area=\u00bbpost_content\u00bb][et_pb_column type=\u00bb1_2&#8243; _builder_version=\u00bb4.16&#8243; global_colors_info=\u00bb{}\u00bb theme_builder_area=\u00bbpost_content\u00bb][et_pb_image src=\u00bbhttp:\/\/surmasterprojects.com\/wp-content\/uploads\/2023\/11\/hostal-portocolom.jpg\u00bb title_text=\u00bbhostal-portocolom\u00bb _builder_version=\u00bb4.23.1&#8243; _module_preset=\u00bbdefault\u00bb hover_enabled=\u00bb0&#8243; global_colors_info=\u00bb{}\u00bb theme_builder_area=\u00bbpost_content\u00bb sticky_enabled=\u00bb0&#8243; custom_margin=\u00bb9px|||||\u00bb][\/et_pb_image][\/et_pb_column][et_pb_column type=\u00bb1_2&#8243; _builder_version=\u00bb4.16&#8243; global_colors_info=\u00bb{}\u00bb theme_builder_area=\u00bbpost_content\u00bb][et_pb_text _builder_version=\u00bb4.23.1&#8243; text_font=\u00bb||||||||\u00bb text_font_size=\u00bb16px\u00bb text_line_height=\u00bb2em\u00bb header_2_line_height=\u00bb1.4em\u00bb text_orientation=\u00bbjustified\u00bb hover_enabled=\u00bb0&#8243; text_font_size_tablet=\u00bb15px\u00bb text_font_size_phone=\u00bb14px\u00bb text_font_size_last_edited=\u00bbon|phone\u00bb locked=\u00bboff\u00bb global_colors_info=\u00bb{}\u00bb theme_builder_area=\u00bbpost_content\u00bb sticky_enabled=\u00bb0&#8243;]<h2><span style=\"font-weight: 400;\">Tipos de alojamiento disponibles para tus vacaciones en Portocolom<\/span><\/h2>\n<p><span style=\"font-weight: 400;\">En Portocolom, encontrar\u00e1s una amplia variedad de alojamientos para todos los presupuestos y necesidades. Puedes elegir entre hoteles, apartamentos, villas, hostales, campings, etc.<\/span><\/p>\n<h3><span style=\"font-weight: 400;\">Hoteles<\/span><\/h3>\n<p><span style=\"font-weight: 400;\">Los hoteles son la opci\u00f3n m\u00e1s tradicional para alojarse en Portocolom. Encontrar\u00e1s hoteles de todas las categor\u00edas, desde hoteles de lujo hasta hoteles econ\u00f3micos.<\/span><span style=\"font-weight: 400;\"><\/span><\/p>\n<p><span style=\"font-weight: 400;\">Los hoteles suelen ofrecer una amplia gama de servicios y comodidades, como piscinas, spas, gimnasios, restaurantes, bares, etc. Tambi\u00e9n suelen tener personal de recepci\u00f3n 24 horas, servicio de habitaciones y servicio de limpieza.<\/span><\/p>\n<h3><span style=\"font-weight: 400;\">Apartamentos y villas<\/span><\/h3>\n<p><span style=\"font-weight: 400;\">Los apartamentos y villas son una buena opci\u00f3n para las familias o grupos de amigos. Te dan m\u00e1s libertad y privacidad que un hotel.<\/span><\/p>\n<p><span style=\"font-weight: 400;\">Los apartamentos y villas suelen estar equipados con cocina, sala de estar, comedor y una o m\u00e1s habitaciones. Tambi\u00e9n suelen tener terraza o patio.<\/span><\/p>[\/et_pb_text][\/et_pb_column][\/et_pb_row][et_pb_row _builder_version=\u00bb4.21.0&#8243; _module_preset=\u00bbdefault\u00bb custom_padding=\u00bb||11px|||\u00bb global_colors_info=\u00bb{}\u00bb theme_builder_area=\u00bbpost_content\u00bb][et_pb_column type=\u00bb4_4&#8243; _builder_version=\u00bb4.21.0&#8243; _module_preset=\u00bbdefault\u00bb global_colors_info=\u00bb{}\u00bb theme_builder_area=\u00bbpost_content\u00bb][et_pb_text _builder_version=\u00bb4.23.1&#8243; text_font=\u00bb||||||||\u00bb text_font_size=\u00bb16px\u00bb text_line_height=\u00bb2em\u00bb header_2_line_height=\u00bb1.4em\u00bb text_orientation=\u00bbjustified\u00bb custom_margin=\u00bb||19px|||\u00bb hover_enabled=\u00bb0&#8243; text_font_size_tablet=\u00bb15px\u00bb text_font_size_phone=\u00bb14px\u00bb text_font_size_last_edited=\u00bbon|phone\u00bb locked=\u00bboff\u00bb global_colors_info=\u00bb{}\u00bb theme_builder_area=\u00bbpost_content\u00bb sticky_enabled=\u00bb0&#8243;]<h3><span style=\"font-weight: 400;\">Hostales<\/span><\/h3>\n<p><span style=\"font-weight: 400;\">Los hostales son una opci\u00f3n econ\u00f3mica para alojarse en Portocolom. Suelen ser m\u00e1s informales que los hoteles y ofrecen servicios m\u00e1s b\u00e1sicos.<\/span><\/p>\n<p><span style=\"font-weight: 400;\">Si buscas un alojamiento econ\u00f3mico y acogedor en Portocolom, <a href=\"https:\/\/www.hostalportocolom.com\/\">el Hostal HPC Portocolom<\/a> es una excelente opci\u00f3n. Este hostal est\u00e1 ubicado en el coraz\u00f3n del pueblo, a pocos pasos de la playa y del puerto deportivo. Ofrece habitaciones c\u00f3modas y equipadas con todo lo necesario para que te sientas como en casa.<\/span><\/p>\n<p><span style=\"font-weight: 400;\">Los hostales suelen ofrecer habitaciones compartidas o privadas. Las habitaciones compartidas suelen tener ba\u00f1os compartidos, mientras que las habitaciones privadas suelen tener ba\u00f1o privado.<\/span><\/p>[\/et_pb_text][et_pb_text _builder_version=\u00bb4.23.1&#8243; text_font=\u00bb||||||||\u00bb text_font_size=\u00bb16px\u00bb text_line_height=\u00bb2em\u00bb header_2_line_height=\u00bb1.4em\u00bb text_orientation=\u00bbjustified\u00bb custom_margin=\u00bb||61px|||\u00bb hover_enabled=\u00bb0&#8243; text_font_size_tablet=\u00bb15px\u00bb text_font_size_phone=\u00bb14px\u00bb text_font_size_last_edited=\u00bbon|phone\u00bb locked=\u00bboff\u00bb global_colors_info=\u00bb{}\u00bb theme_builder_area=\u00bbpost_content\u00bb sticky_enabled=\u00bb0&#8243;]<h3><span style=\"font-weight: 400;\">Campings<\/span><\/h3>\n<p><span style=\"font-weight: 400;\">Los campings son una buena opci\u00f3n para los amantes de la naturaleza. Te permiten disfrutar del aire libre y de las actividades al aire libre.<\/span><\/p>\n<p><span style=\"font-weight: 400;\">Los campings suelen ofrecer parcelas para tiendas de campa\u00f1a, autocaravanas y caravanas. Tambi\u00e9n suelen tener servicios b\u00e1sicos, como ba\u00f1os, duchas, cocinas y zonas de barbacoa.<\/span><\/p>[\/et_pb_text][et_pb_divider color=\u00bb#f75e00&#8243; divider_weight=\u00bb4px\u00bb _builder_version=\u00bb4.21.0&#8243; _module_preset=\u00bbdefault\u00bb width=\u00bb40%\u00bb module_alignment=\u00bbcenter\u00bb global_colors_info=\u00bb{}\u00bb theme_builder_area=\u00bbpost_content\u00bb][\/et_pb_divider][\/et_pb_column][\/et_pb_row][et_pb_row column_structure=\u00bb1_2,1_2&#8243; _builder_version=\u00bb4.21.0&#8243; custom_padding=\u00bb||0px|||\u00bb global_colors_info=\u00bb{}\u00bb theme_builder_area=\u00bbpost_content\u00bb][et_pb_column type=\u00bb1_2&#8243; _builder_version=\u00bb4.16&#8243; global_colors_info=\u00bb{}\u00bb theme_builder_area=\u00bbpost_content\u00bb][et_pb_text _builder_version=\u00bb4.23.1&#8243; text_font=\u00bb||||||||\u00bb text_font_size=\u00bb16px\u00bb text_line_height=\u00bb2em\u00bb header_2_line_height=\u00bb1.4em\u00bb text_orientation=\u00bbjustified\u00bb hover_enabled=\u00bb0&#8243; text_font_size_tablet=\u00bb15px\u00bb text_font_size_phone=\u00bb14px\u00bb text_font_size_last_edited=\u00bbon|phone\u00bb locked=\u00bboff\u00bb global_colors_info=\u00bb{}\u00bb theme_builder_area=\u00bbpost_content\u00bb sticky_enabled=\u00bb0&#8243;]<h2 style=\"text-align: justify;\"><span style=\"font-weight: 400;\">Consejos para elegir el alojamiento perfecto<\/span><span style=\"font-weight: 400;\"><\/span><\/h2>\n<p><span style=\"font-weight: 400;\"><span>Si tienes la suerte de planificar unas vacaciones en este para\u00edso mediterr\u00e1neo, la elecci\u00f3n del alojamiento ser\u00e1 clave para vivir una experiencia inolvidable. <\/span><\/span><\/p>\n<h3><span style=\"font-weight: 400;\">Ten en cuenta tu presupuesto<\/span><span style=\"font-weight: 400;\"><\/span><\/h3>\n<p><span style=\"font-weight: 400;\">El precio del alojamiento es uno de los factores m\u00e1s importantes a tener en cuenta. En Portocolom, encontrar\u00e1s alojamientos para todos los presupuestos.<\/span><span style=\"font-weight: 400;\"><\/span><\/p>\n<p><span style=\"font-weight: 400;\">Si tienes un presupuesto ajustado, puedes optar por un hostal o un camping. Si tienes un presupuesto m\u00e1s elevado, puedes optar por un hotel o un apartamento o villa.<\/span><\/p>[\/et_pb_text][\/et_pb_column][et_pb_column type=\u00bb1_2&#8243; _builder_version=\u00bb4.16&#8243; global_colors_info=\u00bb{}\u00bb theme_builder_area=\u00bbpost_content\u00bb][et_pb_image src=\u00bbhttp:\/\/surmasterprojects.com\/wp-content\/uploads\/2023\/11\/habitacion-portocolom.jpg\u00bb title_text=\u00bbhabitacion-portocolom\u00bb _builder_version=\u00bb4.23.1&#8243; _module_preset=\u00bbdefault\u00bb hover_enabled=\u00bb0&#8243; global_colors_info=\u00bb{}\u00bb theme_builder_area=\u00bbpost_content\u00bb sticky_enabled=\u00bb0&#8243; custom_margin=\u00bb8px|||||\u00bb][\/et_pb_image][\/et_pb_column][\/et_pb_row][et_pb_row _builder_version=\u00bb4.21.0&#8243; custom_padding=\u00bb22px||0px|||\u00bb hover_enabled=\u00bb0&#8243; global_colors_info=\u00bb{}\u00bb theme_builder_area=\u00bbpost_content\u00bb sticky_enabled=\u00bb0&#8243;][et_pb_column type=\u00bb4_4&#8243; _builder_version=\u00bb4.16&#8243; global_colors_info=\u00bb{}\u00bb theme_builder_area=\u00bbpost_content\u00bb][et_pb_text _builder_version=\u00bb4.23.1&#8243; text_font=\u00bb||||||||\u00bb text_font_size=\u00bb16px\u00bb text_line_height=\u00bb2em\u00bb header_2_line_height=\u00bb1.4em\u00bb text_orientation=\u00bbjustified\u00bb custom_margin=\u00bb||77px|||\u00bb hover_enabled=\u00bb0&#8243; text_font_size_tablet=\u00bb15px\u00bb text_font_size_phone=\u00bb14px\u00bb text_font_size_last_edited=\u00bbon|phone\u00bb locked=\u00bboff\u00bb global_colors_info=\u00bb{}\u00bb theme_builder_area=\u00bbpost_content\u00bb sticky_enabled=\u00bb0&#8243;]<h3><span style=\"font-weight: 400;\">Piensa en tus necesidades<\/span><span style=\"font-weight: 400;\"><\/span><\/h3>\n<p><span style=\"font-weight: 400;\">\u00bfViajas solo, en pareja, en familia o con amigos? \u00bfBuscas un alojamiento con piscina, spa o gimnasio? \u00bfPrefieres alojarte en el centro del pueblo o en un lugar m\u00e1s tranquilo?<\/span><span style=\"font-weight: 400;\"><\/span><\/p>\n<p><span style=\"font-weight: 400;\">Antes de reservar un alojamiento, piensa en tus necesidades y preferencias.<\/span><\/p>\n<h3><span style=\"font-weight: 400;\">Reserva con antelaci\u00f3n<\/span><\/h3>\n<p><span style=\"font-weight: 400;\">Los alojamientos de Portocolom suelen estar muy solicitados, especialmente en temporada alta. Es recomendable reservar con antelaci\u00f3n, especialmente si viajas en temporada alta.<\/span><\/p>\n<p><span style=\"font-weight: 400;\">Siguiendo estos consejos, podr\u00e1s encontrar el alojamiento perfecto para tus vacaciones en Portocolom.<\/span><\/p>[\/et_pb_text][et_pb_text _builder_version=\u00bb4.23.1&#8243; text_font=\u00bb||||||||\u00bb text_font_size=\u00bb16px\u00bb text_line_height=\u00bb2em\u00bb header_2_line_height=\u00bb1.4em\u00bb text_orientation=\u00bbjustified\u00bb custom_margin=\u00bb||42px|||\u00bb hover_enabled=\u00bb0&#8243; text_font_size_tablet=\u00bb15px\u00bb text_font_size_phone=\u00bb14px\u00bb text_font_size_last_edited=\u00bbon|phone\u00bb locked=\u00bboff\u00bb global_colors_info=\u00bb{}\u00bb theme_builder_area=\u00bbpost_content\u00bb sticky_enabled=\u00bb0&#8243;]<blockquote>\n<h2><span style=\"font-weight: 400;\">Preguntas frecuentes sobre donde alojarse en Portocolom<\/span><\/h2>\n<\/blockquote>\n<h3><\/h3>\n<h3><\/h3>\n<h3><span style=\"font-weight: 400;\">\u00bfCu\u00e1l es la mejor \u00e9poca para visitar Portocolom?<\/span><\/h3>\n<p><span style=\"font-weight: 400;\">La mejor \u00e9poca para visitar Portocolom es durante los meses de primavera y verano, de abril a septiembre. Durante este per\u00edodo, el clima es c\u00e1lido y soleado, lo que te permite disfrutar plenamente de las playas y actividades al aire libre. Sin embargo, debes tener en cuenta que durante los meses de julio y agosto, Portocolom puede estar m\u00e1s concurrido debido a las vacaciones de verano.<\/span><\/p>\n<h3><\/h3>\n<h3><\/h3>\n<h3><span style=\"font-weight: 400;\">\u00bfCu\u00e1les son las ventajas de alojarse en un hostal?<\/span><\/h3>\n<p><span style=\"font-weight: 400;\">Una de las principales ventajas de alojarse en un hostal es que es una opci\u00f3n econ\u00f3mica. Los hostales suelen ofrecer habitaciones compartidas o privadas a precios m\u00e1s asequibles que los hoteles. Adem\u00e1s, los hostales suelen tener un ambiente m\u00e1s informal y social, lo que te permite conocer a otros viajeros.<\/span><\/p>\n<h3><\/h3>\n<h3><\/h3>\n<h3><span style=\"font-weight: 400;\">\u00bfCu\u00e1l es la ubicaci\u00f3n m\u00e1s conveniente para alojarse en Portocolom?<\/span><\/h3>\n<p><span style=\"font-weight: 400;\">La ubicaci\u00f3n m\u00e1s conveniente para alojarse en Portocolom depender\u00e1 de tus preferencias y actividades planificadas. Si deseas estar cerca de las playas y el ambiente tur\u00edstico, te recomendamos buscar alojamiento cerca del centro del pueblo o cerca de la playa principal. Si prefieres un ambiente m\u00e1s tranquilo y alejado del bullicio, puedes optar por alojarte en las afueras o en las zonas m\u00e1s residenciales.<\/span><\/p>[\/et_pb_text][\/et_pb_column][\/et_pb_row][\/et_pb_section]\n","protected":false},"excerpt":{"rendered":"<p>ALOJARSE EN PORTOCOLOM \u00bfD\u00f3nde alojarse en Portocolom, Mallorca?La costa este de Mallorca alberga uno de sus secretos mejor guardados: Portocolom, un encantador pueblo pesquero que cautiva con sus playas id\u00edlicas, su atm\u00f3sfera vibrante y su exquisita oferta gastron\u00f3mica.En este art\u00edculo, te guiamos a trav\u00e9s de las opciones de alojamiento que ofrece Portocolom, desde hoteles lujosos [&hellip;]<\/p>\n","protected":false},"author":1,"featured_media":7980,"parent":7644,"menu_order":0,"comment_status":"closed","ping_status":"closed","template":"","meta":{"_et_pb_use_builder":"on","_et_pb_old_content":"","_et_gb_content_width":"","footnotes":""},"class_list":["post-7963","page","type-page","status-publish","has-post-thumbnail","hentry"],"yoast_head":"<!-- This site is optimized with the Yoast SEO plugin v27.4 - https:\/\/yoast.com\/product\/yoast-seo-wordpress\/ -->\n<title>Surmaster Projects<\/title>\n<meta name=\"robots\" content=\"index, follow, max-snippet:-1, max-image-preview:large, max-video-preview:-1\" \/>\n<link rel=\"canonical\" href=\"https:\/\/surmasterprojects.com\/de\/blog\/donde-alojarse-en-portocolom-mallorca\/\" \/>\n<meta property=\"og:locale\" content=\"de_DE\" \/>\n<meta property=\"og:type\" content=\"article\" \/>\n<meta property=\"og:description\" content=\"ALOJARSE EN PORTOCOLOM \u00bfD\u00f3nde alojarse en Portocolom, Mallorca?La costa este de Mallorca alberga uno de sus secretos mejor guardados: Portocolom, un encantador pueblo pesquero que cautiva con sus playas id\u00edlicas, su atm\u00f3sfera vibrante y su exquisita oferta gastron\u00f3mica.En este art\u00edculo, te guiamos a trav\u00e9s de las opciones de alojamiento que ofrece Portocolom, desde hoteles lujosos [&hellip;]\" \/>\n<meta property=\"og:url\" content=\"https:\/\/surmasterprojects.com\/de\/blog\/donde-alojarse-en-portocolom-mallorca\/\" \/>\n<meta property=\"og:site_name\" content=\"Surmaster Projects\" \/>\n<meta property=\"og:image\" content=\"https:\/\/surmasterprojects.com\/wp-content\/uploads\/2023\/11\/portocolom-pueblo-portada-e1700784229143.jpg\" \/>\n\t<meta property=\"og:image:width\" content=\"1365\" \/>\n\t<meta property=\"og:image:height\" content=\"871\" \/>\n\t<meta property=\"og:image:type\" content=\"image\/jpeg\" \/>\n<meta name=\"twitter:card\" content=\"summary_large_image\" \/>\n<meta name=\"twitter:label1\" content=\"Gesch\u00e4tzte Lesezeit\" \/>\n\t<meta name=\"twitter:data1\" content=\"14\u00a0Minuten\" \/>\n<script type=\"application\/ld+json\" class=\"yoast-schema-graph\">{\"@context\":\"https:\\\/\\\/schema.org\",\"@graph\":[{\"@type\":\"WebPage\",\"@id\":\"https:\\\/\\\/surmasterprojects.com\\\/blog\\\/donde-alojarse-en-portocolom-mallorca\\\/\",\"url\":\"https:\\\/\\\/surmasterprojects.com\\\/blog\\\/donde-alojarse-en-portocolom-mallorca\\\/\",\"name\":\"\",\"isPartOf\":{\"@id\":\"https:\\\/\\\/surmasterprojects.com\\\/es\\\/#website\"},\"primaryImageOfPage\":{\"@id\":\"https:\\\/\\\/surmasterprojects.com\\\/blog\\\/donde-alojarse-en-portocolom-mallorca\\\/#primaryimage\"},\"image\":{\"@id\":\"https:\\\/\\\/surmasterprojects.com\\\/blog\\\/donde-alojarse-en-portocolom-mallorca\\\/#primaryimage\"},\"thumbnailUrl\":\"https:\\\/\\\/surmasterprojects.com\\\/wp-content\\\/uploads\\\/2023\\\/11\\\/portocolom-pueblo-portada-e1700784229143.jpg\",\"datePublished\":\"2023-12-11T09:10:38+00:00\",\"breadcrumb\":{\"@id\":\"https:\\\/\\\/surmasterprojects.com\\\/blog\\\/donde-alojarse-en-portocolom-mallorca\\\/#breadcrumb\"},\"inLanguage\":\"de\",\"potentialAction\":[{\"@type\":\"ReadAction\",\"target\":[\"https:\\\/\\\/surmasterprojects.com\\\/blog\\\/donde-alojarse-en-portocolom-mallorca\\\/\"]}]},{\"@type\":\"ImageObject\",\"inLanguage\":\"de\",\"@id\":\"https:\\\/\\\/surmasterprojects.com\\\/blog\\\/donde-alojarse-en-portocolom-mallorca\\\/#primaryimage\",\"url\":\"https:\\\/\\\/surmasterprojects.com\\\/wp-content\\\/uploads\\\/2023\\\/11\\\/portocolom-pueblo-portada-e1700784229143.jpg\",\"contentUrl\":\"https:\\\/\\\/surmasterprojects.com\\\/wp-content\\\/uploads\\\/2023\\\/11\\\/portocolom-pueblo-portada-e1700784229143.jpg\",\"width\":1365,\"height\":871},{\"@type\":\"BreadcrumbList\",\"@id\":\"https:\\\/\\\/surmasterprojects.com\\\/blog\\\/donde-alojarse-en-portocolom-mallorca\\\/#breadcrumb\",\"itemListElement\":[{\"@type\":\"ListItem\",\"position\":1,\"name\":\"Portada\",\"item\":\"https:\\\/\\\/surmasterprojects.com\\\/es\\\/\"},{\"@type\":\"ListItem\",\"position\":2,\"name\":\"Blog\",\"item\":\"https:\\\/\\\/surmasterprojects.com\\\/es\\\/blog\\\/\"},{\"@type\":\"ListItem\",\"position\":3,\"name\":\"\u00bfD\u00f3nde alojarse en Portocolom, Mallorca?\"}]},{\"@type\":\"WebSite\",\"@id\":\"https:\\\/\\\/surmasterprojects.com\\\/es\\\/#website\",\"url\":\"https:\\\/\\\/surmasterprojects.com\\\/es\\\/\",\"name\":\"Surmaster Projects\",\"description\":\"\",\"publisher\":{\"@id\":\"https:\\\/\\\/surmasterprojects.com\\\/es\\\/#organization\"},\"potentialAction\":[{\"@type\":\"SearchAction\",\"target\":{\"@type\":\"EntryPoint\",\"urlTemplate\":\"https:\\\/\\\/surmasterprojects.com\\\/es\\\/?s={search_term_string}\"},\"query-input\":{\"@type\":\"PropertyValueSpecification\",\"valueRequired\":true,\"valueName\":\"search_term_string\"}}],\"inLanguage\":\"de\"},{\"@type\":\"Organization\",\"@id\":\"https:\\\/\\\/surmasterprojects.com\\\/es\\\/#organization\",\"name\":\"Surmaster Projects\",\"url\":\"https:\\\/\\\/surmasterprojects.com\\\/es\\\/\",\"logo\":{\"@type\":\"ImageObject\",\"inLanguage\":\"de\",\"@id\":\"https:\\\/\\\/surmasterprojects.com\\\/es\\\/#\\\/schema\\\/logo\\\/image\\\/\",\"url\":\"https:\\\/\\\/surmasterprojects.com\\\/wp-content\\\/uploads\\\/2022\\\/04\\\/cropped-Logo_GrupoSurmaster_negativo.png\",\"contentUrl\":\"https:\\\/\\\/surmasterprojects.com\\\/wp-content\\\/uploads\\\/2022\\\/04\\\/cropped-Logo_GrupoSurmaster_negativo.png\",\"width\":512,\"height\":512,\"caption\":\"Surmaster Projects\"},\"image\":{\"@id\":\"https:\\\/\\\/surmasterprojects.com\\\/es\\\/#\\\/schema\\\/logo\\\/image\\\/\"}}]}<\/script>\n<!-- \/ Yoast SEO plugin. -->","yoast_head_json":{"title":"Surmaster Projects","robots":{"index":"index","follow":"follow","max-snippet":"max-snippet:-1","max-image-preview":"max-image-preview:large","max-video-preview":"max-video-preview:-1"},"canonical":"https:\/\/surmasterprojects.com\/de\/blog\/donde-alojarse-en-portocolom-mallorca\/","og_locale":"de_DE","og_type":"article","og_description":"ALOJARSE EN PORTOCOLOM \u00bfD\u00f3nde alojarse en Portocolom, Mallorca?La costa este de Mallorca alberga uno de sus secretos mejor guardados: Portocolom, un encantador pueblo pesquero que cautiva con sus playas id\u00edlicas, su atm\u00f3sfera vibrante y su exquisita oferta gastron\u00f3mica.En este art\u00edculo, te guiamos a trav\u00e9s de las opciones de alojamiento que ofrece Portocolom, desde hoteles lujosos [&hellip;]","og_url":"https:\/\/surmasterprojects.com\/de\/blog\/donde-alojarse-en-portocolom-mallorca\/","og_site_name":"Surmaster Projects","og_image":[{"width":1365,"height":871,"url":"https:\/\/surmasterprojects.com\/wp-content\/uploads\/2023\/11\/portocolom-pueblo-portada-e1700784229143.jpg","type":"image\/jpeg"}],"twitter_card":"summary_large_image","twitter_misc":{"Gesch\u00e4tzte Lesezeit":"14\u00a0Minuten"},"schema":{"@context":"https:\/\/schema.org","@graph":[{"@type":"WebPage","@id":"https:\/\/surmasterprojects.com\/blog\/donde-alojarse-en-portocolom-mallorca\/","url":"https:\/\/surmasterprojects.com\/blog\/donde-alojarse-en-portocolom-mallorca\/","name":"","isPartOf":{"@id":"https:\/\/surmasterprojects.com\/es\/#website"},"primaryImageOfPage":{"@id":"https:\/\/surmasterprojects.com\/blog\/donde-alojarse-en-portocolom-mallorca\/#primaryimage"},"image":{"@id":"https:\/\/surmasterprojects.com\/blog\/donde-alojarse-en-portocolom-mallorca\/#primaryimage"},"thumbnailUrl":"https:\/\/surmasterprojects.com\/wp-content\/uploads\/2023\/11\/portocolom-pueblo-portada-e1700784229143.jpg","datePublished":"2023-12-11T09:10:38+00:00","breadcrumb":{"@id":"https:\/\/surmasterprojects.com\/blog\/donde-alojarse-en-portocolom-mallorca\/#breadcrumb"},"inLanguage":"de","potentialAction":[{"@type":"ReadAction","target":["https:\/\/surmasterprojects.com\/blog\/donde-alojarse-en-portocolom-mallorca\/"]}]},{"@type":"ImageObject","inLanguage":"de","@id":"https:\/\/surmasterprojects.com\/blog\/donde-alojarse-en-portocolom-mallorca\/#primaryimage","url":"https:\/\/surmasterprojects.com\/wp-content\/uploads\/2023\/11\/portocolom-pueblo-portada-e1700784229143.jpg","contentUrl":"https:\/\/surmasterprojects.com\/wp-content\/uploads\/2023\/11\/portocolom-pueblo-portada-e1700784229143.jpg","width":1365,"height":871},{"@type":"BreadcrumbList","@id":"https:\/\/surmasterprojects.com\/blog\/donde-alojarse-en-portocolom-mallorca\/#breadcrumb","itemListElement":[{"@type":"ListItem","position":1,"name":"Portada","item":"https:\/\/surmasterprojects.com\/es\/"},{"@type":"ListItem","position":2,"name":"Blog","item":"https:\/\/surmasterprojects.com\/es\/blog\/"},{"@type":"ListItem","position":3,"name":"\u00bfD\u00f3nde alojarse en Portocolom, Mallorca?"}]},{"@type":"WebSite","@id":"https:\/\/surmasterprojects.com\/es\/#website","url":"https:\/\/surmasterprojects.com\/es\/","name":"Surmaster Projects","description":"","publisher":{"@id":"https:\/\/surmasterprojects.com\/es\/#organization"},"potentialAction":[{"@type":"SearchAction","target":{"@type":"EntryPoint","urlTemplate":"https:\/\/surmasterprojects.com\/es\/?s={search_term_string}"},"query-input":{"@type":"PropertyValueSpecification","valueRequired":true,"valueName":"search_term_string"}}],"inLanguage":"de"},{"@type":"Organization","@id":"https:\/\/surmasterprojects.com\/es\/#organization","name":"Surmaster Projects","url":"https:\/\/surmasterprojects.com\/es\/","logo":{"@type":"ImageObject","inLanguage":"de","@id":"https:\/\/surmasterprojects.com\/es\/#\/schema\/logo\/image\/","url":"https:\/\/surmasterprojects.com\/wp-content\/uploads\/2022\/04\/cropped-Logo_GrupoSurmaster_negativo.png","contentUrl":"https:\/\/surmasterprojects.com\/wp-content\/uploads\/2022\/04\/cropped-Logo_GrupoSurmaster_negativo.png","width":512,"height":512,"caption":"Surmaster Projects"},"image":{"@id":"https:\/\/surmasterprojects.com\/es\/#\/schema\/logo\/image\/"}}]}},"_links":{"self":[{"href":"https:\/\/surmasterprojects.com\/de\/wp-json\/wp\/v2\/pages\/7963","targetHints":{"allow":["GET"]}}],"collection":[{"href":"https:\/\/surmasterprojects.com\/de\/wp-json\/wp\/v2\/pages"}],"about":[{"href":"https:\/\/surmasterprojects.com\/de\/wp-json\/wp\/v2\/types\/page"}],"author":[{"embeddable":true,"href":"https:\/\/surmasterprojects.com\/de\/wp-json\/wp\/v2\/users\/1"}],"replies":[{"embeddable":true,"href":"https:\/\/surmasterprojects.com\/de\/wp-json\/wp\/v2\/comments?post=7963"}],"version-history":[{"count":8,"href":"https:\/\/surmasterprojects.com\/de\/wp-json\/wp\/v2\/pages\/7963\/revisions"}],"predecessor-version":[{"id":7986,"href":"https:\/\/surmasterprojects.com\/de\/wp-json\/wp\/v2\/pages\/7963\/revisions\/7986"}],"up":[{"embeddable":true,"href":"https:\/\/surmasterprojects.com\/de\/wp-json\/wp\/v2\/pages\/7644"}],"wp:featuredmedia":[{"embeddable":true,"href":"https:\/\/surmasterprojects.com\/de\/wp-json\/wp\/v2\/media\/7980"}],"wp:attachment":[{"href":"https:\/\/surmasterprojects.com\/de\/wp-json\/wp\/v2\/media?parent=7963"}],"curies":[{"name":"wp","href":"https:\/\/api.w.org\/{rel}","templated":true}]}}