{"id":8176,"date":"2024-03-04T14:46:51","date_gmt":"2024-03-04T14:46:51","guid":{"rendered":"https:\/\/surmasterprojects.com\/?page_id=8176"},"modified":"2024-03-04T14:46:51","modified_gmt":"2024-03-04T14:46:51","slug":"que-ver-en-cala-dor-un-destino-inigualable","status":"publish","type":"page","link":"https:\/\/surmasterprojects.com\/de\/blog\/que-ver-en-cala-dor-un-destino-inigualable\/","title":{"rendered":"Que ver en Cala d&#8217;Or: Un Destino Inigualable"},"content":{"rendered":"<p>[et_pb_section fb_built=\u00bb1&#8243; _builder_version=\u00bb4.21.0&#8243; _module_preset=\u00bbdefault\u00bb global_colors_info=\u00bb{}\u00bb][et_pb_row _builder_version=\u00bb4.16&#8243; custom_padding=\u00bb21px|||||\u00bb locked=\u00bboff\u00bb global_colors_info=\u00bb{}\u00bb][et_pb_column type=\u00bb4_4&#8243; _builder_version=\u00bb4.16&#8243; global_colors_info=\u00bb{}\u00bb][et_pb_text _builder_version=\u00bb4.24.0&#8243; header_font=\u00bbBellefair||||||||\u00bb header_font_size=\u00bb48px\u00bb header_line_height=\u00bb1.2em\u00bb header_2_font=\u00bbBellefair||||||||\u00bb header_2_text_color=\u00bb#000000&#8243; header_2_font_size=\u00bb48px\u00bb header_2_line_height=\u00bb1.2em\u00bb header_6_font=\u00bbMontserrat|700||on|||||\u00bb header_6_text_color=\u00bb#ff4e00&#8243; header_6_font_size=\u00bb12px\u00bb header_6_letter_spacing=\u00bb2px\u00bb header_6_line_height=\u00bb1.2em\u00bb text_orientation=\u00bbcenter\u00bb max_width=\u00bb700px\u00bb module_alignment=\u00bbcenter\u00bb header_2_font_size_tablet=\u00bb42px\u00bb header_2_font_size_phone=\u00bb34px\u00bb header_2_font_size_last_edited=\u00bbon|desktop\u00bb header_6_font_size_tablet=\u00bb42px\u00bb header_6_font_size_phone=\u00bb34px\u00bb header_6_font_size_last_edited=\u00bboff|phone\u00bb text_text_align=\u00bbjustify\u00bb locked=\u00bboff\u00bb global_colors_info=\u00bb{}\u00bb header_2_2_font_size_tablet=\u00bb42px\u00bb header_3_2_font_size_tablet=\u00bb42px\u00bb header_4_2_font_size_tablet=\u00bb42px\u00bb header_5_2_font_size_tablet=\u00bb42px\u00bb header_6_2_font_size_tablet=\u00bb42px\u00bb header_2_2_font_size_phone=\u00bb34px\u00bb header_3_2_font_size_phone=\u00bb34px\u00bb header_4_2_font_size_phone=\u00bb34px\u00bb header_5_2_font_size_phone=\u00bb34px\u00bb header_6_2_font_size_phone=\u00bb34px\u00bb header_2_2_font_size_last_edited=\u00bbon|tablet\u00bb header_3_2_font_size_last_edited=\u00bbon|tablet\u00bb header_4_2_font_size_last_edited=\u00bbon|tablet\u00bb header_5_2_font_size_last_edited=\u00bbon|tablet\u00bb header_6_2_font_size_last_edited=\u00bbon|tablet\u00bb header_2_3_font_size_tablet=\u00bb34px\u00bb header_3_3_font_size_tablet=\u00bb34px\u00bb header_4_3_font_size_tablet=\u00bb34px\u00bb header_5_3_font_size_tablet=\u00bb34px\u00bb header_6_3_font_size_tablet=\u00bb34px\u00bb header_2_3_font_size_phone=\u00bb28px\u00bb header_3_3_font_size_phone=\u00bb28px\u00bb header_4_3_font_size_phone=\u00bb28px\u00bb header_5_3_font_size_phone=\u00bb28px\u00bb header_6_3_font_size_phone=\u00bb28px\u00bb header_2_3_font_size_last_edited=\u00bbon|phone\u00bb header_3_3_font_size_last_edited=\u00bbon|phone\u00bb header_4_3_font_size_last_edited=\u00bbon|phone\u00bb header_5_3_font_size_last_edited=\u00bbon|phone\u00bb header_6_3_font_size_last_edited=\u00bbon|phone\u00bb header_2_4_font_size_tablet=\u00bb22px\u00bb header_3_4_font_size_tablet=\u00bb22px\u00bb header_4_4_font_size_tablet=\u00bb22px\u00bb header_5_4_font_size_tablet=\u00bb22px\u00bb header_6_4_font_size_tablet=\u00bb22px\u00bb header_2_4_font_size_phone=\u00bb18px\u00bb header_3_4_font_size_phone=\u00bb18px\u00bb header_4_4_font_size_phone=\u00bb18px\u00bb header_5_4_font_size_phone=\u00bb18px\u00bb header_6_4_font_size_phone=\u00bb18px\u00bb header_2_4_font_size_last_edited=\u00bbon|phone\u00bb header_3_4_font_size_last_edited=\u00bbon|phone\u00bb header_4_4_font_size_last_edited=\u00bbon|phone\u00bb header_5_4_font_size_last_edited=\u00bbon|phone\u00bb header_6_4_font_size_last_edited=\u00bbon|phone\u00bb header_2_5_font_size_phone=\u00bb16px\u00bb header_3_5_font_size_phone=\u00bb16px\u00bb header_4_5_font_size_phone=\u00bb16px\u00bb header_5_5_font_size_phone=\u00bb16px\u00bb header_6_5_font_size_phone=\u00bb16px\u00bb header_2_5_font_size_last_edited=\u00bbon|tablet\u00bb header_3_5_font_size_last_edited=\u00bbon|tablet\u00bb header_4_5_font_size_last_edited=\u00bbon|tablet\u00bb header_5_5_font_size_last_edited=\u00bbon|tablet\u00bb header_6_5_font_size_last_edited=\u00bbon|tablet\u00bb]<\/p>\n<h6>QUE VER EN CALA DOR<\/h6>\n<h1><span style=\"font-weight: 400;\">Que ver en Cala d&#8217;Or: Un Destino Inigualable<\/span><\/h1>\n<p>[\/et_pb_text][et_pb_image src=\u00bbhttps:\/\/surmasterprojects.com\/wp-content\/uploads\/2024\/02\/calador-vistas-aereas.jpeg\u00bb title_text=\u00bbcalador-vistas-aereas\u00bb align=\u00bbcenter\u00bb _builder_version=\u00bb4.24.0&#8243; global_colors_info=\u00bb{}\u00bb][\/et_pb_image][\/et_pb_column][\/et_pb_row][et_pb_row column_structure=\u00bb1_2,1_2&#8243; _builder_version=\u00bb4.16&#8243; custom_padding=\u00bb||0px|||\u00bb global_colors_info=\u00bb{}\u00bb][et_pb_column type=\u00bb1_2&#8243; _builder_version=\u00bb4.16&#8243; global_colors_info=\u00bb{}\u00bb][et_pb_text _builder_version=\u00bb4.24.0&#8243; header_font=\u00bbBellefair||||||||\u00bb header_text_color=\u00bb#000000&#8243; header_font_size=\u00bb48px\u00bb header_line_height=\u00bb1.2em\u00bb header_2_font=\u00bbBellefair||||||||\u00bb header_2_text_align=\u00bbleft\u00bb header_2_text_color=\u00bb#000000&#8243; header_2_font_size=\u00bb48px\u00bb header_2_line_height=\u00bb1.2em\u00bb header_3_font=\u00bbBellefair||||||||\u00bb header_3_text_color=\u00bb#000000&#8243; header_3_font_size=\u00bb38px\u00bb header_3_line_height=\u00bb1.2em\u00bb header_4_font=\u00bbBellefair||||||||\u00bb header_4_text_color=\u00bb#000000&#8243; header_4_font_size=\u00bb30px\u00bb header_4_line_height=\u00bb1.4em\u00bb header_5_font=\u00bbBellefair||||||||\u00bb header_5_text_color=\u00bb#000000&#8243; header_5_font_size=\u00bb22px\u00bb header_5_line_height=\u00bb1.2em\u00bb header_6_font=\u00bbMontserrat|700||on|||||\u00bb header_6_text_color=\u00bb#ff4e00&#8243; header_6_font_size=\u00bb12px\u00bb header_6_letter_spacing=\u00bb2px\u00bb header_6_line_height=\u00bb1.2em\u00bb header_font_size_tablet=\u00bb42px\u00bb header_font_size_phone=\u00bb34px\u00bb header_font_size_last_edited=\u00bbon|tablet\u00bb header_2_font_size_tablet=\u00bb42px\u00bb header_2_font_size_phone=\u00bb34px\u00bb header_2_font_size_last_edited=\u00bbon|tablet\u00bb header_3_font_size_tablet=\u00bb34px\u00bb header_3_font_size_phone=\u00bb28px\u00bb header_3_font_size_last_edited=\u00bbon|phone\u00bb header_4_font_size_tablet=\u00bb22px\u00bb header_4_font_size_phone=\u00bb18px\u00bb header_4_font_size_last_edited=\u00bbon|phone\u00bb header_5_font_size_tablet=\u00bb\u00bb header_5_font_size_phone=\u00bb16px\u00bb header_5_font_size_last_edited=\u00bbon|tablet\u00bb border_color_all=\u00bb#ff4e00&#8243; border_width_bottom=\u00bb4px\u00bb text_text_align=\u00bbjustify\u00bb locked=\u00bboff\u00bb global_colors_info=\u00bb{}\u00bb header_2_2_font_size_tablet=\u00bb42px\u00bb header_3_2_font_size_tablet=\u00bb42px\u00bb header_4_2_font_size_tablet=\u00bb42px\u00bb header_5_2_font_size_tablet=\u00bb42px\u00bb header_6_2_font_size_tablet=\u00bb42px\u00bb header_2_2_font_size_phone=\u00bb34px\u00bb header_3_2_font_size_phone=\u00bb34px\u00bb header_4_2_font_size_phone=\u00bb34px\u00bb header_5_2_font_size_phone=\u00bb34px\u00bb header_6_2_font_size_phone=\u00bb34px\u00bb header_2_2_font_size_last_edited=\u00bbon|tablet\u00bb header_3_2_font_size_last_edited=\u00bbon|tablet\u00bb header_4_2_font_size_last_edited=\u00bbon|tablet\u00bb header_5_2_font_size_last_edited=\u00bbon|tablet\u00bb header_6_2_font_size_last_edited=\u00bbon|tablet\u00bb header_2_3_font_size_tablet=\u00bb34px\u00bb header_3_3_font_size_tablet=\u00bb34px\u00bb header_4_3_font_size_tablet=\u00bb34px\u00bb header_5_3_font_size_tablet=\u00bb34px\u00bb header_6_3_font_size_tablet=\u00bb34px\u00bb header_2_3_font_size_phone=\u00bb28px\u00bb header_3_3_font_size_phone=\u00bb28px\u00bb header_4_3_font_size_phone=\u00bb28px\u00bb header_5_3_font_size_phone=\u00bb28px\u00bb header_6_3_font_size_phone=\u00bb28px\u00bb header_2_3_font_size_last_edited=\u00bbon|phone\u00bb header_3_3_font_size_last_edited=\u00bbon|phone\u00bb header_4_3_font_size_last_edited=\u00bbon|phone\u00bb header_5_3_font_size_last_edited=\u00bbon|phone\u00bb header_6_3_font_size_last_edited=\u00bbon|phone\u00bb header_2_4_font_size_tablet=\u00bb22px\u00bb header_3_4_font_size_tablet=\u00bb22px\u00bb header_4_4_font_size_tablet=\u00bb22px\u00bb header_5_4_font_size_tablet=\u00bb22px\u00bb header_6_4_font_size_tablet=\u00bb22px\u00bb header_2_4_font_size_phone=\u00bb18px\u00bb header_3_4_font_size_phone=\u00bb18px\u00bb header_4_4_font_size_phone=\u00bb18px\u00bb header_5_4_font_size_phone=\u00bb18px\u00bb header_6_4_font_size_phone=\u00bb18px\u00bb header_2_4_font_size_last_edited=\u00bbon|phone\u00bb header_3_4_font_size_last_edited=\u00bbon|phone\u00bb header_4_4_font_size_last_edited=\u00bbon|phone\u00bb header_5_4_font_size_last_edited=\u00bbon|phone\u00bb header_6_4_font_size_last_edited=\u00bbon|phone\u00bb header_2_5_font_size_phone=\u00bb16px\u00bb header_3_5_font_size_phone=\u00bb16px\u00bb header_4_5_font_size_phone=\u00bb16px\u00bb header_5_5_font_size_phone=\u00bb16px\u00bb header_6_5_font_size_phone=\u00bb16px\u00bb header_2_5_font_size_last_edited=\u00bbon|tablet\u00bb header_3_5_font_size_last_edited=\u00bbon|tablet\u00bb header_4_5_font_size_last_edited=\u00bbon|tablet\u00bb header_5_5_font_size_last_edited=\u00bbon|tablet\u00bb header_6_5_font_size_last_edited=\u00bbon|tablet\u00bb]<\/p>\n<h4><span style=\"font-weight: 400;\">Cala d&#8217;Or, un rinc\u00f3n paradis\u00edaco en la isla de Mallorca, encierra secretos que cautivan a los visitantes. Desde playas de aguas cristalinas hasta encantadores rincones hist\u00f3ricos, esta localidad ofrece una experiencia \u00fanica. <\/span><\/h4>\n<p>[\/et_pb_text][et_pb_text _builder_version=\u00bb4.24.0&#8243; text_font=\u00bb||||||||\u00bb text_font_size=\u00bb16px\u00bb text_line_height=\u00bb2em\u00bb text_orientation=\u00bbjustified\u00bb text_font_size_tablet=\u00bb15px\u00bb text_font_size_phone=\u00bb14px\u00bb text_font_size_last_edited=\u00bbon|phone\u00bb locked=\u00bboff\u00bb global_colors_info=\u00bb{}\u00bb]<\/p>\n<p><span style=\"font-weight: 400;\">En este art\u00edculo, te invitamos a un viaje fascinante por la maravillosa Cala d&#8217;Or, donde cada rinc\u00f3n cuenta una historia y cada playa deja una impresi\u00f3n duradera. Descubre todos los detalles esenciales sobre \u00abQu\u00e9 ver en Cala d&#8217;Or\u00bb para asegurarte de aprovechar al m\u00e1ximo tu visita a este rinc\u00f3n del Ed\u00e9n en Mallorca. \u00a1Prep\u00e1rate para que tu aventura en Cala d&#8217;Or despierte tus sentidos y deje huellas imborrables en tu memoria!<\/span><\/p>\n<p>[\/et_pb_text][\/et_pb_column][et_pb_column type=\u00bb1_2&#8243; _builder_version=\u00bb4.16&#8243; global_colors_info=\u00bb{}\u00bb][et_pb_text _builder_version=\u00bb4.24.0&#8243; text_font=\u00bb||||||||\u00bb text_font_size=\u00bb16px\u00bb text_line_height=\u00bb2em\u00bb header_2_line_height=\u00bb1.4em\u00bb text_orientation=\u00bbjustified\u00bb text_font_size_tablet=\u00bb15px\u00bb text_font_size_phone=\u00bb14px\u00bb text_font_size_last_edited=\u00bbon|phone\u00bb locked=\u00bboff\u00bb global_colors_info=\u00bb{}\u00bb]<\/p>\n<h2><span style=\"font-weight: 400;\">Las Maravillas de Cala d&#8217;Or<\/span><\/h2>\n<p><span style=\"font-weight: 400;\">Ad\u00e9ntrate en la belleza natural y cultural que caracteriza a Cala d&#8217;Or. Con una mezcla de playas de ensue\u00f1o, arquitectura encantadora y actividades emocionantes, esta joya mediterr\u00e1nea tiene algo para todos. Prepara tu itinerario para descubrir todo lo que esta joya mediterr\u00e1nea tiene para ofrecer.<\/span><\/p>\n<h3><span style=\"font-weight: 400;\">Playas de Ensue\u00f1o: Cala Gran y M\u00e1s All\u00e1<\/span><span style=\"font-weight: 400;\"><\/span><\/h3>\n<p><span style=\"font-weight: 400;\">Cala d&#8217;Or es famosa por sus playas de arena blanca y aguas turquesas. La pintoresca Cala Gran es solo el comienzo de una serie de ensenadas id\u00edlicas. Explora Cala Esmeralda, Cala Ferrera y otras playas cercanas para una experiencia playera inolvidable. Rel\u00e1jate bajo el c\u00e1lido sol mediterr\u00e1neo, disfrutando del sonido de las olas acariciando la costa. Al atardecer, estas playas se transforman en el escenario perfecto para una rom\u00e1ntica velada.<\/span><\/p>\n<p>[\/et_pb_text][\/et_pb_column][\/et_pb_row][et_pb_row column_structure=\u00bb1_2,1_2&#8243; _builder_version=\u00bb4.16&#8243; custom_padding=\u00bb||0px|||\u00bb global_colors_info=\u00bb{}\u00bb][et_pb_column type=\u00bb1_2&#8243; _builder_version=\u00bb4.16&#8243; global_colors_info=\u00bb{}\u00bb][et_pb_image src=\u00bbhttps:\/\/surmasterprojects.com\/wp-content\/uploads\/2024\/02\/calador-vistas-e1707169297733.jpeg\u00bb title_text=\u00bbcalador-vistas\u00bb _builder_version=\u00bb4.24.0&#8243; _module_preset=\u00bbdefault\u00bb global_colors_info=\u00bb{}\u00bb][\/et_pb_image][\/et_pb_column][et_pb_column type=\u00bb1_2&#8243; _builder_version=\u00bb4.16&#8243; global_colors_info=\u00bb{}\u00bb][et_pb_text _builder_version=\u00bb4.24.0&#8243; text_font=\u00bb||||||||\u00bb text_font_size=\u00bb16px\u00bb text_line_height=\u00bb2em\u00bb header_2_line_height=\u00bb1.4em\u00bb text_orientation=\u00bbjustified\u00bb text_font_size_tablet=\u00bb15px\u00bb text_font_size_phone=\u00bb14px\u00bb text_font_size_last_edited=\u00bbon|phone\u00bb locked=\u00bboff\u00bb global_colors_info=\u00bb{}\u00bb]<\/p>\n<h3><span style=\"font-weight: 400;\">Arquitectura Encantadora: De Puertos a Calles Embrujadas<\/span><\/h3>\n<p><span style=\"font-weight: 400;\">El encanto de Cala d&#8217;Or se refleja no solo en sus playas, sino tambi\u00e9n en su arquitectura \u00fanica. Pasea por el puerto deportivo y marav\u00edllate con la elegancia de sus yates y barcos. Las calles adoquinadas de la ciudad vieja te invitan a explorar tiendas boutique y disfrutar de la aut\u00e9ntica gastronom\u00eda mediterr\u00e1nea en encantadores restaurantes locales. Cada esquina cuenta una historia, desde las casas encaladas hasta los detalles arquitect\u00f3nicos que narran el pasado de la regi\u00f3n.<\/span><\/p>\n<h3><span style=\"font-weight: 400;\">Actividades Emocionantes: Deportes Acu\u00e1ticos y M\u00e1s<\/span><\/h3>\n<p><span style=\"font-weight: 400;\">\u00bfBuscas emociones? Cala d&#8217;Or no decepciona. Adem\u00e1s de relajarte en las playas, hay una variedad de actividades emocionantes. Desde emocionantes excursiones en kayak explorando calas escondidas hasta la emoci\u00f3n del buceo en aguas cristalinas, la aventura te espera en cada esquina. No olvides explorar el encantador centro comercial de Cala d&#8217;Or, donde encontrar\u00e1s desde boutiques locales hasta arte y artesan\u00edas \u00fanicas.<\/span><\/p>\n<p>[\/et_pb_text][\/et_pb_column][\/et_pb_row][et_pb_row _builder_version=\u00bb4.21.0&#8243; _module_preset=\u00bbdefault\u00bb custom_padding=\u00bb||11px|||\u00bb global_colors_info=\u00bb{}\u00bb][et_pb_column type=\u00bb4_4&#8243; _builder_version=\u00bb4.21.0&#8243; _module_preset=\u00bbdefault\u00bb global_colors_info=\u00bb{}\u00bb][et_pb_divider color=\u00bb#f75e00&#8243; divider_weight=\u00bb4px\u00bb _builder_version=\u00bb4.21.0&#8243; _module_preset=\u00bbdefault\u00bb width=\u00bb40%\u00bb module_alignment=\u00bbcenter\u00bb global_colors_info=\u00bb{}\u00bb][\/et_pb_divider][\/et_pb_column][\/et_pb_row][et_pb_row column_structure=\u00bb1_2,1_2&#8243; _builder_version=\u00bb4.21.0&#8243; custom_padding=\u00bb||0px|||\u00bb global_colors_info=\u00bb{}\u00bb][et_pb_column type=\u00bb1_2&#8243; _builder_version=\u00bb4.16&#8243; global_colors_info=\u00bb{}\u00bb][et_pb_text _builder_version=\u00bb4.24.0&#8243; text_font=\u00bb||||||||\u00bb text_font_size=\u00bb16px\u00bb text_line_height=\u00bb2em\u00bb header_2_line_height=\u00bb1.4em\u00bb text_orientation=\u00bbjustified\u00bb text_font_size_tablet=\u00bb15px\u00bb text_font_size_phone=\u00bb14px\u00bb text_font_size_last_edited=\u00bbon|phone\u00bb locked=\u00bboff\u00bb global_colors_info=\u00bb{}\u00bb]<\/p>\n<h2><span style=\"font-weight: 400;\">Lugares Escondidos en Cala d&#8217;Or: Secretos Bien Guardados<\/span><\/h2>\n<p><span style=\"font-weight: 400;\">Descubre rincones ocultos y menos conocidos que har\u00e1n que tu visita a Cala d&#8217;Or sea a\u00fan m\u00e1s especial.<\/span><\/p>\n<h3><span style=\"font-weight: 400;\">Cala Sa Nau: Un Para\u00edso Escondido<\/span><\/h3>\n<p><span style=\"font-weight: 400;\">Lejos de las multitudes, Cala Sa Nau ofrece tranquilidad y belleza natural. Accesible por caminos rurales, esta cala es un secreto bien guardado que recompensa a quienes la encuentran con aguas serenas y entornos v\u00edrgenes. Lleva contigo una cesta de picnic y disfruta de un d\u00eda de relajaci\u00f3n en este para\u00edso escondido. La vegetaci\u00f3n circundante y la serenidad del lugar te transportar\u00e1n a un estado de paz y conexi\u00f3n con la naturaleza.<\/span><\/p>\n<h3><span style=\"font-weight: 400;\">Castillo de Santueri: Historia en las Alturas<\/span><\/h3>\n<p><span style=\"font-weight: 400;\">Sum\u00e9rgete en la historia en el Castillo de Santueri, ubicado en las colinas cercanas. Este castillo medieval ofrece m\u00e1s que solo vistas panor\u00e1micas. Explora las antiguas murallas, salas y pasillos que cuentan la fascinante historia de la regi\u00f3n. Programa tu visita durante el atardecer para experimentar la magia de este lugar hist\u00f3rico en su m\u00e1xima expresi\u00f3n.<\/span><\/p>\n<p>[\/et_pb_text][\/et_pb_column][et_pb_column type=\u00bb1_2&#8243; _builder_version=\u00bb4.16&#8243; global_colors_info=\u00bb{}\u00bb][et_pb_image src=\u00bbhttps:\/\/surmasterprojects.com\/wp-content\/uploads\/2024\/02\/cala-escondida-calador-scaled-e1707169449454.jpg\u00bb title_text=\u00bbcala-escondida-calador\u00bb _builder_version=\u00bb4.24.0&#8243; _module_preset=\u00bbdefault\u00bb global_colors_info=\u00bb{}\u00bb][\/et_pb_image][\/et_pb_column][\/et_pb_row][et_pb_row _builder_version=\u00bb4.21.0&#8243; custom_padding=\u00bb53px||0px|||\u00bb global_colors_info=\u00bb{}\u00bb][et_pb_column type=\u00bb4_4&#8243; _builder_version=\u00bb4.16&#8243; global_colors_info=\u00bb{}\u00bb][et_pb_text _builder_version=\u00bb4.24.0&#8243; text_font=\u00bb||||||||\u00bb text_font_size=\u00bb16px\u00bb text_line_height=\u00bb2em\u00bb header_2_line_height=\u00bb1.4em\u00bb text_orientation=\u00bbjustified\u00bb custom_margin=\u00bb||42px|||\u00bb text_font_size_tablet=\u00bb15px\u00bb text_font_size_phone=\u00bb14px\u00bb text_font_size_last_edited=\u00bbon|phone\u00bb locked=\u00bboff\u00bb global_colors_info=\u00bb{}\u00bb]<\/p>\n<blockquote>\n<h2><span style=\"font-weight: 400;\">Preguntas Frecuentes sobre Que Ver en Cala d&#8217;Or<\/span><\/h2>\n<\/blockquote>\n<h3><\/h3>\n<h3><\/h3>\n<h3><span style=\"font-weight: 400;\">\u00bfCu\u00e1les son las mejores playas en Cala d&#8217;Or?<\/span><\/h3>\n<p><span style=\"font-weight: 400;\">Las playas m\u00e1s destacadas incluyen Cala Gran, Cala Esmeralda y Cala Ferrera. Cada una tiene su encanto \u00fanico, desde la extensa arena hasta las aguas cristalinas ideales para el buceo. \u00bfBuscas actividades m\u00e1s relajadas? Las peque\u00f1as calas como Cala Sa Nau son perfectas para aquellos que buscan la serenidad lejos de las multitudes.<\/span><\/p>\n<h3><\/h3>\n<h3><\/h3>\n<h3><span style=\"font-weight: 400;\">\u00bfC\u00f3mo llegar al Castillo de Santueri desde Cala d&#8217;Or?<\/span><\/h3>\n<p><span style=\"font-weight: 400;\">Para llegar al Castillo de Santueri, puedes tomar un pintoresco trayecto en coche o incluso aventurarte en una caminata desde el centro de Cala d&#8217;Or. Las vistas panor\u00e1micas desde el castillo hacen que el viaje valga la pena. Aseg\u00farate de llevar calzado c\u00f3modo y agua, ya que la caminata puede ser empinada pero gratificante. Adem\u00e1s, consulta los horarios de visita para planificar tu d\u00eda.<\/span><\/p>\n<h3><\/h3>\n<h3><\/h3>\n<h3><span style=\"font-weight: 400;\">\u00bfExisten opciones de deportes acu\u00e1ticos en Cala d&#8217;Or?<\/span><\/h3>\n<p><span style=\"font-weight: 400;\">\u00a1Absolutamente! Cala d&#8217;Or es un para\u00edso para los entusiastas de los deportes acu\u00e1ticos. Desde el esn\u00f3rquel hasta el paddleboarding, encontrar\u00e1s una variedad de actividades emocionantes para disfrutar en sus aguas cristalinas. Si eres nuevo en estos deportes, muchas empresas locales ofrecen clases y alquiler de equipos, lo que te permite sumergirte en la diversi\u00f3n acu\u00e1tica sin preocupaciones.<\/span><\/p>\n<p>[\/et_pb_text][\/et_pb_column][\/et_pb_row][\/et_pb_section]<\/p>\n","protected":false},"excerpt":{"rendered":"<p>QUE VER EN CALA DOR Que ver en Cala d&#8217;Or: Un Destino InigualableCala d&#8217;Or, un rinc\u00f3n paradis\u00edaco en la isla de Mallorca, encierra secretos que cautivan a los visitantes. Desde playas de aguas cristalinas hasta encantadores rincones hist\u00f3ricos, esta localidad ofrece una experiencia \u00fanica. En este art\u00edculo, te invitamos a un viaje fascinante por la [&hellip;]<\/p>\n","protected":false},"author":1,"featured_media":8179,"parent":7644,"menu_order":0,"comment_status":"closed","ping_status":"closed","template":"","meta":{"_et_pb_use_builder":"on","_et_pb_old_content":"","_et_gb_content_width":"","footnotes":""},"class_list":["post-8176","page","type-page","status-publish","has-post-thumbnail","hentry"],"yoast_head":"<!-- This site is optimized with the Yoast SEO plugin v27.4 - https:\/\/yoast.com\/product\/yoast-seo-wordpress\/ -->\n<title>Surmaster Projects<\/title>\n<meta name=\"robots\" content=\"index, follow, max-snippet:-1, max-image-preview:large, max-video-preview:-1\" \/>\n<link rel=\"canonical\" href=\"https:\/\/surmasterprojects.com\/de\/blog\/que-ver-en-cala-dor-un-destino-inigualable\/\" \/>\n<meta property=\"og:locale\" content=\"de_DE\" \/>\n<meta property=\"og:type\" content=\"article\" \/>\n<meta property=\"og:description\" content=\"QUE VER EN CALA DOR Que ver en Cala d&#039;Or: Un Destino InigualableCala d&#039;Or, un rinc\u00f3n paradis\u00edaco en la isla de Mallorca, encierra secretos que cautivan a los visitantes. Desde playas de aguas cristalinas hasta encantadores rincones hist\u00f3ricos, esta localidad ofrece una experiencia \u00fanica. En este art\u00edculo, te invitamos a un viaje fascinante por la [&hellip;]\" \/>\n<meta property=\"og:url\" content=\"https:\/\/surmasterprojects.com\/de\/blog\/que-ver-en-cala-dor-un-destino-inigualable\/\" \/>\n<meta property=\"og:site_name\" content=\"Surmaster Projects\" \/>\n<meta property=\"og:image\" content=\"https:\/\/surmasterprojects.com\/wp-content\/uploads\/2024\/02\/calador-vistas-aereas.jpeg\" \/>\n\t<meta property=\"og:image:width\" content=\"1260\" \/>\n\t<meta property=\"og:image:height\" content=\"709\" \/>\n\t<meta property=\"og:image:type\" content=\"image\/jpeg\" \/>\n<meta name=\"twitter:card\" content=\"summary_large_image\" \/>\n<meta name=\"twitter:label1\" content=\"Gesch\u00e4tzte Lesezeit\" \/>\n\t<meta name=\"twitter:data1\" content=\"12\u00a0Minuten\" \/>\n<script type=\"application\/ld+json\" class=\"yoast-schema-graph\">{\"@context\":\"https:\\\/\\\/schema.org\",\"@graph\":[{\"@type\":\"WebPage\",\"@id\":\"https:\\\/\\\/surmasterprojects.com\\\/blog\\\/que-ver-en-cala-dor-un-destino-inigualable\\\/\",\"url\":\"https:\\\/\\\/surmasterprojects.com\\\/blog\\\/que-ver-en-cala-dor-un-destino-inigualable\\\/\",\"name\":\"\",\"isPartOf\":{\"@id\":\"https:\\\/\\\/surmasterprojects.com\\\/es\\\/#website\"},\"primaryImageOfPage\":{\"@id\":\"https:\\\/\\\/surmasterprojects.com\\\/blog\\\/que-ver-en-cala-dor-un-destino-inigualable\\\/#primaryimage\"},\"image\":{\"@id\":\"https:\\\/\\\/surmasterprojects.com\\\/blog\\\/que-ver-en-cala-dor-un-destino-inigualable\\\/#primaryimage\"},\"thumbnailUrl\":\"https:\\\/\\\/surmasterprojects.com\\\/wp-content\\\/uploads\\\/2024\\\/02\\\/calador-vistas-aereas.jpeg\",\"datePublished\":\"2024-03-04T14:46:51+00:00\",\"breadcrumb\":{\"@id\":\"https:\\\/\\\/surmasterprojects.com\\\/blog\\\/que-ver-en-cala-dor-un-destino-inigualable\\\/#breadcrumb\"},\"inLanguage\":\"de\",\"potentialAction\":[{\"@type\":\"ReadAction\",\"target\":[\"https:\\\/\\\/surmasterprojects.com\\\/blog\\\/que-ver-en-cala-dor-un-destino-inigualable\\\/\"]}]},{\"@type\":\"ImageObject\",\"inLanguage\":\"de\",\"@id\":\"https:\\\/\\\/surmasterprojects.com\\\/blog\\\/que-ver-en-cala-dor-un-destino-inigualable\\\/#primaryimage\",\"url\":\"https:\\\/\\\/surmasterprojects.com\\\/wp-content\\\/uploads\\\/2024\\\/02\\\/calador-vistas-aereas.jpeg\",\"contentUrl\":\"https:\\\/\\\/surmasterprojects.com\\\/wp-content\\\/uploads\\\/2024\\\/02\\\/calador-vistas-aereas.jpeg\",\"width\":1260,\"height\":709},{\"@type\":\"BreadcrumbList\",\"@id\":\"https:\\\/\\\/surmasterprojects.com\\\/blog\\\/que-ver-en-cala-dor-un-destino-inigualable\\\/#breadcrumb\",\"itemListElement\":[{\"@type\":\"ListItem\",\"position\":1,\"name\":\"Portada\",\"item\":\"https:\\\/\\\/surmasterprojects.com\\\/es\\\/\"},{\"@type\":\"ListItem\",\"position\":2,\"name\":\"Blog\",\"item\":\"https:\\\/\\\/surmasterprojects.com\\\/es\\\/blog\\\/\"},{\"@type\":\"ListItem\",\"position\":3,\"name\":\"Que ver en Cala d&#8217;Or: Un Destino Inigualable\"}]},{\"@type\":\"WebSite\",\"@id\":\"https:\\\/\\\/surmasterprojects.com\\\/es\\\/#website\",\"url\":\"https:\\\/\\\/surmasterprojects.com\\\/es\\\/\",\"name\":\"Surmaster Projects\",\"description\":\"\",\"publisher\":{\"@id\":\"https:\\\/\\\/surmasterprojects.com\\\/es\\\/#organization\"},\"potentialAction\":[{\"@type\":\"SearchAction\",\"target\":{\"@type\":\"EntryPoint\",\"urlTemplate\":\"https:\\\/\\\/surmasterprojects.com\\\/es\\\/?s={search_term_string}\"},\"query-input\":{\"@type\":\"PropertyValueSpecification\",\"valueRequired\":true,\"valueName\":\"search_term_string\"}}],\"inLanguage\":\"de\"},{\"@type\":\"Organization\",\"@id\":\"https:\\\/\\\/surmasterprojects.com\\\/es\\\/#organization\",\"name\":\"Surmaster Projects\",\"url\":\"https:\\\/\\\/surmasterprojects.com\\\/es\\\/\",\"logo\":{\"@type\":\"ImageObject\",\"inLanguage\":\"de\",\"@id\":\"https:\\\/\\\/surmasterprojects.com\\\/es\\\/#\\\/schema\\\/logo\\\/image\\\/\",\"url\":\"https:\\\/\\\/surmasterprojects.com\\\/wp-content\\\/uploads\\\/2022\\\/04\\\/cropped-Logo_GrupoSurmaster_negativo.png\",\"contentUrl\":\"https:\\\/\\\/surmasterprojects.com\\\/wp-content\\\/uploads\\\/2022\\\/04\\\/cropped-Logo_GrupoSurmaster_negativo.png\",\"width\":512,\"height\":512,\"caption\":\"Surmaster Projects\"},\"image\":{\"@id\":\"https:\\\/\\\/surmasterprojects.com\\\/es\\\/#\\\/schema\\\/logo\\\/image\\\/\"}}]}<\/script>\n<!-- \/ Yoast SEO plugin. -->","yoast_head_json":{"title":"Surmaster Projects","robots":{"index":"index","follow":"follow","max-snippet":"max-snippet:-1","max-image-preview":"max-image-preview:large","max-video-preview":"max-video-preview:-1"},"canonical":"https:\/\/surmasterprojects.com\/de\/blog\/que-ver-en-cala-dor-un-destino-inigualable\/","og_locale":"de_DE","og_type":"article","og_description":"QUE VER EN CALA DOR Que ver en Cala d'Or: Un Destino InigualableCala d'Or, un rinc\u00f3n paradis\u00edaco en la isla de Mallorca, encierra secretos que cautivan a los visitantes. Desde playas de aguas cristalinas hasta encantadores rincones hist\u00f3ricos, esta localidad ofrece una experiencia \u00fanica. En este art\u00edculo, te invitamos a un viaje fascinante por la [&hellip;]","og_url":"https:\/\/surmasterprojects.com\/de\/blog\/que-ver-en-cala-dor-un-destino-inigualable\/","og_site_name":"Surmaster Projects","og_image":[{"width":1260,"height":709,"url":"https:\/\/surmasterprojects.com\/wp-content\/uploads\/2024\/02\/calador-vistas-aereas.jpeg","type":"image\/jpeg"}],"twitter_card":"summary_large_image","twitter_misc":{"Gesch\u00e4tzte Lesezeit":"12\u00a0Minuten"},"schema":{"@context":"https:\/\/schema.org","@graph":[{"@type":"WebPage","@id":"https:\/\/surmasterprojects.com\/blog\/que-ver-en-cala-dor-un-destino-inigualable\/","url":"https:\/\/surmasterprojects.com\/blog\/que-ver-en-cala-dor-un-destino-inigualable\/","name":"","isPartOf":{"@id":"https:\/\/surmasterprojects.com\/es\/#website"},"primaryImageOfPage":{"@id":"https:\/\/surmasterprojects.com\/blog\/que-ver-en-cala-dor-un-destino-inigualable\/#primaryimage"},"image":{"@id":"https:\/\/surmasterprojects.com\/blog\/que-ver-en-cala-dor-un-destino-inigualable\/#primaryimage"},"thumbnailUrl":"https:\/\/surmasterprojects.com\/wp-content\/uploads\/2024\/02\/calador-vistas-aereas.jpeg","datePublished":"2024-03-04T14:46:51+00:00","breadcrumb":{"@id":"https:\/\/surmasterprojects.com\/blog\/que-ver-en-cala-dor-un-destino-inigualable\/#breadcrumb"},"inLanguage":"de","potentialAction":[{"@type":"ReadAction","target":["https:\/\/surmasterprojects.com\/blog\/que-ver-en-cala-dor-un-destino-inigualable\/"]}]},{"@type":"ImageObject","inLanguage":"de","@id":"https:\/\/surmasterprojects.com\/blog\/que-ver-en-cala-dor-un-destino-inigualable\/#primaryimage","url":"https:\/\/surmasterprojects.com\/wp-content\/uploads\/2024\/02\/calador-vistas-aereas.jpeg","contentUrl":"https:\/\/surmasterprojects.com\/wp-content\/uploads\/2024\/02\/calador-vistas-aereas.jpeg","width":1260,"height":709},{"@type":"BreadcrumbList","@id":"https:\/\/surmasterprojects.com\/blog\/que-ver-en-cala-dor-un-destino-inigualable\/#breadcrumb","itemListElement":[{"@type":"ListItem","position":1,"name":"Portada","item":"https:\/\/surmasterprojects.com\/es\/"},{"@type":"ListItem","position":2,"name":"Blog","item":"https:\/\/surmasterprojects.com\/es\/blog\/"},{"@type":"ListItem","position":3,"name":"Que ver en Cala d&#8217;Or: Un Destino Inigualable"}]},{"@type":"WebSite","@id":"https:\/\/surmasterprojects.com\/es\/#website","url":"https:\/\/surmasterprojects.com\/es\/","name":"Surmaster Projects","description":"","publisher":{"@id":"https:\/\/surmasterprojects.com\/es\/#organization"},"potentialAction":[{"@type":"SearchAction","target":{"@type":"EntryPoint","urlTemplate":"https:\/\/surmasterprojects.com\/es\/?s={search_term_string}"},"query-input":{"@type":"PropertyValueSpecification","valueRequired":true,"valueName":"search_term_string"}}],"inLanguage":"de"},{"@type":"Organization","@id":"https:\/\/surmasterprojects.com\/es\/#organization","name":"Surmaster Projects","url":"https:\/\/surmasterprojects.com\/es\/","logo":{"@type":"ImageObject","inLanguage":"de","@id":"https:\/\/surmasterprojects.com\/es\/#\/schema\/logo\/image\/","url":"https:\/\/surmasterprojects.com\/wp-content\/uploads\/2022\/04\/cropped-Logo_GrupoSurmaster_negativo.png","contentUrl":"https:\/\/surmasterprojects.com\/wp-content\/uploads\/2022\/04\/cropped-Logo_GrupoSurmaster_negativo.png","width":512,"height":512,"caption":"Surmaster Projects"},"image":{"@id":"https:\/\/surmasterprojects.com\/es\/#\/schema\/logo\/image\/"}}]}},"_links":{"self":[{"href":"https:\/\/surmasterprojects.com\/de\/wp-json\/wp\/v2\/pages\/8176","targetHints":{"allow":["GET"]}}],"collection":[{"href":"https:\/\/surmasterprojects.com\/de\/wp-json\/wp\/v2\/pages"}],"about":[{"href":"https:\/\/surmasterprojects.com\/de\/wp-json\/wp\/v2\/types\/page"}],"author":[{"embeddable":true,"href":"https:\/\/surmasterprojects.com\/de\/wp-json\/wp\/v2\/users\/1"}],"replies":[{"embeddable":true,"href":"https:\/\/surmasterprojects.com\/de\/wp-json\/wp\/v2\/comments?post=8176"}],"version-history":[{"count":7,"href":"https:\/\/surmasterprojects.com\/de\/wp-json\/wp\/v2\/pages\/8176\/revisions"}],"predecessor-version":[{"id":8187,"href":"https:\/\/surmasterprojects.com\/de\/wp-json\/wp\/v2\/pages\/8176\/revisions\/8187"}],"up":[{"embeddable":true,"href":"https:\/\/surmasterprojects.com\/de\/wp-json\/wp\/v2\/pages\/7644"}],"wp:featuredmedia":[{"embeddable":true,"href":"https:\/\/surmasterprojects.com\/de\/wp-json\/wp\/v2\/media\/8179"}],"wp:attachment":[{"href":"https:\/\/surmasterprojects.com\/de\/wp-json\/wp\/v2\/media?parent=8176"}],"curies":[{"name":"wp","href":"https:\/\/api.w.org\/{rel}","templated":true}]}}