{"id":8629,"date":"2024-06-28T10:37:12","date_gmt":"2024-06-28T10:37:12","guid":{"rendered":"https:\/\/surmasterprojects.com\/?page_id=8629"},"modified":"2024-07-18T09:03:47","modified_gmt":"2024-07-18T09:03:47","slug":"viajar-a-mallorca-en-septiembre-guia-completa","status":"publish","type":"page","link":"https:\/\/surmasterprojects.com\/de\/blog\/viajar-a-mallorca-en-septiembre-guia-completa\/","title":{"rendered":"Reisen nach Mallorca im September: Vollst\u00e4ndiger Reisef\u00fchrer"},"content":{"rendered":"\n[et_pb_section fb_built=\u00bb1&#8243; _builder_version=\u00bb4.21.0&#8243; _module_preset=\u00bbdefault\u00bb global_colors_info=\u00bb{}\u00bb theme_builder_area=\u00bbpost_content\u00bb][et_pb_row _builder_version=\u00bb4.24.2&#8243; custom_padding=\u00bb21px|||||\u00bb locked=\u00bboff\u00bb global_colors_info=\u00bb{}\u00bb theme_builder_area=\u00bbpost_content\u00bb][et_pb_column type=\u00bb4_4&#8243; _builder_version=\u00bb4.16&#8243; global_colors_info=\u00bb{}\u00bb theme_builder_area=\u00bbpost_content\u00bb][et_pb_text _builder_version=\u00bb4.25.2&#8243; header_font=\u00bbBellefair||||||||\u00bb header_font_size=\u00bb48px\u00bb header_line_height=\u00bb1.2em\u00bb header_2_font=\u00bbBellefair||||||||\u00bb header_2_text_color=\u00bb#000000&#8243; header_2_font_size=\u00bb48px\u00bb header_2_line_height=\u00bb1.2em\u00bb header_6_font=\u00bbMontserrat|700||on|||||\u00bb header_6_text_color=\u00bb#ff4e00&#8243; header_6_font_size=\u00bb12px\u00bb header_6_letter_spacing=\u00bb2px\u00bb header_6_line_height=\u00bb1.2em\u00bb text_orientation=\u00bbcenter\u00bb max_width=\u00bb700px\u00bb module_alignment=\u00bbcenter\u00bb hover_enabled=\u00bb0&#8243; header_2_font_size_tablet=\u00bb42px\u00bb header_2_font_size_phone=\u00bb34px\u00bb header_2_font_size_last_edited=\u00bbon|desktop\u00bb header_6_font_size_tablet=\u00bb42px\u00bb header_6_font_size_phone=\u00bb34px\u00bb header_6_font_size_last_edited=\u00bboff|phone\u00bb text_text_align=\u00bbjustify\u00bb locked=\u00bboff\u00bb global_colors_info=\u00bb{}\u00bb header_2_2_font_size_tablet=\u00bb42px\u00bb header_3_2_font_size_tablet=\u00bb42px\u00bb header_4_2_font_size_tablet=\u00bb42px\u00bb header_5_2_font_size_tablet=\u00bb42px\u00bb header_6_2_font_size_tablet=\u00bb42px\u00bb header_2_2_font_size_phone=\u00bb34px\u00bb header_3_2_font_size_phone=\u00bb34px\u00bb header_4_2_font_size_phone=\u00bb34px\u00bb header_5_2_font_size_phone=\u00bb34px\u00bb header_6_2_font_size_phone=\u00bb34px\u00bb header_2_2_font_size_last_edited=\u00bbon|tablet\u00bb header_3_2_font_size_last_edited=\u00bbon|tablet\u00bb header_4_2_font_size_last_edited=\u00bbon|tablet\u00bb header_5_2_font_size_last_edited=\u00bbon|tablet\u00bb header_6_2_font_size_last_edited=\u00bbon|tablet\u00bb header_2_3_font_size_tablet=\u00bb34px\u00bb header_3_3_font_size_tablet=\u00bb34px\u00bb header_4_3_font_size_tablet=\u00bb34px\u00bb header_5_3_font_size_tablet=\u00bb34px\u00bb header_6_3_font_size_tablet=\u00bb34px\u00bb header_2_3_font_size_phone=\u00bb28px\u00bb header_3_3_font_size_phone=\u00bb28px\u00bb header_4_3_font_size_phone=\u00bb28px\u00bb header_5_3_font_size_phone=\u00bb28px\u00bb header_6_3_font_size_phone=\u00bb28px\u00bb header_2_3_font_size_last_edited=\u00bbon|phone\u00bb header_3_3_font_size_last_edited=\u00bbon|phone\u00bb header_4_3_font_size_last_edited=\u00bbon|phone\u00bb header_5_3_font_size_last_edited=\u00bbon|phone\u00bb header_6_3_font_size_last_edited=\u00bbon|phone\u00bb header_2_4_font_size_tablet=\u00bb22px\u00bb header_3_4_font_size_tablet=\u00bb22px\u00bb header_4_4_font_size_tablet=\u00bb22px\u00bb header_5_4_font_size_tablet=\u00bb22px\u00bb header_6_4_font_size_tablet=\u00bb22px\u00bb header_2_4_font_size_phone=\u00bb18px\u00bb header_3_4_font_size_phone=\u00bb18px\u00bb header_4_4_font_size_phone=\u00bb18px\u00bb header_5_4_font_size_phone=\u00bb18px\u00bb header_6_4_font_size_phone=\u00bb18px\u00bb header_2_4_font_size_last_edited=\u00bbon|phone\u00bb header_3_4_font_size_last_edited=\u00bbon|phone\u00bb header_4_4_font_size_last_edited=\u00bbon|phone\u00bb header_5_4_font_size_last_edited=\u00bbon|phone\u00bb header_6_4_font_size_last_edited=\u00bbon|phone\u00bb header_2_5_font_size_phone=\u00bb16px\u00bb header_3_5_font_size_phone=\u00bb16px\u00bb header_4_5_font_size_phone=\u00bb16px\u00bb header_5_5_font_size_phone=\u00bb16px\u00bb header_6_5_font_size_phone=\u00bb16px\u00bb header_2_5_font_size_last_edited=\u00bbon|tablet\u00bb header_3_5_font_size_last_edited=\u00bbon|tablet\u00bb header_4_5_font_size_last_edited=\u00bbon|tablet\u00bb header_5_5_font_size_last_edited=\u00bbon|tablet\u00bb header_6_5_font_size_last_edited=\u00bbon|tablet\u00bb theme_builder_area=\u00bbpost_content\u00bb sticky_enabled=\u00bb0&#8243;]<h6><b>VIAJAR A MALLORCA EN SEPTIEMBRE<\/b><\/h6>\n<h1>Viajar a Palma de Mallorca en Septiembre<\/h1>[\/et_pb_text][et_pb_image src=\u00bbhttps:\/\/surmasterprojects.com\/wp-content\/uploads\/2024\/06\/1683px-Cala_Santanyi.jpg\u00bb title_text=\u00bb1683px-Cala_Santanyi\u00bb align=\u00bbcenter\u00bb _builder_version=\u00bb4.25.2&#8243; hover_enabled=\u00bb0&#8243; global_colors_info=\u00bb{}\u00bb theme_builder_area=\u00bbpost_content\u00bb sticky_enabled=\u00bb0&#8243;][\/et_pb_image][\/et_pb_column][\/et_pb_row][et_pb_row column_structure=\u00bb1_2,1_2&#8243; _builder_version=\u00bb4.16&#8243; custom_padding=\u00bb||0px|||\u00bb global_colors_info=\u00bb{}\u00bb theme_builder_area=\u00bbpost_content\u00bb][et_pb_column type=\u00bb1_2&#8243; _builder_version=\u00bb4.16&#8243; global_colors_info=\u00bb{}\u00bb theme_builder_area=\u00bbpost_content\u00bb][et_pb_text _builder_version=\u00bb4.25.2&#8243; header_font=\u00bbBellefair||||||||\u00bb header_text_color=\u00bb#000000&#8243; header_font_size=\u00bb48px\u00bb header_line_height=\u00bb1.2em\u00bb header_2_font=\u00bbBellefair||||||||\u00bb header_2_text_align=\u00bbleft\u00bb header_2_text_color=\u00bb#000000&#8243; header_2_font_size=\u00bb48px\u00bb header_2_line_height=\u00bb1.2em\u00bb header_3_font=\u00bbBellefair||||||||\u00bb header_3_text_color=\u00bb#000000&#8243; header_3_font_size=\u00bb38px\u00bb header_3_line_height=\u00bb1.2em\u00bb header_4_font=\u00bbBellefair||||||||\u00bb header_4_text_color=\u00bb#000000&#8243; header_4_font_size=\u00bb30px\u00bb header_4_line_height=\u00bb1.4em\u00bb header_5_font=\u00bbBellefair||||||||\u00bb header_5_text_color=\u00bb#000000&#8243; header_5_font_size=\u00bb22px\u00bb header_5_line_height=\u00bb1.2em\u00bb header_6_font=\u00bbMontserrat|700||on|||||\u00bb header_6_text_color=\u00bb#ff4e00&#8243; header_6_font_size=\u00bb12px\u00bb header_6_letter_spacing=\u00bb2px\u00bb header_6_line_height=\u00bb1.2em\u00bb hover_enabled=\u00bb0&#8243; header_font_size_tablet=\u00bb42px\u00bb header_font_size_phone=\u00bb34px\u00bb header_font_size_last_edited=\u00bbon|tablet\u00bb header_2_font_size_tablet=\u00bb42px\u00bb header_2_font_size_phone=\u00bb34px\u00bb header_2_font_size_last_edited=\u00bbon|tablet\u00bb header_3_font_size_tablet=\u00bb34px\u00bb header_3_font_size_phone=\u00bb28px\u00bb header_3_font_size_last_edited=\u00bbon|phone\u00bb header_4_font_size_tablet=\u00bb22px\u00bb header_4_font_size_phone=\u00bb18px\u00bb header_4_font_size_last_edited=\u00bbon|phone\u00bb header_5_font_size_tablet=\u00bb\u00bb header_5_font_size_phone=\u00bb16px\u00bb header_5_font_size_last_edited=\u00bbon|tablet\u00bb border_color_all=\u00bb#ff4e00&#8243; border_width_bottom=\u00bb4px\u00bb text_text_align=\u00bbjustify\u00bb locked=\u00bboff\u00bb global_colors_info=\u00bb{}\u00bb header_2_2_font_size_tablet=\u00bb42px\u00bb header_3_2_font_size_tablet=\u00bb42px\u00bb header_4_2_font_size_tablet=\u00bb42px\u00bb header_5_2_font_size_tablet=\u00bb42px\u00bb header_6_2_font_size_tablet=\u00bb42px\u00bb header_2_2_font_size_phone=\u00bb34px\u00bb header_3_2_font_size_phone=\u00bb34px\u00bb header_4_2_font_size_phone=\u00bb34px\u00bb header_5_2_font_size_phone=\u00bb34px\u00bb header_6_2_font_size_phone=\u00bb34px\u00bb header_2_2_font_size_last_edited=\u00bbon|tablet\u00bb header_3_2_font_size_last_edited=\u00bbon|tablet\u00bb header_4_2_font_size_last_edited=\u00bbon|tablet\u00bb header_5_2_font_size_last_edited=\u00bbon|tablet\u00bb header_6_2_font_size_last_edited=\u00bbon|tablet\u00bb header_2_3_font_size_tablet=\u00bb34px\u00bb header_3_3_font_size_tablet=\u00bb34px\u00bb header_4_3_font_size_tablet=\u00bb34px\u00bb header_5_3_font_size_tablet=\u00bb34px\u00bb header_6_3_font_size_tablet=\u00bb34px\u00bb header_2_3_font_size_phone=\u00bb28px\u00bb header_3_3_font_size_phone=\u00bb28px\u00bb header_4_3_font_size_phone=\u00bb28px\u00bb header_5_3_font_size_phone=\u00bb28px\u00bb header_6_3_font_size_phone=\u00bb28px\u00bb header_2_3_font_size_last_edited=\u00bbon|phone\u00bb header_3_3_font_size_last_edited=\u00bbon|phone\u00bb header_4_3_font_size_last_edited=\u00bbon|phone\u00bb header_5_3_font_size_last_edited=\u00bbon|phone\u00bb header_6_3_font_size_last_edited=\u00bbon|phone\u00bb header_2_4_font_size_tablet=\u00bb22px\u00bb header_3_4_font_size_tablet=\u00bb22px\u00bb header_4_4_font_size_tablet=\u00bb22px\u00bb header_5_4_font_size_tablet=\u00bb22px\u00bb header_6_4_font_size_tablet=\u00bb22px\u00bb header_2_4_font_size_phone=\u00bb18px\u00bb header_3_4_font_size_phone=\u00bb18px\u00bb header_4_4_font_size_phone=\u00bb18px\u00bb header_5_4_font_size_phone=\u00bb18px\u00bb header_6_4_font_size_phone=\u00bb18px\u00bb header_2_4_font_size_last_edited=\u00bbon|phone\u00bb header_3_4_font_size_last_edited=\u00bbon|phone\u00bb header_4_4_font_size_last_edited=\u00bbon|phone\u00bb header_5_4_font_size_last_edited=\u00bbon|phone\u00bb header_6_4_font_size_last_edited=\u00bbon|phone\u00bb header_2_5_font_size_phone=\u00bb16px\u00bb header_3_5_font_size_phone=\u00bb16px\u00bb header_4_5_font_size_phone=\u00bb16px\u00bb header_5_5_font_size_phone=\u00bb16px\u00bb header_6_5_font_size_phone=\u00bb16px\u00bb header_2_5_font_size_last_edited=\u00bbon|tablet\u00bb header_3_5_font_size_last_edited=\u00bbon|tablet\u00bb header_4_5_font_size_last_edited=\u00bbon|tablet\u00bb header_5_5_font_size_last_edited=\u00bbon|tablet\u00bb header_6_5_font_size_last_edited=\u00bbon|tablet\u00bb theme_builder_area=\u00bbpost_content\u00bb sticky_enabled=\u00bb0&#8243;]<h4>Todo lo que necesitas saber sobre viajar a Palma de Mallorca en septiembre<\/h4>[\/et_pb_text][et_pb_text _builder_version=\u00bb4.25.2&#8243; text_font=\u00bb||||||||\u00bb text_font_size=\u00bb16px\u00bb text_line_height=\u00bb2em\u00bb text_orientation=\u00bbjustified\u00bb custom_margin=\u00bb||24px|||\u00bb hover_enabled=\u00bb0&#8243; text_font_size_tablet=\u00bb15px\u00bb text_font_size_phone=\u00bb14px\u00bb text_font_size_last_edited=\u00bbon|phone\u00bb header_2_font_size_tablet=\u00bb\u00bb header_2_font_size_phone=\u00bb\u00bb header_2_font_size_last_edited=\u00bbon|phone\u00bb header_2_letter_spacing_tablet=\u00bb\u00bb header_2_letter_spacing_phone=\u00bb\u00bb header_2_letter_spacing_last_edited=\u00bbon|phone\u00bb header_2_line_height_tablet=\u00bb\u00bb header_2_line_height_phone=\u00bb1.3em\u00bb header_2_line_height_last_edited=\u00bbon|phone\u00bb locked=\u00bboff\u00bb global_colors_info=\u00bb{}\u00bb theme_builder_area=\u00bbpost_content\u00bb sticky_enabled=\u00bb0&#8243;]<p>Viajar a Palma de Mallorca en septiembre es una excelente decisi\u00f3n. Este mes ofrece una combinaci\u00f3n perfecta de clima agradable, menos turistas y eventos culturales interesantes.En esta gu\u00eda, te proporcionaremos toda la informaci\u00f3n que necesitas para aprovechar al m\u00e1ximo tu viaje a esta hermosa ciudad balear durante septiembre.<\/p>[\/et_pb_text][et_pb_image src=\u00bbhttps:\/\/surmasterprojects.com\/wp-content\/uploads\/2024\/06\/1080px-Es_Trenc_Mallorca_the_beach.jpg\u00bb title_text=\u00bb1080px-Es_Trenc,_Mallorca,_the_beach\u00bb _builder_version=\u00bb4.25.2&#8243; _module_preset=\u00bbdefault\u00bb custom_margin=\u00bb33px|||||\u00bb hover_enabled=\u00bb0&#8243; global_colors_info=\u00bb{}\u00bb theme_builder_area=\u00bbpost_content\u00bb sticky_enabled=\u00bb0&#8243;][\/et_pb_image][\/et_pb_column][et_pb_column type=\u00bb1_2&#8243; _builder_version=\u00bb4.16&#8243; global_colors_info=\u00bb{}\u00bb theme_builder_area=\u00bbpost_content\u00bb][et_pb_text _builder_version=\u00bb4.25.2&#8243; text_font=\u00bb||||||||\u00bb text_font_size=\u00bb16px\u00bb text_line_height=\u00bb2em\u00bb text_orientation=\u00bbjustified\u00bb text_font_size_tablet=\u00bb15px\u00bb text_font_size_phone=\u00bb14px\u00bb text_font_size_last_edited=\u00bbon|phone\u00bb header_2_font_size_tablet=\u00bb\u00bb header_2_font_size_phone=\u00bb\u00bb header_2_font_size_last_edited=\u00bbon|phone\u00bb header_2_letter_spacing_tablet=\u00bb\u00bb header_2_letter_spacing_phone=\u00bb\u00bb header_2_letter_spacing_last_edited=\u00bbon|phone\u00bb locked=\u00bboff\u00bb global_colors_info=\u00bb{}\u00bb theme_builder_area=\u00bbpost_content\u00bb sticky_enabled=\u00bb0&#8243; header_3_line_height=\u00bb1.2em\u00bb header_2_line_height=\u00bb1.2em\u00bb]<h2>Beneficios de viajar a Palma de Mallorca en septiembre<\/h2>\n<h3>Clima ideal en Palma de Mallorca durante septiembre<\/h3>\n<p>Septiembre es un mes maravilloso para visitar Palma de Mallorca debido a su clima templado.<\/p>\n<p>Las temperaturas oscilan entre los 20 y 30 grados Celsius, lo que permite disfrutar tanto de actividades al aire libre como de la playa sin el intenso calor del verano.<\/p>\n<p>Aunque la primera semana de septiembre es muy similar a agosto, hacia el final del mes las temperaturas empiezan a bajar, ofreciendo un clima m\u00e1s agradable.<\/p>\n<h3>Menos turistas en Palma de Mallorca en septiembre<\/h3>\n<p>Uno de los grandes beneficios de viajar a Palma de Mallorca en septiembre es la reducci\u00f3n de turistas.<\/p>\n<p>La temporada alta ha terminado, por lo que encontrar\u00e1s menos aglomeraciones en las playas, atracciones tur\u00edsticas y restaurantes.<\/p>\n<p>Esto te permitir\u00e1 disfrutar de una experiencia m\u00e1s relajada y aut\u00e9ntica.<\/p>[\/et_pb_text][\/et_pb_column][\/et_pb_row][et_pb_row column_structure=\u00bb1_2,1_2&#8243; _builder_version=\u00bb4.16&#8243; custom_padding=\u00bb||0px|||\u00bb global_colors_info=\u00bb{}\u00bb theme_builder_area=\u00bbpost_content\u00bb custom_margin=\u00bb-1px|auto||auto||\u00bb][et_pb_column type=\u00bb1_2&#8243; _builder_version=\u00bb4.16&#8243; global_colors_info=\u00bb{}\u00bb theme_builder_area=\u00bbpost_content\u00bb][et_pb_text _builder_version=\u00bb4.25.2&#8243; text_font=\u00bb||||||||\u00bb text_font_size=\u00bb16px\u00bb text_line_height=\u00bb2em\u00bb text_orientation=\u00bbjustified\u00bb hover_enabled=\u00bb0&#8243; text_font_size_tablet=\u00bb15px\u00bb text_font_size_phone=\u00bb14px\u00bb text_font_size_last_edited=\u00bbon|phone\u00bb header_2_font_size_tablet=\u00bb\u00bb header_2_font_size_phone=\u00bb\u00bb header_2_font_size_last_edited=\u00bbon|phone\u00bb header_2_letter_spacing_tablet=\u00bb\u00bb header_2_letter_spacing_phone=\u00bb\u00bb header_2_letter_spacing_last_edited=\u00bbon|phone\u00bb header_2_line_height_phone=\u00bb1.3em\u00bb header_2_line_height_last_edited=\u00bboff|desktop\u00bb locked=\u00bboff\u00bb global_colors_info=\u00bb{}\u00bb theme_builder_area=\u00bbpost_content\u00bb header_3_line_height=\u00bb1.2em\u00bb header_2_line_height=\u00bb1.2em\u00bb sticky_enabled=\u00bb0&#8243;]<h3>Actividades y eventos en Palma de Mallorca en septiembre<\/h3>\n<p>Festes de la Mare de D\u00e9u de la Salut en Palma de Mallorca<br \/>Durante septiembre, Palma de Mallorca celebra las Festes de la Mare de D\u00e9u de la Salut, una de las festividades m\u00e1s importantes de la ciudad. Este evento incluye procesiones, conciertos, y una variedad de actividades culturales que te permitir\u00e1n sumergirte en la rica tradici\u00f3n local.<\/p>\n<h3>Playas y actividades acu\u00e1ticas en Palma de Mallorca<\/h3>\n<p>El agua del mar en septiembre sigue siendo c\u00e1lida, lo que lo hace ideal para nadar y practicar deportes acu\u00e1ticos como el snorkel, paddle surf y buceo. Las playas de Palma de Mallorca, como Playa de Palma y Cala Major, son perfectas para disfrutar del sol y el mar sin las multitudes del verano.<\/p>\n<h2>D\u00f3nde alojarse al viajar a Palma de Mallorca en septiembre<\/h2>\n<h3>Hoteles boutique en el centro hist\u00f3rico de Palma de Mallorca<\/h3>\n<p>El centro hist\u00f3rico de Palma de Mallorca ofrece una variedad de hoteles boutique encantadores que combinan comodidad y estilo. Alojarse en esta \u00e1rea te permitir\u00e1 estar cerca de las principales atracciones tur\u00edsticas, como la Catedral de Palma y el Palacio de la Almudaina.<\/p>\n<h3>Resorts y hoteles de lujo en la costa de Palma de Mallorca<\/h3>\n<p>Si prefieres una experiencia m\u00e1s lujosa, los resorts y hoteles de lujo a lo largo de la costa de Palma de Mallorca son una excelente opci\u00f3n. Estos alojamientos ofrecen impresionantes vistas al mar, piscinas infinitas y acceso directo a la playa, garantizando una estancia inolvidable.<\/p>[\/et_pb_text][et_pb_image src=\u00bbhttps:\/\/surmasterprojects.com\/wp-content\/uploads\/2024\/06\/1155px-Mallorcabeach.png\u00bb title_text=\u00bb1155px-Mallorcabeach\u00bb _builder_version=\u00bb4.25.2&#8243; _module_preset=\u00bbdefault\u00bb custom_margin=\u00bb33px|||||\u00bb hover_enabled=\u00bb0&#8243; global_colors_info=\u00bb{}\u00bb theme_builder_area=\u00bbpost_content\u00bb sticky_enabled=\u00bb0&#8243;][\/et_pb_image][et_pb_text _builder_version=\u00bb4.25.2&#8243; text_font=\u00bb||||||||\u00bb text_font_size=\u00bb16px\u00bb text_line_height=\u00bb2em\u00bb text_orientation=\u00bbjustified\u00bb hover_enabled=\u00bb0&#8243; text_font_size_tablet=\u00bb15px\u00bb text_font_size_phone=\u00bb14px\u00bb text_font_size_last_edited=\u00bbon|phone\u00bb header_2_font_size_tablet=\u00bb\u00bb header_2_font_size_phone=\u00bb\u00bb header_2_font_size_last_edited=\u00bbon|phone\u00bb header_2_letter_spacing_tablet=\u00bb\u00bb header_2_letter_spacing_phone=\u00bb\u00bb header_2_letter_spacing_last_edited=\u00bbon|phone\u00bb header_2_line_height_phone=\u00bb1.3em\u00bb header_2_line_height_last_edited=\u00bboff|desktop\u00bb locked=\u00bboff\u00bb global_colors_info=\u00bb{}\u00bb theme_builder_area=\u00bbpost_content\u00bb header_3_line_height=\u00bb1.2em\u00bb header_2_line_height=\u00bb1.2em\u00bb sticky_enabled=\u00bb0&#8243;]<h2>Consejos pr\u00e1cticos para viajar a Palma de Mallorca en septiembre<\/h2>\n<h3>Qu\u00e9 debes llevar para tu viaje a Palma de Mallorca en septiembre<\/h3>\n<p>Al viajar a Palma de Mallorca en septiembre, es importante empacar ropa ligera y c\u00f3moda, adem\u00e1s de protector solar, gafas de sol y un sombrero para protegerte del sol. No olvides un par de zapatos c\u00f3modos para caminar y tu traje de ba\u00f1o para disfrutar de las playas y actividades acu\u00e1ticas.<\/p>\n<h3>Conocer las costumbres locales en Palma de Mallorca<\/h3>\n<p>Para una experiencia m\u00e1s enriquecedora, es \u00fatil conocer algunas costumbres locales. Los mallorquines son conocidos por su amabilidad y hospitalidad. Aprende algunas frases b\u00e1sicas en espa\u00f1ol o catal\u00e1n, la lengua cooficial de la isla, para mostrar respeto y facilitar la comunicaci\u00f3n.<\/p>[\/et_pb_text][et_pb_image src=\u00bbhttps:\/\/surmasterprojects.com\/wp-content\/uploads\/2024\/04\/architecture-wood-road-street-town-alley-834408-pxhere.com_.jpg\u00bb title_text=\u00bbarchitecture-wood-road-street-town-alley-834408-pxhere.com\u00bb _builder_version=\u00bb4.25.2&#8243; _module_preset=\u00bbdefault\u00bb custom_margin=\u00bb33px|||||\u00bb hover_enabled=\u00bb0&#8243; global_colors_info=\u00bb{}\u00bb theme_builder_area=\u00bbpost_content\u00bb sticky_enabled=\u00bb0&#8243;][\/et_pb_image][\/et_pb_column][et_pb_column type=\u00bb1_2&#8243; _builder_version=\u00bb4.16&#8243; global_colors_info=\u00bb{}\u00bb theme_builder_area=\u00bbpost_content\u00bb][et_pb_image src=\u00bbhttps:\/\/surmasterprojects.com\/wp-content\/uploads\/2024\/06\/1080px-Magalluf-Mallorca-rafax.jpg\u00bb title_text=\u00bb1080px-Magalluf-Mallorca-rafax\u00bb _builder_version=\u00bb4.25.2&#8243; _module_preset=\u00bbdefault\u00bb custom_margin=\u00bb8px|||||\u00bb hover_enabled=\u00bb0&#8243; global_colors_info=\u00bb{}\u00bb theme_builder_area=\u00bbpost_content\u00bb sticky_enabled=\u00bb0&#8243;][\/et_pb_image][et_pb_text _builder_version=\u00bb4.25.2&#8243; text_font=\u00bb||||||||\u00bb text_font_size=\u00bb16px\u00bb text_line_height=\u00bb2em\u00bb text_orientation=\u00bbjustified\u00bb text_font_size_tablet=\u00bb15px\u00bb text_font_size_phone=\u00bb14px\u00bb text_font_size_last_edited=\u00bbon|phone\u00bb header_2_font_size_tablet=\u00bb\u00bb header_2_font_size_phone=\u00bb\u00bb header_2_font_size_last_edited=\u00bbon|phone\u00bb header_2_letter_spacing_tablet=\u00bb\u00bb header_2_letter_spacing_phone=\u00bb\u00bb header_2_letter_spacing_last_edited=\u00bbon|phone\u00bb locked=\u00bboff\u00bb global_colors_info=\u00bb{}\u00bb theme_builder_area=\u00bbpost_content\u00bb header_3_line_height=\u00bb1.2em\u00bb header_2_line_height=\u00bb1.2em\u00bb hover_enabled=\u00bb0&#8243; sticky_enabled=\u00bb0&#8243;]<h2>Gastronom\u00eda y vida nocturna al viajar a Palma de Mallorca en septiembre<\/h2>\n<h3>Restaurantes tradicionales en Palma de Mallorca<\/h3>\n<p>La gastronom\u00eda de Palma de Mallorca es rica y variada, con una fuerte influencia mediterr\u00e1nea. Durante tu viaje, no te pierdas la oportunidad de probar platos locales como la sobrasada, el tumbet y la ensaimada. Restaurantes como Ca\u2019n Joan de S\u2019aigo y La Boveda son excelentes opciones para degustar la cocina mallorquina.<\/p>\n<h3>Bares y vida nocturna en Palma de Mallorca<\/h3>\n<p>Palma de Mallorca tambi\u00e9n es conocida por su vibrante vida nocturna. En septiembre, los bares y clubes de la ciudad ofrecen un ambiente animado pero m\u00e1s relajado en comparaci\u00f3n con los meses de verano. Zonas como Santa Catalina y Paseo Mar\u00edtimo son ideales para disfrutar de una noche de copas y m\u00fasica.<\/p>\n<h2>Transporte y movilidad en Palma de Mallorca en septiembre<\/h2>\n<h3>Transporte p\u00fablico y alquiler de bicicletas en Palma de Mallorca<\/h3>\n<p>Moverse por Palma de Mallorca en septiembre es f\u00e1cil y conveniente. La ciudad cuenta con un eficiente sistema de transporte p\u00fablico que incluye autobuses y trenes. Adem\u00e1s, alquilar una bicicleta es una excelente opci\u00f3n para explorar la ciudad de manera ecol\u00f3gica y a tu propio ritmo.<\/p>\n<h3>Alquiler de coches para explorar Mallorca desde Palma de Mallorca<\/h3>\n<p>Para aquellos que deseen explorar m\u00e1s all\u00e1 de Palma de Mallorca, alquilar un coche es una excelente opci\u00f3n. Esto te permitir\u00e1 visitar otras partes de la isla, como las cuevas del Drach, el monasterio de Lluc y las playas de Es Trenc y Cala Mondrag\u00f3.<\/p>[\/et_pb_text][et_pb_image src=\u00bbhttps:\/\/surmasterprojects.com\/wp-content\/uploads\/2024\/06\/1280px-Playa_es_trenc.jpg\u00bb title_text=\u00bb1280px-Playa_es_trenc\u00bb _builder_version=\u00bb4.25.2&#8243; _module_preset=\u00bbdefault\u00bb custom_margin=\u00bb33px|||||\u00bb hover_enabled=\u00bb0&#8243; global_colors_info=\u00bb{}\u00bb theme_builder_area=\u00bbpost_content\u00bb sticky_enabled=\u00bb0&#8243;][\/et_pb_image][et_pb_text _builder_version=\u00bb4.25.2&#8243; text_font=\u00bb||||||||\u00bb text_font_size=\u00bb16px\u00bb text_line_height=\u00bb2em\u00bb text_orientation=\u00bbjustified\u00bb hover_enabled=\u00bb0&#8243; text_font_size_tablet=\u00bb15px\u00bb text_font_size_phone=\u00bb14px\u00bb text_font_size_last_edited=\u00bbon|phone\u00bb header_2_font_size_tablet=\u00bb\u00bb header_2_font_size_phone=\u00bb\u00bb header_2_font_size_last_edited=\u00bbon|phone\u00bb header_2_letter_spacing_tablet=\u00bb\u00bb header_2_letter_spacing_phone=\u00bb\u00bb header_2_letter_spacing_last_edited=\u00bbon|phone\u00bb header_2_line_height_phone=\u00bb1.3em\u00bb header_2_line_height_last_edited=\u00bboff|desktop\u00bb locked=\u00bboff\u00bb global_colors_info=\u00bb{}\u00bb theme_builder_area=\u00bbpost_content\u00bb header_3_line_height=\u00bb1.2em\u00bb header_2_line_height=\u00bb1.2em\u00bb sticky_enabled=\u00bb0&#8243;]<h2>El tiempo en Mallorca en septiembre<\/h2>\n<h3>Clima en Palma de Mallorca en septiembre<\/h3>\n<p>En septiembre, las temperaturas m\u00e1ximas en Mallorca rondan los 27 grados Celsius. Aunque est\u00e1n por debajo de los niveles de julio y agosto, el clima sigue siendo c\u00e1lido y agradable. Hay una mayor probabilidad de lluvia, por lo que es importante estar preparado y llevar un paraguas o chubasquero.<\/p>\n<h3>Horas de sol en Mallorca durante septiembre<\/h3>\n<p>A medida que los d\u00edas se acortan y el oto\u00f1o se aproxima, las horas de sol pasan de doce a ocho. A pesar de esta reducci\u00f3n, el clima sigue siendo agradable incluso al anochecer, con temperaturas medias de 17 grados.<\/p>\n<p>&nbsp;<\/p>\n<h2>Qu\u00e9 hacer en Mallorca en septiembre<\/h2>\n<h3>Actividades al aire libre en Mallorca durante septiembre<\/h3>\n<p>Septiembre es un mes ideal para disfrutar de actividades al aire libre en Mallorca. Puedes hacer senderismo por la Serra de Tramuntana, practicar ciclismo y realizar deportes acu\u00e1ticos como windsurf y vela. El clima m\u00e1s fresco y la menor cantidad de turistas hacen que estas actividades sean a\u00fan m\u00e1s agradables.<\/p>\n<h3>Ferias y mercados en Mallorca en septiembre<\/h3>\n<p>En Mallorca, septiembre es el mes de varias fiestas interesantes. Se puede degustar jugosa fruta en la feria del mel\u00f3n y experimentar la vendimia en Binissalem.<\/p>\n<p>Adem\u00e1s, hay fiestas para disfrutar en familia en las localidades de Santa Pon\u00e7a y Santa Margalida, con los t\u00edpicos \u00abcorrefocs\u00bb de la isla.<\/p>[\/et_pb_text][\/et_pb_column][\/et_pb_row][et_pb_row column_structure=\u00bb1_2,1_2&#8243; _builder_version=\u00bb4.16&#8243; custom_padding=\u00bb||0px|||\u00bb global_colors_info=\u00bb{}\u00bb theme_builder_area=\u00bbpost_content\u00bb][et_pb_column type=\u00bb1_2&#8243; _builder_version=\u00bb4.16&#8243; global_colors_info=\u00bb{}\u00bb theme_builder_area=\u00bbpost_content\u00bb][et_pb_text _builder_version=\u00bb4.25.2&#8243; text_font=\u00bb||||||||\u00bb text_font_size=\u00bb16px\u00bb text_line_height=\u00bb2em\u00bb text_orientation=\u00bbjustified\u00bb text_font_size_tablet=\u00bb15px\u00bb text_font_size_phone=\u00bb14px\u00bb text_font_size_last_edited=\u00bbon|phone\u00bb header_2_font_size_tablet=\u00bb\u00bb header_2_font_size_phone=\u00bb\u00bb header_2_font_size_last_edited=\u00bbon|phone\u00bb header_2_letter_spacing_tablet=\u00bb\u00bb header_2_letter_spacing_phone=\u00bb\u00bb header_2_letter_spacing_last_edited=\u00bbon|phone\u00bb locked=\u00bboff\u00bb global_colors_info=\u00bb{}\u00bb theme_builder_area=\u00bbpost_content\u00bb sticky_enabled=\u00bb0&#8243; header_3_line_height=\u00bb1.2em\u00bb header_2_line_height=\u00bb1.2em\u00bb hover_enabled=\u00bb0&#8243;]<h2>Escapadas y excursiones desde Palma de Mallorca en septiembre<\/h2>\n<h3>Explora las playas de Mallorca en septiembre<\/h3>\n<p>Mallorca cuenta con algunas de las playas m\u00e1s hermosas del Mediterr\u00e1neo.<\/p>\n<p>En septiembre, puedes disfrutar de playas como Portals Vells, Cala Santany\u00ed, Playa Camp de Mar y Cala Estellencs, que ofrecen actividades como snorkel, paseos en barco, senderismo y ciclismo.<\/p>\n<h3>Visita a las atracciones tur\u00edsticas de Mallorca<\/h3>\n<p>No te pierdas la oportunidad de visitar atracciones tur\u00edsticas como el Castillo de Bellver, la Catedral de Palma y el Palacio de la Almudaina. Tambi\u00e9n puedes participar en eventos culturales como la Nit de l\u2019Art y el festival de teatro visual C\u00edclop en Sineu.<\/p>[\/et_pb_text][\/et_pb_column][et_pb_column type=\u00bb1_2&#8243; _builder_version=\u00bb4.16&#8243; global_colors_info=\u00bb{}\u00bb theme_builder_area=\u00bbpost_content\u00bb][et_pb_image src=\u00bbhttps:\/\/surmasterprojects.com\/wp-content\/uploads\/2024\/05\/960px-Cala_Esmeralda_13.jpg\u00bb title_text=\u00bb960px-Cala_Esmeralda_13&#8243; _builder_version=\u00bb4.25.1&#8243; _module_preset=\u00bbdefault\u00bb custom_margin=\u00bb33px|||||\u00bb global_colors_info=\u00bb{}\u00bb theme_builder_area=\u00bbpost_content\u00bb][\/et_pb_image][\/et_pb_column][\/et_pb_row][et_pb_row _builder_version=\u00bb4.21.0&#8243; custom_margin=\u00bb36px|auto||auto||\u00bb custom_padding=\u00bb34px||0px|||\u00bb global_colors_info=\u00bb{}\u00bb theme_builder_area=\u00bbpost_content\u00bb][et_pb_column type=\u00bb4_4&#8243; _builder_version=\u00bb4.16&#8243; global_colors_info=\u00bb{}\u00bb theme_builder_area=\u00bbpost_content\u00bb][et_pb_divider color=\u00bb#f75e00&#8243; divider_weight=\u00bb4px\u00bb _builder_version=\u00bb4.21.0&#8243; _module_preset=\u00bbdefault\u00bb width=\u00bb40%\u00bb module_alignment=\u00bbcenter\u00bb global_colors_info=\u00bb{}\u00bb theme_builder_area=\u00bbpost_content\u00bb][\/et_pb_divider][et_pb_text _builder_version=\u00bb4.25.2&#8243; text_font=\u00bb||||||||\u00bb text_font_size=\u00bb16px\u00bb text_line_height=\u00bb2em\u00bb header_2_line_height=\u00bb1.2em\u00bb text_orientation=\u00bbjustified\u00bb text_font_size_tablet=\u00bb15px\u00bb text_font_size_phone=\u00bb14px\u00bb text_font_size_last_edited=\u00bbon|phone\u00bb locked=\u00bboff\u00bb global_colors_info=\u00bb{}\u00bb theme_builder_area=\u00bbpost_content\u00bb sticky_enabled=\u00bb0&#8243; header_3_line_height=\u00bb1.2em\u00bb header_2_font_size_last_edited=\u00bbon|phone\u00bb header_2_letter_spacing_last_edited=\u00bbon|phone\u00bb quote_border_color=\u00bb#E09900&#8243; hover_enabled=\u00bb0&#8243;]<blockquote>\n<h2><span style=\"font-weight: 400;\">Preguntas Frecuentes sobre Viajar a Mallorca en septiembre<\/span><\/h2>\n<\/blockquote>\n<h3>\u00bfEs septiembre un buen mes para viajar a Palma de Mallorca?<\/h3>\n<p>S\u00ed, Septiembre es uno de los mejores meses para visitar Palma de Mallorca debido al clima agradable, la menor afluencia de turistas y la variedad de eventos y actividades disponibles.<\/p>\n<p>Es una \u00e9poca ideal para disfrutar de todo lo que esta hermosa ciudad tiene para ofrecer sin las aglomeraciones del verano.<\/p>\n<h3>\u00bfCu\u00e1les son las principales atracciones tur\u00edsticas en Palma de Mallorca en septiembre?<\/h3>\n<p>En septiembre, todas las principales atracciones tur\u00edsticas de Palma de Mallorca est\u00e1n abiertas y son menos concurridas. No te pierdas la Catedral de Palma, el Castillo de Bellver y el Paseo del Borne. Adem\u00e1s, las playas y calas cercanas ofrecen un entorno perfecto para relajarse y disfrutar del sol.<\/p>\n<h3>\u00bfSe puede nadar en Mallorca en septiembre?<\/h3>\n<p>S\u00ed, el agua del mar en septiembre sigue siendo c\u00e1lida, ideal para nadar y practicar deportes acu\u00e1ticos.<\/p>\n<h3>\u00bfLlueve mucho en Mallorca en septiembre?<\/h3>\n<p>No, aunque hay mayor probabilidad de lluvia en septiembre que en los meses de verano, las precipitaciones suelen ser moderadas.<\/p>\n<h3>\u00bfQu\u00e9 temperatura hace en Mallorca en septiembre?<\/h3>\n<p>En septiembre, las temperaturas en Mallorca oscilan entre los 20 y 30 grados Celsius, con m\u00e1ximas alrededor de los 27 grados.<\/p>[\/et_pb_text][\/et_pb_column][\/et_pb_row][\/et_pb_section]\n","protected":false},"excerpt":{"rendered":"<p>VIAJAR A MALLORCA EN SEPTIEMBRE Viajar a Palma de Mallorca en SeptiembreTodo lo que necesitas saber sobre viajar a Palma de Mallorca en septiembreViajar a Palma de Mallorca en septiembre es una excelente decisi\u00f3n. Este mes ofrece una combinaci\u00f3n perfecta de clima agradable, menos turistas y eventos culturales interesantes.En esta gu\u00eda, te proporcionaremos toda la [&hellip;]<\/p>\n","protected":false},"author":1,"featured_media":8636,"parent":7644,"menu_order":0,"comment_status":"closed","ping_status":"closed","template":"","meta":{"_et_pb_use_builder":"on","_et_pb_old_content":"","_et_gb_content_width":"","footnotes":""},"class_list":["post-8629","page","type-page","status-publish","has-post-thumbnail","hentry"],"yoast_head":"<!-- This site is optimized with the Yoast SEO plugin v27.4 - https:\/\/yoast.com\/product\/yoast-seo-wordpress\/ -->\n<title>Surmaster Projects<\/title>\n<meta name=\"robots\" content=\"index, follow, max-snippet:-1, max-image-preview:large, max-video-preview:-1\" \/>\n<link rel=\"canonical\" href=\"https:\/\/surmasterprojects.com\/de\/blog\/viajar-a-mallorca-en-septiembre-guia-completa\/\" \/>\n<meta property=\"og:locale\" content=\"de_DE\" \/>\n<meta property=\"og:type\" content=\"article\" \/>\n<meta property=\"og:description\" content=\"VIAJAR A MALLORCA EN SEPTIEMBRE Viajar a Palma de Mallorca en SeptiembreTodo lo que necesitas saber sobre viajar a Palma de Mallorca en septiembreViajar a Palma de Mallorca en septiembre es una excelente decisi\u00f3n. Este mes ofrece una combinaci\u00f3n perfecta de clima agradable, menos turistas y eventos culturales interesantes.En esta gu\u00eda, te proporcionaremos toda la [&hellip;]\" \/>\n<meta property=\"og:url\" content=\"https:\/\/surmasterprojects.com\/de\/blog\/viajar-a-mallorca-en-septiembre-guia-completa\/\" \/>\n<meta property=\"og:site_name\" content=\"Surmaster Projects\" \/>\n<meta property=\"article:modified_time\" content=\"2024-07-18T09:03:47+00:00\" \/>\n<meta property=\"og:image\" content=\"https:\/\/surmasterprojects.com\/wp-content\/uploads\/2024\/06\/1155px-Mallorcabeach.png\" \/>\n\t<meta property=\"og:image:width\" content=\"1155\" \/>\n\t<meta property=\"og:image:height\" content=\"720\" \/>\n\t<meta property=\"og:image:type\" content=\"image\/png\" \/>\n<meta name=\"twitter:card\" content=\"summary_large_image\" \/>\n<meta name=\"twitter:label1\" content=\"Gesch\u00e4tzte Lesezeit\" \/>\n\t<meta name=\"twitter:data1\" content=\"8\u00a0Minuten\" \/>\n<script type=\"application\/ld+json\" class=\"yoast-schema-graph\">{\"@context\":\"https:\\\/\\\/schema.org\",\"@graph\":[{\"@type\":\"WebPage\",\"@id\":\"https:\\\/\\\/surmasterprojects.com\\\/blog\\\/viajar-a-mallorca-en-septiembre-guia-completa\\\/\",\"url\":\"https:\\\/\\\/surmasterprojects.com\\\/blog\\\/viajar-a-mallorca-en-septiembre-guia-completa\\\/\",\"name\":\"\",\"isPartOf\":{\"@id\":\"https:\\\/\\\/surmasterprojects.com\\\/es\\\/#website\"},\"primaryImageOfPage\":{\"@id\":\"https:\\\/\\\/surmasterprojects.com\\\/blog\\\/viajar-a-mallorca-en-septiembre-guia-completa\\\/#primaryimage\"},\"image\":{\"@id\":\"https:\\\/\\\/surmasterprojects.com\\\/blog\\\/viajar-a-mallorca-en-septiembre-guia-completa\\\/#primaryimage\"},\"thumbnailUrl\":\"https:\\\/\\\/surmasterprojects.com\\\/wp-content\\\/uploads\\\/2024\\\/06\\\/1155px-Mallorcabeach.png\",\"datePublished\":\"2024-06-28T10:37:12+00:00\",\"dateModified\":\"2024-07-18T09:03:47+00:00\",\"breadcrumb\":{\"@id\":\"https:\\\/\\\/surmasterprojects.com\\\/blog\\\/viajar-a-mallorca-en-septiembre-guia-completa\\\/#breadcrumb\"},\"inLanguage\":\"de\",\"potentialAction\":[{\"@type\":\"ReadAction\",\"target\":[\"https:\\\/\\\/surmasterprojects.com\\\/blog\\\/viajar-a-mallorca-en-septiembre-guia-completa\\\/\"]}]},{\"@type\":\"ImageObject\",\"inLanguage\":\"de\",\"@id\":\"https:\\\/\\\/surmasterprojects.com\\\/blog\\\/viajar-a-mallorca-en-septiembre-guia-completa\\\/#primaryimage\",\"url\":\"https:\\\/\\\/surmasterprojects.com\\\/wp-content\\\/uploads\\\/2024\\\/06\\\/1155px-Mallorcabeach.png\",\"contentUrl\":\"https:\\\/\\\/surmasterprojects.com\\\/wp-content\\\/uploads\\\/2024\\\/06\\\/1155px-Mallorcabeach.png\",\"width\":1155,\"height\":720},{\"@type\":\"BreadcrumbList\",\"@id\":\"https:\\\/\\\/surmasterprojects.com\\\/blog\\\/viajar-a-mallorca-en-septiembre-guia-completa\\\/#breadcrumb\",\"itemListElement\":[{\"@type\":\"ListItem\",\"position\":1,\"name\":\"Portada\",\"item\":\"https:\\\/\\\/surmasterprojects.com\\\/es\\\/\"},{\"@type\":\"ListItem\",\"position\":2,\"name\":\"Blog\",\"item\":\"https:\\\/\\\/surmasterprojects.com\\\/es\\\/blog\\\/\"},{\"@type\":\"ListItem\",\"position\":3,\"name\":\"Viajar a Mallorca en Septiembre: Gu\u00eda Completa\"}]},{\"@type\":\"WebSite\",\"@id\":\"https:\\\/\\\/surmasterprojects.com\\\/es\\\/#website\",\"url\":\"https:\\\/\\\/surmasterprojects.com\\\/es\\\/\",\"name\":\"Surmaster Projects\",\"description\":\"\",\"publisher\":{\"@id\":\"https:\\\/\\\/surmasterprojects.com\\\/es\\\/#organization\"},\"potentialAction\":[{\"@type\":\"SearchAction\",\"target\":{\"@type\":\"EntryPoint\",\"urlTemplate\":\"https:\\\/\\\/surmasterprojects.com\\\/es\\\/?s={search_term_string}\"},\"query-input\":{\"@type\":\"PropertyValueSpecification\",\"valueRequired\":true,\"valueName\":\"search_term_string\"}}],\"inLanguage\":\"de\"},{\"@type\":\"Organization\",\"@id\":\"https:\\\/\\\/surmasterprojects.com\\\/es\\\/#organization\",\"name\":\"Surmaster Projects\",\"url\":\"https:\\\/\\\/surmasterprojects.com\\\/es\\\/\",\"logo\":{\"@type\":\"ImageObject\",\"inLanguage\":\"de\",\"@id\":\"https:\\\/\\\/surmasterprojects.com\\\/es\\\/#\\\/schema\\\/logo\\\/image\\\/\",\"url\":\"https:\\\/\\\/surmasterprojects.com\\\/wp-content\\\/uploads\\\/2022\\\/04\\\/cropped-Logo_GrupoSurmaster_negativo.png\",\"contentUrl\":\"https:\\\/\\\/surmasterprojects.com\\\/wp-content\\\/uploads\\\/2022\\\/04\\\/cropped-Logo_GrupoSurmaster_negativo.png\",\"width\":512,\"height\":512,\"caption\":\"Surmaster Projects\"},\"image\":{\"@id\":\"https:\\\/\\\/surmasterprojects.com\\\/es\\\/#\\\/schema\\\/logo\\\/image\\\/\"}}]}<\/script>\n<!-- \/ Yoast SEO plugin. -->","yoast_head_json":{"title":"Surmaster Projects","robots":{"index":"index","follow":"follow","max-snippet":"max-snippet:-1","max-image-preview":"max-image-preview:large","max-video-preview":"max-video-preview:-1"},"canonical":"https:\/\/surmasterprojects.com\/de\/blog\/viajar-a-mallorca-en-septiembre-guia-completa\/","og_locale":"de_DE","og_type":"article","og_description":"VIAJAR A MALLORCA EN SEPTIEMBRE Viajar a Palma de Mallorca en SeptiembreTodo lo que necesitas saber sobre viajar a Palma de Mallorca en septiembreViajar a Palma de Mallorca en septiembre es una excelente decisi\u00f3n. Este mes ofrece una combinaci\u00f3n perfecta de clima agradable, menos turistas y eventos culturales interesantes.En esta gu\u00eda, te proporcionaremos toda la [&hellip;]","og_url":"https:\/\/surmasterprojects.com\/de\/blog\/viajar-a-mallorca-en-septiembre-guia-completa\/","og_site_name":"Surmaster Projects","article_modified_time":"2024-07-18T09:03:47+00:00","og_image":[{"width":1155,"height":720,"url":"https:\/\/surmasterprojects.com\/wp-content\/uploads\/2024\/06\/1155px-Mallorcabeach.png","type":"image\/png"}],"twitter_card":"summary_large_image","twitter_misc":{"Gesch\u00e4tzte Lesezeit":"8\u00a0Minuten"},"schema":{"@context":"https:\/\/schema.org","@graph":[{"@type":"WebPage","@id":"https:\/\/surmasterprojects.com\/blog\/viajar-a-mallorca-en-septiembre-guia-completa\/","url":"https:\/\/surmasterprojects.com\/blog\/viajar-a-mallorca-en-septiembre-guia-completa\/","name":"","isPartOf":{"@id":"https:\/\/surmasterprojects.com\/es\/#website"},"primaryImageOfPage":{"@id":"https:\/\/surmasterprojects.com\/blog\/viajar-a-mallorca-en-septiembre-guia-completa\/#primaryimage"},"image":{"@id":"https:\/\/surmasterprojects.com\/blog\/viajar-a-mallorca-en-septiembre-guia-completa\/#primaryimage"},"thumbnailUrl":"https:\/\/surmasterprojects.com\/wp-content\/uploads\/2024\/06\/1155px-Mallorcabeach.png","datePublished":"2024-06-28T10:37:12+00:00","dateModified":"2024-07-18T09:03:47+00:00","breadcrumb":{"@id":"https:\/\/surmasterprojects.com\/blog\/viajar-a-mallorca-en-septiembre-guia-completa\/#breadcrumb"},"inLanguage":"de","potentialAction":[{"@type":"ReadAction","target":["https:\/\/surmasterprojects.com\/blog\/viajar-a-mallorca-en-septiembre-guia-completa\/"]}]},{"@type":"ImageObject","inLanguage":"de","@id":"https:\/\/surmasterprojects.com\/blog\/viajar-a-mallorca-en-septiembre-guia-completa\/#primaryimage","url":"https:\/\/surmasterprojects.com\/wp-content\/uploads\/2024\/06\/1155px-Mallorcabeach.png","contentUrl":"https:\/\/surmasterprojects.com\/wp-content\/uploads\/2024\/06\/1155px-Mallorcabeach.png","width":1155,"height":720},{"@type":"BreadcrumbList","@id":"https:\/\/surmasterprojects.com\/blog\/viajar-a-mallorca-en-septiembre-guia-completa\/#breadcrumb","itemListElement":[{"@type":"ListItem","position":1,"name":"Portada","item":"https:\/\/surmasterprojects.com\/es\/"},{"@type":"ListItem","position":2,"name":"Blog","item":"https:\/\/surmasterprojects.com\/es\/blog\/"},{"@type":"ListItem","position":3,"name":"Viajar a Mallorca en Septiembre: Gu\u00eda Completa"}]},{"@type":"WebSite","@id":"https:\/\/surmasterprojects.com\/es\/#website","url":"https:\/\/surmasterprojects.com\/es\/","name":"Surmaster Projects","description":"","publisher":{"@id":"https:\/\/surmasterprojects.com\/es\/#organization"},"potentialAction":[{"@type":"SearchAction","target":{"@type":"EntryPoint","urlTemplate":"https:\/\/surmasterprojects.com\/es\/?s={search_term_string}"},"query-input":{"@type":"PropertyValueSpecification","valueRequired":true,"valueName":"search_term_string"}}],"inLanguage":"de"},{"@type":"Organization","@id":"https:\/\/surmasterprojects.com\/es\/#organization","name":"Surmaster Projects","url":"https:\/\/surmasterprojects.com\/es\/","logo":{"@type":"ImageObject","inLanguage":"de","@id":"https:\/\/surmasterprojects.com\/es\/#\/schema\/logo\/image\/","url":"https:\/\/surmasterprojects.com\/wp-content\/uploads\/2022\/04\/cropped-Logo_GrupoSurmaster_negativo.png","contentUrl":"https:\/\/surmasterprojects.com\/wp-content\/uploads\/2022\/04\/cropped-Logo_GrupoSurmaster_negativo.png","width":512,"height":512,"caption":"Surmaster Projects"},"image":{"@id":"https:\/\/surmasterprojects.com\/es\/#\/schema\/logo\/image\/"}}]}},"_links":{"self":[{"href":"https:\/\/surmasterprojects.com\/de\/wp-json\/wp\/v2\/pages\/8629","targetHints":{"allow":["GET"]}}],"collection":[{"href":"https:\/\/surmasterprojects.com\/de\/wp-json\/wp\/v2\/pages"}],"about":[{"href":"https:\/\/surmasterprojects.com\/de\/wp-json\/wp\/v2\/types\/page"}],"author":[{"embeddable":true,"href":"https:\/\/surmasterprojects.com\/de\/wp-json\/wp\/v2\/users\/1"}],"replies":[{"embeddable":true,"href":"https:\/\/surmasterprojects.com\/de\/wp-json\/wp\/v2\/comments?post=8629"}],"version-history":[{"count":3,"href":"https:\/\/surmasterprojects.com\/de\/wp-json\/wp\/v2\/pages\/8629\/revisions"}],"predecessor-version":[{"id":8640,"href":"https:\/\/surmasterprojects.com\/de\/wp-json\/wp\/v2\/pages\/8629\/revisions\/8640"}],"up":[{"embeddable":true,"href":"https:\/\/surmasterprojects.com\/de\/wp-json\/wp\/v2\/pages\/7644"}],"wp:featuredmedia":[{"embeddable":true,"href":"https:\/\/surmasterprojects.com\/de\/wp-json\/wp\/v2\/media\/8636"}],"wp:attachment":[{"href":"https:\/\/surmasterprojects.com\/de\/wp-json\/wp\/v2\/media?parent=8629"}],"curies":[{"name":"wp","href":"https:\/\/api.w.org\/{rel}","templated":true}]}}