{"id":7663,"date":"2023-08-06T13:26:27","date_gmt":"2023-08-06T13:26:27","guid":{"rendered":"https:\/\/surmasterprojects.com\/?page_id=7663"},"modified":"2023-08-06T14:14:23","modified_gmt":"2023-08-06T14:14:23","slug":"las-mejores-playas-y-calas-de-cala-dor-palma-de-mallorca","status":"publish","type":"page","link":"https:\/\/surmasterprojects.com\/en\/blog\/las-mejores-playas-y-calas-de-cala-dor-palma-de-mallorca\/","title":{"rendered":"The Best Beaches and Coves of Cala d'Or (Palma de Mallorca): Explore the Mediterranean Paradise"},"content":{"rendered":"\n[et_pb_section fb_built=\u00bb1&#8243; _builder_version=\u00bb4.21.0&#8243; _module_preset=\u00bbdefault\u00bb global_colors_info=\u00bb{}\u00bb][et_pb_row _builder_version=\u00bb4.16&#8243; custom_padding=\u00bb21px|||||\u00bb locked=\u00bboff\u00bb global_colors_info=\u00bb{}\u00bb][et_pb_column type=\u00bb4_4&#8243; _builder_version=\u00bb4.16&#8243; global_colors_info=\u00bb{}\u00bb][et_pb_text _builder_version=\u00bb4.21.2&#8243; header_font=\u00bbBellefair||||||||\u00bb header_font_size=\u00bb48px\u00bb header_line_height=\u00bb1.2em\u00bb header_2_font=\u00bbBellefair||||||||\u00bb header_2_text_color=\u00bb#000000&#8243; header_2_font_size=\u00bb48px\u00bb header_2_line_height=\u00bb1.2em\u00bb header_6_font=\u00bbMontserrat|700||on|||||\u00bb header_6_text_color=\u00bb#ff4e00&#8243; header_6_font_size=\u00bb12px\u00bb header_6_letter_spacing=\u00bb2px\u00bb header_6_line_height=\u00bb1.2em\u00bb text_orientation=\u00bbcenter\u00bb max_width=\u00bb700px\u00bb module_alignment=\u00bbcenter\u00bb header_2_font_size_tablet=\u00bb42px\u00bb header_2_font_size_phone=\u00bb34px\u00bb header_2_font_size_last_edited=\u00bbon|desktop\u00bb header_6_font_size_tablet=\u00bb42px\u00bb header_6_font_size_phone=\u00bb34px\u00bb header_6_font_size_last_edited=\u00bboff|phone\u00bb text_text_align=\u00bbjustify\u00bb locked=\u00bboff\u00bb global_colors_info=\u00bb{}\u00bb header_2_2_font_size_tablet=\u00bb42px\u00bb header_3_2_font_size_tablet=\u00bb42px\u00bb header_4_2_font_size_tablet=\u00bb42px\u00bb header_5_2_font_size_tablet=\u00bb42px\u00bb header_6_2_font_size_tablet=\u00bb42px\u00bb header_2_2_font_size_phone=\u00bb34px\u00bb header_3_2_font_size_phone=\u00bb34px\u00bb header_4_2_font_size_phone=\u00bb34px\u00bb header_5_2_font_size_phone=\u00bb34px\u00bb header_6_2_font_size_phone=\u00bb34px\u00bb header_2_2_font_size_last_edited=\u00bbon|tablet\u00bb header_3_2_font_size_last_edited=\u00bbon|tablet\u00bb header_4_2_font_size_last_edited=\u00bbon|tablet\u00bb header_5_2_font_size_last_edited=\u00bbon|tablet\u00bb header_6_2_font_size_last_edited=\u00bbon|tablet\u00bb header_2_3_font_size_tablet=\u00bb34px\u00bb header_3_3_font_size_tablet=\u00bb34px\u00bb header_4_3_font_size_tablet=\u00bb34px\u00bb header_5_3_font_size_tablet=\u00bb34px\u00bb header_6_3_font_size_tablet=\u00bb34px\u00bb header_2_3_font_size_phone=\u00bb28px\u00bb header_3_3_font_size_phone=\u00bb28px\u00bb header_4_3_font_size_phone=\u00bb28px\u00bb header_5_3_font_size_phone=\u00bb28px\u00bb header_6_3_font_size_phone=\u00bb28px\u00bb header_2_3_font_size_last_edited=\u00bbon|phone\u00bb header_3_3_font_size_last_edited=\u00bbon|phone\u00bb header_4_3_font_size_last_edited=\u00bbon|phone\u00bb header_5_3_font_size_last_edited=\u00bbon|phone\u00bb header_6_3_font_size_last_edited=\u00bbon|phone\u00bb header_2_4_font_size_tablet=\u00bb22px\u00bb header_3_4_font_size_tablet=\u00bb22px\u00bb header_4_4_font_size_tablet=\u00bb22px\u00bb header_5_4_font_size_tablet=\u00bb22px\u00bb header_6_4_font_size_tablet=\u00bb22px\u00bb header_2_4_font_size_phone=\u00bb18px\u00bb header_3_4_font_size_phone=\u00bb18px\u00bb header_4_4_font_size_phone=\u00bb18px\u00bb header_5_4_font_size_phone=\u00bb18px\u00bb header_6_4_font_size_phone=\u00bb18px\u00bb header_2_4_font_size_last_edited=\u00bbon|phone\u00bb header_3_4_font_size_last_edited=\u00bbon|phone\u00bb header_4_4_font_size_last_edited=\u00bbon|phone\u00bb header_5_4_font_size_last_edited=\u00bbon|phone\u00bb header_6_4_font_size_last_edited=\u00bbon|phone\u00bb header_2_5_font_size_phone=\u00bb16px\u00bb header_3_5_font_size_phone=\u00bb16px\u00bb header_4_5_font_size_phone=\u00bb16px\u00bb header_5_5_font_size_phone=\u00bb16px\u00bb header_6_5_font_size_phone=\u00bb16px\u00bb header_2_5_font_size_last_edited=\u00bbon|tablet\u00bb header_3_5_font_size_last_edited=\u00bbon|tablet\u00bb header_4_5_font_size_last_edited=\u00bbon|tablet\u00bb header_5_5_font_size_last_edited=\u00bbon|tablet\u00bb header_6_5_font_size_last_edited=\u00bbon|tablet\u00bb]<h6>LAS MEJORES PLAYAS DE CALA D&#8217;OR<\/h6>\n<h1>Las mejores playas y calas de Cala d&#8217;Or (Palma de Mallorca): Explora el para\u00edso mediterr\u00e1neo<\/h1>[\/et_pb_text][et_pb_image src=\u00bbhttps:\/\/surmasterprojects.com\/wp-content\/uploads\/2023\/08\/cala-dor-1-scaled.jpg\u00bb title_text=\u00bbcala-dor-1&#8243; align=\u00bbcenter\u00bb _builder_version=\u00bb4.21.2&#8243; hover_enabled=\u00bb0&#8243; global_colors_info=\u00bb{}\u00bb sticky_enabled=\u00bb0&#8243;][\/et_pb_image][\/et_pb_column][\/et_pb_row][et_pb_row column_structure=\u00bb1_2,1_2&#8243; _builder_version=\u00bb4.16&#8243; custom_padding=\u00bb||0px|||\u00bb global_colors_info=\u00bb{}\u00bb][et_pb_column type=\u00bb1_2&#8243; _builder_version=\u00bb4.16&#8243; global_colors_info=\u00bb{}\u00bb][et_pb_text _builder_version=\u00bb4.21.0&#8243; header_font=\u00bbBellefair||||||||\u00bb header_text_color=\u00bb#000000&#8243; header_font_size=\u00bb48px\u00bb header_line_height=\u00bb1.2em\u00bb header_2_font=\u00bbBellefair||||||||\u00bb header_2_text_align=\u00bbleft\u00bb header_2_text_color=\u00bb#000000&#8243; header_2_font_size=\u00bb48px\u00bb header_2_line_height=\u00bb1.2em\u00bb header_3_font=\u00bbBellefair||||||||\u00bb header_3_text_color=\u00bb#000000&#8243; header_3_font_size=\u00bb38px\u00bb header_3_line_height=\u00bb1.2em\u00bb header_4_font=\u00bbBellefair||||||||\u00bb header_4_text_color=\u00bb#000000&#8243; header_4_font_size=\u00bb30px\u00bb header_4_line_height=\u00bb1.4em\u00bb header_5_font=\u00bbBellefair||||||||\u00bb header_5_text_color=\u00bb#000000&#8243; header_5_font_size=\u00bb22px\u00bb header_5_line_height=\u00bb1.2em\u00bb header_6_font=\u00bbMontserrat|700||on|||||\u00bb header_6_text_color=\u00bb#ff4e00&#8243; header_6_font_size=\u00bb12px\u00bb header_6_letter_spacing=\u00bb2px\u00bb header_6_line_height=\u00bb1.2em\u00bb header_font_size_tablet=\u00bb42px\u00bb header_font_size_phone=\u00bb34px\u00bb header_font_size_last_edited=\u00bbon|tablet\u00bb header_2_font_size_tablet=\u00bb42px\u00bb header_2_font_size_phone=\u00bb34px\u00bb header_2_font_size_last_edited=\u00bbon|tablet\u00bb header_3_font_size_tablet=\u00bb34px\u00bb header_3_font_size_phone=\u00bb28px\u00bb header_3_font_size_last_edited=\u00bbon|phone\u00bb header_4_font_size_tablet=\u00bb22px\u00bb header_4_font_size_phone=\u00bb18px\u00bb header_4_font_size_last_edited=\u00bbon|phone\u00bb header_5_font_size_tablet=\u00bb\u00bb header_5_font_size_phone=\u00bb16px\u00bb header_5_font_size_last_edited=\u00bbon|tablet\u00bb border_color_all=\u00bb#ff4e00&#8243; border_width_bottom=\u00bb4px\u00bb text_text_align=\u00bbjustify\u00bb locked=\u00bboff\u00bb global_colors_info=\u00bb{}\u00bb header_2_2_font_size_tablet=\u00bb42px\u00bb header_3_2_font_size_tablet=\u00bb42px\u00bb header_4_2_font_size_tablet=\u00bb42px\u00bb header_5_2_font_size_tablet=\u00bb42px\u00bb header_6_2_font_size_tablet=\u00bb42px\u00bb header_2_2_font_size_phone=\u00bb34px\u00bb header_3_2_font_size_phone=\u00bb34px\u00bb header_4_2_font_size_phone=\u00bb34px\u00bb header_5_2_font_size_phone=\u00bb34px\u00bb header_6_2_font_size_phone=\u00bb34px\u00bb header_2_2_font_size_last_edited=\u00bbon|tablet\u00bb header_3_2_font_size_last_edited=\u00bbon|tablet\u00bb header_4_2_font_size_last_edited=\u00bbon|tablet\u00bb header_5_2_font_size_last_edited=\u00bbon|tablet\u00bb header_6_2_font_size_last_edited=\u00bbon|tablet\u00bb header_2_3_font_size_tablet=\u00bb34px\u00bb header_3_3_font_size_tablet=\u00bb34px\u00bb header_4_3_font_size_tablet=\u00bb34px\u00bb header_5_3_font_size_tablet=\u00bb34px\u00bb header_6_3_font_size_tablet=\u00bb34px\u00bb header_2_3_font_size_phone=\u00bb28px\u00bb header_3_3_font_size_phone=\u00bb28px\u00bb header_4_3_font_size_phone=\u00bb28px\u00bb header_5_3_font_size_phone=\u00bb28px\u00bb header_6_3_font_size_phone=\u00bb28px\u00bb header_2_3_font_size_last_edited=\u00bbon|phone\u00bb header_3_3_font_size_last_edited=\u00bbon|phone\u00bb header_4_3_font_size_last_edited=\u00bbon|phone\u00bb header_5_3_font_size_last_edited=\u00bbon|phone\u00bb header_6_3_font_size_last_edited=\u00bbon|phone\u00bb header_2_4_font_size_tablet=\u00bb22px\u00bb header_3_4_font_size_tablet=\u00bb22px\u00bb header_4_4_font_size_tablet=\u00bb22px\u00bb header_5_4_font_size_tablet=\u00bb22px\u00bb header_6_4_font_size_tablet=\u00bb22px\u00bb header_2_4_font_size_phone=\u00bb18px\u00bb header_3_4_font_size_phone=\u00bb18px\u00bb header_4_4_font_size_phone=\u00bb18px\u00bb header_5_4_font_size_phone=\u00bb18px\u00bb header_6_4_font_size_phone=\u00bb18px\u00bb header_2_4_font_size_last_edited=\u00bbon|phone\u00bb header_3_4_font_size_last_edited=\u00bbon|phone\u00bb header_4_4_font_size_last_edited=\u00bbon|phone\u00bb header_5_4_font_size_last_edited=\u00bbon|phone\u00bb header_6_4_font_size_last_edited=\u00bbon|phone\u00bb header_2_5_font_size_phone=\u00bb16px\u00bb header_3_5_font_size_phone=\u00bb16px\u00bb header_4_5_font_size_phone=\u00bb16px\u00bb header_5_5_font_size_phone=\u00bb16px\u00bb header_6_5_font_size_phone=\u00bb16px\u00bb header_2_5_font_size_last_edited=\u00bbon|tablet\u00bb header_3_5_font_size_last_edited=\u00bbon|tablet\u00bb header_4_5_font_size_last_edited=\u00bbon|tablet\u00bb header_5_5_font_size_last_edited=\u00bbon|tablet\u00bb header_6_5_font_size_last_edited=\u00bbon|tablet\u00bb]<h4>Cala d&#8217;Or, ubicada en la costa este de Mallorca, es conocida por sus impresionantes playas y calas de aguas cristalinas y arenas doradas.<\/h4>[\/et_pb_text][et_pb_text _builder_version=\u00bb4.21.0&#8243; text_font=\u00bb||||||||\u00bb text_font_size=\u00bb16px\u00bb text_line_height=\u00bb2em\u00bb text_orientation=\u00bbjustified\u00bb text_font_size_tablet=\u00bb15px\u00bb text_font_size_phone=\u00bb14px\u00bb text_font_size_last_edited=\u00bbon|phone\u00bb locked=\u00bboff\u00bb global_colors_info=\u00bb{}\u00bb]<p>Te presentamos un recorrido por las mejores playas y calas de Cala d&#8217;Or, donde podr\u00e1s disfrutar del sol, el mar y la belleza natural de esta joya mediterr\u00e1nea. Prepara tu protector solar y tu toalla, \u00a1porque te espera un verdadero para\u00edso!<\/p>[\/et_pb_text][\/et_pb_column][et_pb_column type=\u00bb1_2&#8243; _builder_version=\u00bb4.16&#8243; global_colors_info=\u00bb{}\u00bb][et_pb_text _builder_version=\u00bb4.21.0&#8243; text_font=\u00bb||||||||\u00bb text_font_size=\u00bb16px\u00bb text_line_height=\u00bb2em\u00bb header_2_line_height=\u00bb1.4em\u00bb text_orientation=\u00bbjustified\u00bb text_font_size_tablet=\u00bb15px\u00bb text_font_size_phone=\u00bb14px\u00bb text_font_size_last_edited=\u00bbon|phone\u00bb locked=\u00bboff\u00bb global_colors_info=\u00bb{}\u00bb]<h2>Descubre la belleza de las playas y calas de Cala d&#8217;Or<\/h2>\n<p>Cala d&#8217;Or, en Palma de Mallorca, es un verdadero para\u00edso para los amantes de las playas y las calas. Desde la amplia y animada Cala Gran hasta la paradis\u00edaca Cala Esmeralda y la aislada Cala Mitjana, hay opciones para todos los gustos.<\/p>\n<p>Ya sea que busques un d\u00eda de relax en la playa, explorar la belleza natural o disfrutar en familia, Cala d&#8217;Or tiene todo lo que necesitas. As\u00ed que no dudes en visitar estas maravillosas playas y calas durante tu pr\u00f3xima visita a Mallorca. \u00a1Sum\u00e9rgete en sus aguas cristalinas y d\u00e9jate seducir por la belleza de este rinc\u00f3n del Mediterr\u00e1neo!<\/p>\n<p>&nbsp;<\/p>[\/et_pb_text][\/et_pb_column][\/et_pb_row][et_pb_row column_structure=\u00bb1_2,1_2&#8243; _builder_version=\u00bb4.16&#8243; custom_padding=\u00bb||0px|||\u00bb global_colors_info=\u00bb{}\u00bb][et_pb_column type=\u00bb1_2&#8243; _builder_version=\u00bb4.16&#8243; global_colors_info=\u00bb{}\u00bb][et_pb_image src=\u00bbhttps:\/\/surmasterprojects.com\/wp-content\/uploads\/2023\/08\/cala-gran-cala-dor-scaled.jpg\u00bb title_text=\u00bbcala gran cala dor\u00bb _builder_version=\u00bb4.21.2&#8243; _module_preset=\u00bbdefault\u00bb hover_enabled=\u00bb0&#8243; global_colors_info=\u00bb{}\u00bb sticky_enabled=\u00bb0&#8243;][\/et_pb_image][\/et_pb_column][et_pb_column type=\u00bb1_2&#8243; _builder_version=\u00bb4.16&#8243; global_colors_info=\u00bb{}\u00bb][et_pb_text _builder_version=\u00bb4.21.2&#8243; text_font=\u00bb||||||||\u00bb text_font_size=\u00bb16px\u00bb text_line_height=\u00bb2em\u00bb header_2_line_height=\u00bb1.4em\u00bb text_orientation=\u00bbjustified\u00bb text_font_size_tablet=\u00bb15px\u00bb text_font_size_phone=\u00bb14px\u00bb text_font_size_last_edited=\u00bbon|phone\u00bb locked=\u00bboff\u00bb global_colors_info=\u00bb{}\u00bb]<h2>1. Cala Gran: La playa principal de Cala d&#8217;Or<\/h2>\n<p>Cala Gran es la playa principal de Cala d&#8217;Or y una parada obligada para los amantes del sol y el mar. Esta amplia playa de arena fina y aguas tranquilas es perfecta para relajarse y disfrutar de un d\u00eda en la costa.<\/p>\n<p>Aqu\u00ed encontrar\u00e1s todas las comodidades necesarias, como sombrillas y tumbonas para alquilar, chiringuitos donde disfrutar de refrescantes bebidas y restaurantes cercanos donde disfrutar de una deliciosa comida con vistas al mar. Adem\u00e1s, Cala Gran cuenta con un paseo mar\u00edtimo que te permitir\u00e1 dar un agradable paseo junto a la costa.<\/p>[\/et_pb_text][\/et_pb_column][\/et_pb_row][et_pb_row column_structure=\u00bb1_2,1_2&#8243; _builder_version=\u00bb4.21.0&#8243; custom_padding=\u00bb57px||0px|||\u00bb global_colors_info=\u00bb{}\u00bb][et_pb_column type=\u00bb1_2&#8243; _builder_version=\u00bb4.16&#8243; global_colors_info=\u00bb{}\u00bb][et_pb_text _builder_version=\u00bb4.21.0&#8243; text_font=\u00bb||||||||\u00bb text_font_size=\u00bb16px\u00bb text_line_height=\u00bb2em\u00bb header_2_line_height=\u00bb1.4em\u00bb text_orientation=\u00bbjustified\u00bb text_font_size_tablet=\u00bb15px\u00bb text_font_size_phone=\u00bb14px\u00bb text_font_size_last_edited=\u00bbon|phone\u00bb locked=\u00bboff\u00bb global_colors_info=\u00bb{}\u00bb]<h2>2. Cala Esmeralda: Un rinc\u00f3n paradis\u00edaco<\/h2>\n<p>Si buscas una cala de aguas turquesas y un ambiente m\u00e1s tranquilo, Cala Esmeralda es el lugar ideal. Esta peque\u00f1a cala escondida entre acantilados rocosos te cautivar\u00e1 con su belleza natural. Podr\u00e1s relajarte en su suave arena y disfrutar de un ba\u00f1o en sus aguas cristalinas.<\/p>\n<p>Adem\u00e1s, si eres amante del snorkel, te encantar\u00e1 explorar los fondos marinos y descubrir la vida submarina que se esconde en esta joya del Mediterr\u00e1neo.<\/p>[\/et_pb_text][\/et_pb_column][et_pb_column type=\u00bb1_2&#8243; _builder_version=\u00bb4.16&#8243; global_colors_info=\u00bb{}\u00bb][et_pb_image src=\u00bbhttps:\/\/surmasterprojects.com\/wp-content\/uploads\/2023\/08\/cala-esmeralda-cala-dor.jpg\u00bb title_text=\u00bbcala esmeralda cala dor\u00bb _builder_version=\u00bb4.21.2&#8243; _module_preset=\u00bbdefault\u00bb hover_enabled=\u00bb0&#8243; global_colors_info=\u00bb{}\u00bb sticky_enabled=\u00bb0&#8243;][\/et_pb_image][\/et_pb_column][\/et_pb_row][et_pb_row column_structure=\u00bb1_2,1_2&#8243; _builder_version=\u00bb4.16&#8243; custom_padding=\u00bb59px||0px|||\u00bb global_colors_info=\u00bb{}\u00bb][et_pb_column type=\u00bb1_2&#8243; _builder_version=\u00bb4.16&#8243; global_colors_info=\u00bb{}\u00bb][et_pb_image src=\u00bbhttps:\/\/surmasterprojects.com\/wp-content\/uploads\/2023\/08\/cala-ferrera-cala-dor-scaled.jpg\u00bb title_text=\u00bbcala ferrera cala dor\u00bb _builder_version=\u00bb4.21.2&#8243; _module_preset=\u00bbdefault\u00bb hover_enabled=\u00bb0&#8243; global_colors_info=\u00bb{}\u00bb sticky_enabled=\u00bb0&#8243;][\/et_pb_image][\/et_pb_column][et_pb_column type=\u00bb1_2&#8243; _builder_version=\u00bb4.16&#8243; global_colors_info=\u00bb{}\u00bb][et_pb_text _builder_version=\u00bb4.21.2&#8243; text_font=\u00bb||||||||\u00bb text_font_size=\u00bb16px\u00bb text_line_height=\u00bb2em\u00bb header_2_line_height=\u00bb1.4em\u00bb text_orientation=\u00bbjustified\u00bb text_font_size_tablet=\u00bb15px\u00bb text_font_size_phone=\u00bb14px\u00bb text_font_size_last_edited=\u00bbon|phone\u00bb locked=\u00bboff\u00bb global_colors_info=\u00bb{}\u00bb]<h2>3. Cala Ferrera: Playa familiar y divertida<\/h2>\n<p>Cala Ferrera es otra playa popular en Cala d&#8217;Or, especialmente para aquellos que viajan en familia. Esta playa de arena fina y aguas poco profundas es ideal para los m\u00e1s peque\u00f1os, quienes podr\u00e1n disfrutar de la arena y chapotear en el mar de forma segura.<\/p>\n<p>Adem\u00e1s, Cala Ferrera cuenta con una amplia gama de servicios y actividades, como alquiler de embarcaciones, deportes acu\u00e1ticos y restaurantes cercanos. Aqu\u00ed encontrar\u00e1s todo lo necesario para pasar un d\u00eda divertido y relajante en la playa con toda la familia.<\/p>[\/et_pb_text][\/et_pb_column][\/et_pb_row][et_pb_row column_structure=\u00bb1_2,1_2&#8243; _builder_version=\u00bb4.21.0&#8243; custom_padding=\u00bb57px||0px|||\u00bb global_colors_info=\u00bb{}\u00bb][et_pb_column type=\u00bb1_2&#8243; _builder_version=\u00bb4.16&#8243; global_colors_info=\u00bb{}\u00bb][et_pb_text _builder_version=\u00bb4.21.0&#8243; text_font=\u00bb||||||||\u00bb text_font_size=\u00bb16px\u00bb text_line_height=\u00bb2em\u00bb header_2_line_height=\u00bb1.4em\u00bb text_orientation=\u00bbjustified\u00bb custom_padding=\u00bb0px|||||\u00bb text_font_size_tablet=\u00bb15px\u00bb text_font_size_phone=\u00bb14px\u00bb text_font_size_last_edited=\u00bbon|phone\u00bb locked=\u00bboff\u00bb global_colors_info=\u00bb{}\u00bb]<h2>4. Cala Mitjana: Un para\u00edso aislado<\/h2>\n<p>Si est\u00e1s dispuesto a explorar un poco m\u00e1s all\u00e1 de Cala d&#8217;Or, te recomendamos visitar Cala Mitjana, una playa aislada y salvaje ubicada a poca distancia en coche.<\/p>\n<p>Para acceder a esta joya escondida, tendr\u00e1s que caminar por un sendero rodeado de vegetaci\u00f3n y acantilados.<\/p>\n<p>Pero una vez que llegues, ser\u00e1s recompensado con un paisaje de ensue\u00f1o. Cala Mitjana ofrece aguas cristalinas, un entorno natural impresionante y la sensaci\u00f3n de estar en un para\u00edso privado. No olvides llevar provisiones, ya que esta cala no cuenta con servicios cercanos.<\/p>[\/et_pb_text][\/et_pb_column][et_pb_column type=\u00bb1_2&#8243; _builder_version=\u00bb4.16&#8243; global_colors_info=\u00bb{}\u00bb][et_pb_image src=\u00bbhttps:\/\/surmasterprojects.com\/wp-content\/uploads\/2023\/08\/cala-mitjana-2.jpg\u00bb title_text=\u00bbcala-mitjana-2&#8243; _builder_version=\u00bb4.21.2&#8243; _module_preset=\u00bbdefault\u00bb hover_enabled=\u00bb0&#8243; global_colors_info=\u00bb{}\u00bb sticky_enabled=\u00bb0&#8243;][\/et_pb_image][\/et_pb_column][\/et_pb_row][et_pb_row column_structure=\u00bb1_2,1_2&#8243; _builder_version=\u00bb4.16&#8243; custom_padding=\u00bb59px||0px|||\u00bb global_colors_info=\u00bb{}\u00bb][et_pb_column type=\u00bb1_2&#8243; _builder_version=\u00bb4.16&#8243; global_colors_info=\u00bb{}\u00bb][et_pb_image src=\u00bbhttps:\/\/surmasterprojects.com\/wp-content\/uploads\/2023\/08\/cala-mondrago-cala-dor-2.jpg\u00bb title_text=\u00bbcala mondrago cala dor 2&#8243; _builder_version=\u00bb4.21.2&#8243; _module_preset=\u00bbdefault\u00bb hover_enabled=\u00bb0&#8243; global_colors_info=\u00bb{}\u00bb sticky_enabled=\u00bb0&#8243;][\/et_pb_image][\/et_pb_column][et_pb_column type=\u00bb1_2&#8243; _builder_version=\u00bb4.16&#8243; global_colors_info=\u00bb{}\u00bb][et_pb_text _builder_version=\u00bb4.21.2&#8243; text_font=\u00bb||||||||\u00bb text_font_size=\u00bb16px\u00bb text_line_height=\u00bb2em\u00bb header_2_line_height=\u00bb1.4em\u00bb text_orientation=\u00bbjustified\u00bb text_font_size_tablet=\u00bb15px\u00bb text_font_size_phone=\u00bb14px\u00bb text_font_size_last_edited=\u00bbon|phone\u00bb locked=\u00bboff\u00bb global_colors_info=\u00bb{}\u00bb]<h2 style=\"text-align: left;\">5. Cala Mondrag\u00f3: Las aguas m\u00e1s cristalinas<\/h2>\n<p style=\"text-align: left;\">Si est\u00e1s dispuesto a explorar un poco m\u00e1s lejos, te recomendamos visitar Cala Mondrag\u00f3. Esta hermosa playa se encuentra en el Parque Natural de Mondrag\u00f3, un \u00e1rea protegida que ofrece una impresionante belleza natural.<\/p>\n<p style=\"text-align: left;\">Aqu\u00ed encontrar\u00e1s aguas cristalinas, arena blanca y suave, y una vegetaci\u00f3n exuberante que crea un ambiente tranquilo y relajante. Adem\u00e1s de disfrutar del sol y el mar, puedes dar un paseo por los senderos naturales cercanos y descubrir la rica biodiversidad de la zona.<\/p>[\/et_pb_text][\/et_pb_column][\/et_pb_row][et_pb_row column_structure=\u00bb1_2,1_2&#8243; _builder_version=\u00bb4.21.0&#8243; custom_padding=\u00bb57px||0px|||\u00bb global_colors_info=\u00bb{}\u00bb][et_pb_column type=\u00bb1_2&#8243; _builder_version=\u00bb4.16&#8243; global_colors_info=\u00bb{}\u00bb][et_pb_text _builder_version=\u00bb4.21.2&#8243; text_font=\u00bb||||||||\u00bb text_font_size=\u00bb16px\u00bb text_line_height=\u00bb2em\u00bb header_2_line_height=\u00bb1.4em\u00bb text_orientation=\u00bbjustified\u00bb text_font_size_tablet=\u00bb15px\u00bb text_font_size_phone=\u00bb14px\u00bb text_font_size_last_edited=\u00bbon|phone\u00bb locked=\u00bboff\u00bb global_colors_info=\u00bb{}\u00bb]<h2>6. Cala Sa Nau: Un peque\u00f1o para\u00edso<\/h2>\n<p>Cala Sa Nau es una peque\u00f1a y encantadora cala que se encuentra cerca de Cala d&#8217;Or. Con su agua cristalina y su entorno pintoresco, esta playa es perfecta para aquellos que buscan escapar de las multitudes y disfrutar de un ambiente m\u00e1s tranquilo.<\/p>\n<p>Aqu\u00ed encontrar\u00e1s una playa de arena fina, acantilados rocosos y una gran cantidad de vida marina para explorar mientras haces snorkel. Ten en cuenta que debido a su tama\u00f1o reducido, esta cala puede volverse bastante concurrida durante la temporada alta, as\u00ed que es mejor visitarla temprano en la ma\u00f1ana o durante la tarde.<\/p>[\/et_pb_text][\/et_pb_column][et_pb_column type=\u00bb1_2&#8243; _builder_version=\u00bb4.16&#8243; global_colors_info=\u00bb{}\u00bb][et_pb_image src=\u00bbhttps:\/\/surmasterprojects.com\/wp-content\/uploads\/2023\/08\/cala-sa-nau-cala-dor.jpg\u00bb title_text=\u00bbcala sa nau cala dor\u00bb _builder_version=\u00bb4.21.2&#8243; _module_preset=\u00bbdefault\u00bb hover_enabled=\u00bb0&#8243; global_colors_info=\u00bb{}\u00bb sticky_enabled=\u00bb0&#8243;][\/et_pb_image][\/et_pb_column][\/et_pb_row][et_pb_row _builder_version=\u00bb4.21.0&#8243; custom_padding=\u00bb53px||0px|||\u00bb global_colors_info=\u00bb{}\u00bb][et_pb_column type=\u00bb4_4&#8243; _builder_version=\u00bb4.16&#8243; global_colors_info=\u00bb{}\u00bb][et_pb_text _builder_version=\u00bb4.21.2&#8243; text_font=\u00bb||||||||\u00bb text_font_size=\u00bb16px\u00bb text_line_height=\u00bb2em\u00bb header_2_line_height=\u00bb1.4em\u00bb text_orientation=\u00bbjustified\u00bb custom_margin=\u00bb||42px|||\u00bb text_font_size_tablet=\u00bb15px\u00bb text_font_size_phone=\u00bb14px\u00bb text_font_size_last_edited=\u00bbon|phone\u00bb locked=\u00bboff\u00bb global_colors_info=\u00bb{}\u00bb]<blockquote>\n<h2>Preguntas frecuentes sobre las mejores playas y calas de Cala d&#8217;Or<\/h2>\n<\/blockquote>\n<h3><\/h3>\n<h3><\/h3>\n<h3>\u00bfCu\u00e1l es la mejor \u00e9poca para visitar las playas y calas de Cala d&#8217;Or?<\/h3>\n<p>La mejor \u00e9poca para visitar las playas y calas de Cala d&#8217;Or es durante los meses de primavera y verano, desde abril hasta septiembre. Durante este per\u00edodo, el clima es c\u00e1lido y soleado, lo que te permitir\u00e1 disfrutar al m\u00e1ximo de las playas y del mar. Sin embargo, ten en cuenta que durante los meses m\u00e1s populares, como julio y agosto, las playas pueden estar m\u00e1s concurridas. Si prefieres evitar las multitudes, te recomendamos visitar Cala d&#8217;Or en los meses de mayo, junio o septiembre<\/p>\n<h3><\/h3>\n<h3><\/h3>\n<h3>\u00bfEs necesario alquilar un coche para visitar las calas de Cala d&#8217;Or?<\/h3>\n<p>No es necesario alquilar un coche para visitar las playas y calas principales de Cala d&#8217;Or, ya que muchas de ellas est\u00e1n ubicadas a poca distancia a pie del centro de la ciudad. Sin embargo, si deseas explorar calas m\u00e1s alejadas, como Cala Mitjana, te recomendamos alquilar un coche para facilitar el acceso. Adem\u00e1s, tener un coche te brindar\u00e1 m\u00e1s flexibilidad para visitar otras playas y atracciones cercanas a Cala d&#8217;Or.<\/p>\n<h3><\/h3>\n<h3><\/h3>\n<h3>\u00bfHay opciones de alojamiento cerca de las playas y calas de Cala d&#8217;Or?<\/h3>\n<p>S\u00ed, cerca de las playas y calas de Cala d&#8217;Or encontrar\u00e1s una amplia gama de opciones de alojamiento. Desde hoteles y apartamentos frente al mar hasta villas y casas de vacaciones en \u00e1reas cercanas, hay opciones para todos los gustos y presupuestos. Si deseas estar cerca de la costa y disfrutar de vistas panor\u00e1micas al mar, te recomendamos buscar alojamiento en las zonas cercanas a las playas principales, como Cala Gran o Cala Ferrera.<\/p>[\/et_pb_text][\/et_pb_column][\/et_pb_row][\/et_pb_section]\n","protected":false},"excerpt":{"rendered":"<p>LAS MEJORES PLAYAS DE CALA D&#8217;OR Las mejores playas y calas de Cala d&#8217;Or (Palma de Mallorca): Explora el para\u00edso mediterr\u00e1neoCala d&#8217;Or, ubicada en la costa este de Mallorca, es conocida por sus impresionantes playas y calas de aguas cristalinas y arenas doradas.Te presentamos un recorrido por las mejores playas y calas de Cala d&#8217;Or, [&hellip;]<\/p>\n","protected":false},"author":1,"featured_media":7676,"parent":7644,"menu_order":0,"comment_status":"closed","ping_status":"closed","template":"","meta":{"_et_pb_use_builder":"on","_et_pb_old_content":"","_et_gb_content_width":"","footnotes":""},"class_list":["post-7663","page","type-page","status-publish","has-post-thumbnail","hentry"],"yoast_head":"<!-- This site is optimized with the Yoast SEO plugin v27.4 - https:\/\/yoast.com\/product\/yoast-seo-wordpress\/ -->\n<title>Surmaster Projects<\/title>\n<meta name=\"robots\" content=\"index, follow, max-snippet:-1, max-image-preview:large, max-video-preview:-1\" \/>\n<link rel=\"canonical\" href=\"https:\/\/surmasterprojects.com\/en\/blog\/las-mejores-playas-y-calas-de-cala-dor-palma-de-mallorca\/\" \/>\n<meta property=\"og:locale\" content=\"en_GB\" \/>\n<meta property=\"og:type\" content=\"article\" \/>\n<meta property=\"og:description\" content=\"LAS MEJORES PLAYAS DE CALA D&#039;OR Las mejores playas y calas de Cala d&#039;Or (Palma de Mallorca): Explora el para\u00edso mediterr\u00e1neoCala d&#039;Or, ubicada en la costa este de Mallorca, es conocida por sus impresionantes playas y calas de aguas cristalinas y arenas doradas.Te presentamos un recorrido por las mejores playas y calas de Cala d&#039;Or, [&hellip;]\" \/>\n<meta property=\"og:url\" content=\"https:\/\/surmasterprojects.com\/en\/blog\/las-mejores-playas-y-calas-de-cala-dor-palma-de-mallorca\/\" \/>\n<meta property=\"og:site_name\" content=\"Surmaster Projects\" \/>\n<meta property=\"article:modified_time\" content=\"2023-08-06T14:14:23+00:00\" \/>\n<meta property=\"og:image\" content=\"https:\/\/surmasterprojects.com\/wp-content\/uploads\/2023\/08\/cala-dor-1-scaled.jpg\" \/>\n\t<meta property=\"og:image:width\" content=\"2560\" \/>\n\t<meta property=\"og:image:height\" content=\"1119\" \/>\n\t<meta property=\"og:image:type\" content=\"image\/jpeg\" \/>\n<meta name=\"twitter:card\" content=\"summary_large_image\" \/>\n<meta name=\"twitter:label1\" content=\"Estimated reading time\" \/>\n\t<meta name=\"twitter:data1\" content=\"7 minutes\" \/>\n<script type=\"application\/ld+json\" class=\"yoast-schema-graph\">{\"@context\":\"https:\\\/\\\/schema.org\",\"@graph\":[{\"@type\":\"WebPage\",\"@id\":\"https:\\\/\\\/surmasterprojects.com\\\/blog\\\/las-mejores-playas-y-calas-de-cala-dor-palma-de-mallorca\\\/\",\"url\":\"https:\\\/\\\/surmasterprojects.com\\\/blog\\\/las-mejores-playas-y-calas-de-cala-dor-palma-de-mallorca\\\/\",\"name\":\"\",\"isPartOf\":{\"@id\":\"https:\\\/\\\/surmasterprojects.com\\\/es\\\/#website\"},\"primaryImageOfPage\":{\"@id\":\"https:\\\/\\\/surmasterprojects.com\\\/blog\\\/las-mejores-playas-y-calas-de-cala-dor-palma-de-mallorca\\\/#primaryimage\"},\"image\":{\"@id\":\"https:\\\/\\\/surmasterprojects.com\\\/blog\\\/las-mejores-playas-y-calas-de-cala-dor-palma-de-mallorca\\\/#primaryimage\"},\"thumbnailUrl\":\"https:\\\/\\\/surmasterprojects.com\\\/wp-content\\\/uploads\\\/2023\\\/08\\\/cala-dor-1-scaled.jpg\",\"datePublished\":\"2023-08-06T13:26:27+00:00\",\"dateModified\":\"2023-08-06T14:14:23+00:00\",\"breadcrumb\":{\"@id\":\"https:\\\/\\\/surmasterprojects.com\\\/blog\\\/las-mejores-playas-y-calas-de-cala-dor-palma-de-mallorca\\\/#breadcrumb\"},\"inLanguage\":\"en-GB\",\"potentialAction\":[{\"@type\":\"ReadAction\",\"target\":[\"https:\\\/\\\/surmasterprojects.com\\\/blog\\\/las-mejores-playas-y-calas-de-cala-dor-palma-de-mallorca\\\/\"]}]},{\"@type\":\"ImageObject\",\"inLanguage\":\"en-GB\",\"@id\":\"https:\\\/\\\/surmasterprojects.com\\\/blog\\\/las-mejores-playas-y-calas-de-cala-dor-palma-de-mallorca\\\/#primaryimage\",\"url\":\"https:\\\/\\\/surmasterprojects.com\\\/wp-content\\\/uploads\\\/2023\\\/08\\\/cala-dor-1-scaled.jpg\",\"contentUrl\":\"https:\\\/\\\/surmasterprojects.com\\\/wp-content\\\/uploads\\\/2023\\\/08\\\/cala-dor-1-scaled.jpg\",\"width\":2560,\"height\":1119},{\"@type\":\"BreadcrumbList\",\"@id\":\"https:\\\/\\\/surmasterprojects.com\\\/blog\\\/las-mejores-playas-y-calas-de-cala-dor-palma-de-mallorca\\\/#breadcrumb\",\"itemListElement\":[{\"@type\":\"ListItem\",\"position\":1,\"name\":\"Portada\",\"item\":\"https:\\\/\\\/surmasterprojects.com\\\/es\\\/\"},{\"@type\":\"ListItem\",\"position\":2,\"name\":\"Blog\",\"item\":\"https:\\\/\\\/surmasterprojects.com\\\/es\\\/blog\\\/\"},{\"@type\":\"ListItem\",\"position\":3,\"name\":\"Las mejores playas y calas de Cala d&#8217;Or (Palma de Mallorca)\"}]},{\"@type\":\"WebSite\",\"@id\":\"https:\\\/\\\/surmasterprojects.com\\\/es\\\/#website\",\"url\":\"https:\\\/\\\/surmasterprojects.com\\\/es\\\/\",\"name\":\"Surmaster Projects\",\"description\":\"\",\"publisher\":{\"@id\":\"https:\\\/\\\/surmasterprojects.com\\\/es\\\/#organization\"},\"potentialAction\":[{\"@type\":\"SearchAction\",\"target\":{\"@type\":\"EntryPoint\",\"urlTemplate\":\"https:\\\/\\\/surmasterprojects.com\\\/es\\\/?s={search_term_string}\"},\"query-input\":{\"@type\":\"PropertyValueSpecification\",\"valueRequired\":true,\"valueName\":\"search_term_string\"}}],\"inLanguage\":\"en-GB\"},{\"@type\":\"Organization\",\"@id\":\"https:\\\/\\\/surmasterprojects.com\\\/es\\\/#organization\",\"name\":\"Surmaster Projects\",\"url\":\"https:\\\/\\\/surmasterprojects.com\\\/es\\\/\",\"logo\":{\"@type\":\"ImageObject\",\"inLanguage\":\"en-GB\",\"@id\":\"https:\\\/\\\/surmasterprojects.com\\\/es\\\/#\\\/schema\\\/logo\\\/image\\\/\",\"url\":\"https:\\\/\\\/surmasterprojects.com\\\/wp-content\\\/uploads\\\/2022\\\/04\\\/cropped-Logo_GrupoSurmaster_negativo.png\",\"contentUrl\":\"https:\\\/\\\/surmasterprojects.com\\\/wp-content\\\/uploads\\\/2022\\\/04\\\/cropped-Logo_GrupoSurmaster_negativo.png\",\"width\":512,\"height\":512,\"caption\":\"Surmaster Projects\"},\"image\":{\"@id\":\"https:\\\/\\\/surmasterprojects.com\\\/es\\\/#\\\/schema\\\/logo\\\/image\\\/\"}}]}<\/script>\n<!-- \/ Yoast SEO plugin. -->","yoast_head_json":{"title":"Surmaster Projects","robots":{"index":"index","follow":"follow","max-snippet":"max-snippet:-1","max-image-preview":"max-image-preview:large","max-video-preview":"max-video-preview:-1"},"canonical":"https:\/\/surmasterprojects.com\/en\/blog\/las-mejores-playas-y-calas-de-cala-dor-palma-de-mallorca\/","og_locale":"en_GB","og_type":"article","og_description":"LAS MEJORES PLAYAS DE CALA D'OR Las mejores playas y calas de Cala d'Or (Palma de Mallorca): Explora el para\u00edso mediterr\u00e1neoCala d'Or, ubicada en la costa este de Mallorca, es conocida por sus impresionantes playas y calas de aguas cristalinas y arenas doradas.Te presentamos un recorrido por las mejores playas y calas de Cala d'Or, [&hellip;]","og_url":"https:\/\/surmasterprojects.com\/en\/blog\/las-mejores-playas-y-calas-de-cala-dor-palma-de-mallorca\/","og_site_name":"Surmaster Projects","article_modified_time":"2023-08-06T14:14:23+00:00","og_image":[{"width":2560,"height":1119,"url":"https:\/\/surmasterprojects.com\/wp-content\/uploads\/2023\/08\/cala-dor-1-scaled.jpg","type":"image\/jpeg"}],"twitter_card":"summary_large_image","twitter_misc":{"Estimated reading time":"7 minutes"},"schema":{"@context":"https:\/\/schema.org","@graph":[{"@type":"WebPage","@id":"https:\/\/surmasterprojects.com\/blog\/las-mejores-playas-y-calas-de-cala-dor-palma-de-mallorca\/","url":"https:\/\/surmasterprojects.com\/blog\/las-mejores-playas-y-calas-de-cala-dor-palma-de-mallorca\/","name":"","isPartOf":{"@id":"https:\/\/surmasterprojects.com\/es\/#website"},"primaryImageOfPage":{"@id":"https:\/\/surmasterprojects.com\/blog\/las-mejores-playas-y-calas-de-cala-dor-palma-de-mallorca\/#primaryimage"},"image":{"@id":"https:\/\/surmasterprojects.com\/blog\/las-mejores-playas-y-calas-de-cala-dor-palma-de-mallorca\/#primaryimage"},"thumbnailUrl":"https:\/\/surmasterprojects.com\/wp-content\/uploads\/2023\/08\/cala-dor-1-scaled.jpg","datePublished":"2023-08-06T13:26:27+00:00","dateModified":"2023-08-06T14:14:23+00:00","breadcrumb":{"@id":"https:\/\/surmasterprojects.com\/blog\/las-mejores-playas-y-calas-de-cala-dor-palma-de-mallorca\/#breadcrumb"},"inLanguage":"en-GB","potentialAction":[{"@type":"ReadAction","target":["https:\/\/surmasterprojects.com\/blog\/las-mejores-playas-y-calas-de-cala-dor-palma-de-mallorca\/"]}]},{"@type":"ImageObject","inLanguage":"en-GB","@id":"https:\/\/surmasterprojects.com\/blog\/las-mejores-playas-y-calas-de-cala-dor-palma-de-mallorca\/#primaryimage","url":"https:\/\/surmasterprojects.com\/wp-content\/uploads\/2023\/08\/cala-dor-1-scaled.jpg","contentUrl":"https:\/\/surmasterprojects.com\/wp-content\/uploads\/2023\/08\/cala-dor-1-scaled.jpg","width":2560,"height":1119},{"@type":"BreadcrumbList","@id":"https:\/\/surmasterprojects.com\/blog\/las-mejores-playas-y-calas-de-cala-dor-palma-de-mallorca\/#breadcrumb","itemListElement":[{"@type":"ListItem","position":1,"name":"Portada","item":"https:\/\/surmasterprojects.com\/es\/"},{"@type":"ListItem","position":2,"name":"Blog","item":"https:\/\/surmasterprojects.com\/es\/blog\/"},{"@type":"ListItem","position":3,"name":"Las mejores playas y calas de Cala d&#8217;Or (Palma de Mallorca)"}]},{"@type":"WebSite","@id":"https:\/\/surmasterprojects.com\/es\/#website","url":"https:\/\/surmasterprojects.com\/es\/","name":"Surmaster Projects","description":"","publisher":{"@id":"https:\/\/surmasterprojects.com\/es\/#organization"},"potentialAction":[{"@type":"SearchAction","target":{"@type":"EntryPoint","urlTemplate":"https:\/\/surmasterprojects.com\/es\/?s={search_term_string}"},"query-input":{"@type":"PropertyValueSpecification","valueRequired":true,"valueName":"search_term_string"}}],"inLanguage":"en-GB"},{"@type":"Organization","@id":"https:\/\/surmasterprojects.com\/es\/#organization","name":"Surmaster Projects","url":"https:\/\/surmasterprojects.com\/es\/","logo":{"@type":"ImageObject","inLanguage":"en-GB","@id":"https:\/\/surmasterprojects.com\/es\/#\/schema\/logo\/image\/","url":"https:\/\/surmasterprojects.com\/wp-content\/uploads\/2022\/04\/cropped-Logo_GrupoSurmaster_negativo.png","contentUrl":"https:\/\/surmasterprojects.com\/wp-content\/uploads\/2022\/04\/cropped-Logo_GrupoSurmaster_negativo.png","width":512,"height":512,"caption":"Surmaster Projects"},"image":{"@id":"https:\/\/surmasterprojects.com\/es\/#\/schema\/logo\/image\/"}}]}},"_links":{"self":[{"href":"https:\/\/surmasterprojects.com\/en\/wp-json\/wp\/v2\/pages\/7663","targetHints":{"allow":["GET"]}}],"collection":[{"href":"https:\/\/surmasterprojects.com\/en\/wp-json\/wp\/v2\/pages"}],"about":[{"href":"https:\/\/surmasterprojects.com\/en\/wp-json\/wp\/v2\/types\/page"}],"author":[{"embeddable":true,"href":"https:\/\/surmasterprojects.com\/en\/wp-json\/wp\/v2\/users\/1"}],"replies":[{"embeddable":true,"href":"https:\/\/surmasterprojects.com\/en\/wp-json\/wp\/v2\/comments?post=7663"}],"version-history":[{"count":7,"href":"https:\/\/surmasterprojects.com\/en\/wp-json\/wp\/v2\/pages\/7663\/revisions"}],"predecessor-version":[{"id":7692,"href":"https:\/\/surmasterprojects.com\/en\/wp-json\/wp\/v2\/pages\/7663\/revisions\/7692"}],"up":[{"embeddable":true,"href":"https:\/\/surmasterprojects.com\/en\/wp-json\/wp\/v2\/pages\/7644"}],"wp:featuredmedia":[{"embeddable":true,"href":"https:\/\/surmasterprojects.com\/en\/wp-json\/wp\/v2\/media\/7676"}],"wp:attachment":[{"href":"https:\/\/surmasterprojects.com\/en\/wp-json\/wp\/v2\/media?parent=7663"}],"curies":[{"name":"wp","href":"https:\/\/api.w.org\/{rel}","templated":true}]}}