{"id":7838,"date":"2023-10-28T13:48:47","date_gmt":"2023-10-28T13:48:47","guid":{"rendered":"https:\/\/surmasterprojects.com\/?page_id=7838"},"modified":"2023-10-28T13:54:01","modified_gmt":"2023-10-28T13:54:01","slug":"excursiones-de-un-dia-desde-portocolom-explora-mallorca","status":"publish","type":"page","link":"https:\/\/surmasterprojects.com\/en\/blog\/excursiones-de-un-dia-desde-portocolom-explora-mallorca\/","title":{"rendered":"Day Trips from Portocolom: Explore Mallorca"},"content":{"rendered":"\n\n\n[et_pb_section fb_built=\u00bb1&#8243; _builder_version=\u00bb4.21.0&#8243; _module_preset=\u00bbdefault\u00bb global_colors_info=\u00bb{}\u00bb theme_builder_area=\u00bbpost_content\u00bb][et_pb_row _builder_version=\u00bb4.16&#8243; custom_padding=\u00bb21px|||||\u00bb locked=\u00bboff\u00bb global_colors_info=\u00bb{}\u00bb theme_builder_area=\u00bbpost_content\u00bb][et_pb_column type=\u00bb4_4&#8243; _builder_version=\u00bb4.16&#8243; global_colors_info=\u00bb{}\u00bb theme_builder_area=\u00bbpost_content\u00bb][et_pb_text _builder_version=\u00bb4.23&#8243; header_font=\u00bbBellefair||||||||\u00bb header_font_size=\u00bb48px\u00bb header_line_height=\u00bb1.2em\u00bb header_2_font=\u00bbBellefair||||||||\u00bb header_2_text_color=\u00bb#000000&#8243; header_2_font_size=\u00bb48px\u00bb header_2_line_height=\u00bb1.2em\u00bb header_6_font=\u00bbMontserrat|700||on|||||\u00bb header_6_text_color=\u00bb#ff4e00&#8243; header_6_font_size=\u00bb12px\u00bb header_6_letter_spacing=\u00bb2px\u00bb header_6_line_height=\u00bb1.2em\u00bb text_orientation=\u00bbcenter\u00bb max_width=\u00bb700px\u00bb module_alignment=\u00bbcenter\u00bb hover_enabled=\u00bb0&#8243; header_2_font_size_tablet=\u00bb42px\u00bb header_2_font_size_phone=\u00bb34px\u00bb header_2_font_size_last_edited=\u00bbon|desktop\u00bb header_6_font_size_tablet=\u00bb42px\u00bb header_6_font_size_phone=\u00bb34px\u00bb header_6_font_size_last_edited=\u00bboff|phone\u00bb text_text_align=\u00bbjustify\u00bb locked=\u00bboff\u00bb global_colors_info=\u00bb{}\u00bb header_2_2_font_size_tablet=\u00bb42px\u00bb header_3_2_font_size_tablet=\u00bb42px\u00bb header_4_2_font_size_tablet=\u00bb42px\u00bb header_5_2_font_size_tablet=\u00bb42px\u00bb header_6_2_font_size_tablet=\u00bb42px\u00bb header_2_2_font_size_phone=\u00bb34px\u00bb header_3_2_font_size_phone=\u00bb34px\u00bb header_4_2_font_size_phone=\u00bb34px\u00bb header_5_2_font_size_phone=\u00bb34px\u00bb header_6_2_font_size_phone=\u00bb34px\u00bb header_2_2_font_size_last_edited=\u00bbon|tablet\u00bb header_3_2_font_size_last_edited=\u00bbon|tablet\u00bb header_4_2_font_size_last_edited=\u00bbon|tablet\u00bb header_5_2_font_size_last_edited=\u00bbon|tablet\u00bb header_6_2_font_size_last_edited=\u00bbon|tablet\u00bb header_2_3_font_size_tablet=\u00bb34px\u00bb header_3_3_font_size_tablet=\u00bb34px\u00bb header_4_3_font_size_tablet=\u00bb34px\u00bb header_5_3_font_size_tablet=\u00bb34px\u00bb header_6_3_font_size_tablet=\u00bb34px\u00bb header_2_3_font_size_phone=\u00bb28px\u00bb header_3_3_font_size_phone=\u00bb28px\u00bb header_4_3_font_size_phone=\u00bb28px\u00bb header_5_3_font_size_phone=\u00bb28px\u00bb header_6_3_font_size_phone=\u00bb28px\u00bb header_2_3_font_size_last_edited=\u00bbon|phone\u00bb header_3_3_font_size_last_edited=\u00bbon|phone\u00bb header_4_3_font_size_last_edited=\u00bbon|phone\u00bb header_5_3_font_size_last_edited=\u00bbon|phone\u00bb header_6_3_font_size_last_edited=\u00bbon|phone\u00bb header_2_4_font_size_tablet=\u00bb22px\u00bb header_3_4_font_size_tablet=\u00bb22px\u00bb header_4_4_font_size_tablet=\u00bb22px\u00bb header_5_4_font_size_tablet=\u00bb22px\u00bb header_6_4_font_size_tablet=\u00bb22px\u00bb header_2_4_font_size_phone=\u00bb18px\u00bb header_3_4_font_size_phone=\u00bb18px\u00bb header_4_4_font_size_phone=\u00bb18px\u00bb header_5_4_font_size_phone=\u00bb18px\u00bb header_6_4_font_size_phone=\u00bb18px\u00bb header_2_4_font_size_last_edited=\u00bbon|phone\u00bb header_3_4_font_size_last_edited=\u00bbon|phone\u00bb header_4_4_font_size_last_edited=\u00bbon|phone\u00bb header_5_4_font_size_last_edited=\u00bbon|phone\u00bb header_6_4_font_size_last_edited=\u00bbon|phone\u00bb header_2_5_font_size_phone=\u00bb16px\u00bb header_3_5_font_size_phone=\u00bb16px\u00bb header_4_5_font_size_phone=\u00bb16px\u00bb header_5_5_font_size_phone=\u00bb16px\u00bb header_6_5_font_size_phone=\u00bb16px\u00bb header_2_5_font_size_last_edited=\u00bbon|tablet\u00bb header_3_5_font_size_last_edited=\u00bbon|tablet\u00bb header_4_5_font_size_last_edited=\u00bbon|tablet\u00bb header_5_5_font_size_last_edited=\u00bbon|tablet\u00bb header_6_5_font_size_last_edited=\u00bbon|tablet\u00bb theme_builder_area=\u00bbpost_content\u00bb sticky_enabled=\u00bb0&#8243;]<h6>SENDERISMO EN PORTOCOLOM<\/h6>\n<h1><span style=\"font-weight: 400;\">Excursiones de un D\u00eda desde Portocolom: Explora Mallorca<\/span><\/h1>[\/et_pb_text][et_pb_image src=\u00bbhttp:\/\/surmasterprojects.com\/wp-content\/uploads\/2023\/10\/Felanitx_Portocolom_12_ies.jpg\u00bb title_text=\u00bbFelanitx_Portocolom_12_ies\u00bb align=\u00bbcenter\u00bb _builder_version=\u00bb4.23&#8243; hover_enabled=\u00bb0&#8243; global_colors_info=\u00bb{}\u00bb theme_builder_area=\u00bbpost_content\u00bb sticky_enabled=\u00bb0&#8243;][\/et_pb_image][\/et_pb_column][\/et_pb_row][et_pb_row column_structure=\u00bb1_2,1_2&#8243; _builder_version=\u00bb4.16&#8243; custom_padding=\u00bb||0px|||\u00bb global_colors_info=\u00bb{}\u00bb theme_builder_area=\u00bbpost_content\u00bb][et_pb_column type=\u00bb1_2&#8243; _builder_version=\u00bb4.16&#8243; global_colors_info=\u00bb{}\u00bb theme_builder_area=\u00bbpost_content\u00bb][et_pb_text _builder_version=\u00bb4.23&#8243; header_font=\u00bbBellefair||||||||\u00bb header_text_color=\u00bb#000000&#8243; header_font_size=\u00bb48px\u00bb header_line_height=\u00bb1.2em\u00bb header_2_font=\u00bbBellefair||||||||\u00bb header_2_text_align=\u00bbleft\u00bb header_2_text_color=\u00bb#000000&#8243; header_2_font_size=\u00bb48px\u00bb header_2_line_height=\u00bb1.2em\u00bb header_3_font=\u00bbBellefair||||||||\u00bb header_3_text_color=\u00bb#000000&#8243; header_3_font_size=\u00bb38px\u00bb header_3_line_height=\u00bb1.2em\u00bb header_4_font=\u00bbBellefair||||||||\u00bb header_4_text_color=\u00bb#000000&#8243; header_4_font_size=\u00bb30px\u00bb header_4_line_height=\u00bb1.4em\u00bb header_5_font=\u00bbBellefair||||||||\u00bb header_5_text_color=\u00bb#000000&#8243; header_5_font_size=\u00bb22px\u00bb header_5_line_height=\u00bb1.2em\u00bb header_6_font=\u00bbMontserrat|700||on|||||\u00bb header_6_text_color=\u00bb#ff4e00&#8243; header_6_font_size=\u00bb12px\u00bb header_6_letter_spacing=\u00bb2px\u00bb header_6_line_height=\u00bb1.2em\u00bb hover_enabled=\u00bb0&#8243; header_font_size_tablet=\u00bb42px\u00bb header_font_size_phone=\u00bb34px\u00bb header_font_size_last_edited=\u00bbon|tablet\u00bb header_2_font_size_tablet=\u00bb42px\u00bb header_2_font_size_phone=\u00bb34px\u00bb header_2_font_size_last_edited=\u00bbon|tablet\u00bb header_3_font_size_tablet=\u00bb34px\u00bb header_3_font_size_phone=\u00bb28px\u00bb header_3_font_size_last_edited=\u00bbon|phone\u00bb header_4_font_size_tablet=\u00bb22px\u00bb header_4_font_size_phone=\u00bb18px\u00bb header_4_font_size_last_edited=\u00bbon|phone\u00bb header_5_font_size_tablet=\u00bb\u00bb header_5_font_size_phone=\u00bb16px\u00bb header_5_font_size_last_edited=\u00bbon|tablet\u00bb border_color_all=\u00bb#ff4e00&#8243; border_width_bottom=\u00bb4px\u00bb text_text_align=\u00bbjustify\u00bb locked=\u00bboff\u00bb global_colors_info=\u00bb{}\u00bb header_2_2_font_size_tablet=\u00bb42px\u00bb header_3_2_font_size_tablet=\u00bb42px\u00bb header_4_2_font_size_tablet=\u00bb42px\u00bb header_5_2_font_size_tablet=\u00bb42px\u00bb header_6_2_font_size_tablet=\u00bb42px\u00bb header_2_2_font_size_phone=\u00bb34px\u00bb header_3_2_font_size_phone=\u00bb34px\u00bb header_4_2_font_size_phone=\u00bb34px\u00bb header_5_2_font_size_phone=\u00bb34px\u00bb header_6_2_font_size_phone=\u00bb34px\u00bb header_2_2_font_size_last_edited=\u00bbon|tablet\u00bb header_3_2_font_size_last_edited=\u00bbon|tablet\u00bb header_4_2_font_size_last_edited=\u00bbon|tablet\u00bb header_5_2_font_size_last_edited=\u00bbon|tablet\u00bb header_6_2_font_size_last_edited=\u00bbon|tablet\u00bb header_2_3_font_size_tablet=\u00bb34px\u00bb header_3_3_font_size_tablet=\u00bb34px\u00bb header_4_3_font_size_tablet=\u00bb34px\u00bb header_5_3_font_size_tablet=\u00bb34px\u00bb header_6_3_font_size_tablet=\u00bb34px\u00bb header_2_3_font_size_phone=\u00bb28px\u00bb header_3_3_font_size_phone=\u00bb28px\u00bb header_4_3_font_size_phone=\u00bb28px\u00bb header_5_3_font_size_phone=\u00bb28px\u00bb header_6_3_font_size_phone=\u00bb28px\u00bb header_2_3_font_size_last_edited=\u00bbon|phone\u00bb header_3_3_font_size_last_edited=\u00bbon|phone\u00bb header_4_3_font_size_last_edited=\u00bbon|phone\u00bb header_5_3_font_size_last_edited=\u00bbon|phone\u00bb header_6_3_font_size_last_edited=\u00bbon|phone\u00bb header_2_4_font_size_tablet=\u00bb22px\u00bb header_3_4_font_size_tablet=\u00bb22px\u00bb header_4_4_font_size_tablet=\u00bb22px\u00bb header_5_4_font_size_tablet=\u00bb22px\u00bb header_6_4_font_size_tablet=\u00bb22px\u00bb header_2_4_font_size_phone=\u00bb18px\u00bb header_3_4_font_size_phone=\u00bb18px\u00bb header_4_4_font_size_phone=\u00bb18px\u00bb header_5_4_font_size_phone=\u00bb18px\u00bb header_6_4_font_size_phone=\u00bb18px\u00bb header_2_4_font_size_last_edited=\u00bbon|phone\u00bb header_3_4_font_size_last_edited=\u00bbon|phone\u00bb header_4_4_font_size_last_edited=\u00bbon|phone\u00bb header_5_4_font_size_last_edited=\u00bbon|phone\u00bb header_6_4_font_size_last_edited=\u00bbon|phone\u00bb header_2_5_font_size_phone=\u00bb16px\u00bb header_3_5_font_size_phone=\u00bb16px\u00bb header_4_5_font_size_phone=\u00bb16px\u00bb header_5_5_font_size_phone=\u00bb16px\u00bb header_6_5_font_size_phone=\u00bb16px\u00bb header_2_5_font_size_last_edited=\u00bbon|tablet\u00bb header_3_5_font_size_last_edited=\u00bbon|tablet\u00bb header_4_5_font_size_last_edited=\u00bbon|tablet\u00bb header_5_5_font_size_last_edited=\u00bbon|tablet\u00bb header_6_5_font_size_last_edited=\u00bbon|tablet\u00bb theme_builder_area=\u00bbpost_content\u00bb sticky_enabled=\u00bb0&#8243;]<h4><span style=\"font-weight: 400;\">Portocolom, un pintoresco pueblo costero enclavado en la costa sureste de la isla de Mallorca, es una joya esperando a ser descubierta por los amantes de la aventura y la exploraci\u00f3n. Sin embargo, lo que hace que Portocolom sea a\u00fan m\u00e1s especial es su ubicaci\u00f3n estrat\u00e9gica como punto de partida para emocionantes excursiones de un d\u00eda por toda la isla de Mallorca.<\/span><\/h4>[\/et_pb_text][et_pb_text _builder_version=\u00bb4.23&#8243; text_font=\u00bb||||||||\u00bb text_font_size=\u00bb16px\u00bb text_line_height=\u00bb2em\u00bb text_orientation=\u00bbjustified\u00bb hover_enabled=\u00bb0&#8243; text_font_size_tablet=\u00bb15px\u00bb text_font_size_phone=\u00bb14px\u00bb text_font_size_last_edited=\u00bbon|phone\u00bb locked=\u00bboff\u00bb global_colors_info=\u00bb{}\u00bb theme_builder_area=\u00bbpost_content\u00bb sticky_enabled=\u00bb0&#8243;]<p><span style=\"font-weight: 400;\">En este art\u00edculo, te invitamos a embarcarte en un emocionante viaje a trav\u00e9s de las diversas y maravillosas excursiones de un d\u00eda que puedes emprender desde Portocolom. Desde las majestuosas monta\u00f1as hasta las playas de aguas cristalinas y los encantadores pueblos con historia, te sumergir\u00e1s en la diversidad de Mallorca, descubriendo paisajes impresionantes, culturas vibrantes y delicias gastron\u00f3micas que te dejar\u00e1n sin aliento.<\/span><\/p>[\/et_pb_text][\/et_pb_column][et_pb_column type=\u00bb1_2&#8243; _builder_version=\u00bb4.16&#8243; global_colors_info=\u00bb{}\u00bb theme_builder_area=\u00bbpost_content\u00bb][et_pb_text _builder_version=\u00bb4.23&#8243; text_font=\u00bb||||||||\u00bb text_font_size=\u00bb16px\u00bb text_line_height=\u00bb2em\u00bb header_2_line_height=\u00bb1.4em\u00bb text_orientation=\u00bbjustified\u00bb hover_enabled=\u00bb0&#8243; text_font_size_tablet=\u00bb15px\u00bb text_font_size_phone=\u00bb14px\u00bb text_font_size_last_edited=\u00bbon|phone\u00bb locked=\u00bboff\u00bb global_colors_info=\u00bb{}\u00bb theme_builder_area=\u00bbpost_content\u00bb sticky_enabled=\u00bb0&#8243;]<h2><span style=\"font-weight: 400;\">Excursiones a las Monta\u00f1as de Mallorca<\/span><\/h2>\n<p><span style=\"font-weight: 400;\">Desde las monta\u00f1as hasta las playas y los pueblos con encanto, Mallorca tiene mucho que ofrecer a los viajeros aventureros. As\u00ed que, \u00bfest\u00e1s listo para explorar Mallorca? Portocolom es tu punto de partida ideal para descubrir los tesoros de esta hermosa isla. \u00a1Empaca tus cosas y prep\u00e1rate para vivir una aventura inolvidable!<\/span><\/p>\n<p><span style=\"font-weight: 400;\"><\/span><\/p>\n<h3><span style=\"font-weight: 400;\">Explora la Belleza Natural de Mallorca<\/span><\/h3>\n<p><span style=\"font-weight: 400;\">Mallorca es conocida por mucho m\u00e1s que sus playas soleadas. Aquellos que buscan una conexi\u00f3n m\u00e1s profunda con la naturaleza encontrar\u00e1n un refugio en las majestuosas monta\u00f1as de la Sierra de Tramuntana. Desde Portocolom, puedes comenzar una <a href=\"https:\/\/surmasterprojects.com\/es\/blog\/descubre-la-naturaleza-a-traves-de-las-rutas-de-senderismo-en-porto-colom\/\">emocionante excursi\u00f3n<\/a> de un d\u00eda a esta cadena monta\u00f1osa declarada Patrimonio de la Humanidad por la UNESCO. Aqu\u00ed, te esperan paisajes monta\u00f1osos impresionantes, con rutas de senderismo que serpentean a trav\u00e9s de bosques frondosos y senderos escarpados que te desaf\u00edan a alcanzar nuevas alturas. La observaci\u00f3n de aves es otra actividad emocionante que puedes disfrutar mientras exploras esta regi\u00f3n.<\/span><\/p>\n<p>&nbsp;<\/p>[\/et_pb_text][\/et_pb_column][\/et_pb_row][et_pb_row column_structure=\u00bb1_2,1_2&#8243; _builder_version=\u00bb4.16&#8243; custom_padding=\u00bb||0px|||\u00bb global_colors_info=\u00bb{}\u00bb theme_builder_area=\u00bbpost_content\u00bb][et_pb_column type=\u00bb1_2&#8243; _builder_version=\u00bb4.16&#8243; global_colors_info=\u00bb{}\u00bb theme_builder_area=\u00bbpost_content\u00bb][et_pb_image src=\u00bbhttp:\/\/surmasterprojects.com\/wp-content\/uploads\/2023\/10\/Calas_de_Mallorca_Cala_Antena-1.jpg\u00bb title_text=\u00bbCalas_de_Mallorca,_Cala_Antena\u00bb _builder_version=\u00bb4.23&#8243; _module_preset=\u00bbdefault\u00bb hover_enabled=\u00bb0&#8243; global_colors_info=\u00bb{}\u00bb theme_builder_area=\u00bbpost_content\u00bb sticky_enabled=\u00bb0&#8243;][\/et_pb_image][\/et_pb_column][et_pb_column type=\u00bb1_2&#8243; _builder_version=\u00bb4.16&#8243; global_colors_info=\u00bb{}\u00bb theme_builder_area=\u00bbpost_content\u00bb][et_pb_text _builder_version=\u00bb4.23&#8243; text_font=\u00bb||||||||\u00bb text_font_size=\u00bb16px\u00bb text_line_height=\u00bb2em\u00bb header_2_line_height=\u00bb1.4em\u00bb text_orientation=\u00bbjustified\u00bb hover_enabled=\u00bb0&#8243; text_font_size_tablet=\u00bb15px\u00bb text_font_size_phone=\u00bb14px\u00bb text_font_size_last_edited=\u00bbon|phone\u00bb locked=\u00bboff\u00bb global_colors_info=\u00bb{}\u00bb theme_builder_area=\u00bbpost_content\u00bb sticky_enabled=\u00bb0&#8243;]<h2><span style=\"font-weight: 400;\">Rel\u00e1jate en las Aguas Turquesas de Mallorca<\/span><\/h2>\n<p><span style=\"font-weight: 400;\">Las playas y calas de Mallorca son famosas por sus aguas cristalinas y su belleza natural. Las excursiones de un d\u00eda desde Portocolom te brindan la oportunidad de visitar algunas de las playas m\u00e1s hermosas de la isla. La Playa de Es Trenc, por ejemplo, es una parada obligatoria. Sus aguas turquesas y su arena blanca parecen sacadas de una postal de ensue\u00f1o. Aqu\u00ed puedes relajarte bajo el c\u00e1lido sol, nadar en el Mediterr\u00e1neo y crear recuerdos inolvidables.<\/span><\/p>\n<p><span style=\"font-weight: 400;\"><\/span><\/p>\n<h3><span style=\"font-weight: 400;\">Descubre Calas Escondidas y Aisladas<\/span><\/h3>\n<p><span style=\"font-weight: 400;\">Mallorca es un tesoro de calas escondidas y aisladas que ofrecen una experiencia completamente diferente. Algunas de estas calas son de acceso desafiante, pero la recompensa es una soledad tranquila en la costa. Durante tus excursiones de un d\u00eda, podr\u00e1s explorar calas como Cala Varques, Cala des Moro y Cala B\u00f3quer. Aqu\u00ed encontrar\u00e1s aguas cristalinas y un entorno natural que te permite escapar del mundo y sumergirte en la belleza de la costa.<\/span><\/p>[\/et_pb_text][\/et_pb_column][\/et_pb_row][et_pb_row _builder_version=\u00bb4.21.0&#8243; _module_preset=\u00bbdefault\u00bb custom_padding=\u00bb||11px|||\u00bb global_colors_info=\u00bb{}\u00bb theme_builder_area=\u00bbpost_content\u00bb][et_pb_column type=\u00bb4_4&#8243; _builder_version=\u00bb4.21.0&#8243; _module_preset=\u00bbdefault\u00bb global_colors_info=\u00bb{}\u00bb theme_builder_area=\u00bbpost_content\u00bb][et_pb_text _builder_version=\u00bb4.23&#8243; text_font=\u00bb||||||||\u00bb text_font_size=\u00bb16px\u00bb text_line_height=\u00bb2em\u00bb header_2_line_height=\u00bb1.4em\u00bb text_orientation=\u00bbjustified\u00bb custom_margin=\u00bb||19px|||\u00bb hover_enabled=\u00bb0&#8243; text_font_size_tablet=\u00bb15px\u00bb text_font_size_phone=\u00bb14px\u00bb text_font_size_last_edited=\u00bbon|phone\u00bb locked=\u00bboff\u00bb global_colors_info=\u00bb{}\u00bb theme_builder_area=\u00bbpost_content\u00bb sticky_enabled=\u00bb0&#8243;]<h2><span style=\"font-weight: 400;\">Excursiones Guiadas a la Sierra de Tramuntana<\/span><\/h2>\n<p><span style=\"font-weight: 400;\">Si prefieres una experiencia guiada, numerosas compa\u00f1\u00edas de excursiones en Portocolom ofrecen recorridos organizados a la Sierra de Tramuntana. Estos gu\u00edas locales conocen la zona como la palma de su mano y te llevar\u00e1n a los lugares m\u00e1s destacados, al tiempo que te sumergen en la rica historia y cultura de la regi\u00f3n<\/span><\/p>[\/et_pb_text][et_pb_text _builder_version=\u00bb4.23&#8243; text_font=\u00bb||||||||\u00bb text_font_size=\u00bb16px\u00bb text_line_height=\u00bb2em\u00bb header_2_line_height=\u00bb1.4em\u00bb text_orientation=\u00bbjustified\u00bb custom_margin=\u00bb||61px|||\u00bb hover_enabled=\u00bb0&#8243; text_font_size_tablet=\u00bb15px\u00bb text_font_size_phone=\u00bb14px\u00bb text_font_size_last_edited=\u00bbon|phone\u00bb locked=\u00bboff\u00bb global_colors_info=\u00bb{}\u00bb theme_builder_area=\u00bbpost_content\u00bb sticky_enabled=\u00bb0&#8243;]<p><span style=\"font-weight: 400;\">Desde el pintoresco pueblo de Valldemossa, que alguna vez fue el hogar del famoso compositor Frederic Chopin, hasta el Puig Major, la monta\u00f1a m\u00e1s alta de Mallorca, estas excursiones te proporcionar\u00e1n una comprensi\u00f3n m\u00e1s profunda y una apreciaci\u00f3n m\u00e1s rica de la belleza natural de la isla.<\/span><\/p>[\/et_pb_text][et_pb_divider color=\u00bb#f75e00&#8243; divider_weight=\u00bb4px\u00bb _builder_version=\u00bb4.21.0&#8243; _module_preset=\u00bbdefault\u00bb width=\u00bb40%\u00bb module_alignment=\u00bbcenter\u00bb global_colors_info=\u00bb{}\u00bb theme_builder_area=\u00bbpost_content\u00bb][\/et_pb_divider][\/et_pb_column][\/et_pb_row][et_pb_row column_structure=\u00bb1_2,1_2&#8243; _builder_version=\u00bb4.21.0&#8243; custom_padding=\u00bb||0px|||\u00bb global_colors_info=\u00bb{}\u00bb theme_builder_area=\u00bbpost_content\u00bb][et_pb_column type=\u00bb1_2&#8243; _builder_version=\u00bb4.16&#8243; global_colors_info=\u00bb{}\u00bb theme_builder_area=\u00bbpost_content\u00bb][et_pb_text _builder_version=\u00bb4.23&#8243; text_font=\u00bb||||||||\u00bb text_font_size=\u00bb16px\u00bb text_line_height=\u00bb2em\u00bb header_2_line_height=\u00bb1.4em\u00bb text_orientation=\u00bbjustified\u00bb hover_enabled=\u00bb0&#8243; text_font_size_tablet=\u00bb15px\u00bb text_font_size_phone=\u00bb14px\u00bb text_font_size_last_edited=\u00bbon|phone\u00bb locked=\u00bboff\u00bb global_colors_info=\u00bb{}\u00bb theme_builder_area=\u00bbpost_content\u00bb sticky_enabled=\u00bb0&#8243;]<h2><span style=\"font-weight: 400;\">Explora la Cultura y la Historia de la Isla<\/span><\/h2>\n<p><span style=\"font-weight: 400;\">Mallorca est\u00e1 salpicada de pueblos encantadores que te transportar\u00e1n a \u00e9pocas pasadas de encanto y tradici\u00f3n. Durante tus excursiones de un d\u00eda desde Portocolom, tendr\u00e1s la oportunidad de visitar lugares como S\u00f3ller, un pintoresco pueblo rodeado de monta\u00f1as que es conocido por su arquitectura modernista. Otro destino que no te puedes perder es Alc\u00fadia, con su bien conservado casco antiguo y su animado mercado semanal. Pasea por sus calles empedradas, admira la arquitectura hist\u00f3rica y disfruta de la aut\u00e9ntica gastronom\u00eda local en los restaurantes tradicionales.<\/span><\/p>[\/et_pb_text][\/et_pb_column][et_pb_column type=\u00bb1_2&#8243; _builder_version=\u00bb4.16&#8243; global_colors_info=\u00bb{}\u00bb theme_builder_area=\u00bbpost_content\u00bb][et_pb_image src=\u00bbhttp:\/\/surmasterprojects.com\/wp-content\/uploads\/2023\/10\/portocolom-cultura-e1698500243906.jpg\u00bb title_text=\u00bbSONY DSC\u00bb _builder_version=\u00bb4.23&#8243; _module_preset=\u00bbdefault\u00bb hover_enabled=\u00bb0&#8243; global_colors_info=\u00bb{}\u00bb theme_builder_area=\u00bbpost_content\u00bb sticky_enabled=\u00bb0&#8243;][\/et_pb_image][\/et_pb_column][\/et_pb_row][et_pb_row _builder_version=\u00bb4.21.0&#8243; _module_preset=\u00bbdefault\u00bb custom_padding=\u00bb||11px|||\u00bb hover_enabled=\u00bb0&#8243; global_colors_info=\u00bb{}\u00bb theme_builder_area=\u00bbpost_content\u00bb sticky_enabled=\u00bb0&#8243;][et_pb_column type=\u00bb4_4&#8243; _builder_version=\u00bb4.21.0&#8243; _module_preset=\u00bbdefault\u00bb global_colors_info=\u00bb{}\u00bb theme_builder_area=\u00bbpost_content\u00bb][et_pb_text _builder_version=\u00bb4.23&#8243; text_font=\u00bb||||||||\u00bb text_font_size=\u00bb16px\u00bb text_line_height=\u00bb2em\u00bb header_2_line_height=\u00bb1.4em\u00bb text_orientation=\u00bbjustified\u00bb custom_margin=\u00bb||19px|||\u00bb hover_enabled=\u00bb0&#8243; text_font_size_tablet=\u00bb15px\u00bb text_font_size_phone=\u00bb14px\u00bb text_font_size_last_edited=\u00bbon|phone\u00bb locked=\u00bboff\u00bb global_colors_info=\u00bb{}\u00bb theme_builder_area=\u00bbpost_content\u00bb sticky_enabled=\u00bb0&#8243;]<h2><span style=\"font-weight: 400;\">Gastronom\u00eda Local en los Pueblos de Mallorca<\/span><\/h2>\n<p><span style=\"font-weight: 400;\">Una de las mejores maneras de sumergirse en la cultura de Mallorca es <a href=\"https:\/\/surmasterprojects.com\/es\/blog\/explorando-la-gastronomia-en-portocolom-delicias-de-mallorca\/\">a trav\u00e9s de su gastronom\u00eda<\/a>. Durante tus excursiones, no dejes de probar algunos de los platos t\u00edpicos de la isla. La \u00absobrasada\u00bb es un embutido mallorqu\u00edn suave y especiado que deleitar\u00e1 tu paladar. Prueba el \u00abtumbet,\u00bb un sabroso plato de verduras t\u00edpico de la regi\u00f3n, o date un capricho con una \u00abensaimada,\u00bb un pastelillo mallorqu\u00edn esponjoso y dulce que es un aut\u00e9ntico placer para los sentidos.<\/span><\/p>[\/et_pb_text][et_pb_divider color=\u00bb#f75e00&#8243; divider_weight=\u00bb4px\u00bb _builder_version=\u00bb4.21.0&#8243; _module_preset=\u00bbdefault\u00bb width=\u00bb40%\u00bb module_alignment=\u00bbcenter\u00bb global_colors_info=\u00bb{}\u00bb theme_builder_area=\u00bbpost_content\u00bb][\/et_pb_divider][\/et_pb_column][\/et_pb_row][et_pb_row _builder_version=\u00bb4.21.0&#8243; custom_padding=\u00bb53px||0px|||\u00bb global_colors_info=\u00bb{}\u00bb theme_builder_area=\u00bbpost_content\u00bb][et_pb_column type=\u00bb4_4&#8243; _builder_version=\u00bb4.16&#8243; global_colors_info=\u00bb{}\u00bb theme_builder_area=\u00bbpost_content\u00bb][et_pb_text _builder_version=\u00bb4.23&#8243; text_font=\u00bb||||||||\u00bb text_font_size=\u00bb16px\u00bb text_line_height=\u00bb2em\u00bb header_2_line_height=\u00bb1.4em\u00bb text_orientation=\u00bbjustified\u00bb custom_margin=\u00bb||42px|||\u00bb hover_enabled=\u00bb0&#8243; text_font_size_tablet=\u00bb15px\u00bb text_font_size_phone=\u00bb14px\u00bb text_font_size_last_edited=\u00bbon|phone\u00bb locked=\u00bboff\u00bb global_colors_info=\u00bb{}\u00bb theme_builder_area=\u00bbpost_content\u00bb sticky_enabled=\u00bb0&#8243;]<blockquote>\n<h2><span style=\"font-weight: 400;\">Preguntas Frecuentes sobre Excursiones de un D\u00eda desde Portocolom<\/span><\/h2>\n<\/blockquote>\n<h3><\/h3>\n<h3><\/h3>\n<h3><span style=\"font-weight: 400;\">\u00bfNecesito hacer una reserva previa para las excursiones a la Sierra de Tramuntana?<\/span><\/h3>\n<p><span style=\"font-weight: 400;\">Si deseas unirte a una excursi\u00f3n guiada a la Sierra de Tramuntana, es recomendable hacer una reserva previa, especialmente durante la temporada alta. Esto garantiza tu lugar en la excursi\u00f3n y te permite planificar tu d\u00eda con tranquilidad. Sin embargo, si prefieres explorar de forma independiente, tambi\u00e9n puedes alquilar un autom\u00f3vil y dise\u00f1ar tu propia aventura.<\/span><\/p>\n<h3><\/h3>\n<h3><\/h3>\n<h3><span style=\"font-weight: 400;\">\u00bfCu\u00e1l es la mejor \u00e9poca para visitar las playas y calas de Mallorca?<\/span><\/h3>\n<p><span style=\"font-weight: 400;\">La mejor \u00e9poca para visitar las playas y calas de Mallorca es durante la primavera y el verano, cuando el clima es c\u00e1lido y las aguas son perfectas para nadar. Sin embargo, las playas de Mallorca son hermosas durante todo el a\u00f1o <\/span><span style=\"font-weight: 400;\">y la temporada baja ofrece tranquilidad y una experiencia m\u00e1s \u00edntima para quienes buscan evitar las multitudes.<\/span><\/p>\n<h3><\/h3>\n<h3><\/h3>\n<h3><span style=\"font-weight: 400;\">\u00bfEs posible visitar varios pueblos en una sola excursi\u00f3n de un d\u00eda desde Portocolom?<\/span><\/h3>\n<p><span style=\"font-weight: 400;\">S\u00ed, puedes visitar varios pueblos en una sola excursi\u00f3n de un d\u00eda, dependiendo de tu itinerario y la distancia entre los pueblos. Algunas excursiones est\u00e1n dise\u00f1adas para explorar m\u00faltiples lugares en un solo d\u00eda, mientras que otras se centran en un destino espec\u00edfico. Puedes personalizar tus excursiones seg\u00fan tus intereses y el tiempo disponible.<\/span><\/p>\n<h3><\/h3>\n<h3><\/h3>\n<h3><span style=\"font-weight: 400;\">\u00bfQu\u00e9 platos t\u00edpicos de Mallorca deber\u00eda probar durante mis excursiones?<\/span><\/h3>\n<p><span style=\"font-weight: 400;\">Durante tus excursiones, te recomendamos probar algunos platos t\u00edpicos de Mallorca, como la \u00absobrasada,\u00bb un embutido mallorqu\u00edn suave y especiado que es un verdadero manjar. Otros platos destacados incluyen el \u00abtumbet,\u00bb una deliciosa mezcla de verduras de la regi\u00f3n, y la \u00abensaimada,\u00bb un postre dulce y esponjoso que seguramente te conquistar\u00e1.<\/span><\/p>[\/et_pb_text][\/et_pb_column][\/et_pb_row][\/et_pb_section]\n\n\n","protected":false},"excerpt":{"rendered":"<p>SENDERISMO EN PORTOCOLOM Excursiones de un D\u00eda desde Portocolom: Explora MallorcaPortocolom, un pintoresco pueblo costero enclavado en la costa sureste de la isla de Mallorca, es una joya esperando a ser descubierta por los amantes de la aventura y la exploraci\u00f3n. Sin embargo, lo que hace que Portocolom sea a\u00fan m\u00e1s especial es su ubicaci\u00f3n [&hellip;]<\/p>\n","protected":false},"author":1,"featured_media":7850,"parent":7644,"menu_order":0,"comment_status":"closed","ping_status":"closed","template":"","meta":{"_et_pb_use_builder":"on","_et_pb_old_content":"","_et_gb_content_width":"","footnotes":""},"class_list":["post-7838","page","type-page","status-publish","has-post-thumbnail","hentry"],"yoast_head":"<!-- This site is optimized with the Yoast SEO plugin v27.4 - https:\/\/yoast.com\/product\/yoast-seo-wordpress\/ -->\n<title>Surmaster Projects<\/title>\n<meta name=\"robots\" content=\"index, follow, max-snippet:-1, max-image-preview:large, max-video-preview:-1\" \/>\n<link rel=\"canonical\" href=\"https:\/\/surmasterprojects.com\/en\/blog\/excursiones-de-un-dia-desde-portocolom-explora-mallorca\/\" \/>\n<meta property=\"og:locale\" content=\"en_GB\" \/>\n<meta property=\"og:type\" content=\"article\" \/>\n<meta property=\"og:description\" content=\"SENDERISMO EN PORTOCOLOM Excursiones de un D\u00eda desde Portocolom: Explora MallorcaPortocolom, un pintoresco pueblo costero enclavado en la costa sureste de la isla de Mallorca, es una joya esperando a ser descubierta por los amantes de la aventura y la exploraci\u00f3n. Sin embargo, lo que hace que Portocolom sea a\u00fan m\u00e1s especial es su ubicaci\u00f3n [&hellip;]\" \/>\n<meta property=\"og:url\" content=\"https:\/\/surmasterprojects.com\/en\/blog\/excursiones-de-un-dia-desde-portocolom-explora-mallorca\/\" \/>\n<meta property=\"og:site_name\" content=\"Surmaster Projects\" \/>\n<meta property=\"article:modified_time\" content=\"2023-10-28T13:54:01+00:00\" \/>\n<meta property=\"og:image\" content=\"https:\/\/surmasterprojects.com\/wp-content\/uploads\/2023\/10\/Mallorca_-_Cala_Serena.jpg\" \/>\n\t<meta property=\"og:image:width\" content=\"640\" \/>\n\t<meta property=\"og:image:height\" content=\"468\" \/>\n\t<meta property=\"og:image:type\" content=\"image\/jpeg\" \/>\n<meta name=\"twitter:card\" content=\"summary_large_image\" \/>\n<meta name=\"twitter:label1\" content=\"Estimated reading time\" \/>\n\t<meta name=\"twitter:data1\" content=\"7 minutes\" \/>\n<script type=\"application\/ld+json\" class=\"yoast-schema-graph\">{\"@context\":\"https:\\\/\\\/schema.org\",\"@graph\":[{\"@type\":\"WebPage\",\"@id\":\"https:\\\/\\\/surmasterprojects.com\\\/blog\\\/excursiones-de-un-dia-desde-portocolom-explora-mallorca\\\/\",\"url\":\"https:\\\/\\\/surmasterprojects.com\\\/blog\\\/excursiones-de-un-dia-desde-portocolom-explora-mallorca\\\/\",\"name\":\"\",\"isPartOf\":{\"@id\":\"https:\\\/\\\/surmasterprojects.com\\\/es\\\/#website\"},\"primaryImageOfPage\":{\"@id\":\"https:\\\/\\\/surmasterprojects.com\\\/blog\\\/excursiones-de-un-dia-desde-portocolom-explora-mallorca\\\/#primaryimage\"},\"image\":{\"@id\":\"https:\\\/\\\/surmasterprojects.com\\\/blog\\\/excursiones-de-un-dia-desde-portocolom-explora-mallorca\\\/#primaryimage\"},\"thumbnailUrl\":\"https:\\\/\\\/surmasterprojects.com\\\/wp-content\\\/uploads\\\/2023\\\/10\\\/Mallorca_-_Cala_Serena.jpg\",\"datePublished\":\"2023-10-28T13:48:47+00:00\",\"dateModified\":\"2023-10-28T13:54:01+00:00\",\"breadcrumb\":{\"@id\":\"https:\\\/\\\/surmasterprojects.com\\\/blog\\\/excursiones-de-un-dia-desde-portocolom-explora-mallorca\\\/#breadcrumb\"},\"inLanguage\":\"en-GB\",\"potentialAction\":[{\"@type\":\"ReadAction\",\"target\":[\"https:\\\/\\\/surmasterprojects.com\\\/blog\\\/excursiones-de-un-dia-desde-portocolom-explora-mallorca\\\/\"]}]},{\"@type\":\"ImageObject\",\"inLanguage\":\"en-GB\",\"@id\":\"https:\\\/\\\/surmasterprojects.com\\\/blog\\\/excursiones-de-un-dia-desde-portocolom-explora-mallorca\\\/#primaryimage\",\"url\":\"https:\\\/\\\/surmasterprojects.com\\\/wp-content\\\/uploads\\\/2023\\\/10\\\/Mallorca_-_Cala_Serena.jpg\",\"contentUrl\":\"https:\\\/\\\/surmasterprojects.com\\\/wp-content\\\/uploads\\\/2023\\\/10\\\/Mallorca_-_Cala_Serena.jpg\",\"width\":640,\"height\":468},{\"@type\":\"BreadcrumbList\",\"@id\":\"https:\\\/\\\/surmasterprojects.com\\\/blog\\\/excursiones-de-un-dia-desde-portocolom-explora-mallorca\\\/#breadcrumb\",\"itemListElement\":[{\"@type\":\"ListItem\",\"position\":1,\"name\":\"Portada\",\"item\":\"https:\\\/\\\/surmasterprojects.com\\\/es\\\/\"},{\"@type\":\"ListItem\",\"position\":2,\"name\":\"Blog\",\"item\":\"https:\\\/\\\/surmasterprojects.com\\\/es\\\/blog\\\/\"},{\"@type\":\"ListItem\",\"position\":3,\"name\":\"Excursiones de un D\u00eda desde Portocolom: Explora Mallorca\"}]},{\"@type\":\"WebSite\",\"@id\":\"https:\\\/\\\/surmasterprojects.com\\\/es\\\/#website\",\"url\":\"https:\\\/\\\/surmasterprojects.com\\\/es\\\/\",\"name\":\"Surmaster Projects\",\"description\":\"\",\"publisher\":{\"@id\":\"https:\\\/\\\/surmasterprojects.com\\\/es\\\/#organization\"},\"potentialAction\":[{\"@type\":\"SearchAction\",\"target\":{\"@type\":\"EntryPoint\",\"urlTemplate\":\"https:\\\/\\\/surmasterprojects.com\\\/es\\\/?s={search_term_string}\"},\"query-input\":{\"@type\":\"PropertyValueSpecification\",\"valueRequired\":true,\"valueName\":\"search_term_string\"}}],\"inLanguage\":\"en-GB\"},{\"@type\":\"Organization\",\"@id\":\"https:\\\/\\\/surmasterprojects.com\\\/es\\\/#organization\",\"name\":\"Surmaster Projects\",\"url\":\"https:\\\/\\\/surmasterprojects.com\\\/es\\\/\",\"logo\":{\"@type\":\"ImageObject\",\"inLanguage\":\"en-GB\",\"@id\":\"https:\\\/\\\/surmasterprojects.com\\\/es\\\/#\\\/schema\\\/logo\\\/image\\\/\",\"url\":\"https:\\\/\\\/surmasterprojects.com\\\/wp-content\\\/uploads\\\/2022\\\/04\\\/cropped-Logo_GrupoSurmaster_negativo.png\",\"contentUrl\":\"https:\\\/\\\/surmasterprojects.com\\\/wp-content\\\/uploads\\\/2022\\\/04\\\/cropped-Logo_GrupoSurmaster_negativo.png\",\"width\":512,\"height\":512,\"caption\":\"Surmaster Projects\"},\"image\":{\"@id\":\"https:\\\/\\\/surmasterprojects.com\\\/es\\\/#\\\/schema\\\/logo\\\/image\\\/\"}}]}<\/script>\n<!-- \/ Yoast SEO plugin. -->","yoast_head_json":{"title":"Surmaster Projects","robots":{"index":"index","follow":"follow","max-snippet":"max-snippet:-1","max-image-preview":"max-image-preview:large","max-video-preview":"max-video-preview:-1"},"canonical":"https:\/\/surmasterprojects.com\/en\/blog\/excursiones-de-un-dia-desde-portocolom-explora-mallorca\/","og_locale":"en_GB","og_type":"article","og_description":"SENDERISMO EN PORTOCOLOM Excursiones de un D\u00eda desde Portocolom: Explora MallorcaPortocolom, un pintoresco pueblo costero enclavado en la costa sureste de la isla de Mallorca, es una joya esperando a ser descubierta por los amantes de la aventura y la exploraci\u00f3n. Sin embargo, lo que hace que Portocolom sea a\u00fan m\u00e1s especial es su ubicaci\u00f3n [&hellip;]","og_url":"https:\/\/surmasterprojects.com\/en\/blog\/excursiones-de-un-dia-desde-portocolom-explora-mallorca\/","og_site_name":"Surmaster Projects","article_modified_time":"2023-10-28T13:54:01+00:00","og_image":[{"width":640,"height":468,"url":"https:\/\/surmasterprojects.com\/wp-content\/uploads\/2023\/10\/Mallorca_-_Cala_Serena.jpg","type":"image\/jpeg"}],"twitter_card":"summary_large_image","twitter_misc":{"Estimated reading time":"7 minutes"},"schema":{"@context":"https:\/\/schema.org","@graph":[{"@type":"WebPage","@id":"https:\/\/surmasterprojects.com\/blog\/excursiones-de-un-dia-desde-portocolom-explora-mallorca\/","url":"https:\/\/surmasterprojects.com\/blog\/excursiones-de-un-dia-desde-portocolom-explora-mallorca\/","name":"","isPartOf":{"@id":"https:\/\/surmasterprojects.com\/es\/#website"},"primaryImageOfPage":{"@id":"https:\/\/surmasterprojects.com\/blog\/excursiones-de-un-dia-desde-portocolom-explora-mallorca\/#primaryimage"},"image":{"@id":"https:\/\/surmasterprojects.com\/blog\/excursiones-de-un-dia-desde-portocolom-explora-mallorca\/#primaryimage"},"thumbnailUrl":"https:\/\/surmasterprojects.com\/wp-content\/uploads\/2023\/10\/Mallorca_-_Cala_Serena.jpg","datePublished":"2023-10-28T13:48:47+00:00","dateModified":"2023-10-28T13:54:01+00:00","breadcrumb":{"@id":"https:\/\/surmasterprojects.com\/blog\/excursiones-de-un-dia-desde-portocolom-explora-mallorca\/#breadcrumb"},"inLanguage":"en-GB","potentialAction":[{"@type":"ReadAction","target":["https:\/\/surmasterprojects.com\/blog\/excursiones-de-un-dia-desde-portocolom-explora-mallorca\/"]}]},{"@type":"ImageObject","inLanguage":"en-GB","@id":"https:\/\/surmasterprojects.com\/blog\/excursiones-de-un-dia-desde-portocolom-explora-mallorca\/#primaryimage","url":"https:\/\/surmasterprojects.com\/wp-content\/uploads\/2023\/10\/Mallorca_-_Cala_Serena.jpg","contentUrl":"https:\/\/surmasterprojects.com\/wp-content\/uploads\/2023\/10\/Mallorca_-_Cala_Serena.jpg","width":640,"height":468},{"@type":"BreadcrumbList","@id":"https:\/\/surmasterprojects.com\/blog\/excursiones-de-un-dia-desde-portocolom-explora-mallorca\/#breadcrumb","itemListElement":[{"@type":"ListItem","position":1,"name":"Portada","item":"https:\/\/surmasterprojects.com\/es\/"},{"@type":"ListItem","position":2,"name":"Blog","item":"https:\/\/surmasterprojects.com\/es\/blog\/"},{"@type":"ListItem","position":3,"name":"Excursiones de un D\u00eda desde Portocolom: Explora Mallorca"}]},{"@type":"WebSite","@id":"https:\/\/surmasterprojects.com\/es\/#website","url":"https:\/\/surmasterprojects.com\/es\/","name":"Surmaster Projects","description":"","publisher":{"@id":"https:\/\/surmasterprojects.com\/es\/#organization"},"potentialAction":[{"@type":"SearchAction","target":{"@type":"EntryPoint","urlTemplate":"https:\/\/surmasterprojects.com\/es\/?s={search_term_string}"},"query-input":{"@type":"PropertyValueSpecification","valueRequired":true,"valueName":"search_term_string"}}],"inLanguage":"en-GB"},{"@type":"Organization","@id":"https:\/\/surmasterprojects.com\/es\/#organization","name":"Surmaster Projects","url":"https:\/\/surmasterprojects.com\/es\/","logo":{"@type":"ImageObject","inLanguage":"en-GB","@id":"https:\/\/surmasterprojects.com\/es\/#\/schema\/logo\/image\/","url":"https:\/\/surmasterprojects.com\/wp-content\/uploads\/2022\/04\/cropped-Logo_GrupoSurmaster_negativo.png","contentUrl":"https:\/\/surmasterprojects.com\/wp-content\/uploads\/2022\/04\/cropped-Logo_GrupoSurmaster_negativo.png","width":512,"height":512,"caption":"Surmaster Projects"},"image":{"@id":"https:\/\/surmasterprojects.com\/es\/#\/schema\/logo\/image\/"}}]}},"_links":{"self":[{"href":"https:\/\/surmasterprojects.com\/en\/wp-json\/wp\/v2\/pages\/7838","targetHints":{"allow":["GET"]}}],"collection":[{"href":"https:\/\/surmasterprojects.com\/en\/wp-json\/wp\/v2\/pages"}],"about":[{"href":"https:\/\/surmasterprojects.com\/en\/wp-json\/wp\/v2\/types\/page"}],"author":[{"embeddable":true,"href":"https:\/\/surmasterprojects.com\/en\/wp-json\/wp\/v2\/users\/1"}],"replies":[{"embeddable":true,"href":"https:\/\/surmasterprojects.com\/en\/wp-json\/wp\/v2\/comments?post=7838"}],"version-history":[{"count":5,"href":"https:\/\/surmasterprojects.com\/en\/wp-json\/wp\/v2\/pages\/7838\/revisions"}],"predecessor-version":[{"id":7855,"href":"https:\/\/surmasterprojects.com\/en\/wp-json\/wp\/v2\/pages\/7838\/revisions\/7855"}],"up":[{"embeddable":true,"href":"https:\/\/surmasterprojects.com\/en\/wp-json\/wp\/v2\/pages\/7644"}],"wp:featuredmedia":[{"embeddable":true,"href":"https:\/\/surmasterprojects.com\/en\/wp-json\/wp\/v2\/media\/7850"}],"wp:attachment":[{"href":"https:\/\/surmasterprojects.com\/en\/wp-json\/wp\/v2\/media?parent=7838"}],"curies":[{"name":"wp","href":"https:\/\/api.w.org\/{rel}","templated":true}]}}