{"id":7984,"date":"2023-12-11T09:10:16","date_gmt":"2023-12-11T09:10:16","guid":{"rendered":"https:\/\/surmasterprojects.com\/?page_id=7984"},"modified":"2025-01-31T10:49:13","modified_gmt":"2025-01-31T10:49:13","slug":"explorando-la-riqueza-cultural-a-traves-de-eventos-y-festivales-en-cala-dor","status":"publish","type":"page","link":"https:\/\/surmasterprojects.com\/en\/blog\/explorando-la-riqueza-cultural-a-traves-de-eventos-y-festivales-en-cala-dor\/","title":{"rendered":"Eventos y Festivales en Cala d&#8217;Or"},"content":{"rendered":"\n[et_pb_section fb_built=\u00bb1&#8243; _builder_version=\u00bb4.21.0&#8243; _module_preset=\u00bbdefault\u00bb global_colors_info=\u00bb{}\u00bb][et_pb_row _builder_version=\u00bb4.16&#8243; custom_padding=\u00bb21px|||||\u00bb locked=\u00bboff\u00bb global_colors_info=\u00bb{}\u00bb][et_pb_column type=\u00bb4_4&#8243; _builder_version=\u00bb4.16&#8243; global_colors_info=\u00bb{}\u00bb][et_pb_text _builder_version=\u00bb4.23.1&#8243; header_font=\u00bbBellefair||||||||\u00bb header_font_size=\u00bb48px\u00bb header_line_height=\u00bb1.2em\u00bb header_2_font=\u00bbBellefair||||||||\u00bb header_2_text_color=\u00bb#000000&#8243; header_2_font_size=\u00bb48px\u00bb header_2_line_height=\u00bb1.2em\u00bb header_6_font=\u00bbMontserrat|700||on|||||\u00bb header_6_text_color=\u00bb#ff4e00&#8243; header_6_font_size=\u00bb12px\u00bb header_6_letter_spacing=\u00bb2px\u00bb header_6_line_height=\u00bb1.2em\u00bb text_orientation=\u00bbcenter\u00bb max_width=\u00bb700px\u00bb module_alignment=\u00bbcenter\u00bb header_2_font_size_tablet=\u00bb42px\u00bb header_2_font_size_phone=\u00bb34px\u00bb header_2_font_size_last_edited=\u00bbon|desktop\u00bb header_6_font_size_tablet=\u00bb42px\u00bb header_6_font_size_phone=\u00bb34px\u00bb header_6_font_size_last_edited=\u00bboff|phone\u00bb text_text_align=\u00bbjustify\u00bb locked=\u00bboff\u00bb global_colors_info=\u00bb{}\u00bb header_2_2_font_size_tablet=\u00bb42px\u00bb header_3_2_font_size_tablet=\u00bb42px\u00bb header_4_2_font_size_tablet=\u00bb42px\u00bb header_5_2_font_size_tablet=\u00bb42px\u00bb header_6_2_font_size_tablet=\u00bb42px\u00bb header_2_2_font_size_phone=\u00bb34px\u00bb header_3_2_font_size_phone=\u00bb34px\u00bb header_4_2_font_size_phone=\u00bb34px\u00bb header_5_2_font_size_phone=\u00bb34px\u00bb header_6_2_font_size_phone=\u00bb34px\u00bb header_2_2_font_size_last_edited=\u00bbon|tablet\u00bb header_3_2_font_size_last_edited=\u00bbon|tablet\u00bb header_4_2_font_size_last_edited=\u00bbon|tablet\u00bb header_5_2_font_size_last_edited=\u00bbon|tablet\u00bb header_6_2_font_size_last_edited=\u00bbon|tablet\u00bb header_2_3_font_size_tablet=\u00bb34px\u00bb header_3_3_font_size_tablet=\u00bb34px\u00bb header_4_3_font_size_tablet=\u00bb34px\u00bb header_5_3_font_size_tablet=\u00bb34px\u00bb header_6_3_font_size_tablet=\u00bb34px\u00bb header_2_3_font_size_phone=\u00bb28px\u00bb header_3_3_font_size_phone=\u00bb28px\u00bb header_4_3_font_size_phone=\u00bb28px\u00bb header_5_3_font_size_phone=\u00bb28px\u00bb header_6_3_font_size_phone=\u00bb28px\u00bb header_2_3_font_size_last_edited=\u00bbon|phone\u00bb header_3_3_font_size_last_edited=\u00bbon|phone\u00bb header_4_3_font_size_last_edited=\u00bbon|phone\u00bb header_5_3_font_size_last_edited=\u00bbon|phone\u00bb header_6_3_font_size_last_edited=\u00bbon|phone\u00bb header_2_4_font_size_tablet=\u00bb22px\u00bb header_3_4_font_size_tablet=\u00bb22px\u00bb header_4_4_font_size_tablet=\u00bb22px\u00bb header_5_4_font_size_tablet=\u00bb22px\u00bb header_6_4_font_size_tablet=\u00bb22px\u00bb header_2_4_font_size_phone=\u00bb18px\u00bb header_3_4_font_size_phone=\u00bb18px\u00bb header_4_4_font_size_phone=\u00bb18px\u00bb header_5_4_font_size_phone=\u00bb18px\u00bb header_6_4_font_size_phone=\u00bb18px\u00bb header_2_4_font_size_last_edited=\u00bbon|phone\u00bb header_3_4_font_size_last_edited=\u00bbon|phone\u00bb header_4_4_font_size_last_edited=\u00bbon|phone\u00bb header_5_4_font_size_last_edited=\u00bbon|phone\u00bb header_6_4_font_size_last_edited=\u00bbon|phone\u00bb header_2_5_font_size_phone=\u00bb16px\u00bb header_3_5_font_size_phone=\u00bb16px\u00bb header_4_5_font_size_phone=\u00bb16px\u00bb header_5_5_font_size_phone=\u00bb16px\u00bb header_6_5_font_size_phone=\u00bb16px\u00bb header_2_5_font_size_last_edited=\u00bbon|tablet\u00bb header_3_5_font_size_last_edited=\u00bbon|tablet\u00bb header_4_5_font_size_last_edited=\u00bbon|tablet\u00bb header_5_5_font_size_last_edited=\u00bbon|tablet\u00bb header_6_5_font_size_last_edited=\u00bbon|tablet\u00bb]<h6>EVENTOS EN CALA DOR<\/h6>\n<h1><span style=\"font-weight: 400;\">Explorando la Riqueza Cultural a Trav\u00e9s de Eventos y Festivales en Cala d&#8217;Or<\/span><\/h1>[\/et_pb_text][et_pb_image src=\u00bbhttp:\/\/surmasterprojects.com\/wp-content\/uploads\/2023\/11\/correfocs-portada-e1700787900255.jpg\u00bb title_text=\u00bbcorrefocs-portada\u00bb align=\u00bbcenter\u00bb _builder_version=\u00bb4.23.1&#8243; hover_enabled=\u00bb0&#8243; global_colors_info=\u00bb{}\u00bb sticky_enabled=\u00bb0&#8243;][\/et_pb_image][\/et_pb_column][\/et_pb_row][et_pb_row column_structure=\u00bb1_2,1_2&#8243; _builder_version=\u00bb4.16&#8243; custom_padding=\u00bb||0px|||\u00bb global_colors_info=\u00bb{}\u00bb][et_pb_column type=\u00bb1_2&#8243; _builder_version=\u00bb4.16&#8243; global_colors_info=\u00bb{}\u00bb][et_pb_text _builder_version=\u00bb4.23.1&#8243; header_font=\u00bbBellefair||||||||\u00bb header_text_color=\u00bb#000000&#8243; header_font_size=\u00bb48px\u00bb header_line_height=\u00bb1.2em\u00bb header_2_font=\u00bbBellefair||||||||\u00bb header_2_text_align=\u00bbleft\u00bb header_2_text_color=\u00bb#000000&#8243; header_2_font_size=\u00bb48px\u00bb header_2_line_height=\u00bb1.2em\u00bb header_3_font=\u00bbBellefair||||||||\u00bb header_3_text_color=\u00bb#000000&#8243; header_3_font_size=\u00bb38px\u00bb header_3_line_height=\u00bb1.2em\u00bb header_4_font=\u00bbBellefair||||||||\u00bb header_4_text_color=\u00bb#000000&#8243; header_4_font_size=\u00bb30px\u00bb header_4_line_height=\u00bb1.4em\u00bb header_5_font=\u00bbBellefair||||||||\u00bb header_5_text_color=\u00bb#000000&#8243; header_5_font_size=\u00bb22px\u00bb header_5_line_height=\u00bb1.2em\u00bb header_6_font=\u00bbMontserrat|700||on|||||\u00bb header_6_text_color=\u00bb#ff4e00&#8243; header_6_font_size=\u00bb12px\u00bb header_6_letter_spacing=\u00bb2px\u00bb header_6_line_height=\u00bb1.2em\u00bb header_font_size_tablet=\u00bb42px\u00bb header_font_size_phone=\u00bb34px\u00bb header_font_size_last_edited=\u00bbon|tablet\u00bb header_2_font_size_tablet=\u00bb42px\u00bb header_2_font_size_phone=\u00bb34px\u00bb header_2_font_size_last_edited=\u00bbon|tablet\u00bb header_3_font_size_tablet=\u00bb34px\u00bb header_3_font_size_phone=\u00bb28px\u00bb header_3_font_size_last_edited=\u00bbon|phone\u00bb header_4_font_size_tablet=\u00bb22px\u00bb header_4_font_size_phone=\u00bb18px\u00bb header_4_font_size_last_edited=\u00bbon|phone\u00bb header_5_font_size_tablet=\u00bb\u00bb header_5_font_size_phone=\u00bb16px\u00bb header_5_font_size_last_edited=\u00bbon|tablet\u00bb border_color_all=\u00bb#ff4e00&#8243; border_width_bottom=\u00bb4px\u00bb text_text_align=\u00bbjustify\u00bb locked=\u00bboff\u00bb global_colors_info=\u00bb{}\u00bb header_2_2_font_size_tablet=\u00bb42px\u00bb header_3_2_font_size_tablet=\u00bb42px\u00bb header_4_2_font_size_tablet=\u00bb42px\u00bb header_5_2_font_size_tablet=\u00bb42px\u00bb header_6_2_font_size_tablet=\u00bb42px\u00bb header_2_2_font_size_phone=\u00bb34px\u00bb header_3_2_font_size_phone=\u00bb34px\u00bb header_4_2_font_size_phone=\u00bb34px\u00bb header_5_2_font_size_phone=\u00bb34px\u00bb header_6_2_font_size_phone=\u00bb34px\u00bb header_2_2_font_size_last_edited=\u00bbon|tablet\u00bb header_3_2_font_size_last_edited=\u00bbon|tablet\u00bb header_4_2_font_size_last_edited=\u00bbon|tablet\u00bb header_5_2_font_size_last_edited=\u00bbon|tablet\u00bb header_6_2_font_size_last_edited=\u00bbon|tablet\u00bb header_2_3_font_size_tablet=\u00bb34px\u00bb header_3_3_font_size_tablet=\u00bb34px\u00bb header_4_3_font_size_tablet=\u00bb34px\u00bb header_5_3_font_size_tablet=\u00bb34px\u00bb header_6_3_font_size_tablet=\u00bb34px\u00bb header_2_3_font_size_phone=\u00bb28px\u00bb header_3_3_font_size_phone=\u00bb28px\u00bb header_4_3_font_size_phone=\u00bb28px\u00bb header_5_3_font_size_phone=\u00bb28px\u00bb header_6_3_font_size_phone=\u00bb28px\u00bb header_2_3_font_size_last_edited=\u00bbon|phone\u00bb header_3_3_font_size_last_edited=\u00bbon|phone\u00bb header_4_3_font_size_last_edited=\u00bbon|phone\u00bb header_5_3_font_size_last_edited=\u00bbon|phone\u00bb header_6_3_font_size_last_edited=\u00bbon|phone\u00bb header_2_4_font_size_tablet=\u00bb22px\u00bb header_3_4_font_size_tablet=\u00bb22px\u00bb header_4_4_font_size_tablet=\u00bb22px\u00bb header_5_4_font_size_tablet=\u00bb22px\u00bb header_6_4_font_size_tablet=\u00bb22px\u00bb header_2_4_font_size_phone=\u00bb18px\u00bb header_3_4_font_size_phone=\u00bb18px\u00bb header_4_4_font_size_phone=\u00bb18px\u00bb header_5_4_font_size_phone=\u00bb18px\u00bb header_6_4_font_size_phone=\u00bb18px\u00bb header_2_4_font_size_last_edited=\u00bbon|phone\u00bb header_3_4_font_size_last_edited=\u00bbon|phone\u00bb header_4_4_font_size_last_edited=\u00bbon|phone\u00bb header_5_4_font_size_last_edited=\u00bbon|phone\u00bb header_6_4_font_size_last_edited=\u00bbon|phone\u00bb header_2_5_font_size_phone=\u00bb16px\u00bb header_3_5_font_size_phone=\u00bb16px\u00bb header_4_5_font_size_phone=\u00bb16px\u00bb header_5_5_font_size_phone=\u00bb16px\u00bb header_6_5_font_size_phone=\u00bb16px\u00bb header_2_5_font_size_last_edited=\u00bbon|tablet\u00bb header_3_5_font_size_last_edited=\u00bbon|tablet\u00bb header_4_5_font_size_last_edited=\u00bbon|tablet\u00bb header_5_5_font_size_last_edited=\u00bbon|tablet\u00bb header_6_5_font_size_last_edited=\u00bbon|tablet\u00bb]<h4><span style=\"font-weight: 400;\">Descubrir la aut\u00e9ntica esencia de Cala d&#8217;Or va m\u00e1s all\u00e1 de las aguas cristalinas y las playas encantadoras. Este destino costero no solo cautiva con su belleza natural, sino que tambi\u00e9n se convierte en un vibrante hervidero de tradiciones y alegr\u00eda gracias a una rica variedad de eventos y festivales a lo largo del a\u00f1o.<\/span><\/h4>[\/et_pb_text][et_pb_text _builder_version=\u00bb4.23.1&#8243; text_font=\u00bb||||||||\u00bb text_font_size=\u00bb16px\u00bb text_line_height=\u00bb2em\u00bb text_orientation=\u00bbjustified\u00bb text_font_size_tablet=\u00bb15px\u00bb text_font_size_phone=\u00bb14px\u00bb text_font_size_last_edited=\u00bbon|phone\u00bb locked=\u00bboff\u00bb global_colors_info=\u00bb{}\u00bb]<p><span>En este art\u00edculo, descubre c\u00f3mo los eventos culturales en Cala d&#8217;Or transforman tu experiencia en este encantador rinc\u00f3n mediterr\u00e1neo. Desde celebraciones hist\u00f3ricas hasta festivales vibrantes, sumergirse en la cultura local convierte tus vacaciones en una experiencia inolvidable. Acomp\u00e1\u00f1anos mientras exploramos las tradiciones que dan vida a este cautivador destino costero.<\/span><\/p>[\/et_pb_text][\/et_pb_column][et_pb_column type=\u00bb1_2&#8243; _builder_version=\u00bb4.16&#8243; global_colors_info=\u00bb{}\u00bb][et_pb_text _builder_version=\u00bb4.23.1&#8243; text_font=\u00bb||||||||\u00bb text_font_size=\u00bb16px\u00bb text_line_height=\u00bb2em\u00bb header_2_line_height=\u00bb1.4em\u00bb text_orientation=\u00bbjustified\u00bb text_font_size_tablet=\u00bb15px\u00bb text_font_size_phone=\u00bb14px\u00bb text_font_size_last_edited=\u00bbon|phone\u00bb locked=\u00bboff\u00bb global_colors_info=\u00bb{}\u00bb]<h2><span style=\"font-weight: 400;\">Sum\u00e9rgete en la Cultura Local: Eventos y Festivales en Cala d&#8217;Or<\/span><\/h2>\n<p><span style=\"font-weight: 400;\">Este completo repaso a los eventos y festivales en Cala d&#8217;Or y sus alrededores asegura que tu escapada cultural sea memorable y llena de experiencias aut\u00e9nticas.<\/span><\/p>\n<h3><span style=\"font-weight: 400;\">Fiestas de Cala d&#8217;Or: Celebrando Santa Maria del Mar<\/span><\/h3>\n<p><span style=\"font-weight: 400;\">Las festividades en honor a Santa Maria del Mar, el 15 de agosto, ofrecen una experiencia \u00fanica. Desde una conmovedora misa hasta una procesi\u00f3n mar\u00edtima, estas celebraciones capturan la esencia cultural de Cala d&#8217;Or.<\/span><\/p>\n<h3><span style=\"font-weight: 400;\">Feria Marinera de Cala d&#8217;Or: Una Experiencia \u00danica en Septiembre<\/span><\/h3>\n<p><span style=\"font-weight: 400;\">La Feria Marinera, que tiene lugar durante tres d\u00edas a mediados de septiembre en la Plaza Costa del Centro de Cala d&#8217;Or, es un evento imperdible. Descubre la autenticidad de la cultura local mientras disfrutas de actividades en un ambiente festivo y marino.<\/span><\/p>[\/et_pb_text][\/et_pb_column][\/et_pb_row][et_pb_row column_structure=\u00bb1_2,1_2&#8243; _builder_version=\u00bb4.16&#8243; custom_padding=\u00bb||0px|||\u00bb global_colors_info=\u00bb{}\u00bb][et_pb_column type=\u00bb1_2&#8243; _builder_version=\u00bb4.16&#8243; global_colors_info=\u00bb{}\u00bb][et_pb_image src=\u00bbhttps:\/\/surmasterprojects.com\/wp-content\/uploads\/2023\/11\/san-antonio-torrada-e1700787644213.jpg\u00bb title_text=\u00bbsan-antonio-torrada\u00bb _builder_version=\u00bb4.23.1&#8243; _module_preset=\u00bbdefault\u00bb global_colors_info=\u00bb{}\u00bb][\/et_pb_image][\/et_pb_column][et_pb_column type=\u00bb1_2&#8243; _builder_version=\u00bb4.16&#8243; global_colors_info=\u00bb{}\u00bb][et_pb_text _builder_version=\u00bb4.23.1&#8243; text_font=\u00bb||||||||\u00bb text_font_size=\u00bb16px\u00bb text_line_height=\u00bb2em\u00bb header_2_line_height=\u00bb1.4em\u00bb text_orientation=\u00bbjustified\u00bb text_font_size_tablet=\u00bb15px\u00bb text_font_size_phone=\u00bb14px\u00bb text_font_size_last_edited=\u00bbon|phone\u00bb locked=\u00bboff\u00bb global_colors_info=\u00bb{}\u00bb]<h2><span style=\"font-weight: 400;\">Tradiciones en Santany\u00ed: Fiestas y Ferias Destacadas<\/span><\/h2>\n<h3><span style=\"font-weight: 400;\">Fiesta de Sant Antoni: Bendici\u00f3n de Animales en Cala d&#8217;Or<\/span><\/h3>\n<p><span style=\"font-weight: 400;\">El 17 de enero, Cala d&#8217;Or se une a la tradici\u00f3n mallorquina al bendecir animales durante la Fiesta de Sant Antoni. Disfruta de foguerons y torrades en la noche anterior, haciendo de esta festividad una experiencia m\u00e1gica.<\/span><\/p>\n<h3><span style=\"font-weight: 400;\">Feria de Santany\u00ed: Celebraci\u00f3n Agr\u00edcola, Artesana e Industrial en Octubre<\/span><\/h3>\n<p><span style=\"font-weight: 400;\">El tercer s\u00e1bado de octubre marca la Feria de Santany\u00ed, destacando la riqueza agr\u00edcola, artesanal e industrial. Sum\u00e9rgete en la autenticidad de la regi\u00f3n y disfruta de actividades diversas que celebran la cultura local.<\/span><\/p>[\/et_pb_text][\/et_pb_column][\/et_pb_row][et_pb_row _builder_version=\u00bb4.21.0&#8243; _module_preset=\u00bbdefault\u00bb custom_padding=\u00bb||11px|||\u00bb global_colors_info=\u00bb{}\u00bb][et_pb_column type=\u00bb4_4&#8243; _builder_version=\u00bb4.21.0&#8243; _module_preset=\u00bbdefault\u00bb global_colors_info=\u00bb{}\u00bb][et_pb_text _builder_version=\u00bb4.23.1&#8243; text_font=\u00bb||||||||\u00bb text_font_size=\u00bb16px\u00bb text_line_height=\u00bb2em\u00bb header_2_line_height=\u00bb1.4em\u00bb text_orientation=\u00bbjustified\u00bb custom_margin=\u00bb||61px|||\u00bb text_font_size_tablet=\u00bb15px\u00bb text_font_size_phone=\u00bb14px\u00bb text_font_size_last_edited=\u00bbon|phone\u00bb locked=\u00bboff\u00bb global_colors_info=\u00bb{}\u00bb]<h3>Tesoros Festivos en Santany\u00ed: Explorando la Autenticidad de Mallorca a Trav\u00e9s de sus Vibrantes Tradiciones<\/h3>\n<p><span>Las celebraciones en Santany\u00ed son mucho m\u00e1s que eventos; son manifestaciones de la rica herencia cultural de la regi\u00f3n. Cada fiesta y feria destaca la autenticidad de esta comunidad, permitiendo a los visitantes sumergirse en la esencia misma de Santany\u00ed.<\/span><\/p>\n<p><span>Estas festividades no solo ofrecen una visi\u00f3n de las tradiciones locales, sino que tambi\u00e9n crean un ambiente festivo que une a la comunidad y atrae a visitantes de todas partes. Explorar la autenticidad de Santany\u00ed a trav\u00e9s de sus celebraciones emblem\u00e1ticas es sumergirse en un viaje \u00fanico que deja una impresi\u00f3n duradera de la riqueza cultural de este encantador rinc\u00f3n de Mallorca.<\/span><\/p>[\/et_pb_text][et_pb_divider color=\u00bb#f75e00&#8243; divider_weight=\u00bb4px\u00bb _builder_version=\u00bb4.21.0&#8243; _module_preset=\u00bbdefault\u00bb width=\u00bb40%\u00bb module_alignment=\u00bbcenter\u00bb global_colors_info=\u00bb{}\u00bb][\/et_pb_divider][\/et_pb_column][\/et_pb_row][et_pb_row column_structure=\u00bb1_2,1_2&#8243; _builder_version=\u00bb4.21.0&#8243; custom_padding=\u00bb||0px|||\u00bb global_colors_info=\u00bb{}\u00bb][et_pb_column type=\u00bb1_2&#8243; _builder_version=\u00bb4.16&#8243; global_colors_info=\u00bb{}\u00bb][et_pb_text _builder_version=\u00bb4.23.1&#8243; text_font=\u00bb||||||||\u00bb text_font_size=\u00bb16px\u00bb text_line_height=\u00bb2em\u00bb header_2_line_height=\u00bb1.4em\u00bb text_orientation=\u00bbjustified\u00bb text_font_size_tablet=\u00bb15px\u00bb text_font_size_phone=\u00bb14px\u00bb text_font_size_last_edited=\u00bbon|phone\u00bb locked=\u00bboff\u00bb global_colors_info=\u00bb{}\u00bb]<h2><span style=\"font-weight: 400;\">Celebraciones en Es Llombards, Cala Figuera, y Calonge<\/span><\/h2>\n<p><span style=\"font-weight: 400;\"><span>Cada localidad presenta celebraciones que reflejan su encanto local, sumergiendo a los visitantes en una experiencia cultural aut\u00e9ntica.<\/span><\/span><\/p>\n<h3><span style=\"font-weight: 400;\">Fiestas en Es Llombards: Santo Domingo y la Immaculada Concepci\u00f3<\/span><\/h3>\n<p><span style=\"font-weight: 400;\">Desde la Festividad de Santo Domingo el 8 de agosto hasta la celebraci\u00f3n de la Immaculada Concepci\u00f3 el 8 de diciembre, Es Llombards ofrece eventos culturales y recreativos que enriquecen la experiencia local.<\/span><\/p>\n<h3><span style=\"font-weight: 400;\">Fiestas de Cala Figuera: Procesi\u00f3n Mar\u00edtima en la Festividad del Carmen<\/span><\/h3>\n<p><span style=\"font-weight: 400;\">El 16 de julio, la Festividad del Carmen en Cala Figuera combina una emotiva misa con una impresionante procesi\u00f3n mar\u00edtima. Una experiencia que destaca la conexi\u00f3n de la comunidad con el mar.<\/span><\/p>\n<h3><span style=\"font-weight: 400;\">Fiestas de Calonge: Tradici\u00f3n y Cultura en Diversas Celebraciones<\/span><\/h3>\n<p><span style=\"font-weight: 400;\">Desde la Fiesta de Sant Antoni en enero hasta la celebraci\u00f3n de Sant Miquel el 29 de septiembre, Calonge ofrece eventos religiosos, culturales y recreativos que resaltan su rica herencia.<\/span><\/p>[\/et_pb_text][\/et_pb_column][et_pb_column type=\u00bb1_2&#8243; _builder_version=\u00bb4.16&#8243; global_colors_info=\u00bb{}\u00bb][et_pb_image src=\u00bbhttps:\/\/surmasterprojects.com\/wp-content\/uploads\/2023\/11\/procesion-maritima-e1700787792813.png\u00bb title_text=\u00bbprocesion-maritima\u00bb _builder_version=\u00bb4.23.1&#8243; _module_preset=\u00bbdefault\u00bb global_colors_info=\u00bb{}\u00bb][\/et_pb_image][\/et_pb_column][\/et_pb_row][et_pb_row _builder_version=\u00bb4.21.0&#8243; custom_padding=\u00bb51px||0px|||\u00bb global_colors_info=\u00bb{}\u00bb][et_pb_column type=\u00bb4_4&#8243; _builder_version=\u00bb4.16&#8243; global_colors_info=\u00bb{}\u00bb][et_pb_text _builder_version=\u00bb4.23.1&#8243; text_font=\u00bb||||||||\u00bb text_font_size=\u00bb16px\u00bb text_line_height=\u00bb2em\u00bb header_2_line_height=\u00bb1.4em\u00bb text_orientation=\u00bbjustified\u00bb custom_margin=\u00bb||42px|||\u00bb text_font_size_tablet=\u00bb15px\u00bb text_font_size_phone=\u00bb14px\u00bb text_font_size_last_edited=\u00bbon|phone\u00bb locked=\u00bboff\u00bb global_colors_info=\u00bb{}\u00bb]<blockquote>\n<h2><span style=\"font-weight: 400;\">Preguntas Frecuentes sobre Eventos y Festivales en Cala d&#8217;Or<\/span><\/h2>\n<\/blockquote>\n<h3><\/h3>\n<h3><\/h3>\n<h3><span style=\"font-weight: 400;\">\u00bfCu\u00e1ndo se celebra la Feria Marinera en Cala d&#8217;Or?<\/span><\/h3>\n<p><span style=\"font-weight: 400;\">La Feria Marinera tiene lugar durante tres d\u00edas a mediados de septiembre, incluyendo s\u00e1bado y domingo, en la Plaza Costa del Centro de Cala d&#8217;Or.<\/span><\/p>\n<h3><span style=\"font-weight: 400;\">\u00bfCu\u00e1l es la festividad m\u00e1s destacada en Santany\u00ed?<\/span><\/h3>\n<p><span style=\"font-weight: 400;\">La Feria de Santany\u00ed, celebrada el tercer s\u00e1bado de octubre, es una celebraci\u00f3n agr\u00edcola, artesana e industrial que refleja la autenticidad de la regi\u00f3n.<\/span><\/p>\n<h3><span style=\"font-weight: 400;\">\u00bfExisten eventos culturales durante el invierno en Cala d&#8217;Or?<\/span><\/h3>\n<p><span style=\"font-weight: 400;\">S\u00ed, Cala d&#8217;Or ofrece eventos culturales durante el invierno, como ferias de artesan\u00eda y festivales de m\u00fasica, que mantienen viva la energ\u00eda cultural incluso en las estaciones m\u00e1s frescas.<\/span><\/p>\n<h3><span style=\"font-weight: 400;\">\u00bfCu\u00e1les son algunos eventos gastron\u00f3micos destacados en Cala d&#8217;Or?<\/span><\/h3>\n<p><span style=\"font-weight: 400;\">Descubre la diversidad culinaria de Cala d&#8217;Or participando en eventos gastron\u00f3micos como la Semana Gastron\u00f3mica, que destaca la riqueza de la cocina local con degustaciones y experiencias culinarias \u00fanicas.<\/span><\/p>[\/et_pb_text][\/et_pb_column][\/et_pb_row][\/et_pb_section]\n","protected":false},"excerpt":{"rendered":"<p>EVENTOS EN CALA DOR Explorando la Riqueza Cultural a Trav\u00e9s de Eventos y Festivales en Cala d&#8217;OrDescubrir la aut\u00e9ntica esencia de Cala d&#8217;Or va m\u00e1s all\u00e1 de las aguas cristalinas y las playas encantadoras. Este destino costero no solo cautiva con su belleza natural, sino que tambi\u00e9n se convierte en un vibrante hervidero de tradiciones [&hellip;]<\/p>\n","protected":false},"author":1,"featured_media":7989,"parent":7644,"menu_order":0,"comment_status":"closed","ping_status":"closed","template":"","meta":{"_et_pb_use_builder":"on","_et_pb_old_content":"","_et_gb_content_width":"","footnotes":""},"class_list":["post-7984","page","type-page","status-publish","has-post-thumbnail","hentry"],"yoast_head":"<!-- This site is optimized with the Yoast SEO plugin v27.4 - https:\/\/yoast.com\/product\/yoast-seo-wordpress\/ -->\n<title>Surmaster Projects<\/title>\n<meta name=\"robots\" content=\"index, follow, max-snippet:-1, max-image-preview:large, max-video-preview:-1\" \/>\n<link rel=\"canonical\" href=\"https:\/\/surmasterprojects.com\/en\/blog\/explorando-la-riqueza-cultural-a-traves-de-eventos-y-festivales-en-cala-dor\/\" \/>\n<meta property=\"og:locale\" content=\"en_GB\" \/>\n<meta property=\"og:type\" content=\"article\" \/>\n<meta property=\"og:description\" content=\"EVENTOS EN CALA DOR Explorando la Riqueza Cultural a Trav\u00e9s de Eventos y Festivales en Cala d&#039;OrDescubrir la aut\u00e9ntica esencia de Cala d&#039;Or va m\u00e1s all\u00e1 de las aguas cristalinas y las playas encantadoras. Este destino costero no solo cautiva con su belleza natural, sino que tambi\u00e9n se convierte en un vibrante hervidero de tradiciones [&hellip;]\" \/>\n<meta property=\"og:url\" content=\"https:\/\/surmasterprojects.com\/en\/blog\/explorando-la-riqueza-cultural-a-traves-de-eventos-y-festivales-en-cala-dor\/\" \/>\n<meta property=\"og:site_name\" content=\"Surmaster Projects\" \/>\n<meta property=\"article:modified_time\" content=\"2025-01-31T10:49:13+00:00\" \/>\n<meta property=\"og:image\" content=\"https:\/\/surmasterprojects.com\/wp-content\/uploads\/2023\/11\/san-antonio-torrada-e1700787644213.jpg\" \/>\n\t<meta property=\"og:image:width\" content=\"709\" \/>\n\t<meta property=\"og:image:height\" content=\"636\" \/>\n\t<meta property=\"og:image:type\" content=\"image\/jpeg\" \/>\n<meta name=\"twitter:card\" content=\"summary_large_image\" \/>\n<meta name=\"twitter:label1\" content=\"Estimated reading time\" \/>\n\t<meta name=\"twitter:data1\" content=\"5 minutes\" \/>\n<script type=\"application\/ld+json\" class=\"yoast-schema-graph\">{\"@context\":\"https:\\\/\\\/schema.org\",\"@graph\":[{\"@type\":\"WebPage\",\"@id\":\"https:\\\/\\\/surmasterprojects.com\\\/blog\\\/explorando-la-riqueza-cultural-a-traves-de-eventos-y-festivales-en-cala-dor\\\/\",\"url\":\"https:\\\/\\\/surmasterprojects.com\\\/blog\\\/explorando-la-riqueza-cultural-a-traves-de-eventos-y-festivales-en-cala-dor\\\/\",\"name\":\"\",\"isPartOf\":{\"@id\":\"https:\\\/\\\/surmasterprojects.com\\\/es\\\/#website\"},\"primaryImageOfPage\":{\"@id\":\"https:\\\/\\\/surmasterprojects.com\\\/blog\\\/explorando-la-riqueza-cultural-a-traves-de-eventos-y-festivales-en-cala-dor\\\/#primaryimage\"},\"image\":{\"@id\":\"https:\\\/\\\/surmasterprojects.com\\\/blog\\\/explorando-la-riqueza-cultural-a-traves-de-eventos-y-festivales-en-cala-dor\\\/#primaryimage\"},\"thumbnailUrl\":\"https:\\\/\\\/surmasterprojects.com\\\/wp-content\\\/uploads\\\/2023\\\/11\\\/san-antonio-torrada-e1700787644213.jpg\",\"datePublished\":\"2023-12-11T09:10:16+00:00\",\"dateModified\":\"2025-01-31T10:49:13+00:00\",\"breadcrumb\":{\"@id\":\"https:\\\/\\\/surmasterprojects.com\\\/blog\\\/explorando-la-riqueza-cultural-a-traves-de-eventos-y-festivales-en-cala-dor\\\/#breadcrumb\"},\"inLanguage\":\"en-GB\",\"potentialAction\":[{\"@type\":\"ReadAction\",\"target\":[\"https:\\\/\\\/surmasterprojects.com\\\/blog\\\/explorando-la-riqueza-cultural-a-traves-de-eventos-y-festivales-en-cala-dor\\\/\"]}]},{\"@type\":\"ImageObject\",\"inLanguage\":\"en-GB\",\"@id\":\"https:\\\/\\\/surmasterprojects.com\\\/blog\\\/explorando-la-riqueza-cultural-a-traves-de-eventos-y-festivales-en-cala-dor\\\/#primaryimage\",\"url\":\"https:\\\/\\\/surmasterprojects.com\\\/wp-content\\\/uploads\\\/2023\\\/11\\\/san-antonio-torrada-e1700787644213.jpg\",\"contentUrl\":\"https:\\\/\\\/surmasterprojects.com\\\/wp-content\\\/uploads\\\/2023\\\/11\\\/san-antonio-torrada-e1700787644213.jpg\",\"width\":709,\"height\":636},{\"@type\":\"BreadcrumbList\",\"@id\":\"https:\\\/\\\/surmasterprojects.com\\\/blog\\\/explorando-la-riqueza-cultural-a-traves-de-eventos-y-festivales-en-cala-dor\\\/#breadcrumb\",\"itemListElement\":[{\"@type\":\"ListItem\",\"position\":1,\"name\":\"Portada\",\"item\":\"https:\\\/\\\/surmasterprojects.com\\\/es\\\/\"},{\"@type\":\"ListItem\",\"position\":2,\"name\":\"Blog\",\"item\":\"https:\\\/\\\/surmasterprojects.com\\\/es\\\/blog\\\/\"},{\"@type\":\"ListItem\",\"position\":3,\"name\":\"Eventos y Festivales en Cala d&#8217;Or\"}]},{\"@type\":\"WebSite\",\"@id\":\"https:\\\/\\\/surmasterprojects.com\\\/es\\\/#website\",\"url\":\"https:\\\/\\\/surmasterprojects.com\\\/es\\\/\",\"name\":\"Surmaster Projects\",\"description\":\"\",\"publisher\":{\"@id\":\"https:\\\/\\\/surmasterprojects.com\\\/es\\\/#organization\"},\"potentialAction\":[{\"@type\":\"SearchAction\",\"target\":{\"@type\":\"EntryPoint\",\"urlTemplate\":\"https:\\\/\\\/surmasterprojects.com\\\/es\\\/?s={search_term_string}\"},\"query-input\":{\"@type\":\"PropertyValueSpecification\",\"valueRequired\":true,\"valueName\":\"search_term_string\"}}],\"inLanguage\":\"en-GB\"},{\"@type\":\"Organization\",\"@id\":\"https:\\\/\\\/surmasterprojects.com\\\/es\\\/#organization\",\"name\":\"Surmaster Projects\",\"url\":\"https:\\\/\\\/surmasterprojects.com\\\/es\\\/\",\"logo\":{\"@type\":\"ImageObject\",\"inLanguage\":\"en-GB\",\"@id\":\"https:\\\/\\\/surmasterprojects.com\\\/es\\\/#\\\/schema\\\/logo\\\/image\\\/\",\"url\":\"https:\\\/\\\/surmasterprojects.com\\\/wp-content\\\/uploads\\\/2022\\\/04\\\/cropped-Logo_GrupoSurmaster_negativo.png\",\"contentUrl\":\"https:\\\/\\\/surmasterprojects.com\\\/wp-content\\\/uploads\\\/2022\\\/04\\\/cropped-Logo_GrupoSurmaster_negativo.png\",\"width\":512,\"height\":512,\"caption\":\"Surmaster Projects\"},\"image\":{\"@id\":\"https:\\\/\\\/surmasterprojects.com\\\/es\\\/#\\\/schema\\\/logo\\\/image\\\/\"}}]}<\/script>\n<!-- \/ Yoast SEO plugin. -->","yoast_head_json":{"title":"Surmaster Projects","robots":{"index":"index","follow":"follow","max-snippet":"max-snippet:-1","max-image-preview":"max-image-preview:large","max-video-preview":"max-video-preview:-1"},"canonical":"https:\/\/surmasterprojects.com\/en\/blog\/explorando-la-riqueza-cultural-a-traves-de-eventos-y-festivales-en-cala-dor\/","og_locale":"en_GB","og_type":"article","og_description":"EVENTOS EN CALA DOR Explorando la Riqueza Cultural a Trav\u00e9s de Eventos y Festivales en Cala d'OrDescubrir la aut\u00e9ntica esencia de Cala d'Or va m\u00e1s all\u00e1 de las aguas cristalinas y las playas encantadoras. Este destino costero no solo cautiva con su belleza natural, sino que tambi\u00e9n se convierte en un vibrante hervidero de tradiciones [&hellip;]","og_url":"https:\/\/surmasterprojects.com\/en\/blog\/explorando-la-riqueza-cultural-a-traves-de-eventos-y-festivales-en-cala-dor\/","og_site_name":"Surmaster Projects","article_modified_time":"2025-01-31T10:49:13+00:00","og_image":[{"width":709,"height":636,"url":"https:\/\/surmasterprojects.com\/wp-content\/uploads\/2023\/11\/san-antonio-torrada-e1700787644213.jpg","type":"image\/jpeg"}],"twitter_card":"summary_large_image","twitter_misc":{"Estimated reading time":"5 minutes"},"schema":{"@context":"https:\/\/schema.org","@graph":[{"@type":"WebPage","@id":"https:\/\/surmasterprojects.com\/blog\/explorando-la-riqueza-cultural-a-traves-de-eventos-y-festivales-en-cala-dor\/","url":"https:\/\/surmasterprojects.com\/blog\/explorando-la-riqueza-cultural-a-traves-de-eventos-y-festivales-en-cala-dor\/","name":"","isPartOf":{"@id":"https:\/\/surmasterprojects.com\/es\/#website"},"primaryImageOfPage":{"@id":"https:\/\/surmasterprojects.com\/blog\/explorando-la-riqueza-cultural-a-traves-de-eventos-y-festivales-en-cala-dor\/#primaryimage"},"image":{"@id":"https:\/\/surmasterprojects.com\/blog\/explorando-la-riqueza-cultural-a-traves-de-eventos-y-festivales-en-cala-dor\/#primaryimage"},"thumbnailUrl":"https:\/\/surmasterprojects.com\/wp-content\/uploads\/2023\/11\/san-antonio-torrada-e1700787644213.jpg","datePublished":"2023-12-11T09:10:16+00:00","dateModified":"2025-01-31T10:49:13+00:00","breadcrumb":{"@id":"https:\/\/surmasterprojects.com\/blog\/explorando-la-riqueza-cultural-a-traves-de-eventos-y-festivales-en-cala-dor\/#breadcrumb"},"inLanguage":"en-GB","potentialAction":[{"@type":"ReadAction","target":["https:\/\/surmasterprojects.com\/blog\/explorando-la-riqueza-cultural-a-traves-de-eventos-y-festivales-en-cala-dor\/"]}]},{"@type":"ImageObject","inLanguage":"en-GB","@id":"https:\/\/surmasterprojects.com\/blog\/explorando-la-riqueza-cultural-a-traves-de-eventos-y-festivales-en-cala-dor\/#primaryimage","url":"https:\/\/surmasterprojects.com\/wp-content\/uploads\/2023\/11\/san-antonio-torrada-e1700787644213.jpg","contentUrl":"https:\/\/surmasterprojects.com\/wp-content\/uploads\/2023\/11\/san-antonio-torrada-e1700787644213.jpg","width":709,"height":636},{"@type":"BreadcrumbList","@id":"https:\/\/surmasterprojects.com\/blog\/explorando-la-riqueza-cultural-a-traves-de-eventos-y-festivales-en-cala-dor\/#breadcrumb","itemListElement":[{"@type":"ListItem","position":1,"name":"Portada","item":"https:\/\/surmasterprojects.com\/es\/"},{"@type":"ListItem","position":2,"name":"Blog","item":"https:\/\/surmasterprojects.com\/es\/blog\/"},{"@type":"ListItem","position":3,"name":"Eventos y Festivales en Cala d&#8217;Or"}]},{"@type":"WebSite","@id":"https:\/\/surmasterprojects.com\/es\/#website","url":"https:\/\/surmasterprojects.com\/es\/","name":"Surmaster Projects","description":"","publisher":{"@id":"https:\/\/surmasterprojects.com\/es\/#organization"},"potentialAction":[{"@type":"SearchAction","target":{"@type":"EntryPoint","urlTemplate":"https:\/\/surmasterprojects.com\/es\/?s={search_term_string}"},"query-input":{"@type":"PropertyValueSpecification","valueRequired":true,"valueName":"search_term_string"}}],"inLanguage":"en-GB"},{"@type":"Organization","@id":"https:\/\/surmasterprojects.com\/es\/#organization","name":"Surmaster Projects","url":"https:\/\/surmasterprojects.com\/es\/","logo":{"@type":"ImageObject","inLanguage":"en-GB","@id":"https:\/\/surmasterprojects.com\/es\/#\/schema\/logo\/image\/","url":"https:\/\/surmasterprojects.com\/wp-content\/uploads\/2022\/04\/cropped-Logo_GrupoSurmaster_negativo.png","contentUrl":"https:\/\/surmasterprojects.com\/wp-content\/uploads\/2022\/04\/cropped-Logo_GrupoSurmaster_negativo.png","width":512,"height":512,"caption":"Surmaster Projects"},"image":{"@id":"https:\/\/surmasterprojects.com\/es\/#\/schema\/logo\/image\/"}}]}},"_links":{"self":[{"href":"https:\/\/surmasterprojects.com\/en\/wp-json\/wp\/v2\/pages\/7984","targetHints":{"allow":["GET"]}}],"collection":[{"href":"https:\/\/surmasterprojects.com\/en\/wp-json\/wp\/v2\/pages"}],"about":[{"href":"https:\/\/surmasterprojects.com\/en\/wp-json\/wp\/v2\/types\/page"}],"author":[{"embeddable":true,"href":"https:\/\/surmasterprojects.com\/en\/wp-json\/wp\/v2\/users\/1"}],"replies":[{"embeddable":true,"href":"https:\/\/surmasterprojects.com\/en\/wp-json\/wp\/v2\/comments?post=7984"}],"version-history":[{"count":9,"href":"https:\/\/surmasterprojects.com\/en\/wp-json\/wp\/v2\/pages\/7984\/revisions"}],"predecessor-version":[{"id":9103,"href":"https:\/\/surmasterprojects.com\/en\/wp-json\/wp\/v2\/pages\/7984\/revisions\/9103"}],"up":[{"embeddable":true,"href":"https:\/\/surmasterprojects.com\/en\/wp-json\/wp\/v2\/pages\/7644"}],"wp:featuredmedia":[{"embeddable":true,"href":"https:\/\/surmasterprojects.com\/en\/wp-json\/wp\/v2\/media\/7989"}],"wp:attachment":[{"href":"https:\/\/surmasterprojects.com\/en\/wp-json\/wp\/v2\/media?parent=7984"}],"curies":[{"name":"wp","href":"https:\/\/api.w.org\/{rel}","templated":true}]}}