{"id":8054,"date":"2023-12-20T12:12:11","date_gmt":"2023-12-20T12:12:11","guid":{"rendered":"https:\/\/surmasterprojects.com\/?page_id=8054"},"modified":"2023-12-20T12:12:12","modified_gmt":"2023-12-20T12:12:12","slug":"magia-navidena-en-portocolom-eventos-especiales-para-la-familia","status":"publish","type":"page","link":"https:\/\/surmasterprojects.com\/en\/blog\/magia-navidena-en-portocolom-eventos-especiales-para-la-familia\/","title":{"rendered":"Christmas Magic in Portocolom: Special Events for the Family"},"content":{"rendered":"\n[et_pb_section fb_built=\u00bb1&#8243; _builder_version=\u00bb4.21.0&#8243; _module_preset=\u00bbdefault\u00bb global_colors_info=\u00bb{}\u00bb][et_pb_row _builder_version=\u00bb4.16&#8243; custom_padding=\u00bb21px|||||\u00bb locked=\u00bboff\u00bb global_colors_info=\u00bb{}\u00bb][et_pb_column type=\u00bb4_4&#8243; _builder_version=\u00bb4.16&#8243; global_colors_info=\u00bb{}\u00bb][et_pb_text _builder_version=\u00bb4.23.1&#8243; header_font=\u00bbBellefair||||||||\u00bb header_font_size=\u00bb48px\u00bb header_line_height=\u00bb1.2em\u00bb header_2_font=\u00bbBellefair||||||||\u00bb header_2_text_color=\u00bb#000000&#8243; header_2_font_size=\u00bb48px\u00bb header_2_line_height=\u00bb1.2em\u00bb header_6_font=\u00bbMontserrat|700||on|||||\u00bb header_6_text_color=\u00bb#ff4e00&#8243; header_6_font_size=\u00bb12px\u00bb header_6_letter_spacing=\u00bb2px\u00bb header_6_line_height=\u00bb1.2em\u00bb text_orientation=\u00bbcenter\u00bb max_width=\u00bb700px\u00bb module_alignment=\u00bbcenter\u00bb header_2_font_size_tablet=\u00bb42px\u00bb header_2_font_size_phone=\u00bb34px\u00bb header_2_font_size_last_edited=\u00bbon|desktop\u00bb header_6_font_size_tablet=\u00bb42px\u00bb header_6_font_size_phone=\u00bb34px\u00bb header_6_font_size_last_edited=\u00bboff|phone\u00bb text_text_align=\u00bbjustify\u00bb locked=\u00bboff\u00bb global_colors_info=\u00bb{}\u00bb header_2_2_font_size_tablet=\u00bb42px\u00bb header_3_2_font_size_tablet=\u00bb42px\u00bb header_4_2_font_size_tablet=\u00bb42px\u00bb header_5_2_font_size_tablet=\u00bb42px\u00bb header_6_2_font_size_tablet=\u00bb42px\u00bb header_2_2_font_size_phone=\u00bb34px\u00bb header_3_2_font_size_phone=\u00bb34px\u00bb header_4_2_font_size_phone=\u00bb34px\u00bb header_5_2_font_size_phone=\u00bb34px\u00bb header_6_2_font_size_phone=\u00bb34px\u00bb header_2_2_font_size_last_edited=\u00bbon|tablet\u00bb header_3_2_font_size_last_edited=\u00bbon|tablet\u00bb header_4_2_font_size_last_edited=\u00bbon|tablet\u00bb header_5_2_font_size_last_edited=\u00bbon|tablet\u00bb header_6_2_font_size_last_edited=\u00bbon|tablet\u00bb header_2_3_font_size_tablet=\u00bb34px\u00bb header_3_3_font_size_tablet=\u00bb34px\u00bb header_4_3_font_size_tablet=\u00bb34px\u00bb header_5_3_font_size_tablet=\u00bb34px\u00bb header_6_3_font_size_tablet=\u00bb34px\u00bb header_2_3_font_size_phone=\u00bb28px\u00bb header_3_3_font_size_phone=\u00bb28px\u00bb header_4_3_font_size_phone=\u00bb28px\u00bb header_5_3_font_size_phone=\u00bb28px\u00bb header_6_3_font_size_phone=\u00bb28px\u00bb header_2_3_font_size_last_edited=\u00bbon|phone\u00bb header_3_3_font_size_last_edited=\u00bbon|phone\u00bb header_4_3_font_size_last_edited=\u00bbon|phone\u00bb header_5_3_font_size_last_edited=\u00bbon|phone\u00bb header_6_3_font_size_last_edited=\u00bbon|phone\u00bb header_2_4_font_size_tablet=\u00bb22px\u00bb header_3_4_font_size_tablet=\u00bb22px\u00bb header_4_4_font_size_tablet=\u00bb22px\u00bb header_5_4_font_size_tablet=\u00bb22px\u00bb header_6_4_font_size_tablet=\u00bb22px\u00bb header_2_4_font_size_phone=\u00bb18px\u00bb header_3_4_font_size_phone=\u00bb18px\u00bb header_4_4_font_size_phone=\u00bb18px\u00bb header_5_4_font_size_phone=\u00bb18px\u00bb header_6_4_font_size_phone=\u00bb18px\u00bb header_2_4_font_size_last_edited=\u00bbon|phone\u00bb header_3_4_font_size_last_edited=\u00bbon|phone\u00bb header_4_4_font_size_last_edited=\u00bbon|phone\u00bb header_5_4_font_size_last_edited=\u00bbon|phone\u00bb header_6_4_font_size_last_edited=\u00bbon|phone\u00bb header_2_5_font_size_phone=\u00bb16px\u00bb header_3_5_font_size_phone=\u00bb16px\u00bb header_4_5_font_size_phone=\u00bb16px\u00bb header_5_5_font_size_phone=\u00bb16px\u00bb header_6_5_font_size_phone=\u00bb16px\u00bb header_2_5_font_size_last_edited=\u00bbon|tablet\u00bb header_3_5_font_size_last_edited=\u00bbon|tablet\u00bb header_4_5_font_size_last_edited=\u00bbon|tablet\u00bb header_5_5_font_size_last_edited=\u00bbon|tablet\u00bb header_6_5_font_size_last_edited=\u00bbon|tablet\u00bb]<h6><span data-sheets-root=\"1\" data-sheets-value=\"{&quot;1&quot;:2,&quot;2&quot;:&quot;EVENTOS DE NAVIDAD EN PORTOCOLOM&quot;}\" data-sheets-userformat=\"{&quot;2&quot;:8705,&quot;3&quot;:{&quot;1&quot;:0},&quot;12&quot;:0,&quot;16&quot;:10}\">EVENTOS DE NAVIDAD EN PORTOCOLOM<\/span><\/h6>\n<h1><span style=\"font-weight: 400;\">Magia Navide\u00f1a en Portocolom: Eventos Especiales para la Familia<\/span><\/h1>[\/et_pb_text][et_pb_image src=\u00bbhttps:\/\/surmasterprojects.com\/wp-content\/uploads\/2023\/12\/portada-navidad-portocolom.jpg\u00bb title_text=\u00bbportada-navidad-portocolom\u00bb align=\u00bbcenter\u00bb _builder_version=\u00bb4.23.1&#8243; global_colors_info=\u00bb{}\u00bb][\/et_pb_image][\/et_pb_column][\/et_pb_row][et_pb_row column_structure=\u00bb1_2,1_2&#8243; _builder_version=\u00bb4.16&#8243; custom_padding=\u00bb||0px|||\u00bb global_colors_info=\u00bb{}\u00bb][et_pb_column type=\u00bb1_2&#8243; _builder_version=\u00bb4.16&#8243; global_colors_info=\u00bb{}\u00bb][et_pb_text _builder_version=\u00bb4.23.1&#8243; header_font=\u00bbBellefair||||||||\u00bb header_text_color=\u00bb#000000&#8243; header_font_size=\u00bb48px\u00bb header_line_height=\u00bb1.2em\u00bb header_2_font=\u00bbBellefair||||||||\u00bb header_2_text_align=\u00bbleft\u00bb header_2_text_color=\u00bb#000000&#8243; header_2_font_size=\u00bb48px\u00bb header_2_line_height=\u00bb1.2em\u00bb header_3_font=\u00bbBellefair||||||||\u00bb header_3_text_color=\u00bb#000000&#8243; header_3_font_size=\u00bb38px\u00bb header_3_line_height=\u00bb1.2em\u00bb header_4_font=\u00bbBellefair||||||||\u00bb header_4_text_color=\u00bb#000000&#8243; header_4_font_size=\u00bb30px\u00bb header_4_line_height=\u00bb1.4em\u00bb header_5_font=\u00bbBellefair||||||||\u00bb header_5_text_color=\u00bb#000000&#8243; header_5_font_size=\u00bb22px\u00bb header_5_line_height=\u00bb1.2em\u00bb header_6_font=\u00bbMontserrat|700||on|||||\u00bb header_6_text_color=\u00bb#ff4e00&#8243; header_6_font_size=\u00bb12px\u00bb header_6_letter_spacing=\u00bb2px\u00bb header_6_line_height=\u00bb1.2em\u00bb header_font_size_tablet=\u00bb42px\u00bb header_font_size_phone=\u00bb34px\u00bb header_font_size_last_edited=\u00bbon|tablet\u00bb header_2_font_size_tablet=\u00bb42px\u00bb header_2_font_size_phone=\u00bb34px\u00bb header_2_font_size_last_edited=\u00bbon|tablet\u00bb header_3_font_size_tablet=\u00bb34px\u00bb header_3_font_size_phone=\u00bb28px\u00bb header_3_font_size_last_edited=\u00bbon|phone\u00bb header_4_font_size_tablet=\u00bb22px\u00bb header_4_font_size_phone=\u00bb18px\u00bb header_4_font_size_last_edited=\u00bbon|phone\u00bb header_5_font_size_tablet=\u00bb\u00bb header_5_font_size_phone=\u00bb16px\u00bb header_5_font_size_last_edited=\u00bbon|tablet\u00bb border_color_all=\u00bb#ff4e00&#8243; border_width_bottom=\u00bb4px\u00bb text_text_align=\u00bbjustify\u00bb locked=\u00bboff\u00bb global_colors_info=\u00bb{}\u00bb header_2_2_font_size_tablet=\u00bb42px\u00bb header_3_2_font_size_tablet=\u00bb42px\u00bb header_4_2_font_size_tablet=\u00bb42px\u00bb header_5_2_font_size_tablet=\u00bb42px\u00bb header_6_2_font_size_tablet=\u00bb42px\u00bb header_2_2_font_size_phone=\u00bb34px\u00bb header_3_2_font_size_phone=\u00bb34px\u00bb header_4_2_font_size_phone=\u00bb34px\u00bb header_5_2_font_size_phone=\u00bb34px\u00bb header_6_2_font_size_phone=\u00bb34px\u00bb header_2_2_font_size_last_edited=\u00bbon|tablet\u00bb header_3_2_font_size_last_edited=\u00bbon|tablet\u00bb header_4_2_font_size_last_edited=\u00bbon|tablet\u00bb header_5_2_font_size_last_edited=\u00bbon|tablet\u00bb header_6_2_font_size_last_edited=\u00bbon|tablet\u00bb header_2_3_font_size_tablet=\u00bb34px\u00bb header_3_3_font_size_tablet=\u00bb34px\u00bb header_4_3_font_size_tablet=\u00bb34px\u00bb header_5_3_font_size_tablet=\u00bb34px\u00bb header_6_3_font_size_tablet=\u00bb34px\u00bb header_2_3_font_size_phone=\u00bb28px\u00bb header_3_3_font_size_phone=\u00bb28px\u00bb header_4_3_font_size_phone=\u00bb28px\u00bb header_5_3_font_size_phone=\u00bb28px\u00bb header_6_3_font_size_phone=\u00bb28px\u00bb header_2_3_font_size_last_edited=\u00bbon|phone\u00bb header_3_3_font_size_last_edited=\u00bbon|phone\u00bb header_4_3_font_size_last_edited=\u00bbon|phone\u00bb header_5_3_font_size_last_edited=\u00bbon|phone\u00bb header_6_3_font_size_last_edited=\u00bbon|phone\u00bb header_2_4_font_size_tablet=\u00bb22px\u00bb header_3_4_font_size_tablet=\u00bb22px\u00bb header_4_4_font_size_tablet=\u00bb22px\u00bb header_5_4_font_size_tablet=\u00bb22px\u00bb header_6_4_font_size_tablet=\u00bb22px\u00bb header_2_4_font_size_phone=\u00bb18px\u00bb header_3_4_font_size_phone=\u00bb18px\u00bb header_4_4_font_size_phone=\u00bb18px\u00bb header_5_4_font_size_phone=\u00bb18px\u00bb header_6_4_font_size_phone=\u00bb18px\u00bb header_2_4_font_size_last_edited=\u00bbon|phone\u00bb header_3_4_font_size_last_edited=\u00bbon|phone\u00bb header_4_4_font_size_last_edited=\u00bbon|phone\u00bb header_5_4_font_size_last_edited=\u00bbon|phone\u00bb header_6_4_font_size_last_edited=\u00bbon|phone\u00bb header_2_5_font_size_phone=\u00bb16px\u00bb header_3_5_font_size_phone=\u00bb16px\u00bb header_4_5_font_size_phone=\u00bb16px\u00bb header_5_5_font_size_phone=\u00bb16px\u00bb header_6_5_font_size_phone=\u00bb16px\u00bb header_2_5_font_size_last_edited=\u00bbon|tablet\u00bb header_3_5_font_size_last_edited=\u00bbon|tablet\u00bb header_4_5_font_size_last_edited=\u00bbon|tablet\u00bb header_5_5_font_size_last_edited=\u00bbon|tablet\u00bb header_6_5_font_size_last_edited=\u00bbon|tablet\u00bb]<h4><span>Portocolom se presenta como un destino navide\u00f1o extraordinario, donde la magia, la diversi\u00f3n y la uni\u00f3n familiar se entrelazan para forjar recuerdos imborrables.<\/span><\/h4>[\/et_pb_text][et_pb_text _builder_version=\u00bb4.23.1&#8243; text_font=\u00bb||||||||\u00bb text_font_size=\u00bb16px\u00bb text_line_height=\u00bb2em\u00bb text_orientation=\u00bbjustified\u00bb text_font_size_tablet=\u00bb15px\u00bb text_font_size_phone=\u00bb14px\u00bb text_font_size_last_edited=\u00bbon|phone\u00bb locked=\u00bboff\u00bb global_colors_info=\u00bb{}\u00bb]<p><span>En este art\u00edculo sum\u00e9rgete en la alegr\u00eda de la temporada y crea recuerdos especiales junto a tus seres queridos. \u00a1Te extendemos una c\u00e1lida bienvenida a esta celebraci\u00f3n \u00fanica, llena de luz y festividad en Portocolom!<\/span><\/p>[\/et_pb_text][\/et_pb_column][et_pb_column type=\u00bb1_2&#8243; _builder_version=\u00bb4.16&#8243; global_colors_info=\u00bb{}\u00bb][et_pb_text _builder_version=\u00bb4.23.1&#8243; text_font=\u00bb||||||||\u00bb text_font_size=\u00bb16px\u00bb text_line_height=\u00bb2em\u00bb header_2_line_height=\u00bb1.4em\u00bb text_orientation=\u00bbjustified\u00bb text_font_size_tablet=\u00bb15px\u00bb text_font_size_phone=\u00bb14px\u00bb text_font_size_last_edited=\u00bbon|phone\u00bb locked=\u00bboff\u00bb global_colors_info=\u00bb{}\u00bb]<h2><span style=\"font-weight: 400;\">Celebra la Magia Navide\u00f1a en Portocolom: Un Mes de Experiencias \u00danicas<\/span><\/h2>\n<p><span style=\"font-weight: 400;\">La encantadora ciudad de Portocolom se convierte en un rinc\u00f3n m\u00e1gico durante la temporada navide\u00f1a, iluminando las calles con luces y alegr\u00eda. Desde el deslumbrante desfile de los Reyes Magos hasta las diversas actividades planificadas por el Ayuntamiento de Felanitx, Portocolom emerge como el destino perfecto para celebrar con la familia. Descubre a continuaci\u00f3n los momentos m\u00e1s destacados de esta experiencia navide\u00f1a \u00fanica.<\/span><\/p>[\/et_pb_text][\/et_pb_column][\/et_pb_row][et_pb_row column_structure=\u00bb1_2,1_2&#8243; _builder_version=\u00bb4.16&#8243; custom_padding=\u00bb||0px|||\u00bb global_colors_info=\u00bb{}\u00bb][et_pb_column type=\u00bb1_2&#8243; _builder_version=\u00bb4.16&#8243; global_colors_info=\u00bb{}\u00bb][et_pb_image src=\u00bbhttps:\/\/surmasterprojects.com\/wp-content\/uploads\/2023\/12\/reyes-magos-portocolom.jpg\u00bb title_text=\u00bbCabalgata Reyes Magos 10&#8243; _builder_version=\u00bb4.23.1&#8243; _module_preset=\u00bbdefault\u00bb global_colors_info=\u00bb{}\u00bb][\/et_pb_image][\/et_pb_column][et_pb_column type=\u00bb1_2&#8243; _builder_version=\u00bb4.16&#8243; global_colors_info=\u00bb{}\u00bb][et_pb_text _builder_version=\u00bb4.23.1&#8243; text_font=\u00bb||||||||\u00bb text_font_size=\u00bb16px\u00bb text_line_height=\u00bb2em\u00bb header_2_line_height=\u00bb1.4em\u00bb text_orientation=\u00bbjustified\u00bb text_font_size_tablet=\u00bb15px\u00bb text_font_size_phone=\u00bb14px\u00bb text_font_size_last_edited=\u00bbon|phone\u00bb locked=\u00bboff\u00bb global_colors_info=\u00bb{}\u00bb]<h2><span style=\"font-weight: 400;\">Deslumbrando la Ciudad: Tradiciones que Inician la Celebraci\u00f3n<\/span><\/h2>\n<p><span style=\"font-weight: 400;\">El espectacular desfile de los Reyes Magos en Manacor marca el comienzo de las festividades, iluminando las calles centrales con tres carrozas impresionantes. Este evento no solo trae luz a la ciudad sino que tambi\u00e9n incorpora tradiciones como el carboner y la carroza dedicada a la Reina de Saba, a\u00f1adiendo un toque especial a la celebraci\u00f3n.<\/span><\/p>\n<p><span style=\"font-weight: 400;\">La comunidad se re\u00fane para ser testigo del inicio oficial de las festividades.<\/span><\/p>[\/et_pb_text][\/et_pb_column][\/et_pb_row][et_pb_row _builder_version=\u00bb4.21.0&#8243; _module_preset=\u00bbdefault\u00bb custom_padding=\u00bb||11px|||\u00bb global_colors_info=\u00bb{}\u00bb][et_pb_column type=\u00bb4_4&#8243; _builder_version=\u00bb4.21.0&#8243; _module_preset=\u00bbdefault\u00bb global_colors_info=\u00bb{}\u00bb][et_pb_text _builder_version=\u00bb4.23.1&#8243; text_font=\u00bb||||||||\u00bb text_font_size=\u00bb16px\u00bb text_line_height=\u00bb2em\u00bb header_2_line_height=\u00bb1.4em\u00bb text_orientation=\u00bbjustified\u00bb custom_margin=\u00bb||19px|||\u00bb text_font_size_tablet=\u00bb15px\u00bb text_font_size_phone=\u00bb14px\u00bb text_font_size_last_edited=\u00bbon|phone\u00bb locked=\u00bboff\u00bb global_colors_info=\u00bb{}\u00bb]<h3><span style=\"font-weight: 400;\">Luces, Magia y Costumbres<\/span><\/h3>\n<p><span style=\"font-weight: 400;\">El encendido de luces en Portocolom no solo es un espect\u00e1culo visual impresionante, sino tambi\u00e9n una tradici\u00f3n que crea un ambiente festivo y acogedor. Las calles iluminadas proporcionan el escenario perfecto para dar inicio a la temporada navide\u00f1a, sumergiendo a residentes y visitantes en la atm\u00f3sfera m\u00e1gica.<\/span><\/p>[\/et_pb_text][et_pb_text _builder_version=\u00bb4.23.1&#8243; text_font=\u00bb||||||||\u00bb text_font_size=\u00bb16px\u00bb text_line_height=\u00bb2em\u00bb header_2_line_height=\u00bb1.4em\u00bb text_orientation=\u00bbjustified\u00bb custom_margin=\u00bb||-1px|||\u00bb text_font_size_tablet=\u00bb15px\u00bb text_font_size_phone=\u00bb14px\u00bb text_font_size_last_edited=\u00bbon|phone\u00bb locked=\u00bboff\u00bb global_colors_info=\u00bb{}\u00bb]<h3><span style=\"font-weight: 400;\">Viaje M\u00e1gico por Mar: La Llegada Tradicional de los Reyes<\/span><\/h3>\n<p><span style=\"font-weight: 400;\">Felanitx da la bienvenida a los Reyes Magos con una llegada \u00fanica por mar. Desde el muelle de Portocolom hasta el recorrido por s&#8217;Horta, Cala Ferrera, Cas Concos y Felanitx, este viaje m\u00e1gico se ha convertido en una tradici\u00f3n especial. La participaci\u00f3n de autoridades municipales y la caravana de veh\u00edculos crea un desfile encantador que culmina en el Ajuntament, dejando una impresi\u00f3n duradera.<\/span><\/p>[\/et_pb_text][\/et_pb_column][\/et_pb_row][et_pb_row column_structure=\u00bb1_2,1_2&#8243; _builder_version=\u00bb4.21.0&#8243; custom_padding=\u00bb||0px|||\u00bb global_colors_info=\u00bb{}\u00bb][et_pb_column type=\u00bb1_2&#8243; _builder_version=\u00bb4.16&#8243; global_colors_info=\u00bb{}\u00bb][et_pb_text _builder_version=\u00bb4.23.1&#8243; text_font=\u00bb||||||||\u00bb text_font_size=\u00bb16px\u00bb text_line_height=\u00bb2em\u00bb header_2_line_height=\u00bb1.4em\u00bb text_orientation=\u00bbjustified\u00bb min_height=\u00bb362.8px\u00bb custom_margin=\u00bb||64px|||\u00bb text_font_size_tablet=\u00bb15px\u00bb text_font_size_phone=\u00bb14px\u00bb text_font_size_last_edited=\u00bbon|phone\u00bb locked=\u00bboff\u00bb global_colors_info=\u00bb{}\u00bb]<h2><span style=\"font-weight: 400;\">Cabalgatas M\u00e1gicas: Un Recorrido por la Alegr\u00eda<\/span><\/h2>\n<p>La alegr\u00eda navide\u00f1a inunda Marratx\u00ed con sus seis encantadoras cabalgatas, iluminando cada rinc\u00f3n desde Es Figueral hasta sa Cabaneta. En Inca, la inclusi\u00f3n de la carroza de Correos agrega un toque distintivo y festivo al evento, resaltando la creatividad y la colaboraci\u00f3n comunitaria.<\/p>\n<p>La participaci\u00f3n de los Reyes Magos, pajes reales y ni\u00f1os del Club de Esplai en estas celebraciones crea momentos inolvidables que estrechan los lazos entre vecinos, generando una atm\u00f3sfera \u00fanica.<\/p>[\/et_pb_text][\/et_pb_column][et_pb_column type=\u00bb1_2&#8243; _builder_version=\u00bb4.16&#8243; global_colors_info=\u00bb{}\u00bb][et_pb_image src=\u00bbhttps:\/\/surmasterprojects.com\/wp-content\/uploads\/2023\/12\/cabalgata-de-reyes-portocolom.jpg\u00bb title_text=\u00bbcabalgata-de-reyes-portocolom\u00bb _builder_version=\u00bb4.23.1&#8243; _module_preset=\u00bbdefault\u00bb global_colors_info=\u00bb{}\u00bb][\/et_pb_image][\/et_pb_column][\/et_pb_row][et_pb_row _builder_version=\u00bb4.21.0&#8243; _module_preset=\u00bbdefault\u00bb custom_padding=\u00bb||11px|||\u00bb global_colors_info=\u00bb{}\u00bb][et_pb_column type=\u00bb4_4&#8243; _builder_version=\u00bb4.21.0&#8243; _module_preset=\u00bbdefault\u00bb global_colors_info=\u00bb{}\u00bb][et_pb_divider color=\u00bb#f75e00&#8243; divider_weight=\u00bb4px\u00bb _builder_version=\u00bb4.21.0&#8243; _module_preset=\u00bbdefault\u00bb width=\u00bb40%\u00bb module_alignment=\u00bbcenter\u00bb global_colors_info=\u00bb{}\u00bb][\/et_pb_divider][et_pb_text _builder_version=\u00bb4.23.1&#8243; text_font=\u00bb||||||||\u00bb text_font_size=\u00bb16px\u00bb text_line_height=\u00bb2em\u00bb header_2_line_height=\u00bb1.4em\u00bb text_orientation=\u00bbjustified\u00bb custom_margin=\u00bb||19px|||\u00bb text_font_size_tablet=\u00bb15px\u00bb text_font_size_phone=\u00bb14px\u00bb text_font_size_last_edited=\u00bbon|phone\u00bb locked=\u00bboff\u00bb global_colors_info=\u00bb{}\u00bb]<h2><span style=\"font-weight: 400;\">Gran Variedad de Eventos en Felanitx: Un Mes Lleno de Emociones<\/span><\/h2>\n<p><span style=\"font-weight: 400;\">El Ayuntamiento de Felanitx ha elaborado un <a href=\"https:\/\/surmasterprojects.com\/wp-content\/uploads\/2023\/12\/eventos-navidad-felanitx-2023-1.pdf\">calendario completo<\/a> de eventos que se extiende hasta la festividad de los Reyes. Desde el encendido de luces, que cont\u00f3 con la participaci\u00f3n especial del Consejo de Ni\u00f1os del municipio bajo el lema \u00abViu Nadal a Felanitx\u00bb, hasta actividades para todas las edades, la diversi\u00f3n est\u00e1 garantizada en cada rinc\u00f3n del encantador municipio de Felanitx.<\/span><\/p>[\/et_pb_text][et_pb_text _builder_version=\u00bb4.23.1&#8243; text_font=\u00bb||||||||\u00bb text_font_size=\u00bb16px\u00bb text_line_height=\u00bb2em\u00bb header_2_line_height=\u00bb1.4em\u00bb text_orientation=\u00bbjustified\u00bb custom_margin=\u00bb||-3px|||\u00bb text_font_size_tablet=\u00bb15px\u00bb text_font_size_phone=\u00bb14px\u00bb text_font_size_last_edited=\u00bbon|phone\u00bb locked=\u00bboff\u00bb global_colors_info=\u00bb{}\u00bb]<h3><span style=\"font-weight: 400;\">Eventos Destacados: Una Celebraci\u00f3n Inclusiva para Todos<\/span><\/h3>\n<p><span style=\"font-weight: 400;\">Diversidad de actividades planificadas para todas las edades. La inclusividad es clave, asegurando que desde los m\u00e1s peque\u00f1os hasta los adultos encuentren momentos especiales durante las festividades. La celebraci\u00f3n se extiende por todo el municipio, ofreciendo a los habitantes y visitantes una experiencia navide\u00f1a \u00fanica.<\/span><\/p>[\/et_pb_text][\/et_pb_column][\/et_pb_row][et_pb_row column_structure=\u00bb1_2,1_2&#8243; _builder_version=\u00bb4.16&#8243; custom_padding=\u00bb||0px|||\u00bb global_colors_info=\u00bb{}\u00bb][et_pb_column type=\u00bb1_2&#8243; _builder_version=\u00bb4.16&#8243; global_colors_info=\u00bb{}\u00bb][et_pb_image src=\u00bbhttps:\/\/surmasterprojects.com\/wp-content\/uploads\/2023\/12\/taller-navidad-e1703072292115.jpg\u00bb title_text=\u00bbtaller-navidad\u00bb _builder_version=\u00bb4.23.1&#8243; _module_preset=\u00bbdefault\u00bb global_colors_info=\u00bb{}\u00bb][\/et_pb_image][\/et_pb_column][et_pb_column type=\u00bb1_2&#8243; _builder_version=\u00bb4.16&#8243; global_colors_info=\u00bb{}\u00bb][et_pb_text _builder_version=\u00bb4.23.1&#8243; text_font=\u00bb||||||||\u00bb text_font_size=\u00bb16px\u00bb text_line_height=\u00bb2em\u00bb header_2_line_height=\u00bb1.4em\u00bb text_orientation=\u00bbjustified\u00bb min_height=\u00bb682px\u00bb custom_margin=\u00bb||64px|||\u00bb custom_padding=\u00bb||0px|||\u00bb text_font_size_tablet=\u00bb15px\u00bb text_font_size_phone=\u00bb14px\u00bb text_font_size_last_edited=\u00bbon|phone\u00bb locked=\u00bboff\u00bb global_colors_info=\u00bb{}\u00bb]<h3><span style=\"font-weight: 400;\">\u00abJugam amb Nadal\u00bb: Talleres Navide\u00f1os para Ni\u00f1os<\/span><\/h3>\n<p><span style=\"font-weight: 400;\">Un evento especial, \u00abJugam amb Nadal\u00bb, se llevar\u00e1 a cabo el 22 de diciembre en los cuatro n\u00facleos urbanos de Felanitx. Este evento ofrece talleres y actividades para ni\u00f1os de 4 a 12 a\u00f1os, fomentando la creatividad festiva a trav\u00e9s de la elaboraci\u00f3n de adornos y tarjetas.<\/span><\/p>\n<h3><span style=\"font-weight: 400;\">Ludoteca de Navidad: Diversi\u00f3n Continua Durante las Vacaciones<\/span><\/h3>\n<p><span style=\"font-weight: 400;\">La Ludoteca de Navidad, programada del 26 al 29 de diciembre y del 2 al 5 de enero en Felanitx, Portocolom, S&#8217;Horta y Cas Concos, ofrece a los ni\u00f1os de 4 a 12 a\u00f1os la oportunidad de participar en actividades emocionantes. Esta iniciativa promete d\u00edas llenos de risas y aprendizaje para los m\u00e1s peque\u00f1os.<\/span><\/p>\n<h3><span style=\"font-weight: 400;\">Campa\u00f1a Jugar ens fa Iguals: Fomentando la Igualdad a Trav\u00e9s del Juego<\/span><\/h3>\n<p><span style=\"font-weight: 400;\">La campa\u00f1a \u00abJugar ens fa Iguals\u00bb, busca reflexionar sobre la universalidad del juego, independientemente del g\u00e9nero. Padres, madres y ni\u00f1os est\u00e1n invitados a participar en actividades que fomenten la igualdad y la diversidad durante la temporada navide\u00f1a.<\/span><\/p>[\/et_pb_text][\/et_pb_column][\/et_pb_row][et_pb_row _builder_version=\u00bb4.21.0&#8243; custom_padding=\u00bb53px||0px|||\u00bb global_colors_info=\u00bb{}\u00bb][et_pb_column type=\u00bb4_4&#8243; _builder_version=\u00bb4.16&#8243; global_colors_info=\u00bb{}\u00bb][et_pb_divider color=\u00bb#f75e00&#8243; divider_weight=\u00bb4px\u00bb _builder_version=\u00bb4.21.0&#8243; _module_preset=\u00bbdefault\u00bb width=\u00bb40%\u00bb module_alignment=\u00bbcenter\u00bb global_colors_info=\u00bb{}\u00bb][\/et_pb_divider][et_pb_text _builder_version=\u00bb4.23.1&#8243; text_font=\u00bb||||||||\u00bb text_font_size=\u00bb16px\u00bb text_line_height=\u00bb2em\u00bb header_2_line_height=\u00bb1.4em\u00bb text_orientation=\u00bbjustified\u00bb custom_margin=\u00bb||42px|||\u00bb hover_enabled=\u00bb0&#8243; text_font_size_tablet=\u00bb15px\u00bb text_font_size_phone=\u00bb14px\u00bb text_font_size_last_edited=\u00bbon|phone\u00bb locked=\u00bboff\u00bb global_colors_info=\u00bb{}\u00bb sticky_enabled=\u00bb0&#8243;]<blockquote>\n<h2><span style=\"font-weight: 400;\">Preguntas Frecuentes sobre la Magia Navide\u00f1a en Portocolom<\/span><\/h2>\n<\/blockquote>\n<h3><\/h3>\n<h3><\/h3>\n<h3><span style=\"font-weight: 400;\">\u00bfCu\u00e1ndo comienza la temporada navide\u00f1a en Portocolom y cu\u00e1l es el evento que marca su inicio?<\/span><\/h3>\n<p><span style=\"font-weight: 400;\">\u00a0La temporada navide\u00f1a en Portocolom comienza con el espectacular desfile de los Reyes Magos en Manacor, iluminando las calles y dando inicio a las festividades.<\/span><\/p>\n<h3><\/h3>\n<h3><\/h3>\n<h3><span style=\"font-weight: 400;\">\u00bfCu\u00e1les son las tradiciones incorporadas durante el desfile de los Reyes Magos en Manacor?<\/span><\/h3>\n<p><span style=\"font-weight: 400;\">El desfile no solo trae luz a la ciudad, sino que tambi\u00e9n incorpora tradiciones como el carboner y la carroza dedicada a la Reina de Saba, a\u00f1adiendo un toque especial y cultural a la celebraci\u00f3n<\/span>.<\/p>\n<h3><\/h3>\n<h3><\/h3>\n<h3><span style=\"font-weight: 400;\">\u00bfQu\u00e9 actividades y eventos destacados ofrece el Ayuntamiento de Felanitx durante la temporada navide\u00f1a?<\/span><\/h3>\n<p><span style=\"font-weight: 400;\">El Ayuntamiento de Felanitx ha planificado una variedad de eventos, desde el encendido de luces hasta actividades para todas las edades, creando una experiencia festiva en todo el municipio.<\/span><\/p>\n<h3><\/h3>\n<h3><\/h3>\n<h3><span style=\"font-weight: 400;\">\u00bfCu\u00e1les son los detalles sobre el evento especial \u00abJugam amb Nadal\u00bb y qu\u00e9 lo hace \u00fanico para ni\u00f1os de 4 a 12 a\u00f1os?<\/span><\/h3>\n<p><span style=\"font-weight: 400;\">\u00abJugam amb Nadal\u00bb es un evento especial con talleres y actividades para ni\u00f1os de 4 a 12 a\u00f1os, fomentando la creatividad festiva a trav\u00e9s de la elaboraci\u00f3n de adornos y tarjetas. La participaci\u00f3n de artistas locales y la uni\u00f3n familiar hacen de este evento una experiencia \u00fanica y significativa para los m\u00e1s peque\u00f1os.<\/span><\/p>[\/et_pb_text][\/et_pb_column][\/et_pb_row][\/et_pb_section]\n","protected":false},"excerpt":{"rendered":"<p>EVENTOS DE NAVIDAD EN PORTOCOLOM Magia Navide\u00f1a en Portocolom: Eventos Especiales para la FamiliaPortocolom se presenta como un destino navide\u00f1o extraordinario, donde la magia, la diversi\u00f3n y la uni\u00f3n familiar se entrelazan para forjar recuerdos imborrables.En este art\u00edculo sum\u00e9rgete en la alegr\u00eda de la temporada y crea recuerdos especiales junto a tus seres queridos. \u00a1Te [&hellip;]<\/p>\n","protected":false},"author":1,"featured_media":8050,"parent":7644,"menu_order":0,"comment_status":"closed","ping_status":"closed","template":"","meta":{"_et_pb_use_builder":"on","_et_pb_old_content":"","_et_gb_content_width":"","footnotes":""},"class_list":["post-8054","page","type-page","status-publish","has-post-thumbnail","hentry"],"yoast_head":"<!-- This site is optimized with the Yoast SEO plugin v27.4 - https:\/\/yoast.com\/product\/yoast-seo-wordpress\/ -->\n<title>Surmaster Projects<\/title>\n<meta name=\"robots\" content=\"index, follow, max-snippet:-1, max-image-preview:large, max-video-preview:-1\" \/>\n<link rel=\"canonical\" href=\"https:\/\/surmasterprojects.com\/en\/blog\/magia-navidena-en-portocolom-eventos-especiales-para-la-familia\/\" \/>\n<meta property=\"og:locale\" content=\"en_GB\" \/>\n<meta property=\"og:type\" content=\"article\" \/>\n<meta property=\"og:description\" content=\"EVENTOS DE NAVIDAD EN PORTOCOLOM Magia Navide\u00f1a en Portocolom: Eventos Especiales para la FamiliaPortocolom se presenta como un destino navide\u00f1o extraordinario, donde la magia, la diversi\u00f3n y la uni\u00f3n familiar se entrelazan para forjar recuerdos imborrables.En este art\u00edculo sum\u00e9rgete en la alegr\u00eda de la temporada y crea recuerdos especiales junto a tus seres queridos. \u00a1Te [&hellip;]\" \/>\n<meta property=\"og:url\" content=\"https:\/\/surmasterprojects.com\/en\/blog\/magia-navidena-en-portocolom-eventos-especiales-para-la-familia\/\" \/>\n<meta property=\"og:site_name\" content=\"Surmaster Projects\" \/>\n<meta property=\"article:modified_time\" content=\"2023-12-20T12:12:12+00:00\" \/>\n<meta property=\"og:image\" content=\"https:\/\/surmasterprojects.com\/wp-content\/uploads\/2023\/12\/reyes-magos-portocolom.jpg\" \/>\n\t<meta property=\"og:image:width\" content=\"1024\" \/>\n\t<meta property=\"og:image:height\" content=\"680\" \/>\n\t<meta property=\"og:image:type\" content=\"image\/jpeg\" \/>\n<meta name=\"twitter:card\" content=\"summary_large_image\" \/>\n<meta name=\"twitter:label1\" content=\"Estimated reading time\" \/>\n\t<meta name=\"twitter:data1\" content=\"15 minutes\" \/>\n<script type=\"application\/ld+json\" class=\"yoast-schema-graph\">{\"@context\":\"https:\\\/\\\/schema.org\",\"@graph\":[{\"@type\":\"WebPage\",\"@id\":\"https:\\\/\\\/surmasterprojects.com\\\/blog\\\/magia-navidena-en-portocolom-eventos-especiales-para-la-familia\\\/\",\"url\":\"https:\\\/\\\/surmasterprojects.com\\\/blog\\\/magia-navidena-en-portocolom-eventos-especiales-para-la-familia\\\/\",\"name\":\"\",\"isPartOf\":{\"@id\":\"https:\\\/\\\/surmasterprojects.com\\\/es\\\/#website\"},\"primaryImageOfPage\":{\"@id\":\"https:\\\/\\\/surmasterprojects.com\\\/blog\\\/magia-navidena-en-portocolom-eventos-especiales-para-la-familia\\\/#primaryimage\"},\"image\":{\"@id\":\"https:\\\/\\\/surmasterprojects.com\\\/blog\\\/magia-navidena-en-portocolom-eventos-especiales-para-la-familia\\\/#primaryimage\"},\"thumbnailUrl\":\"https:\\\/\\\/surmasterprojects.com\\\/wp-content\\\/uploads\\\/2023\\\/12\\\/reyes-magos-portocolom.jpg\",\"datePublished\":\"2023-12-20T12:12:11+00:00\",\"dateModified\":\"2023-12-20T12:12:12+00:00\",\"breadcrumb\":{\"@id\":\"https:\\\/\\\/surmasterprojects.com\\\/blog\\\/magia-navidena-en-portocolom-eventos-especiales-para-la-familia\\\/#breadcrumb\"},\"inLanguage\":\"en-GB\",\"potentialAction\":[{\"@type\":\"ReadAction\",\"target\":[\"https:\\\/\\\/surmasterprojects.com\\\/blog\\\/magia-navidena-en-portocolom-eventos-especiales-para-la-familia\\\/\"]}]},{\"@type\":\"ImageObject\",\"inLanguage\":\"en-GB\",\"@id\":\"https:\\\/\\\/surmasterprojects.com\\\/blog\\\/magia-navidena-en-portocolom-eventos-especiales-para-la-familia\\\/#primaryimage\",\"url\":\"https:\\\/\\\/surmasterprojects.com\\\/wp-content\\\/uploads\\\/2023\\\/12\\\/reyes-magos-portocolom.jpg\",\"contentUrl\":\"https:\\\/\\\/surmasterprojects.com\\\/wp-content\\\/uploads\\\/2023\\\/12\\\/reyes-magos-portocolom.jpg\",\"width\":1024,\"height\":680,\"caption\":\"Cabalgata de SS. MM. los Reyes Magos, en El Saucejo. Martes 6 de Enero de 2010\"},{\"@type\":\"BreadcrumbList\",\"@id\":\"https:\\\/\\\/surmasterprojects.com\\\/blog\\\/magia-navidena-en-portocolom-eventos-especiales-para-la-familia\\\/#breadcrumb\",\"itemListElement\":[{\"@type\":\"ListItem\",\"position\":1,\"name\":\"Portada\",\"item\":\"https:\\\/\\\/surmasterprojects.com\\\/es\\\/\"},{\"@type\":\"ListItem\",\"position\":2,\"name\":\"Blog\",\"item\":\"https:\\\/\\\/surmasterprojects.com\\\/es\\\/blog\\\/\"},{\"@type\":\"ListItem\",\"position\":3,\"name\":\"Magia Navide\u00f1a en Portocolom: Eventos Especiales para la Familia\"}]},{\"@type\":\"WebSite\",\"@id\":\"https:\\\/\\\/surmasterprojects.com\\\/es\\\/#website\",\"url\":\"https:\\\/\\\/surmasterprojects.com\\\/es\\\/\",\"name\":\"Surmaster Projects\",\"description\":\"\",\"publisher\":{\"@id\":\"https:\\\/\\\/surmasterprojects.com\\\/es\\\/#organization\"},\"potentialAction\":[{\"@type\":\"SearchAction\",\"target\":{\"@type\":\"EntryPoint\",\"urlTemplate\":\"https:\\\/\\\/surmasterprojects.com\\\/es\\\/?s={search_term_string}\"},\"query-input\":{\"@type\":\"PropertyValueSpecification\",\"valueRequired\":true,\"valueName\":\"search_term_string\"}}],\"inLanguage\":\"en-GB\"},{\"@type\":\"Organization\",\"@id\":\"https:\\\/\\\/surmasterprojects.com\\\/es\\\/#organization\",\"name\":\"Surmaster Projects\",\"url\":\"https:\\\/\\\/surmasterprojects.com\\\/es\\\/\",\"logo\":{\"@type\":\"ImageObject\",\"inLanguage\":\"en-GB\",\"@id\":\"https:\\\/\\\/surmasterprojects.com\\\/es\\\/#\\\/schema\\\/logo\\\/image\\\/\",\"url\":\"https:\\\/\\\/surmasterprojects.com\\\/wp-content\\\/uploads\\\/2022\\\/04\\\/cropped-Logo_GrupoSurmaster_negativo.png\",\"contentUrl\":\"https:\\\/\\\/surmasterprojects.com\\\/wp-content\\\/uploads\\\/2022\\\/04\\\/cropped-Logo_GrupoSurmaster_negativo.png\",\"width\":512,\"height\":512,\"caption\":\"Surmaster Projects\"},\"image\":{\"@id\":\"https:\\\/\\\/surmasterprojects.com\\\/es\\\/#\\\/schema\\\/logo\\\/image\\\/\"}}]}<\/script>\n<!-- \/ Yoast SEO plugin. -->","yoast_head_json":{"title":"Surmaster Projects","robots":{"index":"index","follow":"follow","max-snippet":"max-snippet:-1","max-image-preview":"max-image-preview:large","max-video-preview":"max-video-preview:-1"},"canonical":"https:\/\/surmasterprojects.com\/en\/blog\/magia-navidena-en-portocolom-eventos-especiales-para-la-familia\/","og_locale":"en_GB","og_type":"article","og_description":"EVENTOS DE NAVIDAD EN PORTOCOLOM Magia Navide\u00f1a en Portocolom: Eventos Especiales para la FamiliaPortocolom se presenta como un destino navide\u00f1o extraordinario, donde la magia, la diversi\u00f3n y la uni\u00f3n familiar se entrelazan para forjar recuerdos imborrables.En este art\u00edculo sum\u00e9rgete en la alegr\u00eda de la temporada y crea recuerdos especiales junto a tus seres queridos. \u00a1Te [&hellip;]","og_url":"https:\/\/surmasterprojects.com\/en\/blog\/magia-navidena-en-portocolom-eventos-especiales-para-la-familia\/","og_site_name":"Surmaster Projects","article_modified_time":"2023-12-20T12:12:12+00:00","og_image":[{"width":1024,"height":680,"url":"https:\/\/surmasterprojects.com\/wp-content\/uploads\/2023\/12\/reyes-magos-portocolom.jpg","type":"image\/jpeg"}],"twitter_card":"summary_large_image","twitter_misc":{"Estimated reading time":"15 minutes"},"schema":{"@context":"https:\/\/schema.org","@graph":[{"@type":"WebPage","@id":"https:\/\/surmasterprojects.com\/blog\/magia-navidena-en-portocolom-eventos-especiales-para-la-familia\/","url":"https:\/\/surmasterprojects.com\/blog\/magia-navidena-en-portocolom-eventos-especiales-para-la-familia\/","name":"","isPartOf":{"@id":"https:\/\/surmasterprojects.com\/es\/#website"},"primaryImageOfPage":{"@id":"https:\/\/surmasterprojects.com\/blog\/magia-navidena-en-portocolom-eventos-especiales-para-la-familia\/#primaryimage"},"image":{"@id":"https:\/\/surmasterprojects.com\/blog\/magia-navidena-en-portocolom-eventos-especiales-para-la-familia\/#primaryimage"},"thumbnailUrl":"https:\/\/surmasterprojects.com\/wp-content\/uploads\/2023\/12\/reyes-magos-portocolom.jpg","datePublished":"2023-12-20T12:12:11+00:00","dateModified":"2023-12-20T12:12:12+00:00","breadcrumb":{"@id":"https:\/\/surmasterprojects.com\/blog\/magia-navidena-en-portocolom-eventos-especiales-para-la-familia\/#breadcrumb"},"inLanguage":"en-GB","potentialAction":[{"@type":"ReadAction","target":["https:\/\/surmasterprojects.com\/blog\/magia-navidena-en-portocolom-eventos-especiales-para-la-familia\/"]}]},{"@type":"ImageObject","inLanguage":"en-GB","@id":"https:\/\/surmasterprojects.com\/blog\/magia-navidena-en-portocolom-eventos-especiales-para-la-familia\/#primaryimage","url":"https:\/\/surmasterprojects.com\/wp-content\/uploads\/2023\/12\/reyes-magos-portocolom.jpg","contentUrl":"https:\/\/surmasterprojects.com\/wp-content\/uploads\/2023\/12\/reyes-magos-portocolom.jpg","width":1024,"height":680,"caption":"Cabalgata de SS. MM. los Reyes Magos, en El Saucejo. Martes 6 de Enero de 2010"},{"@type":"BreadcrumbList","@id":"https:\/\/surmasterprojects.com\/blog\/magia-navidena-en-portocolom-eventos-especiales-para-la-familia\/#breadcrumb","itemListElement":[{"@type":"ListItem","position":1,"name":"Portada","item":"https:\/\/surmasterprojects.com\/es\/"},{"@type":"ListItem","position":2,"name":"Blog","item":"https:\/\/surmasterprojects.com\/es\/blog\/"},{"@type":"ListItem","position":3,"name":"Magia Navide\u00f1a en Portocolom: Eventos Especiales para la Familia"}]},{"@type":"WebSite","@id":"https:\/\/surmasterprojects.com\/es\/#website","url":"https:\/\/surmasterprojects.com\/es\/","name":"Surmaster Projects","description":"","publisher":{"@id":"https:\/\/surmasterprojects.com\/es\/#organization"},"potentialAction":[{"@type":"SearchAction","target":{"@type":"EntryPoint","urlTemplate":"https:\/\/surmasterprojects.com\/es\/?s={search_term_string}"},"query-input":{"@type":"PropertyValueSpecification","valueRequired":true,"valueName":"search_term_string"}}],"inLanguage":"en-GB"},{"@type":"Organization","@id":"https:\/\/surmasterprojects.com\/es\/#organization","name":"Surmaster Projects","url":"https:\/\/surmasterprojects.com\/es\/","logo":{"@type":"ImageObject","inLanguage":"en-GB","@id":"https:\/\/surmasterprojects.com\/es\/#\/schema\/logo\/image\/","url":"https:\/\/surmasterprojects.com\/wp-content\/uploads\/2022\/04\/cropped-Logo_GrupoSurmaster_negativo.png","contentUrl":"https:\/\/surmasterprojects.com\/wp-content\/uploads\/2022\/04\/cropped-Logo_GrupoSurmaster_negativo.png","width":512,"height":512,"caption":"Surmaster Projects"},"image":{"@id":"https:\/\/surmasterprojects.com\/es\/#\/schema\/logo\/image\/"}}]}},"_links":{"self":[{"href":"https:\/\/surmasterprojects.com\/en\/wp-json\/wp\/v2\/pages\/8054","targetHints":{"allow":["GET"]}}],"collection":[{"href":"https:\/\/surmasterprojects.com\/en\/wp-json\/wp\/v2\/pages"}],"about":[{"href":"https:\/\/surmasterprojects.com\/en\/wp-json\/wp\/v2\/types\/page"}],"author":[{"embeddable":true,"href":"https:\/\/surmasterprojects.com\/en\/wp-json\/wp\/v2\/users\/1"}],"replies":[{"embeddable":true,"href":"https:\/\/surmasterprojects.com\/en\/wp-json\/wp\/v2\/comments?post=8054"}],"version-history":[{"count":4,"href":"https:\/\/surmasterprojects.com\/en\/wp-json\/wp\/v2\/pages\/8054\/revisions"}],"predecessor-version":[{"id":8062,"href":"https:\/\/surmasterprojects.com\/en\/wp-json\/wp\/v2\/pages\/8054\/revisions\/8062"}],"up":[{"embeddable":true,"href":"https:\/\/surmasterprojects.com\/en\/wp-json\/wp\/v2\/pages\/7644"}],"wp:featuredmedia":[{"embeddable":true,"href":"https:\/\/surmasterprojects.com\/en\/wp-json\/wp\/v2\/media\/8050"}],"wp:attachment":[{"href":"https:\/\/surmasterprojects.com\/en\/wp-json\/wp\/v2\/media?parent=8054"}],"curies":[{"name":"wp","href":"https:\/\/api.w.org\/{rel}","templated":true}]}}