{"id":8159,"date":"2024-02-06T09:06:19","date_gmt":"2024-02-06T09:06:19","guid":{"rendered":"https:\/\/surmasterprojects.com\/?page_id=8159"},"modified":"2024-11-22T10:44:06","modified_gmt":"2024-11-22T10:44:06","slug":"viajar-a-mallorca-en-enero-consejos-para-planificar-tu-viaje","status":"publish","type":"page","link":"https:\/\/surmasterprojects.com\/en\/blog\/viajar-a-mallorca-en-enero-consejos-para-planificar-tu-viaje\/","title":{"rendered":"TRAVELING TO MALLORCA IN JANUARY"},"content":{"rendered":"<p>[et_pb_section fb_built=\u00bb1&#8243; _builder_version=\u00bb4.21.0&#8243; _module_preset=\u00bbdefault\u00bb global_colors_info=\u00bb{}\u00bb][et_pb_row _builder_version=\u00bb4.16&#8243; custom_padding=\u00bb21px|||||\u00bb locked=\u00bboff\u00bb global_colors_info=\u00bb{}\u00bb][et_pb_column type=\u00bb4_4&#8243; _builder_version=\u00bb4.16&#8243; global_colors_info=\u00bb{}\u00bb][et_pb_text _builder_version=\u00bb4.24.0&#8243; header_font=\u00bbBellefair||||||||\u00bb header_font_size=\u00bb48px\u00bb header_line_height=\u00bb1.2em\u00bb header_2_font=\u00bbBellefair||||||||\u00bb header_2_text_color=\u00bb#000000&#8243; header_2_font_size=\u00bb48px\u00bb header_2_line_height=\u00bb1.2em\u00bb header_6_font=\u00bbMontserrat|700||on|||||\u00bb header_6_text_color=\u00bb#ff4e00&#8243; header_6_font_size=\u00bb12px\u00bb header_6_letter_spacing=\u00bb2px\u00bb header_6_line_height=\u00bb1.2em\u00bb text_orientation=\u00bbcenter\u00bb max_width=\u00bb700px\u00bb module_alignment=\u00bbcenter\u00bb header_2_font_size_tablet=\u00bb42px\u00bb header_2_font_size_phone=\u00bb34px\u00bb header_2_font_size_last_edited=\u00bbon|desktop\u00bb header_6_font_size_tablet=\u00bb42px\u00bb header_6_font_size_phone=\u00bb34px\u00bb header_6_font_size_last_edited=\u00bboff|phone\u00bb text_text_align=\u00bbjustify\u00bb locked=\u00bboff\u00bb global_colors_info=\u00bb{}\u00bb header_2_2_font_size_tablet=\u00bb42px\u00bb header_3_2_font_size_tablet=\u00bb42px\u00bb header_4_2_font_size_tablet=\u00bb42px\u00bb header_5_2_font_size_tablet=\u00bb42px\u00bb header_6_2_font_size_tablet=\u00bb42px\u00bb header_2_2_font_size_phone=\u00bb34px\u00bb header_3_2_font_size_phone=\u00bb34px\u00bb header_4_2_font_size_phone=\u00bb34px\u00bb header_5_2_font_size_phone=\u00bb34px\u00bb header_6_2_font_size_phone=\u00bb34px\u00bb header_2_2_font_size_last_edited=\u00bbon|tablet\u00bb header_3_2_font_size_last_edited=\u00bbon|tablet\u00bb header_4_2_font_size_last_edited=\u00bbon|tablet\u00bb header_5_2_font_size_last_edited=\u00bbon|tablet\u00bb header_6_2_font_size_last_edited=\u00bbon|tablet\u00bb header_2_3_font_size_tablet=\u00bb34px\u00bb header_3_3_font_size_tablet=\u00bb34px\u00bb header_4_3_font_size_tablet=\u00bb34px\u00bb header_5_3_font_size_tablet=\u00bb34px\u00bb header_6_3_font_size_tablet=\u00bb34px\u00bb header_2_3_font_size_phone=\u00bb28px\u00bb header_3_3_font_size_phone=\u00bb28px\u00bb header_4_3_font_size_phone=\u00bb28px\u00bb header_5_3_font_size_phone=\u00bb28px\u00bb header_6_3_font_size_phone=\u00bb28px\u00bb header_2_3_font_size_last_edited=\u00bbon|phone\u00bb header_3_3_font_size_last_edited=\u00bbon|phone\u00bb header_4_3_font_size_last_edited=\u00bbon|phone\u00bb header_5_3_font_size_last_edited=\u00bbon|phone\u00bb header_6_3_font_size_last_edited=\u00bbon|phone\u00bb header_2_4_font_size_tablet=\u00bb22px\u00bb header_3_4_font_size_tablet=\u00bb22px\u00bb header_4_4_font_size_tablet=\u00bb22px\u00bb header_5_4_font_size_tablet=\u00bb22px\u00bb header_6_4_font_size_tablet=\u00bb22px\u00bb header_2_4_font_size_phone=\u00bb18px\u00bb header_3_4_font_size_phone=\u00bb18px\u00bb header_4_4_font_size_phone=\u00bb18px\u00bb header_5_4_font_size_phone=\u00bb18px\u00bb header_6_4_font_size_phone=\u00bb18px\u00bb header_2_4_font_size_last_edited=\u00bbon|phone\u00bb header_3_4_font_size_last_edited=\u00bbon|phone\u00bb header_4_4_font_size_last_edited=\u00bbon|phone\u00bb header_5_4_font_size_last_edited=\u00bbon|phone\u00bb header_6_4_font_size_last_edited=\u00bbon|phone\u00bb header_2_5_font_size_phone=\u00bb16px\u00bb header_3_5_font_size_phone=\u00bb16px\u00bb header_4_5_font_size_phone=\u00bb16px\u00bb header_5_5_font_size_phone=\u00bb16px\u00bb header_6_5_font_size_phone=\u00bb16px\u00bb header_2_5_font_size_last_edited=\u00bbon|tablet\u00bb header_3_5_font_size_last_edited=\u00bbon|tablet\u00bb header_4_5_font_size_last_edited=\u00bbon|tablet\u00bb header_5_5_font_size_last_edited=\u00bbon|tablet\u00bb header_6_5_font_size_last_edited=\u00bbon|tablet\u00bb]<\/p>\n<h6><b>VIAJAR A MALLORCA EN ENERO<\/b><\/h6>\n<h1><span style=\"font-weight: 400;\">Viajar a Mallorca en Enero: Consejos para Planificar tu Viaje<\/span><\/h1>\n<p>[\/et_pb_text][et_pb_image src=\u00bbhttps:\/\/surmasterprojects.com\/wp-content\/uploads\/2024\/02\/hombre-mallorca-pueblo.jpeg\u00bb title_text=\u00bbhombre-mallorca-pueblo\u00bb align=\u00bbcenter\u00bb _builder_version=\u00bb4.24.0&#8243; global_colors_info=\u00bb{}\u00bb][\/et_pb_image][\/et_pb_column][\/et_pb_row][et_pb_row column_structure=\u00bb1_2,1_2&#8243; _builder_version=\u00bb4.16&#8243; custom_padding=\u00bb||0px|||\u00bb global_colors_info=\u00bb{}\u00bb][et_pb_column type=\u00bb1_2&#8243; _builder_version=\u00bb4.16&#8243; global_colors_info=\u00bb{}\u00bb][et_pb_text _builder_version=\u00bb4.24.0&#8243; header_font=\u00bbBellefair||||||||\u00bb header_text_color=\u00bb#000000&#8243; header_font_size=\u00bb48px\u00bb header_line_height=\u00bb1.2em\u00bb header_2_font=\u00bbBellefair||||||||\u00bb header_2_text_align=\u00bbleft\u00bb header_2_text_color=\u00bb#000000&#8243; header_2_font_size=\u00bb48px\u00bb header_2_line_height=\u00bb1.2em\u00bb header_3_font=\u00bbBellefair||||||||\u00bb header_3_text_color=\u00bb#000000&#8243; header_3_font_size=\u00bb38px\u00bb header_3_line_height=\u00bb1.2em\u00bb header_4_font=\u00bbBellefair||||||||\u00bb header_4_text_color=\u00bb#000000&#8243; header_4_font_size=\u00bb30px\u00bb header_4_line_height=\u00bb1.4em\u00bb header_5_font=\u00bbBellefair||||||||\u00bb header_5_text_color=\u00bb#000000&#8243; header_5_font_size=\u00bb22px\u00bb header_5_line_height=\u00bb1.2em\u00bb header_6_font=\u00bbMontserrat|700||on|||||\u00bb header_6_text_color=\u00bb#ff4e00&#8243; header_6_font_size=\u00bb12px\u00bb header_6_letter_spacing=\u00bb2px\u00bb header_6_line_height=\u00bb1.2em\u00bb header_font_size_tablet=\u00bb42px\u00bb header_font_size_phone=\u00bb34px\u00bb header_font_size_last_edited=\u00bbon|tablet\u00bb header_2_font_size_tablet=\u00bb42px\u00bb header_2_font_size_phone=\u00bb34px\u00bb header_2_font_size_last_edited=\u00bbon|tablet\u00bb header_3_font_size_tablet=\u00bb34px\u00bb header_3_font_size_phone=\u00bb28px\u00bb header_3_font_size_last_edited=\u00bbon|phone\u00bb header_4_font_size_tablet=\u00bb22px\u00bb header_4_font_size_phone=\u00bb18px\u00bb header_4_font_size_last_edited=\u00bbon|phone\u00bb header_5_font_size_tablet=\u00bb\u00bb header_5_font_size_phone=\u00bb16px\u00bb header_5_font_size_last_edited=\u00bbon|tablet\u00bb border_color_all=\u00bb#ff4e00&#8243; border_width_bottom=\u00bb4px\u00bb text_text_align=\u00bbjustify\u00bb locked=\u00bboff\u00bb global_colors_info=\u00bb{}\u00bb header_2_2_font_size_tablet=\u00bb42px\u00bb header_3_2_font_size_tablet=\u00bb42px\u00bb header_4_2_font_size_tablet=\u00bb42px\u00bb header_5_2_font_size_tablet=\u00bb42px\u00bb header_6_2_font_size_tablet=\u00bb42px\u00bb header_2_2_font_size_phone=\u00bb34px\u00bb header_3_2_font_size_phone=\u00bb34px\u00bb header_4_2_font_size_phone=\u00bb34px\u00bb header_5_2_font_size_phone=\u00bb34px\u00bb header_6_2_font_size_phone=\u00bb34px\u00bb header_2_2_font_size_last_edited=\u00bbon|tablet\u00bb header_3_2_font_size_last_edited=\u00bbon|tablet\u00bb header_4_2_font_size_last_edited=\u00bbon|tablet\u00bb header_5_2_font_size_last_edited=\u00bbon|tablet\u00bb header_6_2_font_size_last_edited=\u00bbon|tablet\u00bb header_2_3_font_size_tablet=\u00bb34px\u00bb header_3_3_font_size_tablet=\u00bb34px\u00bb header_4_3_font_size_tablet=\u00bb34px\u00bb header_5_3_font_size_tablet=\u00bb34px\u00bb header_6_3_font_size_tablet=\u00bb34px\u00bb header_2_3_font_size_phone=\u00bb28px\u00bb header_3_3_font_size_phone=\u00bb28px\u00bb header_4_3_font_size_phone=\u00bb28px\u00bb header_5_3_font_size_phone=\u00bb28px\u00bb header_6_3_font_size_phone=\u00bb28px\u00bb header_2_3_font_size_last_edited=\u00bbon|phone\u00bb header_3_3_font_size_last_edited=\u00bbon|phone\u00bb header_4_3_font_size_last_edited=\u00bbon|phone\u00bb header_5_3_font_size_last_edited=\u00bbon|phone\u00bb header_6_3_font_size_last_edited=\u00bbon|phone\u00bb header_2_4_font_size_tablet=\u00bb22px\u00bb header_3_4_font_size_tablet=\u00bb22px\u00bb header_4_4_font_size_tablet=\u00bb22px\u00bb header_5_4_font_size_tablet=\u00bb22px\u00bb header_6_4_font_size_tablet=\u00bb22px\u00bb header_2_4_font_size_phone=\u00bb18px\u00bb header_3_4_font_size_phone=\u00bb18px\u00bb header_4_4_font_size_phone=\u00bb18px\u00bb header_5_4_font_size_phone=\u00bb18px\u00bb header_6_4_font_size_phone=\u00bb18px\u00bb header_2_4_font_size_last_edited=\u00bbon|phone\u00bb header_3_4_font_size_last_edited=\u00bbon|phone\u00bb header_4_4_font_size_last_edited=\u00bbon|phone\u00bb header_5_4_font_size_last_edited=\u00bbon|phone\u00bb header_6_4_font_size_last_edited=\u00bbon|phone\u00bb header_2_5_font_size_phone=\u00bb16px\u00bb header_3_5_font_size_phone=\u00bb16px\u00bb header_4_5_font_size_phone=\u00bb16px\u00bb header_5_5_font_size_phone=\u00bb16px\u00bb header_6_5_font_size_phone=\u00bb16px\u00bb header_2_5_font_size_last_edited=\u00bbon|tablet\u00bb header_3_5_font_size_last_edited=\u00bbon|tablet\u00bb header_4_5_font_size_last_edited=\u00bbon|tablet\u00bb header_5_5_font_size_last_edited=\u00bbon|tablet\u00bb header_6_5_font_size_last_edited=\u00bbon|tablet\u00bb]<\/p>\n<h4><span style=\"font-weight: 400;\">Prepararse para viajar a Mallorca en enero es adentrarse en una experiencia \u00fanica, donde la isla revela su encanto invernal de manera sorprendente. En este mes, las oportunidades para descubrir paisajes tranquilos y festividades locales se multiplican, ofreci\u00e9ndote una experiencia aut\u00e9ntica que va m\u00e1s all\u00e1 de las estaciones tur\u00edsticas tradicionales.<\/span><\/h4>\n<p>[\/et_pb_text][et_pb_text _builder_version=\u00bb4.24.0&#8243; text_font=\u00bb||||||||\u00bb text_font_size=\u00bb16px\u00bb text_line_height=\u00bb2em\u00bb text_orientation=\u00bbjustified\u00bb text_font_size_tablet=\u00bb15px\u00bb text_font_size_phone=\u00bb14px\u00bb text_font_size_last_edited=\u00bbon|phone\u00bb locked=\u00bboff\u00bb global_colors_info=\u00bb{}\u00bb]<\/p>\n<p>Viajar a Mallorca en enero es una decisi\u00f3n valiente que te recompensar\u00e1 con experiencias aut\u00e9nticas y la oportunidad de explorar un Mallorca menos transitado. Con estos consejos y respuestas a preguntas frecuentes, est\u00e1s listo para planificar tu aventura invernal en esta joya mediterr\u00e1nea. \u00a1Prep\u00e1rate para descubrir la magia de Mallorca en enero!<\/p>\n<p>[\/et_pb_text][\/et_pb_column][et_pb_column type=\u00bb1_2&#8243; _builder_version=\u00bb4.16&#8243; global_colors_info=\u00bb{}\u00bb][et_pb_text _builder_version=\u00bb4.24.0&#8243; text_font=\u00bb||||||||\u00bb text_font_size=\u00bb16px\u00bb text_line_height=\u00bb2em\u00bb header_2_line_height=\u00bb1.4em\u00bb text_orientation=\u00bbjustified\u00bb text_font_size_tablet=\u00bb15px\u00bb text_font_size_phone=\u00bb14px\u00bb text_font_size_last_edited=\u00bbon|phone\u00bb locked=\u00bboff\u00bb global_colors_info=\u00bb{}\u00bb]<\/p>\n<h2><span style=\"font-weight: 400;\">El Encanto Invernal de Mallorca en Enero: M\u00e1s All\u00e1 de las Estaciones Tradicionales<\/span><\/h2>\n<p>Explorar Mallorca en enero es descubrir un encanto invernal que va m\u00e1s all\u00e1 de las estaciones tur\u00edsticas tradicionales. En este mes, la isla se transforma en un para\u00edso tranquilo, donde las multitudes estivales dan paso a una serenidad inesperada. Las calles adoquinadas de los pueblos tradicionales adquieren un aire pac\u00edfico, ofreci\u00e9ndote la oportunidad de explorar la autenticidad de Mallorca sin las distracciones t\u00edpicas. Las playas, por lo general bulliciosas, se convierten en lugares de soledad serena, permiti\u00e9ndote conectar con el paisaje y el mar de una manera \u00fanica.<\/p>\n<p>Adem\u00e1s, la ausencia de aglomeraciones permite una experiencia m\u00e1s \u00edntima con la cultura local. Los habitantes locales est\u00e1n m\u00e1s dispuestos a compartir historias y tradiciones, brind\u00e1ndote una visi\u00f3n m\u00e1s profunda de la vida cotidiana en Mallorca. Este aspecto menos explorado de la isla revela su verdadera esencia.<\/p>\n<p>[\/et_pb_text][\/et_pb_column][\/et_pb_row][et_pb_row column_structure=\u00bb1_2,1_2&#8243; _builder_version=\u00bb4.16&#8243; custom_padding=\u00bb||0px|||\u00bb global_colors_info=\u00bb{}\u00bb][et_pb_column type=\u00bb1_2&#8243; _builder_version=\u00bb4.16&#8243; global_colors_info=\u00bb{}\u00bb][et_pb_image src=\u00bbhttps:\/\/surmasterprojects.com\/wp-content\/uploads\/2024\/02\/fiestas-locales-gigante-de-muro-e1707166838946.jpg\u00bb title_text=\u00bbfiestas-locales-gigante-de-muro\u00bb _builder_version=\u00bb4.24.0&#8243; _module_preset=\u00bbdefault\u00bb global_colors_info=\u00bb{}\u00bb][\/et_pb_image][\/et_pb_column][et_pb_column type=\u00bb1_2&#8243; _builder_version=\u00bb4.16&#8243; global_colors_info=\u00bb{}\u00bb][et_pb_text _builder_version=\u00bb4.24.2&#8243; text_font=\u00bb||||||||\u00bb text_font_size=\u00bb16px\u00bb text_line_height=\u00bb2em\u00bb header_2_line_height=\u00bb1.4em\u00bb text_orientation=\u00bbjustified\u00bb text_font_size_tablet=\u00bb15px\u00bb text_font_size_phone=\u00bb14px\u00bb text_font_size_last_edited=\u00bbon|phone\u00bb locked=\u00bboff\u00bb global_colors_info=\u00bb{}\u00bb]<\/p>\n<h3><span style=\"font-weight: 400;\">Fiestas Locales en Enero: Sum\u00e9rgete en la Cultura Mallorquina<\/span><\/h3>\n<p><span style=\"font-weight: 400;\">Las festividades locales en enero a\u00f1aden una dimensi\u00f3n cultural \u00fanica a tu visita a Mallorca. Destaca especialmente las celebraciones del d\u00eda de San Sebasti\u00e1, santo patr\u00f3n de Palma, el 20 de Enero. <\/span><\/p>\n<p><span style=\"font-weight: 400;\">Normalmente las fiestas patronales se celebran durante varios d\u00edas y aglomeran distintas actividades y eventos gratuitos siendo las m\u00e1s destacadas los conciertos que se celebran por todo Palma, los correfocs, las exposiciones, visitas guiadas, fuegos artificiales, torradas y m\u00e1s.<\/span><span style=\"font-weight: 400;\"><\/span><\/p>\n<p><span style=\"font-weight: 400;\"> Desde celebraciones gastron\u00f3micas que resaltan los sabores de la temporada hasta eventos folkl\u00f3ricos que te sumergen en las tradiciones mallorquinas.<\/span><\/p>\n<p><span style=\"font-weight: 400;\">Participar en estas festividades no solo te conectar\u00e1 con la cultura local, sino que tambi\u00e9n te permitir\u00e1 probar platillos tradicionales y aprender danzas regionales. Al sumergirte en la vida cotidiana durante estos eventos, capturar\u00e1s momentos \u00fanicos que enriquecer\u00e1n tu viaje con recuerdos duraderos.<\/span><\/p>\n<p>[\/et_pb_text][\/et_pb_column][\/et_pb_row][et_pb_row _builder_version=\u00bb4.21.0&#8243; _module_preset=\u00bbdefault\u00bb custom_padding=\u00bb||11px|||\u00bb global_colors_info=\u00bb{}\u00bb][et_pb_column type=\u00bb4_4&#8243; _builder_version=\u00bb4.21.0&#8243; _module_preset=\u00bbdefault\u00bb global_colors_info=\u00bb{}\u00bb][et_pb_divider color=\u00bb#f75e00&#8243; divider_weight=\u00bb4px\u00bb _builder_version=\u00bb4.21.0&#8243; _module_preset=\u00bbdefault\u00bb width=\u00bb40%\u00bb module_alignment=\u00bbcenter\u00bb global_colors_info=\u00bb{}\u00bb][\/et_pb_divider][\/et_pb_column][\/et_pb_row][et_pb_row column_structure=\u00bb1_2,1_2&#8243; _builder_version=\u00bb4.21.0&#8243; custom_padding=\u00bb||0px|||\u00bb global_colors_info=\u00bb{}\u00bb][et_pb_column type=\u00bb1_2&#8243; _builder_version=\u00bb4.16&#8243; global_colors_info=\u00bb{}\u00bb][et_pb_text _builder_version=\u00bb4.24.0&#8243; text_font=\u00bb||||||||\u00bb text_font_size=\u00bb16px\u00bb text_line_height=\u00bb2em\u00bb header_2_line_height=\u00bb1.4em\u00bb text_orientation=\u00bbjustified\u00bb text_font_size_tablet=\u00bb15px\u00bb text_font_size_phone=\u00bb14px\u00bb text_font_size_last_edited=\u00bbon|phone\u00bb locked=\u00bboff\u00bb global_colors_info=\u00bb{}\u00bb]<\/p>\n<h2><span style=\"font-weight: 400;\">Consejos para una Aventura Invernal Exitosa en Mallorca en Enero<\/span><\/h2>\n<p><span style=\"font-weight: 400;\">Descubre la aut\u00e9ntica Mallorca en enero, donde una aventura invernal se presenta como una experiencia \u00fanica. Antic\u00edpate al clima fresco y empaca ropa abrigada, especialmente para las noches. Aunque los d\u00edas son suaves y agradables, un abrigo ligero, bufandas y guantes ser\u00e1n \u00fatiles para exploraciones nocturnas y actividades al aire libre.<\/span><\/p>\n<p><span style=\"font-weight: 400;\">El clima var\u00eda en la isla, siendo las zonas costeras m\u00e1s suaves y las \u00e1reas monta\u00f1osas m\u00e1s fr\u00edas. Consulta pron\u00f3sticos locales y ajusta tu vestimenta para disfrutar de todas las actividades en enero.<\/span><\/p>\n<p><span style=\"font-weight: 400;\">Aprovecha la temporada baja para explorar Mallorca de manera tranquila y aut\u00e9ntica. Las siguientes secciones te brindar\u00e1n detalles sobre el clima en enero y las actividades invernales recomendadas, revelando as\u00ed el Mallorca inexplorado que aguarda tu visita. \u00a1Prep\u00e1rate para una experiencia invernal aut\u00e9ntica!\u00a0<\/span><\/p>\n<p>[\/et_pb_text][\/et_pb_column][et_pb_column type=\u00bb1_2&#8243; _builder_version=\u00bb4.16&#8243; global_colors_info=\u00bb{}\u00bb][et_pb_image src=\u00bbhttps:\/\/surmasterprojects.com\/wp-content\/uploads\/2024\/02\/mallorca-enero-scaled-e1707167621293.jpg\u00bb title_text=\u00bbmallorca-enero\u00bb _builder_version=\u00bb4.24.0&#8243; _module_preset=\u00bbdefault\u00bb global_colors_info=\u00bb{}\u00bb][\/et_pb_image][\/et_pb_column][\/et_pb_row][et_pb_row _builder_version=\u00bb4.21.0&#8243; custom_padding=\u00bb34px||0px|||\u00bb global_colors_info=\u00bb{}\u00bb][et_pb_column type=\u00bb4_4&#8243; _builder_version=\u00bb4.16&#8243; global_colors_info=\u00bb{}\u00bb][et_pb_text _builder_version=\u00bb4.24.0&#8243; text_font=\u00bb||||||||\u00bb text_font_size=\u00bb16px\u00bb text_line_height=\u00bb2em\u00bb header_2_line_height=\u00bb1.4em\u00bb text_orientation=\u00bbjustified\u00bb custom_margin=\u00bb-4px||88px|||\u00bb text_font_size_tablet=\u00bb15px\u00bb text_font_size_phone=\u00bb14px\u00bb text_font_size_last_edited=\u00bbon|phone\u00bb locked=\u00bboff\u00bb global_colors_info=\u00bb{}\u00bb]<\/p>\n<h3><span style=\"font-weight: 400;\">Clima en Enero: Prepar\u00e1ndote para las Temperaturas Frescas<\/span><\/h3>\n<p><span style=\"font-weight: 400;\">El clima en enero presenta noches frescas, por lo que empacar ropa abrigada es esencial. Las temperaturas suelen ser suaves y agradables durante el d\u00eda, pero un abrigo ligero, bufandas y guantes ser\u00e1n \u00fatiles para exploraciones nocturnas y actividades al aire libre. Es crucial ajustar tu vestimenta seg\u00fan la variabilidad clim\u00e1tica entre las zonas costeras y monta\u00f1osas de la isla.<\/span><\/p>\n<h3><span style=\"font-weight: 400;\">Actividades Invernales Recomendadas<\/span><\/h3>\n<p><span style=\"font-weight: 400;\">Las actividades invernales ofrecen una perspectiva \u00fanica de Mallorca. Explora los paisajes invernales en las \u00e1reas monta\u00f1osas, disfrutando de vistas panor\u00e1micas impresionantes. Visita bodegas locales para degustar vinos de temporada y sum\u00e9rgete en la gastronom\u00eda tradicional mallorquina en acogedores restaurantes. Aprovecha la temporada baja para disfrutar de estas experiencias sin aglomeraciones, permiti\u00e9ndote interactuar con los lugare\u00f1os y descubrir lugares ocultos que podr\u00edan pasar desapercibidos en momentos m\u00e1s concurridos.<\/span><\/p>\n<p>[\/et_pb_text][et_pb_text _builder_version=\u00bb4.27.3&#8243; text_font=\u00bb||||||||\u00bb text_font_size=\u00bb16px\u00bb text_line_height=\u00bb2em\u00bb header_2_line_height=\u00bb1.4em\u00bb text_orientation=\u00bbjustified\u00bb custom_margin=\u00bb||42px|||\u00bb hover_enabled=\u00bb0&#8243; text_font_size_tablet=\u00bb15px\u00bb text_font_size_phone=\u00bb14px\u00bb text_font_size_last_edited=\u00bbon|phone\u00bb locked=\u00bboff\u00bb global_colors_info=\u00bb{}\u00bb quote_border_color=\u00bb#E09900&#8243; sticky_enabled=\u00bb0&#8243;]<\/p>\n<blockquote>\n<h2><span style=\"font-weight: 400;\">Preguntas Frecuentes sobre Viajar a Mallorca en Enero<\/span><\/h2>\n<\/blockquote>\n<h3><\/h3>\n<h3><\/h3>\n<h3><span style=\"font-weight: 400;\">\u00bfEs enero un Buen Mes para Visitar Mallorca?<\/span><\/h3>\n<p><span style=\"font-weight: 400;\">Sin duda, enero es un mes excelente para visitar Mallorca si buscas una experiencia m\u00e1s tranquila y aut\u00e9ntica que te permita conectar con la cultura local. Las temperaturas frescas a\u00f1aden un encanto especial, y la ausencia de multitudes permite una conexi\u00f3n m\u00e1s \u00edntima con la isla. La oportunidad de participar en festividades locales del patr\u00f3n de palma Sant Sebasti\u00e0 y explorar la isla sin las distracciones t\u00edpicas es \u00fanica en esta \u00e9poca del a\u00f1o.<\/span><\/p>\n<h3><\/h3>\n<h3><\/h3>\n<h3><span style=\"font-weight: 400;\">\u00bfQu\u00e9 Actividades Recomendar\u00edas para Aprovechar Mallorca en Enero?<\/span><\/h3>\n<p><span style=\"font-weight: 400;\">En enero, recomendamos explorar los mercados locales que ofrecen productos de temporada, participar en festivales tradicionales y disfrutar de actividades al aire libre en un entorno m\u00e1s relajado. Adem\u00e1s, aprovecha para probar platos de la temporada, como las sopas calientes y los guisos reconfortantes, y sum\u00e9rgete en la aut\u00e9ntica cultura mallorquina.<\/span><\/p>\n<h3><\/h3>\n<h3><\/h3>\n<h3><span style=\"font-weight: 400;\">\u00bfNecesito Reservar con Antelaci\u00f3n en Temporada Baja?<\/span><\/h3>\n<p><span style=\"font-weight: 400;\">Aunque la temporada baja puede significar menos multitudes, es recomendable realizar reservas con anticipaci\u00f3n, especialmente para alojamientos y actividades populares. Esto garantizar\u00e1 una experiencia m\u00e1s tranquila y organizada durante tu visita. Aprovecha las ofertas especiales de la temporada baja y asegura tu lugar en las actividades m\u00e1s solicitadas.<\/span><\/p>\n<p>[\/et_pb_text][\/et_pb_column][\/et_pb_row][\/et_pb_section]<\/p>\n","protected":false},"excerpt":{"rendered":"<p>VIAJAR A MALLORCA EN ENERO Viajar a Mallorca en Enero: Consejos para Planificar tu ViajePrepararse para viajar a Mallorca en enero es adentrarse en una experiencia \u00fanica, donde la isla revela su encanto invernal de manera sorprendente. En este mes, las oportunidades para descubrir paisajes tranquilos y festividades locales se multiplican, ofreci\u00e9ndote una experiencia aut\u00e9ntica [&hellip;]<\/p>\n","protected":false},"author":1,"featured_media":8166,"parent":7644,"menu_order":0,"comment_status":"closed","ping_status":"closed","template":"","meta":{"_et_pb_use_builder":"on","_et_pb_old_content":"","_et_gb_content_width":"","footnotes":""},"class_list":["post-8159","page","type-page","status-publish","has-post-thumbnail","hentry"],"yoast_head":"<!-- This site is optimized with the Yoast SEO plugin v27.4 - https:\/\/yoast.com\/product\/yoast-seo-wordpress\/ -->\n<title>Surmaster Projects<\/title>\n<meta name=\"robots\" content=\"index, follow, max-snippet:-1, max-image-preview:large, max-video-preview:-1\" \/>\n<link rel=\"canonical\" href=\"https:\/\/surmasterprojects.com\/en\/blog\/viajar-a-mallorca-en-enero-consejos-para-planificar-tu-viaje\/\" \/>\n<meta property=\"og:locale\" content=\"en_GB\" \/>\n<meta property=\"og:type\" content=\"article\" \/>\n<meta property=\"og:description\" content=\"VIAJAR A MALLORCA EN ENERO Viajar a Mallorca en Enero: Consejos para Planificar tu ViajePrepararse para viajar a Mallorca en enero es adentrarse en una experiencia \u00fanica, donde la isla revela su encanto invernal de manera sorprendente. En este mes, las oportunidades para descubrir paisajes tranquilos y festividades locales se multiplican, ofreci\u00e9ndote una experiencia aut\u00e9ntica [&hellip;]\" \/>\n<meta property=\"og:url\" content=\"https:\/\/surmasterprojects.com\/en\/blog\/viajar-a-mallorca-en-enero-consejos-para-planificar-tu-viaje\/\" \/>\n<meta property=\"og:site_name\" content=\"Surmaster Projects\" \/>\n<meta property=\"article:modified_time\" content=\"2024-11-22T10:44:06+00:00\" \/>\n<meta property=\"og:image\" content=\"https:\/\/surmasterprojects.com\/wp-content\/uploads\/2024\/02\/hombre-mallorca-pueblo.jpeg\" \/>\n\t<meta property=\"og:image:width\" content=\"563\" \/>\n\t<meta property=\"og:image:height\" content=\"750\" \/>\n\t<meta property=\"og:image:type\" content=\"image\/jpeg\" \/>\n<meta name=\"twitter:card\" content=\"summary_large_image\" \/>\n<meta name=\"twitter:label1\" content=\"Estimated reading time\" \/>\n\t<meta name=\"twitter:data1\" content=\"5 minutes\" \/>\n<script type=\"application\/ld+json\" class=\"yoast-schema-graph\">{\"@context\":\"https:\\\/\\\/schema.org\",\"@graph\":[{\"@type\":\"WebPage\",\"@id\":\"https:\\\/\\\/surmasterprojects.com\\\/blog\\\/viajar-a-mallorca-en-enero-consejos-para-planificar-tu-viaje\\\/\",\"url\":\"https:\\\/\\\/surmasterprojects.com\\\/blog\\\/viajar-a-mallorca-en-enero-consejos-para-planificar-tu-viaje\\\/\",\"name\":\"\",\"isPartOf\":{\"@id\":\"https:\\\/\\\/surmasterprojects.com\\\/es\\\/#website\"},\"primaryImageOfPage\":{\"@id\":\"https:\\\/\\\/surmasterprojects.com\\\/blog\\\/viajar-a-mallorca-en-enero-consejos-para-planificar-tu-viaje\\\/#primaryimage\"},\"image\":{\"@id\":\"https:\\\/\\\/surmasterprojects.com\\\/blog\\\/viajar-a-mallorca-en-enero-consejos-para-planificar-tu-viaje\\\/#primaryimage\"},\"thumbnailUrl\":\"https:\\\/\\\/surmasterprojects.com\\\/wp-content\\\/uploads\\\/2024\\\/02\\\/hombre-mallorca-pueblo.jpeg\",\"datePublished\":\"2024-02-06T09:06:19+00:00\",\"dateModified\":\"2024-11-22T10:44:06+00:00\",\"breadcrumb\":{\"@id\":\"https:\\\/\\\/surmasterprojects.com\\\/blog\\\/viajar-a-mallorca-en-enero-consejos-para-planificar-tu-viaje\\\/#breadcrumb\"},\"inLanguage\":\"en-GB\",\"potentialAction\":[{\"@type\":\"ReadAction\",\"target\":[\"https:\\\/\\\/surmasterprojects.com\\\/blog\\\/viajar-a-mallorca-en-enero-consejos-para-planificar-tu-viaje\\\/\"]}]},{\"@type\":\"ImageObject\",\"inLanguage\":\"en-GB\",\"@id\":\"https:\\\/\\\/surmasterprojects.com\\\/blog\\\/viajar-a-mallorca-en-enero-consejos-para-planificar-tu-viaje\\\/#primaryimage\",\"url\":\"https:\\\/\\\/surmasterprojects.com\\\/wp-content\\\/uploads\\\/2024\\\/02\\\/hombre-mallorca-pueblo.jpeg\",\"contentUrl\":\"https:\\\/\\\/surmasterprojects.com\\\/wp-content\\\/uploads\\\/2024\\\/02\\\/hombre-mallorca-pueblo.jpeg\",\"width\":563,\"height\":750},{\"@type\":\"BreadcrumbList\",\"@id\":\"https:\\\/\\\/surmasterprojects.com\\\/blog\\\/viajar-a-mallorca-en-enero-consejos-para-planificar-tu-viaje\\\/#breadcrumb\",\"itemListElement\":[{\"@type\":\"ListItem\",\"position\":1,\"name\":\"Portada\",\"item\":\"https:\\\/\\\/surmasterprojects.com\\\/es\\\/\"},{\"@type\":\"ListItem\",\"position\":2,\"name\":\"Blog\",\"item\":\"https:\\\/\\\/surmasterprojects.com\\\/es\\\/blog\\\/\"},{\"@type\":\"ListItem\",\"position\":3,\"name\":\"Viajar a Mallorca en Enero\"}]},{\"@type\":\"WebSite\",\"@id\":\"https:\\\/\\\/surmasterprojects.com\\\/es\\\/#website\",\"url\":\"https:\\\/\\\/surmasterprojects.com\\\/es\\\/\",\"name\":\"Surmaster Projects\",\"description\":\"\",\"publisher\":{\"@id\":\"https:\\\/\\\/surmasterprojects.com\\\/es\\\/#organization\"},\"potentialAction\":[{\"@type\":\"SearchAction\",\"target\":{\"@type\":\"EntryPoint\",\"urlTemplate\":\"https:\\\/\\\/surmasterprojects.com\\\/es\\\/?s={search_term_string}\"},\"query-input\":{\"@type\":\"PropertyValueSpecification\",\"valueRequired\":true,\"valueName\":\"search_term_string\"}}],\"inLanguage\":\"en-GB\"},{\"@type\":\"Organization\",\"@id\":\"https:\\\/\\\/surmasterprojects.com\\\/es\\\/#organization\",\"name\":\"Surmaster Projects\",\"url\":\"https:\\\/\\\/surmasterprojects.com\\\/es\\\/\",\"logo\":{\"@type\":\"ImageObject\",\"inLanguage\":\"en-GB\",\"@id\":\"https:\\\/\\\/surmasterprojects.com\\\/es\\\/#\\\/schema\\\/logo\\\/image\\\/\",\"url\":\"https:\\\/\\\/surmasterprojects.com\\\/wp-content\\\/uploads\\\/2022\\\/04\\\/cropped-Logo_GrupoSurmaster_negativo.png\",\"contentUrl\":\"https:\\\/\\\/surmasterprojects.com\\\/wp-content\\\/uploads\\\/2022\\\/04\\\/cropped-Logo_GrupoSurmaster_negativo.png\",\"width\":512,\"height\":512,\"caption\":\"Surmaster Projects\"},\"image\":{\"@id\":\"https:\\\/\\\/surmasterprojects.com\\\/es\\\/#\\\/schema\\\/logo\\\/image\\\/\"}}]}<\/script>\n<!-- \/ Yoast SEO plugin. -->","yoast_head_json":{"title":"Surmaster Projects","robots":{"index":"index","follow":"follow","max-snippet":"max-snippet:-1","max-image-preview":"max-image-preview:large","max-video-preview":"max-video-preview:-1"},"canonical":"https:\/\/surmasterprojects.com\/en\/blog\/viajar-a-mallorca-en-enero-consejos-para-planificar-tu-viaje\/","og_locale":"en_GB","og_type":"article","og_description":"VIAJAR A MALLORCA EN ENERO Viajar a Mallorca en Enero: Consejos para Planificar tu ViajePrepararse para viajar a Mallorca en enero es adentrarse en una experiencia \u00fanica, donde la isla revela su encanto invernal de manera sorprendente. En este mes, las oportunidades para descubrir paisajes tranquilos y festividades locales se multiplican, ofreci\u00e9ndote una experiencia aut\u00e9ntica [&hellip;]","og_url":"https:\/\/surmasterprojects.com\/en\/blog\/viajar-a-mallorca-en-enero-consejos-para-planificar-tu-viaje\/","og_site_name":"Surmaster Projects","article_modified_time":"2024-11-22T10:44:06+00:00","og_image":[{"width":563,"height":750,"url":"https:\/\/surmasterprojects.com\/wp-content\/uploads\/2024\/02\/hombre-mallorca-pueblo.jpeg","type":"image\/jpeg"}],"twitter_card":"summary_large_image","twitter_misc":{"Estimated reading time":"5 minutes"},"schema":{"@context":"https:\/\/schema.org","@graph":[{"@type":"WebPage","@id":"https:\/\/surmasterprojects.com\/blog\/viajar-a-mallorca-en-enero-consejos-para-planificar-tu-viaje\/","url":"https:\/\/surmasterprojects.com\/blog\/viajar-a-mallorca-en-enero-consejos-para-planificar-tu-viaje\/","name":"","isPartOf":{"@id":"https:\/\/surmasterprojects.com\/es\/#website"},"primaryImageOfPage":{"@id":"https:\/\/surmasterprojects.com\/blog\/viajar-a-mallorca-en-enero-consejos-para-planificar-tu-viaje\/#primaryimage"},"image":{"@id":"https:\/\/surmasterprojects.com\/blog\/viajar-a-mallorca-en-enero-consejos-para-planificar-tu-viaje\/#primaryimage"},"thumbnailUrl":"https:\/\/surmasterprojects.com\/wp-content\/uploads\/2024\/02\/hombre-mallorca-pueblo.jpeg","datePublished":"2024-02-06T09:06:19+00:00","dateModified":"2024-11-22T10:44:06+00:00","breadcrumb":{"@id":"https:\/\/surmasterprojects.com\/blog\/viajar-a-mallorca-en-enero-consejos-para-planificar-tu-viaje\/#breadcrumb"},"inLanguage":"en-GB","potentialAction":[{"@type":"ReadAction","target":["https:\/\/surmasterprojects.com\/blog\/viajar-a-mallorca-en-enero-consejos-para-planificar-tu-viaje\/"]}]},{"@type":"ImageObject","inLanguage":"en-GB","@id":"https:\/\/surmasterprojects.com\/blog\/viajar-a-mallorca-en-enero-consejos-para-planificar-tu-viaje\/#primaryimage","url":"https:\/\/surmasterprojects.com\/wp-content\/uploads\/2024\/02\/hombre-mallorca-pueblo.jpeg","contentUrl":"https:\/\/surmasterprojects.com\/wp-content\/uploads\/2024\/02\/hombre-mallorca-pueblo.jpeg","width":563,"height":750},{"@type":"BreadcrumbList","@id":"https:\/\/surmasterprojects.com\/blog\/viajar-a-mallorca-en-enero-consejos-para-planificar-tu-viaje\/#breadcrumb","itemListElement":[{"@type":"ListItem","position":1,"name":"Portada","item":"https:\/\/surmasterprojects.com\/es\/"},{"@type":"ListItem","position":2,"name":"Blog","item":"https:\/\/surmasterprojects.com\/es\/blog\/"},{"@type":"ListItem","position":3,"name":"Viajar a Mallorca en Enero"}]},{"@type":"WebSite","@id":"https:\/\/surmasterprojects.com\/es\/#website","url":"https:\/\/surmasterprojects.com\/es\/","name":"Surmaster Projects","description":"","publisher":{"@id":"https:\/\/surmasterprojects.com\/es\/#organization"},"potentialAction":[{"@type":"SearchAction","target":{"@type":"EntryPoint","urlTemplate":"https:\/\/surmasterprojects.com\/es\/?s={search_term_string}"},"query-input":{"@type":"PropertyValueSpecification","valueRequired":true,"valueName":"search_term_string"}}],"inLanguage":"en-GB"},{"@type":"Organization","@id":"https:\/\/surmasterprojects.com\/es\/#organization","name":"Surmaster Projects","url":"https:\/\/surmasterprojects.com\/es\/","logo":{"@type":"ImageObject","inLanguage":"en-GB","@id":"https:\/\/surmasterprojects.com\/es\/#\/schema\/logo\/image\/","url":"https:\/\/surmasterprojects.com\/wp-content\/uploads\/2022\/04\/cropped-Logo_GrupoSurmaster_negativo.png","contentUrl":"https:\/\/surmasterprojects.com\/wp-content\/uploads\/2022\/04\/cropped-Logo_GrupoSurmaster_negativo.png","width":512,"height":512,"caption":"Surmaster Projects"},"image":{"@id":"https:\/\/surmasterprojects.com\/es\/#\/schema\/logo\/image\/"}}]}},"_links":{"self":[{"href":"https:\/\/surmasterprojects.com\/en\/wp-json\/wp\/v2\/pages\/8159","targetHints":{"allow":["GET"]}}],"collection":[{"href":"https:\/\/surmasterprojects.com\/en\/wp-json\/wp\/v2\/pages"}],"about":[{"href":"https:\/\/surmasterprojects.com\/en\/wp-json\/wp\/v2\/types\/page"}],"author":[{"embeddable":true,"href":"https:\/\/surmasterprojects.com\/en\/wp-json\/wp\/v2\/users\/1"}],"replies":[{"embeddable":true,"href":"https:\/\/surmasterprojects.com\/en\/wp-json\/wp\/v2\/comments?post=8159"}],"version-history":[{"count":9,"href":"https:\/\/surmasterprojects.com\/en\/wp-json\/wp\/v2\/pages\/8159\/revisions"}],"predecessor-version":[{"id":9049,"href":"https:\/\/surmasterprojects.com\/en\/wp-json\/wp\/v2\/pages\/8159\/revisions\/9049"}],"up":[{"embeddable":true,"href":"https:\/\/surmasterprojects.com\/en\/wp-json\/wp\/v2\/pages\/7644"}],"wp:featuredmedia":[{"embeddable":true,"href":"https:\/\/surmasterprojects.com\/en\/wp-json\/wp\/v2\/media\/8166"}],"wp:attachment":[{"href":"https:\/\/surmasterprojects.com\/en\/wp-json\/wp\/v2\/media?parent=8159"}],"curies":[{"name":"wp","href":"https:\/\/api.w.org\/{rel}","templated":true}]}}