{"id":8429,"date":"2024-05-30T11:36:27","date_gmt":"2024-05-30T11:36:27","guid":{"rendered":"https:\/\/surmasterprojects.com\/?page_id=8429"},"modified":"2024-05-31T13:59:19","modified_gmt":"2024-05-31T13:59:19","slug":"viajar-a-mallorca-en-julio-guia-completa","status":"publish","type":"page","link":"https:\/\/surmasterprojects.com\/en\/blog\/viajar-a-mallorca-en-julio-guia-completa\/","title":{"rendered":"Travel to Mallorca in July: Completed Guide"},"content":{"rendered":"<p>[et_pb_section fb_built=\u00bb1&#8243; _builder_version=\u00bb4.21.0&#8243; _module_preset=\u00bbdefault\u00bb global_colors_info=\u00bb{}\u00bb][et_pb_row _builder_version=\u00bb4.24.2&#8243; custom_padding=\u00bb21px|||||\u00bb locked=\u00bboff\u00bb global_colors_info=\u00bb{}\u00bb][et_pb_column type=\u00bb4_4&#8243; _builder_version=\u00bb4.16&#8243; global_colors_info=\u00bb{}\u00bb][et_pb_text _builder_version=\u00bb4.25.1&#8243; header_font=\u00bbBellefair||||||||\u00bb header_font_size=\u00bb48px\u00bb header_line_height=\u00bb1.2em\u00bb header_2_font=\u00bbBellefair||||||||\u00bb header_2_text_color=\u00bb#000000&#8243; header_2_font_size=\u00bb48px\u00bb header_2_line_height=\u00bb1.2em\u00bb header_6_font=\u00bbMontserrat|700||on|||||\u00bb header_6_text_color=\u00bb#ff4e00&#8243; header_6_font_size=\u00bb12px\u00bb header_6_letter_spacing=\u00bb2px\u00bb header_6_line_height=\u00bb1.2em\u00bb text_orientation=\u00bbcenter\u00bb max_width=\u00bb700px\u00bb module_alignment=\u00bbcenter\u00bb header_2_font_size_tablet=\u00bb42px\u00bb header_2_font_size_phone=\u00bb34px\u00bb header_2_font_size_last_edited=\u00bbon|desktop\u00bb header_6_font_size_tablet=\u00bb42px\u00bb header_6_font_size_phone=\u00bb34px\u00bb header_6_font_size_last_edited=\u00bboff|phone\u00bb text_text_align=\u00bbjustify\u00bb locked=\u00bboff\u00bb global_colors_info=\u00bb{}\u00bb header_2_2_font_size_tablet=\u00bb42px\u00bb header_3_2_font_size_tablet=\u00bb42px\u00bb header_4_2_font_size_tablet=\u00bb42px\u00bb header_5_2_font_size_tablet=\u00bb42px\u00bb header_6_2_font_size_tablet=\u00bb42px\u00bb header_2_2_font_size_phone=\u00bb34px\u00bb header_3_2_font_size_phone=\u00bb34px\u00bb header_4_2_font_size_phone=\u00bb34px\u00bb header_5_2_font_size_phone=\u00bb34px\u00bb header_6_2_font_size_phone=\u00bb34px\u00bb header_2_2_font_size_last_edited=\u00bbon|tablet\u00bb header_3_2_font_size_last_edited=\u00bbon|tablet\u00bb header_4_2_font_size_last_edited=\u00bbon|tablet\u00bb header_5_2_font_size_last_edited=\u00bbon|tablet\u00bb header_6_2_font_size_last_edited=\u00bbon|tablet\u00bb header_2_3_font_size_tablet=\u00bb34px\u00bb header_3_3_font_size_tablet=\u00bb34px\u00bb header_4_3_font_size_tablet=\u00bb34px\u00bb header_5_3_font_size_tablet=\u00bb34px\u00bb header_6_3_font_size_tablet=\u00bb34px\u00bb header_2_3_font_size_phone=\u00bb28px\u00bb header_3_3_font_size_phone=\u00bb28px\u00bb header_4_3_font_size_phone=\u00bb28px\u00bb header_5_3_font_size_phone=\u00bb28px\u00bb header_6_3_font_size_phone=\u00bb28px\u00bb header_2_3_font_size_last_edited=\u00bbon|phone\u00bb header_3_3_font_size_last_edited=\u00bbon|phone\u00bb header_4_3_font_size_last_edited=\u00bbon|phone\u00bb header_5_3_font_size_last_edited=\u00bbon|phone\u00bb header_6_3_font_size_last_edited=\u00bbon|phone\u00bb header_2_4_font_size_tablet=\u00bb22px\u00bb header_3_4_font_size_tablet=\u00bb22px\u00bb header_4_4_font_size_tablet=\u00bb22px\u00bb header_5_4_font_size_tablet=\u00bb22px\u00bb header_6_4_font_size_tablet=\u00bb22px\u00bb header_2_4_font_size_phone=\u00bb18px\u00bb header_3_4_font_size_phone=\u00bb18px\u00bb header_4_4_font_size_phone=\u00bb18px\u00bb header_5_4_font_size_phone=\u00bb18px\u00bb header_6_4_font_size_phone=\u00bb18px\u00bb header_2_4_font_size_last_edited=\u00bbon|phone\u00bb header_3_4_font_size_last_edited=\u00bbon|phone\u00bb header_4_4_font_size_last_edited=\u00bbon|phone\u00bb header_5_4_font_size_last_edited=\u00bbon|phone\u00bb header_6_4_font_size_last_edited=\u00bbon|phone\u00bb header_2_5_font_size_phone=\u00bb16px\u00bb header_3_5_font_size_phone=\u00bb16px\u00bb header_4_5_font_size_phone=\u00bb16px\u00bb header_5_5_font_size_phone=\u00bb16px\u00bb header_6_5_font_size_phone=\u00bb16px\u00bb header_2_5_font_size_last_edited=\u00bbon|tablet\u00bb header_3_5_font_size_last_edited=\u00bbon|tablet\u00bb header_4_5_font_size_last_edited=\u00bbon|tablet\u00bb header_5_5_font_size_last_edited=\u00bbon|tablet\u00bb header_6_5_font_size_last_edited=\u00bbon|tablet\u00bb]<\/p>\n<h6><b>VIAJAR A MALLORCA EN JULIO<\/b><\/h6>\n<h1>Viajar a Palma de Mallorca en Julio<\/h1>\n<p>[\/et_pb_text][et_pb_image src=\u00bbhttps:\/\/surmasterprojects.com\/wp-content\/uploads\/2024\/05\/1800px-CALA_SANTANYI_-_Majorka_AB-010.jpg\u00bb title_text=\u00bb1800px-CALA_SANTANYI_-_Majorka,_AB-010&#8243; align=\u00bbcenter\u00bb _builder_version=\u00bb4.25.1&#8243; global_colors_info=\u00bb{}\u00bb][\/et_pb_image][\/et_pb_column][\/et_pb_row][et_pb_row column_structure=\u00bb1_2,1_2&#8243; _builder_version=\u00bb4.16&#8243; custom_padding=\u00bb||0px|||\u00bb global_colors_info=\u00bb{}\u00bb][et_pb_column type=\u00bb1_2&#8243; _builder_version=\u00bb4.16&#8243; global_colors_info=\u00bb{}\u00bb][et_pb_text _builder_version=\u00bb4.25.1&#8243; header_font=\u00bbBellefair||||||||\u00bb header_text_color=\u00bb#000000&#8243; header_font_size=\u00bb48px\u00bb header_line_height=\u00bb1.2em\u00bb header_2_font=\u00bbBellefair||||||||\u00bb header_2_text_align=\u00bbleft\u00bb header_2_text_color=\u00bb#000000&#8243; header_2_font_size=\u00bb48px\u00bb header_2_line_height=\u00bb1.2em\u00bb header_3_font=\u00bbBellefair||||||||\u00bb header_3_text_color=\u00bb#000000&#8243; header_3_font_size=\u00bb38px\u00bb header_3_line_height=\u00bb1.2em\u00bb header_4_font=\u00bbBellefair||||||||\u00bb header_4_text_color=\u00bb#000000&#8243; header_4_font_size=\u00bb30px\u00bb header_4_line_height=\u00bb1.4em\u00bb header_5_font=\u00bbBellefair||||||||\u00bb header_5_text_color=\u00bb#000000&#8243; header_5_font_size=\u00bb22px\u00bb header_5_line_height=\u00bb1.2em\u00bb header_6_font=\u00bbMontserrat|700||on|||||\u00bb header_6_text_color=\u00bb#ff4e00&#8243; header_6_font_size=\u00bb12px\u00bb header_6_letter_spacing=\u00bb2px\u00bb header_6_line_height=\u00bb1.2em\u00bb header_font_size_tablet=\u00bb42px\u00bb header_font_size_phone=\u00bb34px\u00bb header_font_size_last_edited=\u00bbon|tablet\u00bb header_2_font_size_tablet=\u00bb42px\u00bb header_2_font_size_phone=\u00bb34px\u00bb header_2_font_size_last_edited=\u00bbon|tablet\u00bb header_3_font_size_tablet=\u00bb34px\u00bb header_3_font_size_phone=\u00bb28px\u00bb header_3_font_size_last_edited=\u00bbon|phone\u00bb header_4_font_size_tablet=\u00bb22px\u00bb header_4_font_size_phone=\u00bb18px\u00bb header_4_font_size_last_edited=\u00bbon|phone\u00bb header_5_font_size_tablet=\u00bb\u00bb header_5_font_size_phone=\u00bb16px\u00bb header_5_font_size_last_edited=\u00bbon|tablet\u00bb border_color_all=\u00bb#ff4e00&#8243; border_width_bottom=\u00bb4px\u00bb text_text_align=\u00bbjustify\u00bb locked=\u00bboff\u00bb global_colors_info=\u00bb{}\u00bb header_2_2_font_size_tablet=\u00bb42px\u00bb header_3_2_font_size_tablet=\u00bb42px\u00bb header_4_2_font_size_tablet=\u00bb42px\u00bb header_5_2_font_size_tablet=\u00bb42px\u00bb header_6_2_font_size_tablet=\u00bb42px\u00bb header_2_2_font_size_phone=\u00bb34px\u00bb header_3_2_font_size_phone=\u00bb34px\u00bb header_4_2_font_size_phone=\u00bb34px\u00bb header_5_2_font_size_phone=\u00bb34px\u00bb header_6_2_font_size_phone=\u00bb34px\u00bb header_2_2_font_size_last_edited=\u00bbon|tablet\u00bb header_3_2_font_size_last_edited=\u00bbon|tablet\u00bb header_4_2_font_size_last_edited=\u00bbon|tablet\u00bb header_5_2_font_size_last_edited=\u00bbon|tablet\u00bb header_6_2_font_size_last_edited=\u00bbon|tablet\u00bb header_2_3_font_size_tablet=\u00bb34px\u00bb header_3_3_font_size_tablet=\u00bb34px\u00bb header_4_3_font_size_tablet=\u00bb34px\u00bb header_5_3_font_size_tablet=\u00bb34px\u00bb header_6_3_font_size_tablet=\u00bb34px\u00bb header_2_3_font_size_phone=\u00bb28px\u00bb header_3_3_font_size_phone=\u00bb28px\u00bb header_4_3_font_size_phone=\u00bb28px\u00bb header_5_3_font_size_phone=\u00bb28px\u00bb header_6_3_font_size_phone=\u00bb28px\u00bb header_2_3_font_size_last_edited=\u00bbon|phone\u00bb header_3_3_font_size_last_edited=\u00bbon|phone\u00bb header_4_3_font_size_last_edited=\u00bbon|phone\u00bb header_5_3_font_size_last_edited=\u00bbon|phone\u00bb header_6_3_font_size_last_edited=\u00bbon|phone\u00bb header_2_4_font_size_tablet=\u00bb22px\u00bb header_3_4_font_size_tablet=\u00bb22px\u00bb header_4_4_font_size_tablet=\u00bb22px\u00bb header_5_4_font_size_tablet=\u00bb22px\u00bb header_6_4_font_size_tablet=\u00bb22px\u00bb header_2_4_font_size_phone=\u00bb18px\u00bb header_3_4_font_size_phone=\u00bb18px\u00bb header_4_4_font_size_phone=\u00bb18px\u00bb header_5_4_font_size_phone=\u00bb18px\u00bb header_6_4_font_size_phone=\u00bb18px\u00bb header_2_4_font_size_last_edited=\u00bbon|phone\u00bb header_3_4_font_size_last_edited=\u00bbon|phone\u00bb header_4_4_font_size_last_edited=\u00bbon|phone\u00bb header_5_4_font_size_last_edited=\u00bbon|phone\u00bb header_6_4_font_size_last_edited=\u00bbon|phone\u00bb header_2_5_font_size_phone=\u00bb16px\u00bb header_3_5_font_size_phone=\u00bb16px\u00bb header_4_5_font_size_phone=\u00bb16px\u00bb header_5_5_font_size_phone=\u00bb16px\u00bb header_6_5_font_size_phone=\u00bb16px\u00bb header_2_5_font_size_last_edited=\u00bbon|tablet\u00bb header_3_5_font_size_last_edited=\u00bbon|tablet\u00bb header_4_5_font_size_last_edited=\u00bbon|tablet\u00bb header_5_5_font_size_last_edited=\u00bbon|tablet\u00bb header_6_5_font_size_last_edited=\u00bbon|tablet\u00bb]<\/p>\n<h4>Viajar a Mallorca en julio es una experiencia que no te puedes perder. Esta isla balear es conocida por sus impresionantes playas, aguas cristalinas, vibrante vida nocturna y una oferta cultural rica y diversa.<\/h4>\n<p>[\/et_pb_text][et_pb_text _builder_version=\u00bb4.25.1&#8243; text_font=\u00bb||||||||\u00bb text_font_size=\u00bb16px\u00bb text_line_height=\u00bb2em\u00bb text_orientation=\u00bbjustified\u00bb text_font_size_tablet=\u00bb15px\u00bb text_font_size_phone=\u00bb14px\u00bb text_font_size_last_edited=\u00bbon|phone\u00bb locked=\u00bboff\u00bb global_colors_info=\u00bb{}\u00bb]<\/p>\n<p>Adem\u00e1s, julio es el mes perfecto para disfrutar del clima c\u00e1lido y de una amplia gama de actividades y festivales que hacen de Mallorca un destino vacacional ideal. Planifica tu viaje con antelaci\u00f3n, aprovecha al m\u00e1ximo cada d\u00eda y sum\u00e9rgete en la magia de Mallorca<\/p>\n<p>[\/et_pb_text][et_pb_text _builder_version=\u00bb4.25.1&#8243; text_font=\u00bb||||||||\u00bb text_font_size=\u00bb16px\u00bb text_line_height=\u00bb2em\u00bb text_orientation=\u00bbjustified\u00bb custom_margin=\u00bb||47px|||\u00bb text_font_size_tablet=\u00bb15px\u00bb text_font_size_phone=\u00bb14px\u00bb text_font_size_last_edited=\u00bbon|phone\u00bb header_2_font_size_tablet=\u00bb\u00bb header_2_font_size_phone=\u00bb\u00bb header_2_font_size_last_edited=\u00bbon|phone\u00bb header_2_letter_spacing_tablet=\u00bb\u00bb header_2_letter_spacing_phone=\u00bb\u00bb header_2_letter_spacing_last_edited=\u00bbon|phone\u00bb header_2_line_height_tablet=\u00bb\u00bb header_2_line_height_phone=\u00bb1.3em\u00bb header_2_line_height_last_edited=\u00bbon|phone\u00bb locked=\u00bboff\u00bb global_colors_info=\u00bb{}\u00bb]<\/p>\n<h2>El Clima en Mallorca en Julio<\/h2>\n<p><span style=\"font-weight: 400;\">El clima en julio en Mallorca es simplemente perfecto para unas vacaciones de verano. Con temperaturas que rondan los 30\u00b0C y d\u00edas largos y soleados, es el momento ideal para disfrutar de la playa, explorar la naturaleza y participar en eventos al aire libre.<\/span><\/p>\n<h3>Temperaturas y clima durante el mes de julio en Mallorca<\/h3>\n<p><span style=\"font-weight: 400;\">Julio es uno de los meses m\u00e1s calurosos del a\u00f1o en Mallorca. Las temperaturas diurnas suelen oscilar entre 25\u00b0C y 30\u00b0C, mientras que las noches son c\u00e1lidas, con temperaturas que rara vez bajan de los 20\u00b0C. Este clima favorece tanto las actividades diurnas como las nocturnas, permiti\u00e9ndote aprovechar al m\u00e1ximo cada momento.<\/span><\/p>\n<p>[\/et_pb_text][et_pb_image src=\u00bbhttps:\/\/surmasterprojects.com\/wp-content\/uploads\/2024\/05\/960px-Bucht_Cala_Tuent.jpg\u00bb title_text=\u00bb960px-Bucht_Cala_Tuent\u00bb _builder_version=\u00bb4.25.1&#8243; _module_preset=\u00bbdefault\u00bb custom_margin=\u00bb33px|||||\u00bb global_colors_info=\u00bb{}\u00bb][\/et_pb_image][\/et_pb_column][et_pb_column type=\u00bb1_2&#8243; _builder_version=\u00bb4.16&#8243; global_colors_info=\u00bb{}\u00bb][et_pb_text _builder_version=\u00bb4.25.1&#8243; text_font=\u00bb||||||||\u00bb text_font_size=\u00bb16px\u00bb text_line_height=\u00bb2em\u00bb text_orientation=\u00bbjustified\u00bb hover_enabled=\u00bb0&#8243; text_font_size_tablet=\u00bb15px\u00bb text_font_size_phone=\u00bb14px\u00bb text_font_size_last_edited=\u00bbon|phone\u00bb header_2_font_size_tablet=\u00bb\u00bb header_2_font_size_phone=\u00bb\u00bb header_2_font_size_last_edited=\u00bbon|phone\u00bb header_2_letter_spacing_tablet=\u00bb\u00bb header_2_letter_spacing_phone=\u00bb\u00bb header_2_letter_spacing_last_edited=\u00bbon|phone\u00bb header_2_line_height_tablet=\u00bb\u00bb header_2_line_height_phone=\u00bb1.3em\u00bb header_2_line_height_last_edited=\u00bbon|phone\u00bb locked=\u00bboff\u00bb global_colors_info=\u00bb{}\u00bb sticky_enabled=\u00bb0&#8243;]<\/p>\n<p><span style=\"font-weight: 400;\">Las playas de Mallorca son uno de los mayores atractivos de la isla, y julio es el mes ideal para visitarlas. Playas como Es Trenc, Cala Millor y Cala Agulla ofrecen arenas blancas y aguas turquesas perfectas para nadar, bucear y tomar el sol. Adem\u00e1s, la temperatura del agua en julio es agradablemente c\u00e1lida, lo que hace que el ba\u00f1o sea a\u00fan m\u00e1s placentero.<\/span><\/p>\n<h2>Actividades en Mallorca en Julio<\/h2>\n<p><span style=\"font-weight: 400;\">En julio, Mallorca se llena de vida con una gran variedad de actividades y eventos. Desde festivales culturales hasta deportes acu\u00e1ticos, hay algo para todos los gustos.<\/span><\/p>\n<h3>Festivales y eventos locales<\/h3>\n<p><span style=\"font-weight: 400;\">Julio es un mes repleto de festivales en Mallorca. Uno de los m\u00e1s destacados es la Fiesta de Sant Jaume, que se celebra el 25 de julio en varios pueblos de la isla. Este evento incluye m\u00fasica en vivo, desfiles, fuegos artificiales y actividades tradicionales que ofrecen una visi\u00f3n aut\u00e9ntica de la cultura mallorquina.<\/span><\/p>\n<h3>Deportes acu\u00e1ticos y excursiones mar\u00edtimas<\/h3>\n<p><span style=\"font-weight: 400;\">Las condiciones en julio son ideales para practicar deportes acu\u00e1ticos. Puedes alquilar un kayak, hacer paddle surf o disfrutar de una emocionante excursi\u00f3n en barco. Las aguas tranquilas y claras de la isla proporcionan el entorno perfecto para estas actividades. No te pierdas la oportunidad de bucear o hacer snorkel en lugares como la Reserva Marina de Cabrera.<\/span><\/p>\n<h2>Gastronom\u00eda mallorquina: un deleite al viajar a Mallorca en Julio<\/h2>\n<p><span style=\"font-weight: 400;\">La gastronom\u00eda es una parte esencial de cualquier viaje a Mallorca. En julio, los productos frescos y los platos locales est\u00e1n en su mejor momento, ofreciendo una experiencia culinaria inigualable.<\/span><\/p>\n<h3>Platos t\u00edpicos y delicias locales para degustar<\/h3>\n<p><span style=\"font-weight: 400;\">Mallorca es famosa por su comida tradicional. Prueba platos como la sobrasada, un embutido de cerdo especiado, y la ensaimada, un dulce t\u00edpico que es perfecto para el desayuno. En julio, los mercados locales est\u00e1n llenos de frutas y verduras frescas, como melones y pimientos, que son ingredientes clave en muchos platos mallorquines.<\/span><\/p>\n<p>[\/et_pb_text][\/et_pb_column][\/et_pb_row][et_pb_row column_structure=\u00bb1_2,1_2&#8243; _builder_version=\u00bb4.16&#8243; custom_padding=\u00bb||0px|||\u00bb global_colors_info=\u00bb{}\u00bb][et_pb_column type=\u00bb1_2&#8243; _builder_version=\u00bb4.16&#8243; global_colors_info=\u00bb{}\u00bb][et_pb_text _builder_version=\u00bb4.25.1&#8243; text_font=\u00bb||||||||\u00bb text_font_size=\u00bb16px\u00bb text_line_height=\u00bb2em\u00bb text_orientation=\u00bbjustified\u00bb text_font_size_tablet=\u00bb15px\u00bb text_font_size_phone=\u00bb14px\u00bb text_font_size_last_edited=\u00bbon|phone\u00bb locked=\u00bboff\u00bb global_colors_info=\u00bb{}\u00bb]<\/p>\n<h3>Restaurantes y mercados en Palma<\/h3>\n<p><span style=\"font-weight: 400;\">Para una aut\u00e9ntica experiencia gastron\u00f3mica, visita algunos de los mejores restaurantes de la isla. Lugares como Ca&#8217;n Joan de S&#8217;Aigo, conocido por sus ensaimadas y helados artesanales, y el mercado de Santa Catalina en Palma, donde puedes encontrar productos frescos y degustar tapas locales, son visitas obligadas.<\/span><\/p>\n<p>[\/et_pb_text][et_pb_text _builder_version=\u00bb4.25.1&#8243; text_font=\u00bb||||||||\u00bb text_font_size=\u00bb16px\u00bb text_line_height=\u00bb2em\u00bb text_orientation=\u00bbjustified\u00bb custom_margin=\u00bb||17px|||\u00bb text_font_size_tablet=\u00bb15px\u00bb text_font_size_phone=\u00bb14px\u00bb text_font_size_last_edited=\u00bbon|phone\u00bb header_2_font_size_tablet=\u00bb\u00bb header_2_font_size_phone=\u00bb\u00bb header_2_font_size_last_edited=\u00bbon|phone\u00bb header_2_letter_spacing_tablet=\u00bb\u00bb header_2_letter_spacing_phone=\u00bb\u00bb header_2_letter_spacing_last_edited=\u00bbon|phone\u00bb header_2_line_height_tablet=\u00bb\u00bb header_2_line_height_phone=\u00bb1.3em\u00bb header_2_line_height_last_edited=\u00bbon|phone\u00bb locked=\u00bboff\u00bb global_colors_info=\u00bb{}\u00bb]<\/p>\n<h2>Alojamiento y hospedaje al viajar a Palma de Mallorca en Julio<\/h2>\n<p><span style=\"font-weight: 400;\">Encontrar el lugar perfecto para hospedarse en Mallorca es esencial para disfrutar de tu viaje. La isla ofrece una amplia variedad de opciones, desde hoteles de lujo hasta encantadoras casas rurales. Si tu plan es alquilar un coche y recorrer la isla cada d\u00eda, alojarse en Palma puede ser una excelente opci\u00f3n. Palma ofrece muchas opciones para seguir conociendo la isla, paseando por sus calles, cenando en restaurantes locales o disfrutando de su vibrante vida nocturna.<\/span><\/p>\n<p>[\/et_pb_text][et_pb_image src=\u00bbhttps:\/\/surmasterprojects.com\/wp-content\/uploads\/2024\/05\/960px-Cala_dOr_Cala_dOr_04.jpg\u00bb title_text=\u00bb960px-Cala_d&#8217;Or_(Cala_d&#8217;Or)_04&#8243; _builder_version=\u00bb4.25.1&#8243; _module_preset=\u00bbdefault\u00bb custom_margin=\u00bb-5px||37px|||\u00bb custom_padding=\u00bb29px|||||\u00bb global_colors_info=\u00bb{}\u00bb][\/et_pb_image][\/et_pb_column][et_pb_column type=\u00bb1_2&#8243; _builder_version=\u00bb4.16&#8243; global_colors_info=\u00bb{}\u00bb][et_pb_image src=\u00bbhttps:\/\/surmasterprojects.com\/wp-content\/uploads\/2024\/05\/960px-Cala_dOr_Cala_dOr_01.jpg\u00bb title_text=\u00bb960px-Cala_d&#8217;Or_(Cala_d&#8217;Or)_01&#8243; _builder_version=\u00bb4.25.1&#8243; _module_preset=\u00bbdefault\u00bb custom_margin=\u00bb0px||37px|||\u00bb custom_padding=\u00bb0px|||||\u00bb global_colors_info=\u00bb{}\u00bb][\/et_pb_image][et_pb_text _builder_version=\u00bb4.25.1&#8243; text_font=\u00bb||||||||\u00bb text_font_size=\u00bb16px\u00bb text_line_height=\u00bb2em\u00bb text_orientation=\u00bbjustified\u00bb text_font_size_tablet=\u00bb15px\u00bb text_font_size_phone=\u00bb14px\u00bb text_font_size_last_edited=\u00bbon|phone\u00bb header_2_font_size_tablet=\u00bb\u00bb header_2_font_size_phone=\u00bb\u00bb header_2_font_size_last_edited=\u00bbon|phone\u00bb header_2_letter_spacing_tablet=\u00bb\u00bb header_2_letter_spacing_phone=\u00bb\u00bb header_2_letter_spacing_last_edited=\u00bbon|phone\u00bb header_2_line_height_tablet=\u00bb\u00bb header_2_line_height_phone=\u00bb1.3em\u00bb header_2_line_height_last_edited=\u00bbon|phone\u00bb locked=\u00bboff\u00bb global_colors_info=\u00bb{}\u00bb]<\/p>\n<p><span style=\"font-weight: 400;\">Algunas de las zonas m\u00e1s populares para alojarse en julio incluyen Palma, la capital, y los pueblos costeros de Alc\u00fadia y S\u00f3ller.<\/span><\/p>\n<p><span style=\"font-weight: 400;\">Palma ofrece una combinaci\u00f3n de vida urbana y playa, mientras que Alc\u00fadia y S\u00f3ller son perfectos para quienes buscan un ambiente m\u00e1s tranquilo y pintoresco.<\/span><\/p>\n<p><span style=\"font-weight: 400;\">Si prefieres una experiencia m\u00e1s aut\u00e9ntica y privada, considera alquilar una casa rural o un apartamento. Estas opciones suelen estar situadas en entornos naturales y ofrecen todas las comodidades necesarias para una estancia agradable.<\/span><\/p>\n<p><span style=\"font-weight: 400;\">Port de Pollen\u00e7a y Dei\u00e0 son excelentes lugares para buscar este tipo de alojamiento.<\/span><\/p>\n<p><span style=\"font-weight: 400;\">Si prefieres quedarte cerca pero no en el centro de Palma, puedes considerar alojamientos en El Arenal o Portixol. Ambas \u00e1reas est\u00e1n bien comunicadas y ofrecen una variedad de actividades para disfrutar en familia.<\/span>\u00a0<\/p>\n<p>[\/et_pb_text][\/et_pb_column][\/et_pb_row][et_pb_row column_structure=\u00bb1_2,1_2&#8243; _builder_version=\u00bb4.21.0&#8243; custom_padding=\u00bb||0px|||\u00bb global_colors_info=\u00bb{}\u00bb][et_pb_column type=\u00bb1_2&#8243; _builder_version=\u00bb4.16&#8243; global_colors_info=\u00bb{}\u00bb][et_pb_text _builder_version=\u00bb4.25.1&#8243; text_font=\u00bb||||||||\u00bb text_font_size=\u00bb16px\u00bb text_line_height=\u00bb2em\u00bb header_2_line_height=\u00bb1.4em\u00bb text_orientation=\u00bbjustified\u00bb text_font_size_tablet=\u00bb15px\u00bb text_font_size_phone=\u00bb14px\u00bb text_font_size_last_edited=\u00bbon|phone\u00bb locked=\u00bboff\u00bb global_colors_info=\u00bb{}\u00bb]<\/p>\n<h2>Viaje en Familia a Mallorca en Julio<\/h2>\n<p><span style=\"font-weight: 400;\">Si tu idea de vacaciones es hacer playa y m\u00e1s playa, alojarse en zonas como Pollensa o Alcudia puede ser lo ideal.<\/span><\/p>\n<p><span style=\"font-weight: 400;\">Estas \u00e1reas son conocidas por sus playas bonitas y tranquilas, perfectas para familias.<\/span><\/p>\n<h3>Playas recomendadas para familias<\/h3>\n<p><span style=\"font-weight: 400;\">Entre las playas del norte, la Playa de Muro es una excelente opci\u00f3n. Ofrece aguas claras y poco profundas, ideales para los m\u00e1s peque\u00f1os.<\/span><\/p>\n<p><span style=\"font-weight: 400;\">Adem\u00e1s, los pueblos cercanos como Valdemossa, Dei\u00e0 y Fornalutx son perfectos para excursiones de un d\u00eda.<\/span><\/p>\n<h3>Ventajas de alojarse en zonas de playa<\/h3>\n<p><span style=\"font-weight: 400;\">Alojarse en un hotel o apartamento en estas \u00e1reas te permitir\u00e1 disfrutar de la playa sin necesidad de largos desplazamientos.<\/span><\/p>\n<p><span style=\"font-weight: 400;\">Adem\u00e1s, tendr\u00e1s la oportunidad de explorar los encantadores pueblos y disfrutar de la gastronom\u00eda local.<\/span><span style=\"font-weight: 400;\"><\/span><\/p>\n<p>[\/et_pb_text][et_pb_text _builder_version=\u00bb4.25.1&#8243; text_font=\u00bb||||||||\u00bb text_font_size=\u00bb16px\u00bb text_line_height=\u00bb2em\u00bb header_2_line_height=\u00bb1.4em\u00bb text_orientation=\u00bbjustified\u00bb text_font_size_tablet=\u00bb15px\u00bb text_font_size_phone=\u00bb14px\u00bb text_font_size_last_edited=\u00bbon|phone\u00bb locked=\u00bboff\u00bb global_colors_info=\u00bb{}\u00bb]<\/p>\n<h2>Viaje a Mallorca en pareja en julio<\/h2>\n<p><span style=\"font-weight: 400;\">Mallorca es tambi\u00e9n un destino ideal para parejas, ofreciendo una mezcla de playas tranquilas y vibrante vida urbana. Aqu\u00ed te damos algunas recomendaciones para disfrutar al m\u00e1ximo de tu viaje en pareja.<\/span><\/p>\n<h3>Alcudia: un para\u00edso para los amantes de la playa<\/h3>\n<p><span style=\"font-weight: 400;\">Si buscas pasar la mayor parte del tiempo en la playa, Alcudia es una excelente elecci\u00f3n. Sus playas de arena blanca y aguas turquesas son perfectas para relajarse y disfrutar del sol.<\/span><\/p>\n<h3>Palma: la combinaci\u00f3n perfecta de playa y cultura<\/h3>\n<p><span style=\"font-weight: 400;\">Si prefieres una combinaci\u00f3n de playa y turismo cultural, Palma es el lugar indicado.<\/span><\/p>\n<p><span style=\"font-weight: 400;\">Con un coche de alquiler, puedes explorar la ciudad y sus alrededores, visitando calas y puntos de inter\u00e9s hist\u00f3rico.<\/span><span style=\"font-weight: 400;\"><\/span><\/p>\n<p>[\/et_pb_text][et_pb_image src=\u00bbhttps:\/\/surmasterprojects.com\/wp-content\/uploads\/2024\/05\/960px-Cala_Esmeralda_11.jpg\u00bb title_text=\u00bb960px-Cala_Esmeralda_11&#8243; _builder_version=\u00bb4.25.1&#8243; _module_preset=\u00bbdefault\u00bb global_colors_info=\u00bb{}\u00bb][\/et_pb_image][\/et_pb_column][et_pb_column type=\u00bb1_2&#8243; _builder_version=\u00bb4.16&#8243; global_colors_info=\u00bb{}\u00bb][et_pb_image src=\u00bbhttps:\/\/surmasterprojects.com\/wp-content\/uploads\/2024\/05\/960px-Cala_Egos_06.jpg\u00bb title_text=\u00bb960px-Cala_Egos_06&#8243; _builder_version=\u00bb4.25.1&#8243; _module_preset=\u00bbdefault\u00bb global_colors_info=\u00bb{}\u00bb][\/et_pb_image][et_pb_text _builder_version=\u00bb4.25.1&#8243; text_font=\u00bb||||||||\u00bb text_font_size=\u00bb16px\u00bb text_line_height=\u00bb2em\u00bb header_2_line_height=\u00bb1.4em\u00bb text_orientation=\u00bbjustified\u00bb text_font_size_tablet=\u00bb15px\u00bb text_font_size_phone=\u00bb14px\u00bb text_font_size_last_edited=\u00bbon|phone\u00bb locked=\u00bboff\u00bb global_colors_info=\u00bb{}\u00bb]<\/p>\n<h2>Calas menos masificadas para una escapada rom\u00e1ntica<\/h2>\n<p><span style=\"font-weight: 400;\">Mallorca cuenta con una gran cantidad de calas, muchas de las cuales son poco conocidas y perfectas para una escapada rom\u00e1ntica.<\/span><\/p>\n<h3>Cala Mitjana: exclusividad y belleza natural<\/h3>\n<p><span style=\"font-weight: 400;\">Situada en la parte sudeste de la isla, cerca de Cala D\u2019or, Cala Mitjana es una cala rec\u00f3ndita y exclusiva. La peque\u00f1a zona de arena y las aguas tranquilas la convierten en un lugar ideal para terminar el d\u00eda.<\/span><span style=\"font-weight: 400;\"><\/span><\/p>\n<p>[\/et_pb_text][et_pb_image src=\u00bbhttps:\/\/surmasterprojects.com\/wp-content\/uploads\/2024\/05\/960px-Cala_Egos_09.jpg\u00bb title_text=\u00bb960px-Cala_Egos_09&#8243; _builder_version=\u00bb4.25.1&#8243; _module_preset=\u00bbdefault\u00bb custom_margin=\u00bb33px|||||\u00bb global_colors_info=\u00bb{}\u00bb][\/et_pb_image][et_pb_text _builder_version=\u00bb4.25.1&#8243; text_font=\u00bb||||||||\u00bb text_font_size=\u00bb16px\u00bb text_line_height=\u00bb2em\u00bb header_2_line_height=\u00bb1.4em\u00bb text_orientation=\u00bbjustified\u00bb text_font_size_tablet=\u00bb15px\u00bb text_font_size_phone=\u00bb14px\u00bb text_font_size_last_edited=\u00bbon|phone\u00bb locked=\u00bboff\u00bb global_colors_info=\u00bb{}\u00bb]<\/p>\n<h3>Cala de Dey\u00e1: un rinc\u00f3n especial al noroeste de la isla<\/h3>\n<p><span style=\"font-weight: 400;\">Cala de Dey\u00e1, con su playa de cantos rodados y aguas tranquilas, es perfecta para disfrutar de las vistas y el ambiente relajado. Su acceso empinado la hace menos concurrida, ideal para una visita tranquila.<\/span><\/p>\n<h3>Cala en Gossalba: una cala para disfrutar de la soledad<\/h3>\n<p><span style=\"font-weight: 400;\">Esta peque\u00f1a cala ofrece un verdadero escape de la multitud. Con apenas unos metros de ancho, es el lugar perfecto para disfrutar de la tranquilidad y el sonido de las olas.<\/span><\/p>\n<p>[\/et_pb_text][\/et_pb_column][\/et_pb_row][et_pb_row _builder_version=\u00bb4.21.0&#8243; custom_margin=\u00bb36px|auto||auto||\u00bb custom_padding=\u00bb34px||0px|||\u00bb global_colors_info=\u00bb{}\u00bb][et_pb_column type=\u00bb4_4&#8243; _builder_version=\u00bb4.16&#8243; global_colors_info=\u00bb{}\u00bb][et_pb_divider color=\u00bb#f75e00&#8243; divider_weight=\u00bb4px\u00bb _builder_version=\u00bb4.21.0&#8243; _module_preset=\u00bbdefault\u00bb width=\u00bb40%\u00bb module_alignment=\u00bbcenter\u00bb global_colors_info=\u00bb{}\u00bb][\/et_pb_divider][et_pb_text quote_border_color=\u00bb#E09900&#8243; _builder_version=\u00bb4.25.1&#8243; text_font=\u00bb||||||||\u00bb text_font_size=\u00bb16px\u00bb text_line_height=\u00bb2em\u00bb header_2_line_height=\u00bb1.4em\u00bb text_orientation=\u00bbjustified\u00bb custom_margin=\u00bb||42px|||\u00bb text_font_size_tablet=\u00bb15px\u00bb text_font_size_phone=\u00bb14px\u00bb text_font_size_last_edited=\u00bbon|phone\u00bb locked=\u00bboff\u00bb global_colors_info=\u00bb{}\u00bb]<\/p>\n<blockquote>\n<h2><span style=\"font-weight: 400;\">Preguntas Frecuentes sobre Viajar a Mallorca en julio<\/span><\/h2>\n<\/blockquote>\n<h3>\u00bfC\u00f3mo es el clima en Mallorca en julio?<\/h3>\n<p>En julio, el clima en Mallorca es c\u00e1lido y soleado, con temperaturas que suelen oscilar entre los 22 y 30 grados Celsius. Es ideal para disfrutar del sol y las actividades al aire libre durante todo el d\u00eda.<\/p>\n<h3>\u00bfEs julio una buena \u00e9poca para visitar Mallorca?<\/h3>\n<p>S\u00ed, julio es una excelente \u00e9poca para visitar Mallorca. El clima es perfecto para disfrutar de las playas y calas de la isla, y hay una amplia variedad de eventos culturales y festivales para disfrutar durante este mes.<\/p>\n<h3>\u00bfSe puede nadar en el mar en Mallorca en julio?<\/h3>\n<p>S\u00ed, en julio las temperaturas del mar son c\u00e1lidas y perfectas para nadar. Con temperaturas que rondan los 24\u00b0C, las aguas de Mallorca son ideales para refrescarse y disfrutar del verano en la isla.<\/p>\n<h3>\u00bfLlueve mucho en Mallorca en julio?<\/h3>\n<p>No, julio es uno de los meses m\u00e1s secos en Mallorca, con pocas precipitaciones y d\u00edas lluviosos. El sol brilla durante la mayor parte del mes, lo que lo convierte en un momento perfecto para disfrutar de las actividades al aire libre y de la playa.<\/p>\n<h3>\u00bfHay mucha gente en Mallorca en julio?<\/h3>\n<p>S\u00ed, julio es uno de los meses m\u00e1s concurridos en Mallorca debido a la temporada alta de turismo. Las playas, calles y atracciones tur\u00edsticas suelen estar bastante concurridas durante este mes, ya que muchas personas eligen Mallorca como destino vacacional en verano. Es recomendable anticipar reservas y planificar actividades con anticipaci\u00f3n para evitar inconvenientes debido a las multitudes.<\/p>\n<h3>\u00bfEs Magaluf adecuado para visitar en julio?<\/h3>\n<p>S\u00ed, julio es un mes popular para visitar Magaluf, especialmente para aquellos que disfrutan del ambiente animado y las actividades nocturnas. Con temperaturas c\u00e1lidas y secas, es un momento perfecto para disfrutar de la vida nocturna y las playas de la zona.<\/p>\n<p>[\/et_pb_text][\/et_pb_column][\/et_pb_row][\/et_pb_section]<\/p>\n","protected":false},"excerpt":{"rendered":"<p>VIAJAR A MALLORCA EN JULIO Viajar a Palma de Mallorca en JulioViajar a Mallorca en julio es una experiencia que no te puedes perder. Esta isla balear es conocida por sus impresionantes playas, aguas cristalinas, vibrante vida nocturna y una oferta cultural rica y diversa.Adem\u00e1s, julio es el mes perfecto para disfrutar del clima c\u00e1lido [&hellip;]<\/p>\n","protected":false},"author":1,"featured_media":8433,"parent":7644,"menu_order":0,"comment_status":"closed","ping_status":"closed","template":"","meta":{"_et_pb_use_builder":"on","_et_pb_old_content":"","_et_gb_content_width":"","footnotes":""},"class_list":["post-8429","page","type-page","status-publish","has-post-thumbnail","hentry"],"yoast_head":"<!-- This site is optimized with the Yoast SEO plugin v27.4 - https:\/\/yoast.com\/product\/yoast-seo-wordpress\/ -->\n<title>Surmaster Projects<\/title>\n<meta name=\"robots\" content=\"index, follow, max-snippet:-1, max-image-preview:large, max-video-preview:-1\" \/>\n<link rel=\"canonical\" href=\"https:\/\/surmasterprojects.com\/en\/blog\/viajar-a-mallorca-en-julio-guia-completa\/\" \/>\n<meta property=\"og:locale\" content=\"en_GB\" \/>\n<meta property=\"og:type\" content=\"article\" \/>\n<meta property=\"og:description\" content=\"VIAJAR A MALLORCA EN JULIO Viajar a Palma de Mallorca en JulioViajar a Mallorca en julio es una experiencia que no te puedes perder. Esta isla balear es conocida por sus impresionantes playas, aguas cristalinas, vibrante vida nocturna y una oferta cultural rica y diversa.Adem\u00e1s, julio es el mes perfecto para disfrutar del clima c\u00e1lido [&hellip;]\" \/>\n<meta property=\"og:url\" content=\"https:\/\/surmasterprojects.com\/en\/blog\/viajar-a-mallorca-en-julio-guia-completa\/\" \/>\n<meta property=\"og:site_name\" content=\"Surmaster Projects\" \/>\n<meta property=\"article:modified_time\" content=\"2024-05-31T13:59:19+00:00\" \/>\n<meta property=\"og:image\" content=\"https:\/\/surmasterprojects.com\/wp-content\/uploads\/2024\/05\/1800px-CALA_SANTANYI_-_Majorka_AB-010.jpg\" \/>\n\t<meta property=\"og:image:width\" content=\"1800\" \/>\n\t<meta property=\"og:image:height\" content=\"1080\" \/>\n\t<meta property=\"og:image:type\" content=\"image\/jpeg\" \/>\n<meta name=\"twitter:card\" content=\"summary_large_image\" \/>\n<meta name=\"twitter:label1\" content=\"Estimated reading time\" \/>\n\t<meta name=\"twitter:data1\" content=\"9 minutes\" \/>\n<script type=\"application\/ld+json\" class=\"yoast-schema-graph\">{\"@context\":\"https:\\\/\\\/schema.org\",\"@graph\":[{\"@type\":\"WebPage\",\"@id\":\"https:\\\/\\\/surmasterprojects.com\\\/blog\\\/viajar-a-mallorca-en-julio-guia-completa\\\/\",\"url\":\"https:\\\/\\\/surmasterprojects.com\\\/blog\\\/viajar-a-mallorca-en-julio-guia-completa\\\/\",\"name\":\"\",\"isPartOf\":{\"@id\":\"https:\\\/\\\/surmasterprojects.com\\\/es\\\/#website\"},\"primaryImageOfPage\":{\"@id\":\"https:\\\/\\\/surmasterprojects.com\\\/blog\\\/viajar-a-mallorca-en-julio-guia-completa\\\/#primaryimage\"},\"image\":{\"@id\":\"https:\\\/\\\/surmasterprojects.com\\\/blog\\\/viajar-a-mallorca-en-julio-guia-completa\\\/#primaryimage\"},\"thumbnailUrl\":\"https:\\\/\\\/surmasterprojects.com\\\/wp-content\\\/uploads\\\/2024\\\/05\\\/1800px-CALA_SANTANYI_-_Majorka_AB-010.jpg\",\"datePublished\":\"2024-05-30T11:36:27+00:00\",\"dateModified\":\"2024-05-31T13:59:19+00:00\",\"breadcrumb\":{\"@id\":\"https:\\\/\\\/surmasterprojects.com\\\/blog\\\/viajar-a-mallorca-en-julio-guia-completa\\\/#breadcrumb\"},\"inLanguage\":\"en-GB\",\"potentialAction\":[{\"@type\":\"ReadAction\",\"target\":[\"https:\\\/\\\/surmasterprojects.com\\\/blog\\\/viajar-a-mallorca-en-julio-guia-completa\\\/\"]}]},{\"@type\":\"ImageObject\",\"inLanguage\":\"en-GB\",\"@id\":\"https:\\\/\\\/surmasterprojects.com\\\/blog\\\/viajar-a-mallorca-en-julio-guia-completa\\\/#primaryimage\",\"url\":\"https:\\\/\\\/surmasterprojects.com\\\/wp-content\\\/uploads\\\/2024\\\/05\\\/1800px-CALA_SANTANYI_-_Majorka_AB-010.jpg\",\"contentUrl\":\"https:\\\/\\\/surmasterprojects.com\\\/wp-content\\\/uploads\\\/2024\\\/05\\\/1800px-CALA_SANTANYI_-_Majorka_AB-010.jpg\",\"width\":1800,\"height\":1080},{\"@type\":\"BreadcrumbList\",\"@id\":\"https:\\\/\\\/surmasterprojects.com\\\/blog\\\/viajar-a-mallorca-en-julio-guia-completa\\\/#breadcrumb\",\"itemListElement\":[{\"@type\":\"ListItem\",\"position\":1,\"name\":\"Portada\",\"item\":\"https:\\\/\\\/surmasterprojects.com\\\/es\\\/\"},{\"@type\":\"ListItem\",\"position\":2,\"name\":\"Blog\",\"item\":\"https:\\\/\\\/surmasterprojects.com\\\/es\\\/blog\\\/\"},{\"@type\":\"ListItem\",\"position\":3,\"name\":\"Viajar a Mallorca en Julio: Gu\u00eda completa\"}]},{\"@type\":\"WebSite\",\"@id\":\"https:\\\/\\\/surmasterprojects.com\\\/es\\\/#website\",\"url\":\"https:\\\/\\\/surmasterprojects.com\\\/es\\\/\",\"name\":\"Surmaster Projects\",\"description\":\"\",\"publisher\":{\"@id\":\"https:\\\/\\\/surmasterprojects.com\\\/es\\\/#organization\"},\"potentialAction\":[{\"@type\":\"SearchAction\",\"target\":{\"@type\":\"EntryPoint\",\"urlTemplate\":\"https:\\\/\\\/surmasterprojects.com\\\/es\\\/?s={search_term_string}\"},\"query-input\":{\"@type\":\"PropertyValueSpecification\",\"valueRequired\":true,\"valueName\":\"search_term_string\"}}],\"inLanguage\":\"en-GB\"},{\"@type\":\"Organization\",\"@id\":\"https:\\\/\\\/surmasterprojects.com\\\/es\\\/#organization\",\"name\":\"Surmaster Projects\",\"url\":\"https:\\\/\\\/surmasterprojects.com\\\/es\\\/\",\"logo\":{\"@type\":\"ImageObject\",\"inLanguage\":\"en-GB\",\"@id\":\"https:\\\/\\\/surmasterprojects.com\\\/es\\\/#\\\/schema\\\/logo\\\/image\\\/\",\"url\":\"https:\\\/\\\/surmasterprojects.com\\\/wp-content\\\/uploads\\\/2022\\\/04\\\/cropped-Logo_GrupoSurmaster_negativo.png\",\"contentUrl\":\"https:\\\/\\\/surmasterprojects.com\\\/wp-content\\\/uploads\\\/2022\\\/04\\\/cropped-Logo_GrupoSurmaster_negativo.png\",\"width\":512,\"height\":512,\"caption\":\"Surmaster Projects\"},\"image\":{\"@id\":\"https:\\\/\\\/surmasterprojects.com\\\/es\\\/#\\\/schema\\\/logo\\\/image\\\/\"}}]}<\/script>\n<!-- \/ Yoast SEO plugin. -->","yoast_head_json":{"title":"Surmaster Projects","robots":{"index":"index","follow":"follow","max-snippet":"max-snippet:-1","max-image-preview":"max-image-preview:large","max-video-preview":"max-video-preview:-1"},"canonical":"https:\/\/surmasterprojects.com\/en\/blog\/viajar-a-mallorca-en-julio-guia-completa\/","og_locale":"en_GB","og_type":"article","og_description":"VIAJAR A MALLORCA EN JULIO Viajar a Palma de Mallorca en JulioViajar a Mallorca en julio es una experiencia que no te puedes perder. Esta isla balear es conocida por sus impresionantes playas, aguas cristalinas, vibrante vida nocturna y una oferta cultural rica y diversa.Adem\u00e1s, julio es el mes perfecto para disfrutar del clima c\u00e1lido [&hellip;]","og_url":"https:\/\/surmasterprojects.com\/en\/blog\/viajar-a-mallorca-en-julio-guia-completa\/","og_site_name":"Surmaster Projects","article_modified_time":"2024-05-31T13:59:19+00:00","og_image":[{"width":1800,"height":1080,"url":"https:\/\/surmasterprojects.com\/wp-content\/uploads\/2024\/05\/1800px-CALA_SANTANYI_-_Majorka_AB-010.jpg","type":"image\/jpeg"}],"twitter_card":"summary_large_image","twitter_misc":{"Estimated reading time":"9 minutes"},"schema":{"@context":"https:\/\/schema.org","@graph":[{"@type":"WebPage","@id":"https:\/\/surmasterprojects.com\/blog\/viajar-a-mallorca-en-julio-guia-completa\/","url":"https:\/\/surmasterprojects.com\/blog\/viajar-a-mallorca-en-julio-guia-completa\/","name":"","isPartOf":{"@id":"https:\/\/surmasterprojects.com\/es\/#website"},"primaryImageOfPage":{"@id":"https:\/\/surmasterprojects.com\/blog\/viajar-a-mallorca-en-julio-guia-completa\/#primaryimage"},"image":{"@id":"https:\/\/surmasterprojects.com\/blog\/viajar-a-mallorca-en-julio-guia-completa\/#primaryimage"},"thumbnailUrl":"https:\/\/surmasterprojects.com\/wp-content\/uploads\/2024\/05\/1800px-CALA_SANTANYI_-_Majorka_AB-010.jpg","datePublished":"2024-05-30T11:36:27+00:00","dateModified":"2024-05-31T13:59:19+00:00","breadcrumb":{"@id":"https:\/\/surmasterprojects.com\/blog\/viajar-a-mallorca-en-julio-guia-completa\/#breadcrumb"},"inLanguage":"en-GB","potentialAction":[{"@type":"ReadAction","target":["https:\/\/surmasterprojects.com\/blog\/viajar-a-mallorca-en-julio-guia-completa\/"]}]},{"@type":"ImageObject","inLanguage":"en-GB","@id":"https:\/\/surmasterprojects.com\/blog\/viajar-a-mallorca-en-julio-guia-completa\/#primaryimage","url":"https:\/\/surmasterprojects.com\/wp-content\/uploads\/2024\/05\/1800px-CALA_SANTANYI_-_Majorka_AB-010.jpg","contentUrl":"https:\/\/surmasterprojects.com\/wp-content\/uploads\/2024\/05\/1800px-CALA_SANTANYI_-_Majorka_AB-010.jpg","width":1800,"height":1080},{"@type":"BreadcrumbList","@id":"https:\/\/surmasterprojects.com\/blog\/viajar-a-mallorca-en-julio-guia-completa\/#breadcrumb","itemListElement":[{"@type":"ListItem","position":1,"name":"Portada","item":"https:\/\/surmasterprojects.com\/es\/"},{"@type":"ListItem","position":2,"name":"Blog","item":"https:\/\/surmasterprojects.com\/es\/blog\/"},{"@type":"ListItem","position":3,"name":"Viajar a Mallorca en Julio: Gu\u00eda completa"}]},{"@type":"WebSite","@id":"https:\/\/surmasterprojects.com\/es\/#website","url":"https:\/\/surmasterprojects.com\/es\/","name":"Surmaster Projects","description":"","publisher":{"@id":"https:\/\/surmasterprojects.com\/es\/#organization"},"potentialAction":[{"@type":"SearchAction","target":{"@type":"EntryPoint","urlTemplate":"https:\/\/surmasterprojects.com\/es\/?s={search_term_string}"},"query-input":{"@type":"PropertyValueSpecification","valueRequired":true,"valueName":"search_term_string"}}],"inLanguage":"en-GB"},{"@type":"Organization","@id":"https:\/\/surmasterprojects.com\/es\/#organization","name":"Surmaster Projects","url":"https:\/\/surmasterprojects.com\/es\/","logo":{"@type":"ImageObject","inLanguage":"en-GB","@id":"https:\/\/surmasterprojects.com\/es\/#\/schema\/logo\/image\/","url":"https:\/\/surmasterprojects.com\/wp-content\/uploads\/2022\/04\/cropped-Logo_GrupoSurmaster_negativo.png","contentUrl":"https:\/\/surmasterprojects.com\/wp-content\/uploads\/2022\/04\/cropped-Logo_GrupoSurmaster_negativo.png","width":512,"height":512,"caption":"Surmaster Projects"},"image":{"@id":"https:\/\/surmasterprojects.com\/es\/#\/schema\/logo\/image\/"}}]}},"_links":{"self":[{"href":"https:\/\/surmasterprojects.com\/en\/wp-json\/wp\/v2\/pages\/8429","targetHints":{"allow":["GET"]}}],"collection":[{"href":"https:\/\/surmasterprojects.com\/en\/wp-json\/wp\/v2\/pages"}],"about":[{"href":"https:\/\/surmasterprojects.com\/en\/wp-json\/wp\/v2\/types\/page"}],"author":[{"embeddable":true,"href":"https:\/\/surmasterprojects.com\/en\/wp-json\/wp\/v2\/users\/1"}],"replies":[{"embeddable":true,"href":"https:\/\/surmasterprojects.com\/en\/wp-json\/wp\/v2\/comments?post=8429"}],"version-history":[{"count":5,"href":"https:\/\/surmasterprojects.com\/en\/wp-json\/wp\/v2\/pages\/8429\/revisions"}],"predecessor-version":[{"id":8459,"href":"https:\/\/surmasterprojects.com\/en\/wp-json\/wp\/v2\/pages\/8429\/revisions\/8459"}],"up":[{"embeddable":true,"href":"https:\/\/surmasterprojects.com\/en\/wp-json\/wp\/v2\/pages\/7644"}],"wp:featuredmedia":[{"embeddable":true,"href":"https:\/\/surmasterprojects.com\/en\/wp-json\/wp\/v2\/media\/8433"}],"wp:attachment":[{"href":"https:\/\/surmasterprojects.com\/en\/wp-json\/wp\/v2\/media?parent=8429"}],"curies":[{"name":"wp","href":"https:\/\/api.w.org\/{rel}","templated":true}]}}