{"id":8086,"date":"2024-02-05T11:05:40","date_gmt":"2024-02-05T11:05:40","guid":{"rendered":"https:\/\/surmasterprojects.com\/?page_id=8086"},"modified":"2024-02-05T11:05:40","modified_gmt":"2024-02-05T11:05:40","slug":"cala-dor-en-bicicleta-rutas-y-bellezas-naturales-al-alcance-de-tu-pedal","status":"publish","type":"page","link":"https:\/\/surmasterprojects.com\/es\/blog\/cala-dor-en-bicicleta-rutas-y-bellezas-naturales-al-alcance-de-tu-pedal\/","title":{"rendered":"Cala d&#8217;Or en Bicicleta: Rutas y Bellezas Naturales al Alcance de tu Pedal"},"content":{"rendered":"<p>[et_pb_section fb_built=\u00bb1&#8243; _builder_version=\u00bb4.21.0&#8243; _module_preset=\u00bbdefault\u00bb global_colors_info=\u00bb{}\u00bb][et_pb_row _builder_version=\u00bb4.16&#8243; custom_padding=\u00bb21px|||||\u00bb locked=\u00bboff\u00bb global_colors_info=\u00bb{}\u00bb][et_pb_column type=\u00bb4_4&#8243; _builder_version=\u00bb4.16&#8243; global_colors_info=\u00bb{}\u00bb][et_pb_text _builder_version=\u00bb4.23.2&#8243; header_font=\u00bbBellefair||||||||\u00bb header_font_size=\u00bb48px\u00bb header_line_height=\u00bb1.2em\u00bb header_2_font=\u00bbBellefair||||||||\u00bb header_2_text_color=\u00bb#000000&#8243; header_2_font_size=\u00bb48px\u00bb header_2_line_height=\u00bb1.2em\u00bb header_6_font=\u00bbMontserrat|700||on|||||\u00bb header_6_text_color=\u00bb#ff4e00&#8243; header_6_font_size=\u00bb12px\u00bb header_6_letter_spacing=\u00bb2px\u00bb header_6_line_height=\u00bb1.2em\u00bb text_orientation=\u00bbcenter\u00bb max_width=\u00bb700px\u00bb module_alignment=\u00bbcenter\u00bb header_2_font_size_tablet=\u00bb42px\u00bb header_2_font_size_phone=\u00bb34px\u00bb header_2_font_size_last_edited=\u00bbon|desktop\u00bb header_6_font_size_tablet=\u00bb42px\u00bb header_6_font_size_phone=\u00bb34px\u00bb header_6_font_size_last_edited=\u00bboff|phone\u00bb text_text_align=\u00bbjustify\u00bb locked=\u00bboff\u00bb global_colors_info=\u00bb{}\u00bb header_2_2_font_size_tablet=\u00bb42px\u00bb header_3_2_font_size_tablet=\u00bb42px\u00bb header_4_2_font_size_tablet=\u00bb42px\u00bb header_5_2_font_size_tablet=\u00bb42px\u00bb header_6_2_font_size_tablet=\u00bb42px\u00bb header_2_2_font_size_phone=\u00bb34px\u00bb header_3_2_font_size_phone=\u00bb34px\u00bb header_4_2_font_size_phone=\u00bb34px\u00bb header_5_2_font_size_phone=\u00bb34px\u00bb header_6_2_font_size_phone=\u00bb34px\u00bb header_2_2_font_size_last_edited=\u00bbon|tablet\u00bb header_3_2_font_size_last_edited=\u00bbon|tablet\u00bb header_4_2_font_size_last_edited=\u00bbon|tablet\u00bb header_5_2_font_size_last_edited=\u00bbon|tablet\u00bb header_6_2_font_size_last_edited=\u00bbon|tablet\u00bb header_2_3_font_size_tablet=\u00bb34px\u00bb header_3_3_font_size_tablet=\u00bb34px\u00bb header_4_3_font_size_tablet=\u00bb34px\u00bb header_5_3_font_size_tablet=\u00bb34px\u00bb header_6_3_font_size_tablet=\u00bb34px\u00bb header_2_3_font_size_phone=\u00bb28px\u00bb header_3_3_font_size_phone=\u00bb28px\u00bb header_4_3_font_size_phone=\u00bb28px\u00bb header_5_3_font_size_phone=\u00bb28px\u00bb header_6_3_font_size_phone=\u00bb28px\u00bb header_2_3_font_size_last_edited=\u00bbon|phone\u00bb header_3_3_font_size_last_edited=\u00bbon|phone\u00bb header_4_3_font_size_last_edited=\u00bbon|phone\u00bb header_5_3_font_size_last_edited=\u00bbon|phone\u00bb header_6_3_font_size_last_edited=\u00bbon|phone\u00bb header_2_4_font_size_tablet=\u00bb22px\u00bb header_3_4_font_size_tablet=\u00bb22px\u00bb header_4_4_font_size_tablet=\u00bb22px\u00bb header_5_4_font_size_tablet=\u00bb22px\u00bb header_6_4_font_size_tablet=\u00bb22px\u00bb header_2_4_font_size_phone=\u00bb18px\u00bb header_3_4_font_size_phone=\u00bb18px\u00bb header_4_4_font_size_phone=\u00bb18px\u00bb header_5_4_font_size_phone=\u00bb18px\u00bb header_6_4_font_size_phone=\u00bb18px\u00bb header_2_4_font_size_last_edited=\u00bbon|phone\u00bb header_3_4_font_size_last_edited=\u00bbon|phone\u00bb header_4_4_font_size_last_edited=\u00bbon|phone\u00bb header_5_4_font_size_last_edited=\u00bbon|phone\u00bb header_6_4_font_size_last_edited=\u00bbon|phone\u00bb header_2_5_font_size_phone=\u00bb16px\u00bb header_3_5_font_size_phone=\u00bb16px\u00bb header_4_5_font_size_phone=\u00bb16px\u00bb header_5_5_font_size_phone=\u00bb16px\u00bb header_6_5_font_size_phone=\u00bb16px\u00bb header_2_5_font_size_last_edited=\u00bbon|tablet\u00bb header_3_5_font_size_last_edited=\u00bbon|tablet\u00bb header_4_5_font_size_last_edited=\u00bbon|tablet\u00bb header_5_5_font_size_last_edited=\u00bbon|tablet\u00bb header_6_5_font_size_last_edited=\u00bbon|tablet\u00bb]<\/p>\n<h6>CICLISMO EN CALA DOR<\/h6>\n<h1><span style=\"font-weight: 400;\">Cala d&#8217;Or en Bicicleta: Rutas y Senderos al Alcance de tu Pedal<\/span><\/h1>\n<p>[\/et_pb_text][et_pb_image src=\u00bbhttps:\/\/surmasterprojects.com\/wp-content\/uploads\/2023\/12\/ciclista-calador.jpg\u00bb title_text=\u00bbciclista-calador\u00bb align=\u00bbcenter\u00bb _builder_version=\u00bb4.23.2&#8243; global_colors_info=\u00bb{}\u00bb][\/et_pb_image][\/et_pb_column][\/et_pb_row][et_pb_row column_structure=\u00bb1_2,1_2&#8243; _builder_version=\u00bb4.16&#8243; custom_padding=\u00bb||0px|||\u00bb global_colors_info=\u00bb{}\u00bb][et_pb_column type=\u00bb1_2&#8243; _builder_version=\u00bb4.16&#8243; global_colors_info=\u00bb{}\u00bb][et_pb_text _builder_version=\u00bb4.23.2&#8243; header_font=\u00bbBellefair||||||||\u00bb header_text_color=\u00bb#000000&#8243; header_font_size=\u00bb48px\u00bb header_line_height=\u00bb1.2em\u00bb header_2_font=\u00bbBellefair||||||||\u00bb header_2_text_align=\u00bbleft\u00bb header_2_text_color=\u00bb#000000&#8243; header_2_font_size=\u00bb48px\u00bb header_2_line_height=\u00bb1.2em\u00bb header_3_font=\u00bbBellefair||||||||\u00bb header_3_text_color=\u00bb#000000&#8243; header_3_font_size=\u00bb38px\u00bb header_3_line_height=\u00bb1.2em\u00bb header_4_font=\u00bbBellefair||||||||\u00bb header_4_text_color=\u00bb#000000&#8243; header_4_font_size=\u00bb30px\u00bb header_4_line_height=\u00bb1.4em\u00bb header_5_font=\u00bbBellefair||||||||\u00bb header_5_text_color=\u00bb#000000&#8243; header_5_font_size=\u00bb22px\u00bb header_5_line_height=\u00bb1.2em\u00bb header_6_font=\u00bbMontserrat|700||on|||||\u00bb header_6_text_color=\u00bb#ff4e00&#8243; header_6_font_size=\u00bb12px\u00bb header_6_letter_spacing=\u00bb2px\u00bb header_6_line_height=\u00bb1.2em\u00bb header_font_size_tablet=\u00bb42px\u00bb header_font_size_phone=\u00bb34px\u00bb header_font_size_last_edited=\u00bbon|tablet\u00bb header_2_font_size_tablet=\u00bb42px\u00bb header_2_font_size_phone=\u00bb34px\u00bb header_2_font_size_last_edited=\u00bbon|tablet\u00bb header_3_font_size_tablet=\u00bb34px\u00bb header_3_font_size_phone=\u00bb28px\u00bb header_3_font_size_last_edited=\u00bbon|phone\u00bb header_4_font_size_tablet=\u00bb22px\u00bb header_4_font_size_phone=\u00bb18px\u00bb header_4_font_size_last_edited=\u00bbon|phone\u00bb header_5_font_size_tablet=\u00bb\u00bb header_5_font_size_phone=\u00bb16px\u00bb header_5_font_size_last_edited=\u00bbon|tablet\u00bb border_color_all=\u00bb#ff4e00&#8243; border_width_bottom=\u00bb4px\u00bb text_text_align=\u00bbjustify\u00bb locked=\u00bboff\u00bb global_colors_info=\u00bb{}\u00bb header_2_2_font_size_tablet=\u00bb42px\u00bb header_3_2_font_size_tablet=\u00bb42px\u00bb header_4_2_font_size_tablet=\u00bb42px\u00bb header_5_2_font_size_tablet=\u00bb42px\u00bb header_6_2_font_size_tablet=\u00bb42px\u00bb header_2_2_font_size_phone=\u00bb34px\u00bb header_3_2_font_size_phone=\u00bb34px\u00bb header_4_2_font_size_phone=\u00bb34px\u00bb header_5_2_font_size_phone=\u00bb34px\u00bb header_6_2_font_size_phone=\u00bb34px\u00bb header_2_2_font_size_last_edited=\u00bbon|tablet\u00bb header_3_2_font_size_last_edited=\u00bbon|tablet\u00bb header_4_2_font_size_last_edited=\u00bbon|tablet\u00bb header_5_2_font_size_last_edited=\u00bbon|tablet\u00bb header_6_2_font_size_last_edited=\u00bbon|tablet\u00bb header_2_3_font_size_tablet=\u00bb34px\u00bb header_3_3_font_size_tablet=\u00bb34px\u00bb header_4_3_font_size_tablet=\u00bb34px\u00bb header_5_3_font_size_tablet=\u00bb34px\u00bb header_6_3_font_size_tablet=\u00bb34px\u00bb header_2_3_font_size_phone=\u00bb28px\u00bb header_3_3_font_size_phone=\u00bb28px\u00bb header_4_3_font_size_phone=\u00bb28px\u00bb header_5_3_font_size_phone=\u00bb28px\u00bb header_6_3_font_size_phone=\u00bb28px\u00bb header_2_3_font_size_last_edited=\u00bbon|phone\u00bb header_3_3_font_size_last_edited=\u00bbon|phone\u00bb header_4_3_font_size_last_edited=\u00bbon|phone\u00bb header_5_3_font_size_last_edited=\u00bbon|phone\u00bb header_6_3_font_size_last_edited=\u00bbon|phone\u00bb header_2_4_font_size_tablet=\u00bb22px\u00bb header_3_4_font_size_tablet=\u00bb22px\u00bb header_4_4_font_size_tablet=\u00bb22px\u00bb header_5_4_font_size_tablet=\u00bb22px\u00bb header_6_4_font_size_tablet=\u00bb22px\u00bb header_2_4_font_size_phone=\u00bb18px\u00bb header_3_4_font_size_phone=\u00bb18px\u00bb header_4_4_font_size_phone=\u00bb18px\u00bb header_5_4_font_size_phone=\u00bb18px\u00bb header_6_4_font_size_phone=\u00bb18px\u00bb header_2_4_font_size_last_edited=\u00bbon|phone\u00bb header_3_4_font_size_last_edited=\u00bbon|phone\u00bb header_4_4_font_size_last_edited=\u00bbon|phone\u00bb header_5_4_font_size_last_edited=\u00bbon|phone\u00bb header_6_4_font_size_last_edited=\u00bbon|phone\u00bb header_2_5_font_size_phone=\u00bb16px\u00bb header_3_5_font_size_phone=\u00bb16px\u00bb header_4_5_font_size_phone=\u00bb16px\u00bb header_5_5_font_size_phone=\u00bb16px\u00bb header_6_5_font_size_phone=\u00bb16px\u00bb header_2_5_font_size_last_edited=\u00bbon|tablet\u00bb header_3_5_font_size_last_edited=\u00bbon|tablet\u00bb header_4_5_font_size_last_edited=\u00bbon|tablet\u00bb header_5_5_font_size_last_edited=\u00bbon|tablet\u00bb header_6_5_font_size_last_edited=\u00bbon|tablet\u00bb]<\/p>\n<h4><span>Situada en el coraz\u00f3n de la pintoresca isla de Mallorca, la encantadora Cala d&#8217;Or se erige como un destino id\u00edlico que cautiva a los amantes del ciclismo. La fusi\u00f3n perfecta entre los senderos serpenteantes y las maravillas naturales crea una experiencia ciclista \u00fanica.<\/span><\/h4>\n<p>[\/et_pb_text][et_pb_text _builder_version=\u00bb4.23.2&#8243; text_font=\u00bb||||||||\u00bb text_font_size=\u00bb16px\u00bb text_line_height=\u00bb2em\u00bb text_orientation=\u00bbjustified\u00bb custom_padding=\u00bb2px|||||\u00bb text_font_size_tablet=\u00bb15px\u00bb text_font_size_phone=\u00bb14px\u00bb text_font_size_last_edited=\u00bbon|phone\u00bb locked=\u00bboff\u00bb global_colors_info=\u00bb{}\u00bb]<\/p>\n<p><span>En este art\u00edculo, te extendemos una cordial invitaci\u00f3n a sumergirte en una exploraci\u00f3n exhaustiva de los encantos que Cala d&#8217;Or tiene para ofrecer, todo ello desde la perspectiva \u00fanica que proporciona una bicicleta. <\/span>\u00a1Prep\u00e1rate para vivir una experiencia \u00fanica que quedar\u00e1 grabada en tu memoria ciclista!<\/p>\n<p>[\/et_pb_text][\/et_pb_column][et_pb_column type=\u00bb1_2&#8243; _builder_version=\u00bb4.16&#8243; global_colors_info=\u00bb{}\u00bb][et_pb_text _builder_version=\u00bb4.23.2&#8243; text_font=\u00bb||||||||\u00bb text_font_size=\u00bb16px\u00bb text_line_height=\u00bb2em\u00bb header_2_line_height=\u00bb1.4em\u00bb text_orientation=\u00bbjustified\u00bb text_font_size_tablet=\u00bb15px\u00bb text_font_size_phone=\u00bb14px\u00bb text_font_size_last_edited=\u00bbon|phone\u00bb locked=\u00bboff\u00bb global_colors_info=\u00bb{}\u00bb]<\/p>\n<h2><span style=\"font-weight: 400;\">Ciclismo en Cala d&#8217;Or: Un Viaje Inolvidable a Dos Ruedas<\/span><\/h2>\n<p>Emb\u00e1rcate en una exploraci\u00f3n m\u00e1s profunda de Cala d&#8217;Or sobre dos ruedas, donde cada pedaleo se transforma en una oportunidad para desentra\u00f1ar nuevas perspectivas y descubrir tesoros escondidos. En esta traves\u00eda, la conexi\u00f3n con la naturaleza se entrelaza con la emoci\u00f3n de la aventura, creando recuerdos que perdurar\u00e1n mucho despu\u00e9s de que las ruedas hayan dejado su huella en los senderos de Cala d&#8217;Or.<\/p>\n<p>\u00bfEst\u00e1s listo para experimentar una conexi\u00f3n m\u00e1s profunda con la naturaleza mientras exploras nuevos rincones y creas recuerdos que resonar\u00e1n mucho tiempo despu\u00e9s de que tu bicicleta haya explorado cada rinc\u00f3n de esta encantadora joya mediterr\u00e1nea?<\/p>\n<p>[\/et_pb_text][\/et_pb_column][\/et_pb_row][et_pb_row column_structure=\u00bb1_2,1_2&#8243; _builder_version=\u00bb4.16&#8243; custom_padding=\u00bb||0px|||\u00bb global_colors_info=\u00bb{}\u00bb][et_pb_column type=\u00bb1_2&#8243; _builder_version=\u00bb4.16&#8243; global_colors_info=\u00bb{}\u00bb][et_pb_image src=\u00bbhttps:\/\/surmasterprojects.com\/wp-content\/uploads\/2023\/12\/ruta-bici-e1703686320253.jpg\u00bb title_text=\u00bbruta-bici\u00bb _builder_version=\u00bb4.23.2&#8243; _module_preset=\u00bbdefault\u00bb global_colors_info=\u00bb{}\u00bb][\/et_pb_image][\/et_pb_column][et_pb_column type=\u00bb1_2&#8243; _builder_version=\u00bb4.16&#8243; global_colors_info=\u00bb{}\u00bb][et_pb_text _builder_version=\u00bb4.23.2&#8243; text_font=\u00bb||||||||\u00bb text_font_size=\u00bb16px\u00bb text_line_height=\u00bb2em\u00bb header_2_line_height=\u00bb1.4em\u00bb text_orientation=\u00bbjustified\u00bb text_font_size_tablet=\u00bb15px\u00bb text_font_size_phone=\u00bb14px\u00bb text_font_size_last_edited=\u00bbon|phone\u00bb locked=\u00bboff\u00bb global_colors_info=\u00bb{}\u00bb]<\/p>\n<h2><span style=\"font-weight: 400;\">Descubriendo los Senderos de Cala d&#8217;Or en Bicicleta<\/span><\/h2>\n<p><span style=\"font-weight: 400;\">Cala d&#8217;Or, conocida por sus aguas cristalinas y playas doradas, ofrece mucho m\u00e1s que un destino de sol y mar. Sus senderos costeros se convierten en el lienzo perfecto para una aventura en bicicleta. Cada pedalada te lleva a trav\u00e9s de un paisaje cambiante, desde impresionantes vistas al mar hasta acogedores rincones con encanto local.<\/span><\/p>\n<h3><span style=\"font-weight: 400;\">Viaje por la Costa: entre Mar y Bicicleta<\/span><\/h3>\n<p><span style=\"font-weight: 400;\">Los senderos costeros de Cala d&#8217;Or ofrecen m\u00e1s que un simple paseo en bicicleta; son una experiencia sensorial. La brisa marina acaricia tu rostro mientras pedaleas, y el sonido de las olas acompa\u00f1a cada giro de rueda. Descubre calas escondidas y acantilados majestuosos que se alzan como guardianes de la costa, creando postales inolvidables en cada curva del camino.<\/span><\/p>\n<p>[\/et_pb_text][\/et_pb_column][\/et_pb_row][et_pb_row _builder_version=\u00bb4.21.0&#8243; _module_preset=\u00bbdefault\u00bb custom_padding=\u00bb||11px|||\u00bb global_colors_info=\u00bb{}\u00bb][et_pb_column type=\u00bb4_4&#8243; _builder_version=\u00bb4.21.0&#8243; _module_preset=\u00bbdefault\u00bb global_colors_info=\u00bb{}\u00bb][et_pb_text _builder_version=\u00bb4.23.2&#8243; text_font=\u00bb||||||||\u00bb text_font_size=\u00bb16px\u00bb text_line_height=\u00bb2em\u00bb header_2_line_height=\u00bb1.4em\u00bb text_orientation=\u00bbjustified\u00bb min_height=\u00bb162px\u00bb custom_margin=\u00bb||19px|||\u00bb text_font_size_tablet=\u00bb15px\u00bb text_font_size_phone=\u00bb14px\u00bb text_font_size_last_edited=\u00bbon|phone\u00bb locked=\u00bboff\u00bb global_colors_info=\u00bb{}\u00bb]<\/p>\n<h3><span style=\"font-weight: 400;\">Aventura en el Bosque: Con\u00e9ctate con la Naturaleza a Cada Pedalada<\/span><\/h3>\n<p><span style=\"font-weight: 400;\">Para aquellos que buscan una inmersi\u00f3n total en la naturaleza, los senderos que serpentean a trav\u00e9s de los bosques circundantes ofrecen una experiencia m\u00e1gica. La vegetaci\u00f3n exuberante te envuelve, proporcionando sombra y frescura mientras avanzas. El canto de los p\u00e1jaros y el aroma a naturaleza te acompa\u00f1an en este viaje, donde cada pedaleo es una oportunidad para conectarte con el entorno.<\/span><\/p>\n<p>[\/et_pb_text][et_pb_divider color=\u00bb#f75e00&#8243; divider_weight=\u00bb4px\u00bb _builder_version=\u00bb4.21.0&#8243; _module_preset=\u00bbdefault\u00bb width=\u00bb40%\u00bb module_alignment=\u00bbcenter\u00bb global_colors_info=\u00bb{}\u00bb][\/et_pb_divider][\/et_pb_column][\/et_pb_row][et_pb_row column_structure=\u00bb1_2,1_2&#8243; _builder_version=\u00bb4.21.0&#8243; custom_padding=\u00bb||0px|||\u00bb global_colors_info=\u00bb{}\u00bb][et_pb_column type=\u00bb1_2&#8243; _builder_version=\u00bb4.16&#8243; global_colors_info=\u00bb{}\u00bb][et_pb_text _builder_version=\u00bb4.23.2&#8243; text_font=\u00bb||||||||\u00bb text_font_size=\u00bb16px\u00bb text_line_height=\u00bb2em\u00bb header_2_line_height=\u00bb1.4em\u00bb text_orientation=\u00bbjustified\u00bb text_font_size_tablet=\u00bb15px\u00bb text_font_size_phone=\u00bb14px\u00bb text_font_size_last_edited=\u00bbon|phone\u00bb locked=\u00bboff\u00bb global_colors_info=\u00bb{}\u00bb]<\/p>\n<h2><span style=\"font-weight: 400;\">Consejos para una Experiencia Inolvidable<\/span><\/h2>\n<p><span style=\"font-weight: 400;\">Prepararse para explorar Cala d&#8217;Or en bicicleta implica considerar todos los detalles para garantizar un viaje inolvidable. Aqu\u00ed tienes algunos consejos adicionales para maximizar tu experiencia:<\/span><\/p>\n<h3><span style=\"font-weight: 400;\">Equipamiento Esencial: M\u00e1s All\u00e1 de la Bicicleta y el Casco<\/span><\/h3>\n<p><span style=\"font-weight: 400;\">Aseg\u00farate de llevar un kit de reparaci\u00f3n b\u00e1sico, agua suficiente y ropa c\u00f3moda. Considera tambi\u00e9n llevar una c\u00e1mara para capturar los momentos m\u00e1s especiales. Un equipo adecuado garantizar\u00e1 que est\u00e9s listo para cualquier eventualidad y que disfrutes al m\u00e1ximo de cada kil\u00f3metro.<\/span><\/p>\n<h3><span style=\"font-weight: 400;\">Gastronom\u00eda en Ruta: Un Fest\u00edn para el Paladar<\/span><\/h3>\n<p><span style=\"font-weight: 400;\">Explora la gastronom\u00eda local a lo largo de tu recorrido. Detente en peque\u00f1os caf\u00e9s y restaurantes para probar especialidades regionales. Adem\u00e1s de recargar energ\u00edas, descubrir\u00e1s la riqueza culinaria de la zona.<\/span><\/p>\n<h3><span style=\"font-weight: 400;\">Planificaci\u00f3n de Rutas: Explora M\u00e1s All\u00e1 de los Senderos Habituales<\/span><\/h3>\n<p><span style=\"font-weight: 400;\">Investiga y planifica rutas que se adapten a tu nivel y preferencias. Consulta con locales o expertos en ciclismo para descubrir senderos menos conocidos, donde la verdadera magia de Cala d&#8217;Or se revela.<\/span><\/p>\n<p>[\/et_pb_text][\/et_pb_column][et_pb_column type=\u00bb1_2&#8243; _builder_version=\u00bb4.16&#8243; global_colors_info=\u00bb{}\u00bb][et_pb_image src=\u00bbhttps:\/\/surmasterprojects.com\/wp-content\/uploads\/2023\/12\/grupo-ciclistas-e1703686437446.jpg\u00bb title_text=\u00bbgrupo-ciclistas\u00bb _builder_version=\u00bb4.23.2&#8243; _module_preset=\u00bbdefault\u00bb global_colors_info=\u00bb{}\u00bb][\/et_pb_image][\/et_pb_column][\/et_pb_row][et_pb_row _builder_version=\u00bb4.21.0&#8243; custom_padding=\u00bb53px||0px|||\u00bb global_colors_info=\u00bb{}\u00bb][et_pb_column type=\u00bb4_4&#8243; _builder_version=\u00bb4.16&#8243; global_colors_info=\u00bb{}\u00bb][et_pb_text _builder_version=\u00bb4.23.2&#8243; text_font=\u00bb||||||||\u00bb text_font_size=\u00bb16px\u00bb text_line_height=\u00bb2em\u00bb header_2_line_height=\u00bb1.4em\u00bb text_orientation=\u00bbjustified\u00bb custom_margin=\u00bb||42px|||\u00bb hover_enabled=\u00bb0&#8243; text_font_size_tablet=\u00bb15px\u00bb text_font_size_phone=\u00bb14px\u00bb text_font_size_last_edited=\u00bbon|phone\u00bb locked=\u00bboff\u00bb global_colors_info=\u00bb{}\u00bb sticky_enabled=\u00bb0&#8243;]<\/p>\n<blockquote>\n<h2>Preguntas frecuentes sobre <span style=\"font-weight: 400;\">Cala d&#8217;Or en Bicicleta: Rutas y Senderos al Alcance de tu Pedal<\/span><\/h2>\n<\/blockquote>\n<h3><\/h3>\n<h3><\/h3>\n<h3><span style=\"font-weight: 400;\">\u00bfC\u00f3mo puedo llegar a Cala d&#8217;Or con mi bicicleta desde el aeropuerto de Palma?<\/span><\/h3>\n<p><span>Cuando planifiques tu llegada a Cala d&#8217;Or desde el aeropuerto de Palma, tienes varias opciones disponibles para transportar tu bicicleta de manera segura. Puedes explorar servicios de traslado especializados que facilitan el transporte de bicicletas, asegur\u00e1ndote de que lleguen en \u00f3ptimas condiciones. Adem\u00e1s, considera la posibilidad de utilizar servicios de alquiler de veh\u00edculos que est\u00e9n adaptados para el transporte de bicicletas, brind\u00e1ndote comodidad y flexibilidad durante tu viaje.<\/span><\/p>\n<h3><\/h3>\n<h3><\/h3>\n<h3><span style=\"font-weight: 400;\">\u00bfCu\u00e1l es la duraci\u00f3n promedio de los senderos costeros en Cala d&#8217;Or?<\/span><\/h3>\n<p><span>La duraci\u00f3n de los senderos costeros en Cala d&#8217;Or var\u00eda seg\u00fan la ruta que elijas. Desde opciones m\u00e1s cortas, ideales para recorridos de una hora, hasta rutas m\u00e1s extensas que abarcan medio d\u00eda o incluso el d\u00eda completo. Te recomendamos seleccionar la opci\u00f3n que mejor se ajuste a tu disponibilidad de tiempo y preferencias de recorrido. As\u00ed, podr\u00e1s disfrutar plenamente de los impresionantes paisajes costeros y las maravillas naturales que Cala d&#8217;Or tiene para ofrecer.<\/span><\/p>\n<h3><\/h3>\n<h3><\/h3>\n<h3><span style=\"font-weight: 400;\">\u00bfExisten servicios de gu\u00eda que ofrezcan informaci\u00f3n sobre la flora y fauna local durante el recorrido?<\/span><\/h3>\n<p><span>\u00a1S\u00ed, por supuesto! Para enriquecer tu experiencia en Cala d&#8217;Or, existen servicios de gu\u00eda especializados que proporcionan informaci\u00f3n detallada sobre la flora y fauna locales durante tu recorrido en bicicleta. Esta adici\u00f3n educativa agrega un valor significativo a tu aventura, permiti\u00e9ndote apreciar de manera m\u00e1s profunda la riqueza natural de Cala d&#8217;Or. Considera la posibilidad de optar por estos servicios para obtener una comprensi\u00f3n m\u00e1s completa y enriquecedora del entorno mientras disfrutas de tus pedaleos por este hermoso rinc\u00f3n mediterr\u00e1neo.<\/span><\/p>\n<p>[\/et_pb_text][\/et_pb_column][\/et_pb_row][\/et_pb_section]<\/p>\n","protected":false},"excerpt":{"rendered":"<p>CICLISMO EN CALA DOR Cala d&#8217;Or en Bicicleta: Rutas y Senderos al Alcance de tu PedalSituada en el coraz\u00f3n de la pintoresca isla de Mallorca, la encantadora Cala d&#8217;Or se erige como un destino id\u00edlico que cautiva a los amantes del ciclismo. La fusi\u00f3n perfecta entre los senderos serpenteantes y las maravillas naturales crea una [&hellip;]<\/p>\n","protected":false},"author":1,"featured_media":8048,"parent":7644,"menu_order":0,"comment_status":"closed","ping_status":"closed","template":"","meta":{"_et_pb_use_builder":"on","_et_pb_old_content":"","_et_gb_content_width":"","footnotes":""},"class_list":["post-8086","page","type-page","status-publish","has-post-thumbnail","hentry"],"yoast_head":"<!-- This site is optimized with the Yoast SEO plugin v27.4 - https:\/\/yoast.com\/product\/yoast-seo-wordpress\/ -->\n<title>Surmaster Projects<\/title>\n<meta name=\"robots\" content=\"index, follow, max-snippet:-1, max-image-preview:large, max-video-preview:-1\" \/>\n<link rel=\"canonical\" href=\"https:\/\/surmasterprojects.com\/es\/blog\/cala-dor-en-bicicleta-rutas-y-bellezas-naturales-al-alcance-de-tu-pedal\/\" \/>\n<meta property=\"og:locale\" content=\"es_ES\" \/>\n<meta property=\"og:type\" content=\"article\" \/>\n<meta property=\"og:description\" content=\"CICLISMO EN CALA DOR Cala d&#039;Or en Bicicleta: Rutas y Senderos al Alcance de tu PedalSituada en el coraz\u00f3n de la pintoresca isla de Mallorca, la encantadora Cala d&#039;Or se erige como un destino id\u00edlico que cautiva a los amantes del ciclismo. La fusi\u00f3n perfecta entre los senderos serpenteantes y las maravillas naturales crea una [&hellip;]\" \/>\n<meta property=\"og:url\" content=\"https:\/\/surmasterprojects.com\/es\/blog\/cala-dor-en-bicicleta-rutas-y-bellezas-naturales-al-alcance-de-tu-pedal\/\" \/>\n<meta property=\"og:site_name\" content=\"Surmaster Projects\" \/>\n<meta property=\"og:image\" content=\"https:\/\/surmasterprojects.com\/wp-content\/uploads\/2023\/12\/ciclista-calador.jpg\" \/>\n\t<meta property=\"og:image:width\" content=\"640\" \/>\n\t<meta property=\"og:image:height\" content=\"427\" \/>\n\t<meta property=\"og:image:type\" content=\"image\/jpeg\" \/>\n<meta name=\"twitter:card\" content=\"summary_large_image\" \/>\n<meta name=\"twitter:label1\" content=\"Tiempo de lectura\" \/>\n\t<meta name=\"twitter:data1\" content=\"13 minutos\" \/>\n<script type=\"application\/ld+json\" class=\"yoast-schema-graph\">{\"@context\":\"https:\\\/\\\/schema.org\",\"@graph\":[{\"@type\":\"WebPage\",\"@id\":\"https:\\\/\\\/surmasterprojects.com\\\/blog\\\/cala-dor-en-bicicleta-rutas-y-bellezas-naturales-al-alcance-de-tu-pedal\\\/\",\"url\":\"https:\\\/\\\/surmasterprojects.com\\\/blog\\\/cala-dor-en-bicicleta-rutas-y-bellezas-naturales-al-alcance-de-tu-pedal\\\/\",\"name\":\"\",\"isPartOf\":{\"@id\":\"https:\\\/\\\/surmasterprojects.com\\\/es\\\/#website\"},\"primaryImageOfPage\":{\"@id\":\"https:\\\/\\\/surmasterprojects.com\\\/blog\\\/cala-dor-en-bicicleta-rutas-y-bellezas-naturales-al-alcance-de-tu-pedal\\\/#primaryimage\"},\"image\":{\"@id\":\"https:\\\/\\\/surmasterprojects.com\\\/blog\\\/cala-dor-en-bicicleta-rutas-y-bellezas-naturales-al-alcance-de-tu-pedal\\\/#primaryimage\"},\"thumbnailUrl\":\"https:\\\/\\\/surmasterprojects.com\\\/wp-content\\\/uploads\\\/2023\\\/12\\\/ciclista-calador.jpg\",\"datePublished\":\"2024-02-05T11:05:40+00:00\",\"breadcrumb\":{\"@id\":\"https:\\\/\\\/surmasterprojects.com\\\/blog\\\/cala-dor-en-bicicleta-rutas-y-bellezas-naturales-al-alcance-de-tu-pedal\\\/#breadcrumb\"},\"inLanguage\":\"es\",\"potentialAction\":[{\"@type\":\"ReadAction\",\"target\":[\"https:\\\/\\\/surmasterprojects.com\\\/blog\\\/cala-dor-en-bicicleta-rutas-y-bellezas-naturales-al-alcance-de-tu-pedal\\\/\"]}]},{\"@type\":\"ImageObject\",\"inLanguage\":\"es\",\"@id\":\"https:\\\/\\\/surmasterprojects.com\\\/blog\\\/cala-dor-en-bicicleta-rutas-y-bellezas-naturales-al-alcance-de-tu-pedal\\\/#primaryimage\",\"url\":\"https:\\\/\\\/surmasterprojects.com\\\/wp-content\\\/uploads\\\/2023\\\/12\\\/ciclista-calador.jpg\",\"contentUrl\":\"https:\\\/\\\/surmasterprojects.com\\\/wp-content\\\/uploads\\\/2023\\\/12\\\/ciclista-calador.jpg\",\"width\":640,\"height\":427},{\"@type\":\"BreadcrumbList\",\"@id\":\"https:\\\/\\\/surmasterprojects.com\\\/blog\\\/cala-dor-en-bicicleta-rutas-y-bellezas-naturales-al-alcance-de-tu-pedal\\\/#breadcrumb\",\"itemListElement\":[{\"@type\":\"ListItem\",\"position\":1,\"name\":\"Portada\",\"item\":\"https:\\\/\\\/surmasterprojects.com\\\/es\\\/\"},{\"@type\":\"ListItem\",\"position\":2,\"name\":\"Blog\",\"item\":\"https:\\\/\\\/surmasterprojects.com\\\/es\\\/blog\\\/\"},{\"@type\":\"ListItem\",\"position\":3,\"name\":\"Cala d&#8217;Or en Bicicleta: Rutas y Bellezas Naturales al Alcance de tu Pedal\"}]},{\"@type\":\"WebSite\",\"@id\":\"https:\\\/\\\/surmasterprojects.com\\\/es\\\/#website\",\"url\":\"https:\\\/\\\/surmasterprojects.com\\\/es\\\/\",\"name\":\"Surmaster Projects\",\"description\":\"\",\"publisher\":{\"@id\":\"https:\\\/\\\/surmasterprojects.com\\\/es\\\/#organization\"},\"potentialAction\":[{\"@type\":\"SearchAction\",\"target\":{\"@type\":\"EntryPoint\",\"urlTemplate\":\"https:\\\/\\\/surmasterprojects.com\\\/es\\\/?s={search_term_string}\"},\"query-input\":{\"@type\":\"PropertyValueSpecification\",\"valueRequired\":true,\"valueName\":\"search_term_string\"}}],\"inLanguage\":\"es\"},{\"@type\":\"Organization\",\"@id\":\"https:\\\/\\\/surmasterprojects.com\\\/es\\\/#organization\",\"name\":\"Surmaster Projects\",\"url\":\"https:\\\/\\\/surmasterprojects.com\\\/es\\\/\",\"logo\":{\"@type\":\"ImageObject\",\"inLanguage\":\"es\",\"@id\":\"https:\\\/\\\/surmasterprojects.com\\\/es\\\/#\\\/schema\\\/logo\\\/image\\\/\",\"url\":\"https:\\\/\\\/surmasterprojects.com\\\/wp-content\\\/uploads\\\/2022\\\/04\\\/cropped-Logo_GrupoSurmaster_negativo.png\",\"contentUrl\":\"https:\\\/\\\/surmasterprojects.com\\\/wp-content\\\/uploads\\\/2022\\\/04\\\/cropped-Logo_GrupoSurmaster_negativo.png\",\"width\":512,\"height\":512,\"caption\":\"Surmaster Projects\"},\"image\":{\"@id\":\"https:\\\/\\\/surmasterprojects.com\\\/es\\\/#\\\/schema\\\/logo\\\/image\\\/\"}}]}<\/script>\n<!-- \/ Yoast SEO plugin. -->","yoast_head_json":{"title":"Surmaster Projects","robots":{"index":"index","follow":"follow","max-snippet":"max-snippet:-1","max-image-preview":"max-image-preview:large","max-video-preview":"max-video-preview:-1"},"canonical":"https:\/\/surmasterprojects.com\/es\/blog\/cala-dor-en-bicicleta-rutas-y-bellezas-naturales-al-alcance-de-tu-pedal\/","og_locale":"es_ES","og_type":"article","og_description":"CICLISMO EN CALA DOR Cala d'Or en Bicicleta: Rutas y Senderos al Alcance de tu PedalSituada en el coraz\u00f3n de la pintoresca isla de Mallorca, la encantadora Cala d'Or se erige como un destino id\u00edlico que cautiva a los amantes del ciclismo. La fusi\u00f3n perfecta entre los senderos serpenteantes y las maravillas naturales crea una [&hellip;]","og_url":"https:\/\/surmasterprojects.com\/es\/blog\/cala-dor-en-bicicleta-rutas-y-bellezas-naturales-al-alcance-de-tu-pedal\/","og_site_name":"Surmaster Projects","og_image":[{"width":640,"height":427,"url":"https:\/\/surmasterprojects.com\/wp-content\/uploads\/2023\/12\/ciclista-calador.jpg","type":"image\/jpeg"}],"twitter_card":"summary_large_image","twitter_misc":{"Tiempo de lectura":"13 minutos"},"schema":{"@context":"https:\/\/schema.org","@graph":[{"@type":"WebPage","@id":"https:\/\/surmasterprojects.com\/blog\/cala-dor-en-bicicleta-rutas-y-bellezas-naturales-al-alcance-de-tu-pedal\/","url":"https:\/\/surmasterprojects.com\/blog\/cala-dor-en-bicicleta-rutas-y-bellezas-naturales-al-alcance-de-tu-pedal\/","name":"","isPartOf":{"@id":"https:\/\/surmasterprojects.com\/es\/#website"},"primaryImageOfPage":{"@id":"https:\/\/surmasterprojects.com\/blog\/cala-dor-en-bicicleta-rutas-y-bellezas-naturales-al-alcance-de-tu-pedal\/#primaryimage"},"image":{"@id":"https:\/\/surmasterprojects.com\/blog\/cala-dor-en-bicicleta-rutas-y-bellezas-naturales-al-alcance-de-tu-pedal\/#primaryimage"},"thumbnailUrl":"https:\/\/surmasterprojects.com\/wp-content\/uploads\/2023\/12\/ciclista-calador.jpg","datePublished":"2024-02-05T11:05:40+00:00","breadcrumb":{"@id":"https:\/\/surmasterprojects.com\/blog\/cala-dor-en-bicicleta-rutas-y-bellezas-naturales-al-alcance-de-tu-pedal\/#breadcrumb"},"inLanguage":"es","potentialAction":[{"@type":"ReadAction","target":["https:\/\/surmasterprojects.com\/blog\/cala-dor-en-bicicleta-rutas-y-bellezas-naturales-al-alcance-de-tu-pedal\/"]}]},{"@type":"ImageObject","inLanguage":"es","@id":"https:\/\/surmasterprojects.com\/blog\/cala-dor-en-bicicleta-rutas-y-bellezas-naturales-al-alcance-de-tu-pedal\/#primaryimage","url":"https:\/\/surmasterprojects.com\/wp-content\/uploads\/2023\/12\/ciclista-calador.jpg","contentUrl":"https:\/\/surmasterprojects.com\/wp-content\/uploads\/2023\/12\/ciclista-calador.jpg","width":640,"height":427},{"@type":"BreadcrumbList","@id":"https:\/\/surmasterprojects.com\/blog\/cala-dor-en-bicicleta-rutas-y-bellezas-naturales-al-alcance-de-tu-pedal\/#breadcrumb","itemListElement":[{"@type":"ListItem","position":1,"name":"Portada","item":"https:\/\/surmasterprojects.com\/es\/"},{"@type":"ListItem","position":2,"name":"Blog","item":"https:\/\/surmasterprojects.com\/es\/blog\/"},{"@type":"ListItem","position":3,"name":"Cala d&#8217;Or en Bicicleta: Rutas y Bellezas Naturales al Alcance de tu Pedal"}]},{"@type":"WebSite","@id":"https:\/\/surmasterprojects.com\/es\/#website","url":"https:\/\/surmasterprojects.com\/es\/","name":"Surmaster Projects","description":"","publisher":{"@id":"https:\/\/surmasterprojects.com\/es\/#organization"},"potentialAction":[{"@type":"SearchAction","target":{"@type":"EntryPoint","urlTemplate":"https:\/\/surmasterprojects.com\/es\/?s={search_term_string}"},"query-input":{"@type":"PropertyValueSpecification","valueRequired":true,"valueName":"search_term_string"}}],"inLanguage":"es"},{"@type":"Organization","@id":"https:\/\/surmasterprojects.com\/es\/#organization","name":"Surmaster Projects","url":"https:\/\/surmasterprojects.com\/es\/","logo":{"@type":"ImageObject","inLanguage":"es","@id":"https:\/\/surmasterprojects.com\/es\/#\/schema\/logo\/image\/","url":"https:\/\/surmasterprojects.com\/wp-content\/uploads\/2022\/04\/cropped-Logo_GrupoSurmaster_negativo.png","contentUrl":"https:\/\/surmasterprojects.com\/wp-content\/uploads\/2022\/04\/cropped-Logo_GrupoSurmaster_negativo.png","width":512,"height":512,"caption":"Surmaster Projects"},"image":{"@id":"https:\/\/surmasterprojects.com\/es\/#\/schema\/logo\/image\/"}}]}},"_links":{"self":[{"href":"https:\/\/surmasterprojects.com\/es\/wp-json\/wp\/v2\/pages\/8086","targetHints":{"allow":["GET"]}}],"collection":[{"href":"https:\/\/surmasterprojects.com\/es\/wp-json\/wp\/v2\/pages"}],"about":[{"href":"https:\/\/surmasterprojects.com\/es\/wp-json\/wp\/v2\/types\/page"}],"author":[{"embeddable":true,"href":"https:\/\/surmasterprojects.com\/es\/wp-json\/wp\/v2\/users\/1"}],"replies":[{"embeddable":true,"href":"https:\/\/surmasterprojects.com\/es\/wp-json\/wp\/v2\/comments?post=8086"}],"version-history":[{"count":6,"href":"https:\/\/surmasterprojects.com\/es\/wp-json\/wp\/v2\/pages\/8086\/revisions"}],"predecessor-version":[{"id":8097,"href":"https:\/\/surmasterprojects.com\/es\/wp-json\/wp\/v2\/pages\/8086\/revisions\/8097"}],"up":[{"embeddable":true,"href":"https:\/\/surmasterprojects.com\/es\/wp-json\/wp\/v2\/pages\/7644"}],"wp:featuredmedia":[{"embeddable":true,"href":"https:\/\/surmasterprojects.com\/es\/wp-json\/wp\/v2\/media\/8048"}],"wp:attachment":[{"href":"https:\/\/surmasterprojects.com\/es\/wp-json\/wp\/v2\/media?parent=8086"}],"curies":[{"name":"wp","href":"https:\/\/api.w.org\/{rel}","templated":true}]}}