{"id":8168,"date":"2024-03-04T14:46:40","date_gmt":"2024-03-04T14:46:40","guid":{"rendered":"https:\/\/surmasterprojects.com\/?page_id=8168"},"modified":"2024-03-04T14:46:40","modified_gmt":"2024-03-04T14:46:40","slug":"portocolom-y-sus-maravillas-ocultas-un-encantador-rincon-mallorquin","status":"publish","type":"page","link":"https:\/\/surmasterprojects.com\/es\/blog\/portocolom-y-sus-maravillas-ocultas-un-encantador-rincon-mallorquin\/","title":{"rendered":"Portocolom y sus Maravillas Ocultas: Un Encantador Rinc\u00f3n Mallorqu\u00edn"},"content":{"rendered":"<p>[et_pb_section fb_built=\u00bb1&#8243; _builder_version=\u00bb4.21.0&#8243; _module_preset=\u00bbdefault\u00bb global_colors_info=\u00bb{}\u00bb][et_pb_row _builder_version=\u00bb4.16&#8243; custom_padding=\u00bb21px|||||\u00bb locked=\u00bboff\u00bb global_colors_info=\u00bb{}\u00bb][et_pb_column type=\u00bb4_4&#8243; _builder_version=\u00bb4.16&#8243; global_colors_info=\u00bb{}\u00bb][et_pb_text _builder_version=\u00bb4.24.0&#8243; header_font=\u00bbBellefair||||||||\u00bb header_font_size=\u00bb48px\u00bb header_line_height=\u00bb1.2em\u00bb header_2_font=\u00bbBellefair||||||||\u00bb header_2_text_color=\u00bb#000000&#8243; header_2_font_size=\u00bb48px\u00bb header_2_line_height=\u00bb1.2em\u00bb header_6_font=\u00bbMontserrat|700||on|||||\u00bb header_6_text_color=\u00bb#ff4e00&#8243; header_6_font_size=\u00bb12px\u00bb header_6_letter_spacing=\u00bb2px\u00bb header_6_line_height=\u00bb1.2em\u00bb text_orientation=\u00bbcenter\u00bb max_width=\u00bb700px\u00bb module_alignment=\u00bbcenter\u00bb header_2_font_size_tablet=\u00bb42px\u00bb header_2_font_size_phone=\u00bb34px\u00bb header_2_font_size_last_edited=\u00bbon|desktop\u00bb header_6_font_size_tablet=\u00bb42px\u00bb header_6_font_size_phone=\u00bb34px\u00bb header_6_font_size_last_edited=\u00bboff|phone\u00bb text_text_align=\u00bbjustify\u00bb locked=\u00bboff\u00bb global_colors_info=\u00bb{}\u00bb header_2_2_font_size_tablet=\u00bb42px\u00bb header_3_2_font_size_tablet=\u00bb42px\u00bb header_4_2_font_size_tablet=\u00bb42px\u00bb header_5_2_font_size_tablet=\u00bb42px\u00bb header_6_2_font_size_tablet=\u00bb42px\u00bb header_2_2_font_size_phone=\u00bb34px\u00bb header_3_2_font_size_phone=\u00bb34px\u00bb header_4_2_font_size_phone=\u00bb34px\u00bb header_5_2_font_size_phone=\u00bb34px\u00bb header_6_2_font_size_phone=\u00bb34px\u00bb header_2_2_font_size_last_edited=\u00bbon|tablet\u00bb header_3_2_font_size_last_edited=\u00bbon|tablet\u00bb header_4_2_font_size_last_edited=\u00bbon|tablet\u00bb header_5_2_font_size_last_edited=\u00bbon|tablet\u00bb header_6_2_font_size_last_edited=\u00bbon|tablet\u00bb header_2_3_font_size_tablet=\u00bb34px\u00bb header_3_3_font_size_tablet=\u00bb34px\u00bb header_4_3_font_size_tablet=\u00bb34px\u00bb header_5_3_font_size_tablet=\u00bb34px\u00bb header_6_3_font_size_tablet=\u00bb34px\u00bb header_2_3_font_size_phone=\u00bb28px\u00bb header_3_3_font_size_phone=\u00bb28px\u00bb header_4_3_font_size_phone=\u00bb28px\u00bb header_5_3_font_size_phone=\u00bb28px\u00bb header_6_3_font_size_phone=\u00bb28px\u00bb header_2_3_font_size_last_edited=\u00bbon|phone\u00bb header_3_3_font_size_last_edited=\u00bbon|phone\u00bb header_4_3_font_size_last_edited=\u00bbon|phone\u00bb header_5_3_font_size_last_edited=\u00bbon|phone\u00bb header_6_3_font_size_last_edited=\u00bbon|phone\u00bb header_2_4_font_size_tablet=\u00bb22px\u00bb header_3_4_font_size_tablet=\u00bb22px\u00bb header_4_4_font_size_tablet=\u00bb22px\u00bb header_5_4_font_size_tablet=\u00bb22px\u00bb header_6_4_font_size_tablet=\u00bb22px\u00bb header_2_4_font_size_phone=\u00bb18px\u00bb header_3_4_font_size_phone=\u00bb18px\u00bb header_4_4_font_size_phone=\u00bb18px\u00bb header_5_4_font_size_phone=\u00bb18px\u00bb header_6_4_font_size_phone=\u00bb18px\u00bb header_2_4_font_size_last_edited=\u00bbon|phone\u00bb header_3_4_font_size_last_edited=\u00bbon|phone\u00bb header_4_4_font_size_last_edited=\u00bbon|phone\u00bb header_5_4_font_size_last_edited=\u00bbon|phone\u00bb header_6_4_font_size_last_edited=\u00bbon|phone\u00bb header_2_5_font_size_phone=\u00bb16px\u00bb header_3_5_font_size_phone=\u00bb16px\u00bb header_4_5_font_size_phone=\u00bb16px\u00bb header_5_5_font_size_phone=\u00bb16px\u00bb header_6_5_font_size_phone=\u00bb16px\u00bb header_2_5_font_size_last_edited=\u00bbon|tablet\u00bb header_3_5_font_size_last_edited=\u00bbon|tablet\u00bb header_4_5_font_size_last_edited=\u00bbon|tablet\u00bb header_5_5_font_size_last_edited=\u00bbon|tablet\u00bb header_6_5_font_size_last_edited=\u00bbon|tablet\u00bb]<\/p>\n<h6>QUE VER EN PORTOCOLOM<\/h6>\n<h1><span style=\"font-weight: 400;\">Portocolom y sus Maravillas Ocultas: Un Encantador Rinc\u00f3n Mallorqu\u00edn<\/span><\/h1>\n<p>[\/et_pb_text][et_pb_image src=\u00bbhttps:\/\/surmasterprojects.com\/wp-content\/uploads\/2024\/02\/faro-portocolom-2.jpg\u00bb align=\u00bbcenter\u00bb _builder_version=\u00bb4.24.0&#8243; global_colors_info=\u00bb{}\u00bb][\/et_pb_image][\/et_pb_column][\/et_pb_row][et_pb_row column_structure=\u00bb1_2,1_2&#8243; _builder_version=\u00bb4.16&#8243; custom_padding=\u00bb||0px|||\u00bb global_colors_info=\u00bb{}\u00bb][et_pb_column type=\u00bb1_2&#8243; _builder_version=\u00bb4.16&#8243; global_colors_info=\u00bb{}\u00bb][et_pb_text _builder_version=\u00bb4.24.0&#8243; header_font=\u00bbBellefair||||||||\u00bb header_text_color=\u00bb#000000&#8243; header_font_size=\u00bb48px\u00bb header_line_height=\u00bb1.2em\u00bb header_2_font=\u00bbBellefair||||||||\u00bb header_2_text_align=\u00bbleft\u00bb header_2_text_color=\u00bb#000000&#8243; header_2_font_size=\u00bb48px\u00bb header_2_line_height=\u00bb1.2em\u00bb header_3_font=\u00bbBellefair||||||||\u00bb header_3_text_color=\u00bb#000000&#8243; header_3_font_size=\u00bb38px\u00bb header_3_line_height=\u00bb1.2em\u00bb header_4_font=\u00bbBellefair||||||||\u00bb header_4_text_color=\u00bb#000000&#8243; header_4_font_size=\u00bb30px\u00bb header_4_line_height=\u00bb1.4em\u00bb header_5_font=\u00bbBellefair||||||||\u00bb header_5_text_color=\u00bb#000000&#8243; header_5_font_size=\u00bb22px\u00bb header_5_line_height=\u00bb1.2em\u00bb header_6_font=\u00bbMontserrat|700||on|||||\u00bb header_6_text_color=\u00bb#ff4e00&#8243; header_6_font_size=\u00bb12px\u00bb header_6_letter_spacing=\u00bb2px\u00bb header_6_line_height=\u00bb1.2em\u00bb header_font_size_tablet=\u00bb42px\u00bb header_font_size_phone=\u00bb34px\u00bb header_font_size_last_edited=\u00bbon|tablet\u00bb header_2_font_size_tablet=\u00bb42px\u00bb header_2_font_size_phone=\u00bb34px\u00bb header_2_font_size_last_edited=\u00bbon|tablet\u00bb header_3_font_size_tablet=\u00bb34px\u00bb header_3_font_size_phone=\u00bb28px\u00bb header_3_font_size_last_edited=\u00bbon|phone\u00bb header_4_font_size_tablet=\u00bb22px\u00bb header_4_font_size_phone=\u00bb18px\u00bb header_4_font_size_last_edited=\u00bbon|phone\u00bb header_5_font_size_tablet=\u00bb\u00bb header_5_font_size_phone=\u00bb16px\u00bb header_5_font_size_last_edited=\u00bbon|tablet\u00bb border_color_all=\u00bb#ff4e00&#8243; border_width_bottom=\u00bb4px\u00bb text_text_align=\u00bbjustify\u00bb locked=\u00bboff\u00bb global_colors_info=\u00bb{}\u00bb header_2_2_font_size_tablet=\u00bb42px\u00bb header_3_2_font_size_tablet=\u00bb42px\u00bb header_4_2_font_size_tablet=\u00bb42px\u00bb header_5_2_font_size_tablet=\u00bb42px\u00bb header_6_2_font_size_tablet=\u00bb42px\u00bb header_2_2_font_size_phone=\u00bb34px\u00bb header_3_2_font_size_phone=\u00bb34px\u00bb header_4_2_font_size_phone=\u00bb34px\u00bb header_5_2_font_size_phone=\u00bb34px\u00bb header_6_2_font_size_phone=\u00bb34px\u00bb header_2_2_font_size_last_edited=\u00bbon|tablet\u00bb header_3_2_font_size_last_edited=\u00bbon|tablet\u00bb header_4_2_font_size_last_edited=\u00bbon|tablet\u00bb header_5_2_font_size_last_edited=\u00bbon|tablet\u00bb header_6_2_font_size_last_edited=\u00bbon|tablet\u00bb header_2_3_font_size_tablet=\u00bb34px\u00bb header_3_3_font_size_tablet=\u00bb34px\u00bb header_4_3_font_size_tablet=\u00bb34px\u00bb header_5_3_font_size_tablet=\u00bb34px\u00bb header_6_3_font_size_tablet=\u00bb34px\u00bb header_2_3_font_size_phone=\u00bb28px\u00bb header_3_3_font_size_phone=\u00bb28px\u00bb header_4_3_font_size_phone=\u00bb28px\u00bb header_5_3_font_size_phone=\u00bb28px\u00bb header_6_3_font_size_phone=\u00bb28px\u00bb header_2_3_font_size_last_edited=\u00bbon|phone\u00bb header_3_3_font_size_last_edited=\u00bbon|phone\u00bb header_4_3_font_size_last_edited=\u00bbon|phone\u00bb header_5_3_font_size_last_edited=\u00bbon|phone\u00bb header_6_3_font_size_last_edited=\u00bbon|phone\u00bb header_2_4_font_size_tablet=\u00bb22px\u00bb header_3_4_font_size_tablet=\u00bb22px\u00bb header_4_4_font_size_tablet=\u00bb22px\u00bb header_5_4_font_size_tablet=\u00bb22px\u00bb header_6_4_font_size_tablet=\u00bb22px\u00bb header_2_4_font_size_phone=\u00bb18px\u00bb header_3_4_font_size_phone=\u00bb18px\u00bb header_4_4_font_size_phone=\u00bb18px\u00bb header_5_4_font_size_phone=\u00bb18px\u00bb header_6_4_font_size_phone=\u00bb18px\u00bb header_2_4_font_size_last_edited=\u00bbon|phone\u00bb header_3_4_font_size_last_edited=\u00bbon|phone\u00bb header_4_4_font_size_last_edited=\u00bbon|phone\u00bb header_5_4_font_size_last_edited=\u00bbon|phone\u00bb header_6_4_font_size_last_edited=\u00bbon|phone\u00bb header_2_5_font_size_phone=\u00bb16px\u00bb header_3_5_font_size_phone=\u00bb16px\u00bb header_4_5_font_size_phone=\u00bb16px\u00bb header_5_5_font_size_phone=\u00bb16px\u00bb header_6_5_font_size_phone=\u00bb16px\u00bb header_2_5_font_size_last_edited=\u00bbon|tablet\u00bb header_3_5_font_size_last_edited=\u00bbon|tablet\u00bb header_4_5_font_size_last_edited=\u00bbon|tablet\u00bb header_5_5_font_size_last_edited=\u00bbon|tablet\u00bb header_6_5_font_size_last_edited=\u00bbon|tablet\u00bb]<\/p>\n<h4><span style=\"font-weight: 400;\">Portocolom, un tesoro en la costa de Mallorca, es un destino que cautiva con su encanto mediterr\u00e1neo. Disfruta la riqueza cultural, hist\u00f3rica y natural de esta joya balear mientras descubres sus fascinantes rincones.<\/span><\/h4>\n<p>[\/et_pb_text][et_pb_text _builder_version=\u00bb4.24.0&#8243; text_font=\u00bb||||||||\u00bb text_font_size=\u00bb16px\u00bb text_line_height=\u00bb2em\u00bb text_orientation=\u00bbjustified\u00bb text_font_size_tablet=\u00bb15px\u00bb text_font_size_phone=\u00bb14px\u00bb text_font_size_last_edited=\u00bbon|phone\u00bb locked=\u00bboff\u00bb global_colors_info=\u00bb{}\u00bb]<\/p>\n<p><span style=\"font-weight: 400;\">En este art\u00edculo, recorremos la aut\u00e9ntica esencia de Portocolom mientras exploramos sus encantos \u00fanicos \u00a1Prep\u00e1rate para enamorarte de lo que Portocolom tiene para ofrecer!<\/span><\/p>\n<p>[\/et_pb_text][\/et_pb_column][et_pb_column type=\u00bb1_2&#8243; _builder_version=\u00bb4.16&#8243; global_colors_info=\u00bb{}\u00bb][et_pb_text _builder_version=\u00bb4.24.0&#8243; text_font=\u00bb||||||||\u00bb text_font_size=\u00bb16px\u00bb text_line_height=\u00bb2em\u00bb header_2_line_height=\u00bb1.4em\u00bb text_orientation=\u00bbjustified\u00bb text_font_size_tablet=\u00bb15px\u00bb text_font_size_phone=\u00bb14px\u00bb text_font_size_last_edited=\u00bbon|phone\u00bb locked=\u00bboff\u00bb global_colors_info=\u00bb{}\u00bb]<\/p>\n<h2><span style=\"font-weight: 400;\">Historia y Arquitectura: Testigos del Pasado de Portocolom<\/span><\/h2>\n<p><span style=\"font-weight: 400;\">Desde la imponente arquitectura hasta los vestigios hist\u00f3ricos, Portocolom te transporta a \u00e9pocas pasadas. Explora la Iglesia de San Jaime, un hito que domina el horizonte y preserva la rica historia de la regi\u00f3n. Este emblem\u00e1tico edificio, construido en el siglo XIII, es una joya arquitect\u00f3nica que narra las vicisitudes de Portocolom a lo largo de los siglos. Los detalles g\u00f3ticos y las obras de arte que alberga la convierten en una visita obligada para los amantes de la historia.<\/span><\/p>\n<p>[\/et_pb_text][\/et_pb_column][\/et_pb_row][et_pb_row column_structure=\u00bb1_2,1_2&#8243; _builder_version=\u00bb4.16&#8243; custom_padding=\u00bb||0px|||\u00bb global_colors_info=\u00bb{}\u00bb][et_pb_column type=\u00bb1_2&#8243; _builder_version=\u00bb4.16&#8243; global_colors_info=\u00bb{}\u00bb][et_pb_image src=\u00bbhttps:\/\/surmasterprojects.com\/wp-content\/uploads\/2024\/02\/calador-1-e1707168420994.jpg\u00bb title_text=\u00bbcalador-1&#8243; _builder_version=\u00bb4.24.0&#8243; _module_preset=\u00bbdefault\u00bb global_colors_info=\u00bb{}\u00bb][\/et_pb_image][\/et_pb_column][et_pb_column type=\u00bb1_2&#8243; _builder_version=\u00bb4.16&#8243; global_colors_info=\u00bb{}\u00bb][et_pb_text _builder_version=\u00bb4.24.0&#8243; text_font=\u00bb||||||||\u00bb text_font_size=\u00bb16px\u00bb text_line_height=\u00bb2em\u00bb header_2_line_height=\u00bb1.4em\u00bb text_orientation=\u00bbjustified\u00bb text_font_size_tablet=\u00bb15px\u00bb text_font_size_phone=\u00bb14px\u00bb text_font_size_last_edited=\u00bbon|phone\u00bb locked=\u00bboff\u00bb global_colors_info=\u00bb{}\u00bb]<\/p>\n<h3><span style=\"font-weight: 400;\">Paseo por el Puerto: Donde el Encanto Se Encuentra con el Mar<\/span><\/h3>\n<p><span style=\"font-weight: 400;\">El puerto de Portocolom es el coraz\u00f3n de la ciudad y un lugar imperdible. Disfruta de un tranquilo paseo junto al agua, observando los barcos que mecen sus amarres. Las tabernas a lo largo del puerto ofrecen aut\u00e9ntica gastronom\u00eda local y vistas panor\u00e1micas que te dejar\u00e1n sin aliento. Al caer la tarde, el puerto cobra vida con la animaci\u00f3n de los lugare\u00f1os y visitantes que se re\u00fanen para disfrutar de la brisa marina y los colores c\u00e1lidos del atardecer. Descubre la autenticidad de Portocolom mientras paseas por las callejuelas adoquinadas que rodean el puerto, encontrando peque\u00f1as tiendas de artesan\u00eda y acogedores caf\u00e9s.<\/span><\/p>\n<p>[\/et_pb_text][\/et_pb_column][\/et_pb_row][et_pb_row _builder_version=\u00bb4.21.0&#8243; _module_preset=\u00bbdefault\u00bb custom_padding=\u00bb||11px|||\u00bb global_colors_info=\u00bb{}\u00bb][et_pb_column type=\u00bb4_4&#8243; _builder_version=\u00bb4.21.0&#8243; _module_preset=\u00bbdefault\u00bb global_colors_info=\u00bb{}\u00bb][et_pb_text _builder_version=\u00bb4.24.0&#8243; text_font=\u00bb||||||||\u00bb text_font_size=\u00bb16px\u00bb text_line_height=\u00bb2em\u00bb header_2_line_height=\u00bb1.4em\u00bb text_orientation=\u00bbjustified\u00bb custom_margin=\u00bb||19px|||\u00bb text_font_size_tablet=\u00bb15px\u00bb text_font_size_phone=\u00bb14px\u00bb text_font_size_last_edited=\u00bbon|phone\u00bb locked=\u00bboff\u00bb global_colors_info=\u00bb{}\u00bb]<\/p>\n<h3><span style=\"font-weight: 400;\">Calas Escondidas: Tesoros Naturales de Portocolom<\/span><\/h3>\n<p><span style=\"font-weight: 400;\">Las playas de Portocolom son verdaderas joyas naturales. Cala Mar\u00e7al y Cala Sa Nau son para\u00edsos escondidos con aguas cristalinas y arena suave. Sum\u00e9rgete en la serenidad de estas calas, ideales para relajarse bajo el sol mediterr\u00e1neo. Explora la vida marina mientras practicas snorkel en estas aguas tranquilas o simplemente recu\u00e9state en la playa para disfrutar del c\u00e1lido sol balear. La belleza natural de estas calas crea un ambiente id\u00edlico, proporcionando un escape perfecto del bullicio diario.<\/span><\/p>\n<p>[\/et_pb_text][et_pb_divider color=\u00bb#f75e00&#8243; divider_weight=\u00bb4px\u00bb _builder_version=\u00bb4.21.0&#8243; _module_preset=\u00bbdefault\u00bb width=\u00bb40%\u00bb module_alignment=\u00bbcenter\u00bb global_colors_info=\u00bb{}\u00bb][\/et_pb_divider][\/et_pb_column][\/et_pb_row][et_pb_row column_structure=\u00bb1_2,1_2&#8243; _builder_version=\u00bb4.21.0&#8243; custom_padding=\u00bb||0px|||\u00bb global_colors_info=\u00bb{}\u00bb][et_pb_column type=\u00bb1_2&#8243; _builder_version=\u00bb4.16&#8243; global_colors_info=\u00bb{}\u00bb][et_pb_text _builder_version=\u00bb4.24.0&#8243; text_font=\u00bb||||||||\u00bb text_font_size=\u00bb16px\u00bb text_line_height=\u00bb2em\u00bb header_2_line_height=\u00bb1.4em\u00bb text_orientation=\u00bbjustified\u00bb text_font_size_tablet=\u00bb15px\u00bb text_font_size_phone=\u00bb14px\u00bb text_font_size_last_edited=\u00bbon|phone\u00bb locked=\u00bboff\u00bb global_colors_info=\u00bb{}\u00bb]<\/p>\n<h2><span style=\"font-weight: 400;\">Gastronom\u00eda Local: Deleita tu Paladar con Sabores Mediterr\u00e1neos<\/span><\/h2>\n<p><span style=\"font-weight: 400;\">La cocina de Portocolom refleja la frescura de los ingredientes locales y la tradici\u00f3n culinaria mediterr\u00e1nea. Los restaurantes de la zona te invitan a un fest\u00edn gastron\u00f3mico que complementa perfectamente tu experiencia en Portocolom.<\/span><\/p>\n<h3><span style=\"font-weight: 400;\">Restaurantes con Encanto: Una Aventura Culinaria \u00danica<\/span><\/h3>\n<p><span style=\"font-weight: 400;\">Navega por los rincones culinarios de Portocolom, donde la frescura del mar se fusiona con ingredientes locales. Deleita tu paladar con paellas, pescados frescos y deliciosos postres que capturan la esencia de la cocina mediterr\u00e1nea. Restaurantes como \u00ab<a href=\"https:\/\/restaurantehpc.myrestoo.net\/es\/reservar\">HPC Portocolom<\/a>\u00bb ofrecen men\u00fas cuidadosamente elaborados que destacan la diversidad de la cocina local. Los chefs expertos en la zona aseguran que cada bocado sea una experiencia \u00fanica, combinando sabores tradicionales con toques contempor\u00e1neos.<\/span><\/p>\n<p>[\/et_pb_text][\/et_pb_column][et_pb_column type=\u00bb1_2&#8243; _builder_version=\u00bb4.16&#8243; global_colors_info=\u00bb{}\u00bb][et_pb_image src=\u00bbhttps:\/\/surmasterprojects.com\/wp-content\/uploads\/2022\/06\/HPC-Portocolom-9707_500-1.jpg\u00bb title_text=\u00bbHPC Portocolom-9707_500&#8243; _builder_version=\u00bb4.24.0&#8243; _module_preset=\u00bbdefault\u00bb global_colors_info=\u00bb{}\u00bb][\/et_pb_image][\/et_pb_column][\/et_pb_row][et_pb_row _builder_version=\u00bb4.24.0&#8243; _module_preset=\u00bbdefault\u00bb custom_padding=\u00bb||13px|||\u00bb global_colors_info=\u00bb{}\u00bb][et_pb_column type=\u00bb4_4&#8243; _builder_version=\u00bb4.24.0&#8243; _module_preset=\u00bbdefault\u00bb global_colors_info=\u00bb{}\u00bb][et_pb_text _builder_version=\u00bb4.24.0&#8243; text_font=\u00bb||||||||\u00bb text_font_size=\u00bb16px\u00bb text_line_height=\u00bb2em\u00bb header_2_line_height=\u00bb1.4em\u00bb text_orientation=\u00bbjustified\u00bb custom_margin=\u00bb-10px||19px|||\u00bb text_font_size_tablet=\u00bb15px\u00bb text_font_size_phone=\u00bb14px\u00bb text_font_size_last_edited=\u00bbon|phone\u00bb locked=\u00bboff\u00bb global_colors_info=\u00bb{}\u00bb]<\/p>\n<h3><span style=\"font-weight: 400;\">Mercados Locales: Descubre los Secretos de la Gastronom\u00eda Mallorquina<\/span><\/h3>\n<p><span style=\"font-weight: 400;\">Descubre la autenticidad de la vida local explorando los mercados de Portocolom. Aqu\u00ed encontrar\u00e1s productos frescos y locales que te permitir\u00e1n saborear la verdadera esencia de la gastronom\u00eda mallorquina. Desde aceitunas y quesos hasta frutas y hierbas arom\u00e1ticas, los mercados como \u00abEl Mercado del Pueblo\u00bb ofrecen una experiencia sensorial \u00fanica. Conversa con los comerciantes locales, aprende sobre los m\u00e9todos de cultivo tradicionales y ll\u00e9vate a casa ingredientes que te permitir\u00e1n recrear los sabores de Portocolom en tu propia cocina.<\/span><\/p>\n<p>[\/et_pb_text][\/et_pb_column][\/et_pb_row][et_pb_row _builder_version=\u00bb4.21.0&#8243; custom_padding=\u00bb44px||0px|||\u00bb global_colors_info=\u00bb{}\u00bb][et_pb_column type=\u00bb4_4&#8243; _builder_version=\u00bb4.16&#8243; global_colors_info=\u00bb{}\u00bb][et_pb_text _builder_version=\u00bb4.24.0&#8243; text_font=\u00bb||||||||\u00bb text_font_size=\u00bb16px\u00bb text_line_height=\u00bb2em\u00bb header_2_line_height=\u00bb1.4em\u00bb text_orientation=\u00bbjustified\u00bb custom_margin=\u00bb||42px|||\u00bb text_font_size_tablet=\u00bb15px\u00bb text_font_size_phone=\u00bb14px\u00bb text_font_size_last_edited=\u00bbon|phone\u00bb locked=\u00bboff\u00bb global_colors_info=\u00bb{}\u00bb]<\/p>\n<blockquote>\n<h2><span style=\"font-weight: 400;\">Preguntas frecuentes sobre Qu\u00e9 ver en Portocolom<\/span><\/h2>\n<\/blockquote>\n<h3><\/h3>\n<h3><\/h3>\n<h3><span style=\"font-weight: 400;\">\u00bfCu\u00e1l es la mejor \u00e9poca para visitar Portocolom?<\/span><\/h3>\n<p><span style=\"font-weight: 400;\">La primavera y el verano son ideales, con temperaturas agradables y eventos culturales. Evita la temporada alta si prefieres una experiencia m\u00e1s tranquila. La primavera, en particular, ofrece un clima suave y la oportunidad de disfrutar de la belleza natural de Portocolom en su plenitud, antes de que las multitudes de verano lleguen a la regi\u00f3n.<\/span><\/p>\n<h3><\/h3>\n<h3><\/h3>\n<h3><span style=\"font-weight: 400;\">\u00bfHay opciones de alojamiento cerca de las principales atracciones?<\/span><\/h3>\n<p><span style=\"font-weight: 400;\">S\u00ed, Portocolom ofrece una variedad de opciones de alojamiento, hospedarse en el centro hist\u00f3rico te permitir\u00e1 acceder f\u00e1cilmente a lugares como la Iglesia de San Jaime y el puerto, mientras que las opciones m\u00e1s alejadas ofrecen tranquilidad y vistas panor\u00e1micas. Explora las opciones seg\u00fan tus preferencias y disfruta de una estancia c\u00f3moda y conveniente, nosotros te recomendamos \u201cHostal HPC Portocolom\u201d. Con su encanto \u00fanico y atenci\u00f3n personalizada.<\/span><\/p>\n<h3><\/h3>\n<h3><span style=\"font-weight: 400;\">\u00bfCu\u00e1les son las actividades al aire libre m\u00e1s populares en Portocolom?<\/span><\/h3>\n<p><span style=\"font-weight: 400;\">Explorar las calas, practicar deportes acu\u00e1ticos y realizar senderismo son actividades favoritas entre los visitantes. La naturaleza exuberante de la regi\u00f3n ofrece innumerables oportunidades para disfrutar al aire libre. Alquila una bicicleta y recorre los senderos costeros, sum\u00e9rgete en las aguas cristalinas para practicar snorkel o \u00fanete a una excursi\u00f3n de senderismo para descubrir la belleza natural de Portocolom. La versatilidad de las actividades al aire libre asegura que haya algo para cada tipo de viajero. <\/span><\/p>\n<p>[\/et_pb_text][\/et_pb_column][\/et_pb_row][\/et_pb_section]<\/p>\n","protected":false},"excerpt":{"rendered":"<p>QUE VER EN PORTOCOLOM Portocolom y sus Maravillas Ocultas: Un Encantador Rinc\u00f3n Mallorqu\u00ednPortocolom, un tesoro en la costa de Mallorca, es un destino que cautiva con su encanto mediterr\u00e1neo. Disfruta la riqueza cultural, hist\u00f3rica y natural de esta joya balear mientras descubres sus fascinantes rincones.En este art\u00edculo, recorremos la aut\u00e9ntica esencia de Portocolom mientras exploramos [&hellip;]<\/p>\n","protected":false},"author":1,"featured_media":8172,"parent":7644,"menu_order":0,"comment_status":"closed","ping_status":"closed","template":"","meta":{"_et_pb_use_builder":"on","_et_pb_old_content":"","_et_gb_content_width":"","footnotes":""},"class_list":["post-8168","page","type-page","status-publish","has-post-thumbnail","hentry"],"yoast_head":"<!-- This site is optimized with the Yoast SEO plugin v27.4 - https:\/\/yoast.com\/product\/yoast-seo-wordpress\/ -->\n<title>Surmaster Projects<\/title>\n<meta name=\"robots\" content=\"index, follow, max-snippet:-1, max-image-preview:large, max-video-preview:-1\" \/>\n<link rel=\"canonical\" href=\"https:\/\/surmasterprojects.com\/es\/blog\/portocolom-y-sus-maravillas-ocultas-un-encantador-rincon-mallorquin\/\" \/>\n<meta property=\"og:locale\" content=\"es_ES\" \/>\n<meta property=\"og:type\" content=\"article\" \/>\n<meta property=\"og:description\" content=\"QUE VER EN PORTOCOLOM Portocolom y sus Maravillas Ocultas: Un Encantador Rinc\u00f3n Mallorqu\u00ednPortocolom, un tesoro en la costa de Mallorca, es un destino que cautiva con su encanto mediterr\u00e1neo. Disfruta la riqueza cultural, hist\u00f3rica y natural de esta joya balear mientras descubres sus fascinantes rincones.En este art\u00edculo, recorremos la aut\u00e9ntica esencia de Portocolom mientras exploramos [&hellip;]\" \/>\n<meta property=\"og:url\" content=\"https:\/\/surmasterprojects.com\/es\/blog\/portocolom-y-sus-maravillas-ocultas-un-encantador-rincon-mallorquin\/\" \/>\n<meta property=\"og:site_name\" content=\"Surmaster Projects\" \/>\n<meta property=\"og:image\" content=\"https:\/\/surmasterprojects.com\/wp-content\/uploads\/2024\/02\/faro-portocolom-2.jpg\" \/>\n\t<meta property=\"og:image:width\" content=\"1024\" \/>\n\t<meta property=\"og:image:height\" content=\"585\" \/>\n\t<meta property=\"og:image:type\" content=\"image\/jpeg\" \/>\n<meta name=\"twitter:card\" content=\"summary_large_image\" \/>\n<meta name=\"twitter:label1\" content=\"Tiempo de lectura\" \/>\n\t<meta name=\"twitter:data1\" content=\"12 minutos\" \/>\n<script type=\"application\/ld+json\" class=\"yoast-schema-graph\">{\"@context\":\"https:\\\/\\\/schema.org\",\"@graph\":[{\"@type\":\"WebPage\",\"@id\":\"https:\\\/\\\/surmasterprojects.com\\\/blog\\\/portocolom-y-sus-maravillas-ocultas-un-encantador-rincon-mallorquin\\\/\",\"url\":\"https:\\\/\\\/surmasterprojects.com\\\/blog\\\/portocolom-y-sus-maravillas-ocultas-un-encantador-rincon-mallorquin\\\/\",\"name\":\"\",\"isPartOf\":{\"@id\":\"https:\\\/\\\/surmasterprojects.com\\\/es\\\/#website\"},\"primaryImageOfPage\":{\"@id\":\"https:\\\/\\\/surmasterprojects.com\\\/blog\\\/portocolom-y-sus-maravillas-ocultas-un-encantador-rincon-mallorquin\\\/#primaryimage\"},\"image\":{\"@id\":\"https:\\\/\\\/surmasterprojects.com\\\/blog\\\/portocolom-y-sus-maravillas-ocultas-un-encantador-rincon-mallorquin\\\/#primaryimage\"},\"thumbnailUrl\":\"https:\\\/\\\/surmasterprojects.com\\\/wp-content\\\/uploads\\\/2024\\\/02\\\/faro-portocolom-2.jpg\",\"datePublished\":\"2024-03-04T14:46:40+00:00\",\"breadcrumb\":{\"@id\":\"https:\\\/\\\/surmasterprojects.com\\\/blog\\\/portocolom-y-sus-maravillas-ocultas-un-encantador-rincon-mallorquin\\\/#breadcrumb\"},\"inLanguage\":\"es\",\"potentialAction\":[{\"@type\":\"ReadAction\",\"target\":[\"https:\\\/\\\/surmasterprojects.com\\\/blog\\\/portocolom-y-sus-maravillas-ocultas-un-encantador-rincon-mallorquin\\\/\"]}]},{\"@type\":\"ImageObject\",\"inLanguage\":\"es\",\"@id\":\"https:\\\/\\\/surmasterprojects.com\\\/blog\\\/portocolom-y-sus-maravillas-ocultas-un-encantador-rincon-mallorquin\\\/#primaryimage\",\"url\":\"https:\\\/\\\/surmasterprojects.com\\\/wp-content\\\/uploads\\\/2024\\\/02\\\/faro-portocolom-2.jpg\",\"contentUrl\":\"https:\\\/\\\/surmasterprojects.com\\\/wp-content\\\/uploads\\\/2024\\\/02\\\/faro-portocolom-2.jpg\",\"width\":1024,\"height\":585,\"caption\":\"default\"},{\"@type\":\"BreadcrumbList\",\"@id\":\"https:\\\/\\\/surmasterprojects.com\\\/blog\\\/portocolom-y-sus-maravillas-ocultas-un-encantador-rincon-mallorquin\\\/#breadcrumb\",\"itemListElement\":[{\"@type\":\"ListItem\",\"position\":1,\"name\":\"Portada\",\"item\":\"https:\\\/\\\/surmasterprojects.com\\\/es\\\/\"},{\"@type\":\"ListItem\",\"position\":2,\"name\":\"Blog\",\"item\":\"https:\\\/\\\/surmasterprojects.com\\\/es\\\/blog\\\/\"},{\"@type\":\"ListItem\",\"position\":3,\"name\":\"Portocolom y sus Maravillas Ocultas: Un Encantador Rinc\u00f3n Mallorqu\u00edn\"}]},{\"@type\":\"WebSite\",\"@id\":\"https:\\\/\\\/surmasterprojects.com\\\/es\\\/#website\",\"url\":\"https:\\\/\\\/surmasterprojects.com\\\/es\\\/\",\"name\":\"Surmaster Projects\",\"description\":\"\",\"publisher\":{\"@id\":\"https:\\\/\\\/surmasterprojects.com\\\/es\\\/#organization\"},\"potentialAction\":[{\"@type\":\"SearchAction\",\"target\":{\"@type\":\"EntryPoint\",\"urlTemplate\":\"https:\\\/\\\/surmasterprojects.com\\\/es\\\/?s={search_term_string}\"},\"query-input\":{\"@type\":\"PropertyValueSpecification\",\"valueRequired\":true,\"valueName\":\"search_term_string\"}}],\"inLanguage\":\"es\"},{\"@type\":\"Organization\",\"@id\":\"https:\\\/\\\/surmasterprojects.com\\\/es\\\/#organization\",\"name\":\"Surmaster Projects\",\"url\":\"https:\\\/\\\/surmasterprojects.com\\\/es\\\/\",\"logo\":{\"@type\":\"ImageObject\",\"inLanguage\":\"es\",\"@id\":\"https:\\\/\\\/surmasterprojects.com\\\/es\\\/#\\\/schema\\\/logo\\\/image\\\/\",\"url\":\"https:\\\/\\\/surmasterprojects.com\\\/wp-content\\\/uploads\\\/2022\\\/04\\\/cropped-Logo_GrupoSurmaster_negativo.png\",\"contentUrl\":\"https:\\\/\\\/surmasterprojects.com\\\/wp-content\\\/uploads\\\/2022\\\/04\\\/cropped-Logo_GrupoSurmaster_negativo.png\",\"width\":512,\"height\":512,\"caption\":\"Surmaster Projects\"},\"image\":{\"@id\":\"https:\\\/\\\/surmasterprojects.com\\\/es\\\/#\\\/schema\\\/logo\\\/image\\\/\"}}]}<\/script>\n<!-- \/ Yoast SEO plugin. -->","yoast_head_json":{"title":"Surmaster Projects","robots":{"index":"index","follow":"follow","max-snippet":"max-snippet:-1","max-image-preview":"max-image-preview:large","max-video-preview":"max-video-preview:-1"},"canonical":"https:\/\/surmasterprojects.com\/es\/blog\/portocolom-y-sus-maravillas-ocultas-un-encantador-rincon-mallorquin\/","og_locale":"es_ES","og_type":"article","og_description":"QUE VER EN PORTOCOLOM Portocolom y sus Maravillas Ocultas: Un Encantador Rinc\u00f3n Mallorqu\u00ednPortocolom, un tesoro en la costa de Mallorca, es un destino que cautiva con su encanto mediterr\u00e1neo. Disfruta la riqueza cultural, hist\u00f3rica y natural de esta joya balear mientras descubres sus fascinantes rincones.En este art\u00edculo, recorremos la aut\u00e9ntica esencia de Portocolom mientras exploramos [&hellip;]","og_url":"https:\/\/surmasterprojects.com\/es\/blog\/portocolom-y-sus-maravillas-ocultas-un-encantador-rincon-mallorquin\/","og_site_name":"Surmaster Projects","og_image":[{"width":1024,"height":585,"url":"https:\/\/surmasterprojects.com\/wp-content\/uploads\/2024\/02\/faro-portocolom-2.jpg","type":"image\/jpeg"}],"twitter_card":"summary_large_image","twitter_misc":{"Tiempo de lectura":"12 minutos"},"schema":{"@context":"https:\/\/schema.org","@graph":[{"@type":"WebPage","@id":"https:\/\/surmasterprojects.com\/blog\/portocolom-y-sus-maravillas-ocultas-un-encantador-rincon-mallorquin\/","url":"https:\/\/surmasterprojects.com\/blog\/portocolom-y-sus-maravillas-ocultas-un-encantador-rincon-mallorquin\/","name":"","isPartOf":{"@id":"https:\/\/surmasterprojects.com\/es\/#website"},"primaryImageOfPage":{"@id":"https:\/\/surmasterprojects.com\/blog\/portocolom-y-sus-maravillas-ocultas-un-encantador-rincon-mallorquin\/#primaryimage"},"image":{"@id":"https:\/\/surmasterprojects.com\/blog\/portocolom-y-sus-maravillas-ocultas-un-encantador-rincon-mallorquin\/#primaryimage"},"thumbnailUrl":"https:\/\/surmasterprojects.com\/wp-content\/uploads\/2024\/02\/faro-portocolom-2.jpg","datePublished":"2024-03-04T14:46:40+00:00","breadcrumb":{"@id":"https:\/\/surmasterprojects.com\/blog\/portocolom-y-sus-maravillas-ocultas-un-encantador-rincon-mallorquin\/#breadcrumb"},"inLanguage":"es","potentialAction":[{"@type":"ReadAction","target":["https:\/\/surmasterprojects.com\/blog\/portocolom-y-sus-maravillas-ocultas-un-encantador-rincon-mallorquin\/"]}]},{"@type":"ImageObject","inLanguage":"es","@id":"https:\/\/surmasterprojects.com\/blog\/portocolom-y-sus-maravillas-ocultas-un-encantador-rincon-mallorquin\/#primaryimage","url":"https:\/\/surmasterprojects.com\/wp-content\/uploads\/2024\/02\/faro-portocolom-2.jpg","contentUrl":"https:\/\/surmasterprojects.com\/wp-content\/uploads\/2024\/02\/faro-portocolom-2.jpg","width":1024,"height":585,"caption":"default"},{"@type":"BreadcrumbList","@id":"https:\/\/surmasterprojects.com\/blog\/portocolom-y-sus-maravillas-ocultas-un-encantador-rincon-mallorquin\/#breadcrumb","itemListElement":[{"@type":"ListItem","position":1,"name":"Portada","item":"https:\/\/surmasterprojects.com\/es\/"},{"@type":"ListItem","position":2,"name":"Blog","item":"https:\/\/surmasterprojects.com\/es\/blog\/"},{"@type":"ListItem","position":3,"name":"Portocolom y sus Maravillas Ocultas: Un Encantador Rinc\u00f3n Mallorqu\u00edn"}]},{"@type":"WebSite","@id":"https:\/\/surmasterprojects.com\/es\/#website","url":"https:\/\/surmasterprojects.com\/es\/","name":"Surmaster Projects","description":"","publisher":{"@id":"https:\/\/surmasterprojects.com\/es\/#organization"},"potentialAction":[{"@type":"SearchAction","target":{"@type":"EntryPoint","urlTemplate":"https:\/\/surmasterprojects.com\/es\/?s={search_term_string}"},"query-input":{"@type":"PropertyValueSpecification","valueRequired":true,"valueName":"search_term_string"}}],"inLanguage":"es"},{"@type":"Organization","@id":"https:\/\/surmasterprojects.com\/es\/#organization","name":"Surmaster Projects","url":"https:\/\/surmasterprojects.com\/es\/","logo":{"@type":"ImageObject","inLanguage":"es","@id":"https:\/\/surmasterprojects.com\/es\/#\/schema\/logo\/image\/","url":"https:\/\/surmasterprojects.com\/wp-content\/uploads\/2022\/04\/cropped-Logo_GrupoSurmaster_negativo.png","contentUrl":"https:\/\/surmasterprojects.com\/wp-content\/uploads\/2022\/04\/cropped-Logo_GrupoSurmaster_negativo.png","width":512,"height":512,"caption":"Surmaster Projects"},"image":{"@id":"https:\/\/surmasterprojects.com\/es\/#\/schema\/logo\/image\/"}}]}},"_links":{"self":[{"href":"https:\/\/surmasterprojects.com\/es\/wp-json\/wp\/v2\/pages\/8168","targetHints":{"allow":["GET"]}}],"collection":[{"href":"https:\/\/surmasterprojects.com\/es\/wp-json\/wp\/v2\/pages"}],"about":[{"href":"https:\/\/surmasterprojects.com\/es\/wp-json\/wp\/v2\/types\/page"}],"author":[{"embeddable":true,"href":"https:\/\/surmasterprojects.com\/es\/wp-json\/wp\/v2\/users\/1"}],"replies":[{"embeddable":true,"href":"https:\/\/surmasterprojects.com\/es\/wp-json\/wp\/v2\/comments?post=8168"}],"version-history":[{"count":6,"href":"https:\/\/surmasterprojects.com\/es\/wp-json\/wp\/v2\/pages\/8168\/revisions"}],"predecessor-version":[{"id":8190,"href":"https:\/\/surmasterprojects.com\/es\/wp-json\/wp\/v2\/pages\/8168\/revisions\/8190"}],"up":[{"embeddable":true,"href":"https:\/\/surmasterprojects.com\/es\/wp-json\/wp\/v2\/pages\/7644"}],"wp:featuredmedia":[{"embeddable":true,"href":"https:\/\/surmasterprojects.com\/es\/wp-json\/wp\/v2\/media\/8172"}],"wp:attachment":[{"href":"https:\/\/surmasterprojects.com\/es\/wp-json\/wp\/v2\/media?parent=8168"}],"curies":[{"name":"wp","href":"https:\/\/api.w.org\/{rel}","templated":true}]}}