{"id":8230,"date":"2024-03-04T14:40:43","date_gmt":"2024-03-04T14:40:43","guid":{"rendered":"https:\/\/surmasterprojects.com\/?page_id=8230"},"modified":"2024-03-04T14:46:08","modified_gmt":"2024-03-04T14:46:08","slug":"viajar-a-mallorca-en-marzo","status":"publish","type":"page","link":"https:\/\/surmasterprojects.com\/es\/blog\/viajar-a-mallorca-en-marzo\/","title":{"rendered":"Viajar a Mallorca en Marzo"},"content":{"rendered":"<p>[et_pb_section fb_built=\u00bb1&#8243; _builder_version=\u00bb4.21.0&#8243; _module_preset=\u00bbdefault\u00bb global_colors_info=\u00bb{}\u00bb][et_pb_row _builder_version=\u00bb4.24.2&#8243; custom_padding=\u00bb21px|||||\u00bb locked=\u00bboff\u00bb global_colors_info=\u00bb{}\u00bb][et_pb_column type=\u00bb4_4&#8243; _builder_version=\u00bb4.16&#8243; global_colors_info=\u00bb{}\u00bb][et_pb_text _builder_version=\u00bb4.24.2&#8243; header_font=\u00bbBellefair||||||||\u00bb header_font_size=\u00bb48px\u00bb header_line_height=\u00bb1.2em\u00bb header_2_font=\u00bbBellefair||||||||\u00bb header_2_text_color=\u00bb#000000&#8243; header_2_font_size=\u00bb48px\u00bb header_2_line_height=\u00bb1.2em\u00bb header_6_font=\u00bbMontserrat|700||on|||||\u00bb header_6_text_color=\u00bb#ff4e00&#8243; header_6_font_size=\u00bb12px\u00bb header_6_letter_spacing=\u00bb2px\u00bb header_6_line_height=\u00bb1.2em\u00bb text_orientation=\u00bbcenter\u00bb max_width=\u00bb700px\u00bb module_alignment=\u00bbcenter\u00bb header_2_font_size_tablet=\u00bb42px\u00bb header_2_font_size_phone=\u00bb34px\u00bb header_2_font_size_last_edited=\u00bbon|desktop\u00bb header_6_font_size_tablet=\u00bb42px\u00bb header_6_font_size_phone=\u00bb34px\u00bb header_6_font_size_last_edited=\u00bboff|phone\u00bb text_text_align=\u00bbjustify\u00bb locked=\u00bboff\u00bb global_colors_info=\u00bb{}\u00bb header_2_2_font_size_tablet=\u00bb42px\u00bb header_3_2_font_size_tablet=\u00bb42px\u00bb header_4_2_font_size_tablet=\u00bb42px\u00bb header_5_2_font_size_tablet=\u00bb42px\u00bb header_6_2_font_size_tablet=\u00bb42px\u00bb header_2_2_font_size_phone=\u00bb34px\u00bb header_3_2_font_size_phone=\u00bb34px\u00bb header_4_2_font_size_phone=\u00bb34px\u00bb header_5_2_font_size_phone=\u00bb34px\u00bb header_6_2_font_size_phone=\u00bb34px\u00bb header_2_2_font_size_last_edited=\u00bbon|tablet\u00bb header_3_2_font_size_last_edited=\u00bbon|tablet\u00bb header_4_2_font_size_last_edited=\u00bbon|tablet\u00bb header_5_2_font_size_last_edited=\u00bbon|tablet\u00bb header_6_2_font_size_last_edited=\u00bbon|tablet\u00bb header_2_3_font_size_tablet=\u00bb34px\u00bb header_3_3_font_size_tablet=\u00bb34px\u00bb header_4_3_font_size_tablet=\u00bb34px\u00bb header_5_3_font_size_tablet=\u00bb34px\u00bb header_6_3_font_size_tablet=\u00bb34px\u00bb header_2_3_font_size_phone=\u00bb28px\u00bb header_3_3_font_size_phone=\u00bb28px\u00bb header_4_3_font_size_phone=\u00bb28px\u00bb header_5_3_font_size_phone=\u00bb28px\u00bb header_6_3_font_size_phone=\u00bb28px\u00bb header_2_3_font_size_last_edited=\u00bbon|phone\u00bb header_3_3_font_size_last_edited=\u00bbon|phone\u00bb header_4_3_font_size_last_edited=\u00bbon|phone\u00bb header_5_3_font_size_last_edited=\u00bbon|phone\u00bb header_6_3_font_size_last_edited=\u00bbon|phone\u00bb header_2_4_font_size_tablet=\u00bb22px\u00bb header_3_4_font_size_tablet=\u00bb22px\u00bb header_4_4_font_size_tablet=\u00bb22px\u00bb header_5_4_font_size_tablet=\u00bb22px\u00bb header_6_4_font_size_tablet=\u00bb22px\u00bb header_2_4_font_size_phone=\u00bb18px\u00bb header_3_4_font_size_phone=\u00bb18px\u00bb header_4_4_font_size_phone=\u00bb18px\u00bb header_5_4_font_size_phone=\u00bb18px\u00bb header_6_4_font_size_phone=\u00bb18px\u00bb header_2_4_font_size_last_edited=\u00bbon|phone\u00bb header_3_4_font_size_last_edited=\u00bbon|phone\u00bb header_4_4_font_size_last_edited=\u00bbon|phone\u00bb header_5_4_font_size_last_edited=\u00bbon|phone\u00bb header_6_4_font_size_last_edited=\u00bbon|phone\u00bb header_2_5_font_size_phone=\u00bb16px\u00bb header_3_5_font_size_phone=\u00bb16px\u00bb header_4_5_font_size_phone=\u00bb16px\u00bb header_5_5_font_size_phone=\u00bb16px\u00bb header_6_5_font_size_phone=\u00bb16px\u00bb header_2_5_font_size_last_edited=\u00bbon|tablet\u00bb header_3_5_font_size_last_edited=\u00bbon|tablet\u00bb header_4_5_font_size_last_edited=\u00bbon|tablet\u00bb header_5_5_font_size_last_edited=\u00bbon|tablet\u00bb header_6_5_font_size_last_edited=\u00bbon|tablet\u00bb]<\/p>\n<h6><b>VIAJAR A MALLORCA EN MARZO<\/b><\/h6>\n<h1>Viajar a Palma de Mallorca en Marzo<\/h1>\n<p>[\/et_pb_text][et_pb_image src=\u00bbhttps:\/\/surmasterprojects.com\/wp-content\/uploads\/2023\/10\/Mallorca_-_Cala_Serena.jpg\u00bb title_text=\u00bbMallorca_-_Cala_Serena\u00bb align=\u00bbcenter\u00bb _builder_version=\u00bb4.24.2&#8243; global_colors_info=\u00bb{}\u00bb][\/et_pb_image][\/et_pb_column][\/et_pb_row][et_pb_row column_structure=\u00bb1_2,1_2&#8243; _builder_version=\u00bb4.16&#8243; custom_padding=\u00bb||0px|||\u00bb global_colors_info=\u00bb{}\u00bb][et_pb_column type=\u00bb1_2&#8243; _builder_version=\u00bb4.16&#8243; global_colors_info=\u00bb{}\u00bb][et_pb_text _builder_version=\u00bb4.24.2&#8243; header_font=\u00bbBellefair||||||||\u00bb header_text_color=\u00bb#000000&#8243; header_font_size=\u00bb48px\u00bb header_line_height=\u00bb1.2em\u00bb header_2_font=\u00bbBellefair||||||||\u00bb header_2_text_align=\u00bbleft\u00bb header_2_text_color=\u00bb#000000&#8243; header_2_font_size=\u00bb48px\u00bb header_2_line_height=\u00bb1.2em\u00bb header_3_font=\u00bbBellefair||||||||\u00bb header_3_text_color=\u00bb#000000&#8243; header_3_font_size=\u00bb38px\u00bb header_3_line_height=\u00bb1.2em\u00bb header_4_font=\u00bbBellefair||||||||\u00bb header_4_text_color=\u00bb#000000&#8243; header_4_font_size=\u00bb30px\u00bb header_4_line_height=\u00bb1.4em\u00bb header_5_font=\u00bbBellefair||||||||\u00bb header_5_text_color=\u00bb#000000&#8243; header_5_font_size=\u00bb22px\u00bb header_5_line_height=\u00bb1.2em\u00bb header_6_font=\u00bbMontserrat|700||on|||||\u00bb header_6_text_color=\u00bb#ff4e00&#8243; header_6_font_size=\u00bb12px\u00bb header_6_letter_spacing=\u00bb2px\u00bb header_6_line_height=\u00bb1.2em\u00bb header_font_size_tablet=\u00bb42px\u00bb header_font_size_phone=\u00bb34px\u00bb header_font_size_last_edited=\u00bbon|tablet\u00bb header_2_font_size_tablet=\u00bb42px\u00bb header_2_font_size_phone=\u00bb34px\u00bb header_2_font_size_last_edited=\u00bbon|tablet\u00bb header_3_font_size_tablet=\u00bb34px\u00bb header_3_font_size_phone=\u00bb28px\u00bb header_3_font_size_last_edited=\u00bbon|phone\u00bb header_4_font_size_tablet=\u00bb22px\u00bb header_4_font_size_phone=\u00bb18px\u00bb header_4_font_size_last_edited=\u00bbon|phone\u00bb header_5_font_size_tablet=\u00bb\u00bb header_5_font_size_phone=\u00bb16px\u00bb header_5_font_size_last_edited=\u00bbon|tablet\u00bb border_color_all=\u00bb#ff4e00&#8243; border_width_bottom=\u00bb4px\u00bb text_text_align=\u00bbjustify\u00bb locked=\u00bboff\u00bb global_colors_info=\u00bb{}\u00bb header_2_2_font_size_tablet=\u00bb42px\u00bb header_3_2_font_size_tablet=\u00bb42px\u00bb header_4_2_font_size_tablet=\u00bb42px\u00bb header_5_2_font_size_tablet=\u00bb42px\u00bb header_6_2_font_size_tablet=\u00bb42px\u00bb header_2_2_font_size_phone=\u00bb34px\u00bb header_3_2_font_size_phone=\u00bb34px\u00bb header_4_2_font_size_phone=\u00bb34px\u00bb header_5_2_font_size_phone=\u00bb34px\u00bb header_6_2_font_size_phone=\u00bb34px\u00bb header_2_2_font_size_last_edited=\u00bbon|tablet\u00bb header_3_2_font_size_last_edited=\u00bbon|tablet\u00bb header_4_2_font_size_last_edited=\u00bbon|tablet\u00bb header_5_2_font_size_last_edited=\u00bbon|tablet\u00bb header_6_2_font_size_last_edited=\u00bbon|tablet\u00bb header_2_3_font_size_tablet=\u00bb34px\u00bb header_3_3_font_size_tablet=\u00bb34px\u00bb header_4_3_font_size_tablet=\u00bb34px\u00bb header_5_3_font_size_tablet=\u00bb34px\u00bb header_6_3_font_size_tablet=\u00bb34px\u00bb header_2_3_font_size_phone=\u00bb28px\u00bb header_3_3_font_size_phone=\u00bb28px\u00bb header_4_3_font_size_phone=\u00bb28px\u00bb header_5_3_font_size_phone=\u00bb28px\u00bb header_6_3_font_size_phone=\u00bb28px\u00bb header_2_3_font_size_last_edited=\u00bbon|phone\u00bb header_3_3_font_size_last_edited=\u00bbon|phone\u00bb header_4_3_font_size_last_edited=\u00bbon|phone\u00bb header_5_3_font_size_last_edited=\u00bbon|phone\u00bb header_6_3_font_size_last_edited=\u00bbon|phone\u00bb header_2_4_font_size_tablet=\u00bb22px\u00bb header_3_4_font_size_tablet=\u00bb22px\u00bb header_4_4_font_size_tablet=\u00bb22px\u00bb header_5_4_font_size_tablet=\u00bb22px\u00bb header_6_4_font_size_tablet=\u00bb22px\u00bb header_2_4_font_size_phone=\u00bb18px\u00bb header_3_4_font_size_phone=\u00bb18px\u00bb header_4_4_font_size_phone=\u00bb18px\u00bb header_5_4_font_size_phone=\u00bb18px\u00bb header_6_4_font_size_phone=\u00bb18px\u00bb header_2_4_font_size_last_edited=\u00bbon|phone\u00bb header_3_4_font_size_last_edited=\u00bbon|phone\u00bb header_4_4_font_size_last_edited=\u00bbon|phone\u00bb header_5_4_font_size_last_edited=\u00bbon|phone\u00bb header_6_4_font_size_last_edited=\u00bbon|phone\u00bb header_2_5_font_size_phone=\u00bb16px\u00bb header_3_5_font_size_phone=\u00bb16px\u00bb header_4_5_font_size_phone=\u00bb16px\u00bb header_5_5_font_size_phone=\u00bb16px\u00bb header_6_5_font_size_phone=\u00bb16px\u00bb header_2_5_font_size_last_edited=\u00bbon|tablet\u00bb header_3_5_font_size_last_edited=\u00bbon|tablet\u00bb header_4_5_font_size_last_edited=\u00bbon|tablet\u00bb header_5_5_font_size_last_edited=\u00bbon|tablet\u00bb header_6_5_font_size_last_edited=\u00bbon|tablet\u00bb]<\/p>\n<h4>Marzo se erige como el mes perfecto para explorar la cautivadora isla de Mallorca, cuando el invierno va cediendo paso a la primavera y la isla comienza a despertar de su letargo invernal.\u00a0<\/h4>\n<p>[\/et_pb_text][et_pb_text _builder_version=\u00bb4.24.2&#8243; text_font=\u00bb||||||||\u00bb text_font_size=\u00bb16px\u00bb text_line_height=\u00bb2em\u00bb text_orientation=\u00bbjustified\u00bb text_font_size_tablet=\u00bb15px\u00bb text_font_size_phone=\u00bb14px\u00bb text_font_size_last_edited=\u00bbon|phone\u00bb locked=\u00bboff\u00bb global_colors_info=\u00bb{}\u00bb]<\/p>\n<p>Viajar a Mallorca en marzo es una experiencia que combina la naturaleza exuberante de la isla con sus arraigadas tradiciones. Desde las profundidades de sus cuevas hasta la cima de sus monta\u00f1as, cada rinc\u00f3n de Mallorca ofrece algo \u00fanico y especial durante este mes.<\/p>\n<p>Planifica tu escapada, disfruta de la serenidad antes del ajetreo tur\u00edstico y descubre un lado diferente de la isla que te conquistar\u00e1 en marzo.<\/p>\n<p>[\/et_pb_text][\/et_pb_column][et_pb_column type=\u00bb1_2&#8243; _builder_version=\u00bb4.16&#8243; global_colors_info=\u00bb{}\u00bb][et_pb_text _builder_version=\u00bb4.24.2&#8243; text_font=\u00bb||||||||\u00bb text_font_size=\u00bb16px\u00bb text_line_height=\u00bb2em\u00bb header_2_line_height=\u00bb1.4em\u00bb text_orientation=\u00bbjustified\u00bb text_font_size_tablet=\u00bb15px\u00bb text_font_size_phone=\u00bb14px\u00bb text_font_size_last_edited=\u00bbon|phone\u00bb locked=\u00bboff\u00bb global_colors_info=\u00bb{}\u00bb]<\/p>\n<h2>Maravillas Subterr\u00e1neas: Cuevas de Mallorca<\/h2>\n<p>Comienza tu aventura explorando las impresionantes cuevas de Mallorca, con joyas como las cuevas del Drach y las cuevas del Hams en Porto Cristo. En un entorno c\u00e1lido y tranquilo, podr\u00e1s adentrarte en el interior de la isla y recorrer en barca sus misteriosos pasadizos mientras disfrutas de conciertos de m\u00fasica cl\u00e1sica en vivo. Un deleite para los sentidos que marca el inicio perfecto para tu viaje.<\/p>\n<h2><\/h2>\n<h2><\/h2>\n<h2>El Tiempo en Mallorca en Marzo: Clima Ideal para Descubrir la Isla<\/h2>\n<p>Marzo en Mallorca ofrece un clima agradable con temperaturas que oscilan entre los 8\u00b0C y los 17\u00b0C, acompa\u00f1adas por la presencia reconfortante del sol durante 12 horas al d\u00eda. Aunque las temperaturas nocturnas pueden descender, un chubasquero y ropa de abrigo ligero ser\u00e1n suficientes para disfrutar plenamente de la isla sin contratiempos.<\/p>\n<p>&nbsp;<\/p>\n<p>[\/et_pb_text][\/et_pb_column][\/et_pb_row][et_pb_row column_structure=\u00bb1_2,1_2&#8243; _builder_version=\u00bb4.16&#8243; custom_padding=\u00bb||0px|||\u00bb global_colors_info=\u00bb{}\u00bb][et_pb_column type=\u00bb1_2&#8243; _builder_version=\u00bb4.16&#8243; global_colors_info=\u00bb{}\u00bb][et_pb_image src=\u00bbhttps:\/\/surmasterprojects.com\/wp-content\/uploads\/2024\/03\/palma-de-mallorca-torres-scaled-e1709562688204.jpg\u00bb title_text=\u00bbpalma-mallorca-torres\u00bb _builder_version=\u00bb4.24.2&#8243; _module_preset=\u00bbdefault\u00bb global_colors_info=\u00bb{}\u00bb][\/et_pb_image][\/et_pb_column][et_pb_column type=\u00bb1_2&#8243; _builder_version=\u00bb4.16&#8243; global_colors_info=\u00bb{}\u00bb][et_pb_text _builder_version=\u00bb4.24.2&#8243; text_font=\u00bb||||||||\u00bb text_font_size=\u00bb16px\u00bb text_line_height=\u00bb2em\u00bb header_2_line_height=\u00bb1.4em\u00bb text_orientation=\u00bbjustified\u00bb text_font_size_tablet=\u00bb15px\u00bb text_font_size_phone=\u00bb14px\u00bb text_font_size_last_edited=\u00bbon|phone\u00bb locked=\u00bboff\u00bb global_colors_info=\u00bb{}\u00bb]<\/p>\n<h2 style=\"text-align: left;\">\u00bfQue hacer en Palma de Mallorca en Marzo?<\/h2>\n<p>Mallorca en marzo te brinda la oportunidad de participar en eventos y celebraciones \u00fanicas. Desde la Mallorca Sailing Center Regatta hasta la Feria del Ram con sus emocionantes atracciones, cada rinc\u00f3n de la isla se llena de vida y tradici\u00f3n.<\/p>\n<p>Aprovecha el D\u00eda de las Islas Baleares el 1 de marzo para sumergirte en la cultura local, degustar la gastronom\u00eda t\u00edpica y explorar los monumentos hist\u00f3ricos que abren sus puertas al p\u00fablico.<\/p>\n<h3><\/h3>\n<h3><\/h3>\n<h3>Enoturismo: Descubre los Vinos Mallorquines<\/h3>\n<p>El enoturismo en Mallorca es una experiencia creciente, y febrero es el momento perfecto para sumergirse en la cultura vin\u00edcola de la isla. Con dos Denominaciones de Origen, Binissalem y Pla i Llevant, las bodegas de Mallorca ofrecen catas de vino y recorridos por los vi\u00f1edos.<\/p>\n<p>[\/et_pb_text][\/et_pb_column][\/et_pb_row][et_pb_row _builder_version=\u00bb4.21.0&#8243; _module_preset=\u00bbdefault\u00bb custom_padding=\u00bb||11px|||\u00bb global_colors_info=\u00bb{}\u00bb][et_pb_column type=\u00bb4_4&#8243; _builder_version=\u00bb4.21.0&#8243; _module_preset=\u00bbdefault\u00bb global_colors_info=\u00bb{}\u00bb][et_pb_divider color=\u00bb#f75e00&#8243; divider_weight=\u00bb4px\u00bb _builder_version=\u00bb4.21.0&#8243; _module_preset=\u00bbdefault\u00bb width=\u00bb40%\u00bb module_alignment=\u00bbcenter\u00bb global_colors_info=\u00bb{}\u00bb][\/et_pb_divider][\/et_pb_column][\/et_pb_row][et_pb_row column_structure=\u00bb1_2,1_2&#8243; _builder_version=\u00bb4.21.0&#8243; custom_padding=\u00bb||0px|||\u00bb global_colors_info=\u00bb{}\u00bb][et_pb_column type=\u00bb1_2&#8243; _builder_version=\u00bb4.16&#8243; global_colors_info=\u00bb{}\u00bb][et_pb_text _builder_version=\u00bb4.24.2&#8243; text_font=\u00bb||||||||\u00bb text_font_size=\u00bb16px\u00bb text_line_height=\u00bb2em\u00bb header_2_line_height=\u00bb1.4em\u00bb text_orientation=\u00bbjustified\u00bb text_font_size_tablet=\u00bb15px\u00bb text_font_size_phone=\u00bb14px\u00bb text_font_size_last_edited=\u00bbon|phone\u00bb locked=\u00bboff\u00bb global_colors_info=\u00bb{}\u00bb]<\/p>\n<h2>Albufera, Senderismo y Playas Tranquilas<\/h2>\n<p>La Albufera de Mallorca se convierte en una parada obligada en marzo. Este Parque Natural cobra vida con la llegada de la primavera, ofreciendo una experiencia \u00fanica para los amantes de la naturaleza. Observa aves migratorias, disfruta de la biodiversidad y emb\u00e1rcate en un recorrido en medio de la exuberante vegetaci\u00f3n.<\/p>\n<p>Para los aficionados al senderismo, la ruta al Puig de Galileu desde Son Massip es perfecta en marzo. Con solo 8 kil\u00f3metros de extensi\u00f3n y vistas panor\u00e1micas, te sumergir\u00e1s en la historia de la isla mientras descubres antiguas casas de nieve del siglo XVII.<\/p>\n<p>Aunque asociamos las playas a los meses de verano, las costas mallorquinas en marzo ofrecen una experiencia m\u00e1s tranquila. Pasear por las playas en esta temporada te brinda la oportunidad de disfrutar de la paz y la serenidad, acompa\u00f1ado por el sonido suave de las olas.<\/p>\n<h2><\/h2>\n<p>[\/et_pb_text][\/et_pb_column][et_pb_column type=\u00bb1_2&#8243; _builder_version=\u00bb4.16&#8243; global_colors_info=\u00bb{}\u00bb][et_pb_image src=\u00bbhttps:\/\/surmasterprojects.com\/wp-content\/uploads\/2023\/12\/ruta-senderismo-calador-e1703689076524.jpg\u00bb title_text=\u00bbruta-senderismo-calador\u00bb _builder_version=\u00bb4.24.2&#8243; _module_preset=\u00bbdefault\u00bb global_colors_info=\u00bb{}\u00bb][\/et_pb_image][\/et_pb_column][\/et_pb_row][et_pb_row column_structure=\u00bb1_2,1_2&#8243; _builder_version=\u00bb4.24.2&#8243; custom_padding=\u00bb||0px|||\u00bb global_colors_info=\u00bb{}\u00bb][et_pb_column type=\u00bb1_2&#8243; _builder_version=\u00bb4.16&#8243; global_colors_info=\u00bb{}\u00bb][et_pb_image src=\u00bbhttps:\/\/surmasterprojects.com\/wp-content\/uploads\/2024\/03\/semana-santa-mallorca.jpg\u00bb title_text=\u00bbsemana-santa-mallorca\u00bb _builder_version=\u00bb4.24.2&#8243; _module_preset=\u00bbdefault\u00bb global_colors_info=\u00bb{}\u00bb][\/et_pb_image][\/et_pb_column][et_pb_column type=\u00bb1_2&#8243; _builder_version=\u00bb4.16&#8243; global_colors_info=\u00bb{}\u00bb][et_pb_text _builder_version=\u00bb4.24.2&#8243; text_font=\u00bb||||||||\u00bb text_font_size=\u00bb16px\u00bb text_line_height=\u00bb2em\u00bb header_2_line_height=\u00bb1.4em\u00bb text_orientation=\u00bbjustified\u00bb text_font_size_tablet=\u00bb15px\u00bb text_font_size_phone=\u00bb14px\u00bb text_font_size_last_edited=\u00bbon|phone\u00bb locked=\u00bboff\u00bb global_colors_info=\u00bb{}\u00bb]<\/p>\n<h2>Semana Santa en Mallorca<\/h2>\n<p>La llegada de la Semana Santa en Mallorca transforma la isla en un escenario de fervor religioso y celebraci\u00f3n cultural. Aunque Mallorca es conocida por sus playas y eventos primaverales, marzo se viste de solemnidad con las procesiones que conmemoran la Pasi\u00f3n de Cristo.<\/p>\n<p>Las calles de Palma y otros municipios se llenan de procesiones, marcadas por la m\u00fasica sacra, el olor a incienso y la devoci\u00f3n palpable en el ambiente. Desde el Domingo de Ramos hasta el Domingo de Resurrecci\u00f3n, las cofrad\u00edas locales participan en desfiles procesionales que narran la historia b\u00edblica con impresionantes pasos religiosos.<\/p>\n<p>Una de las procesiones m\u00e1s destacadas es la del Santo Entierro, que tiene lugar en el Viernes Santo. Esta procesi\u00f3n, cargada de simbolismo, recorre el centro hist\u00f3rico de Palma, atrayendo a locales y visitantes por igual. Los pasos, cuidadosamente elaborados, representan escenas de la Pasi\u00f3n, y la atm\u00f3sfera se impregna de solemnidad y respeto.<\/p>\n<h2><\/h2>\n<p>[\/et_pb_text][\/et_pb_column][\/et_pb_row][et_pb_row column_structure=\u00bb1_2,1_2&#8243; _builder_version=\u00bb4.24.2&#8243; custom_padding=\u00bb||0px|||\u00bb global_colors_info=\u00bb{}\u00bb][et_pb_column type=\u00bb1_2&#8243; _builder_version=\u00bb4.16&#8243; global_colors_info=\u00bb{}\u00bb][et_pb_text _builder_version=\u00bb4.24.2&#8243; text_font=\u00bb||||||||\u00bb text_font_size=\u00bb16px\u00bb text_line_height=\u00bb2em\u00bb header_2_line_height=\u00bb1.4em\u00bb text_orientation=\u00bbjustified\u00bb custom_margin=\u00bb-4px||47px|||\u00bb text_font_size_tablet=\u00bb15px\u00bb text_font_size_phone=\u00bb14px\u00bb text_font_size_last_edited=\u00bbon|phone\u00bb locked=\u00bboff\u00bb global_colors_info=\u00bb{}\u00bb]<\/p>\n<h3>Ba\u00f1os \u00c1rabes y Celebraci\u00f3n del D\u00eda de las Islas Baleares<\/h3>\n<p>Sum\u00e9rgete en la historia de la isla explorando los ba\u00f1os \u00e1rabes de Mallorca. Este vestigio de la ocupaci\u00f3n isl\u00e1mica es una ventana al pasado, permiti\u00e9ndote explorar la arquitectura \u00fanica y la vida cotidiana de esa \u00e9poca.<\/p>\n<p>El 1 de marzo, Mallorca celebra el D\u00eda de las Islas Baleares, con eventos en cada rinc\u00f3n de la isla. Desde jornadas de puertas abiertas en los patrimonios locales hasta degustaciones gastron\u00f3micas y conciertos, esta celebraci\u00f3n refleja el orgullo de la comunidad balear.<\/p>\n<h2>Eventos Deportivos y Entretenimiento: Ciclismo y Regatas de Bah\u00eda de Palma<\/h2>\n<p>Para los entusiastas del ciclismo, Mallorca en marzo es un para\u00edso. Con condiciones clim\u00e1ticas agradables, podr\u00e1s explorar rutas costeras, monta\u00f1as de la Serra de Tramuntana o itinerarios m\u00e1s llanos en el interior de la isla. Descubre Mallorca sobre dos ruedas y disfruta de la variedad de paisajes que ofrece.<\/p>\n<p>Las regatas de la Bah\u00eda de Palma son otro atractivo en marzo. Experimenta la emoci\u00f3n de las competiciones n\u00e1uticas durante la Mallorca Sailing Center Regatta. Este evento atrae a tripulaciones de todo el mundo y sirve como preparaci\u00f3n para la competici\u00f3n Princesa Sof\u00eda Mallorca.<\/p>\n<p>[\/et_pb_text][\/et_pb_column][et_pb_column type=\u00bb1_2&#8243; _builder_version=\u00bb4.16&#8243; global_colors_info=\u00bb{}\u00bb][et_pb_image src=\u00bbhttps:\/\/surmasterprojects.com\/wp-content\/uploads\/2024\/03\/5614874.jpg\u00bb title_text=\u00bb5614874&#8243; _builder_version=\u00bb4.24.2&#8243; _module_preset=\u00bbdefault\u00bb global_colors_info=\u00bb{}\u00bb][\/et_pb_image][\/et_pb_column][\/et_pb_row][et_pb_row _builder_version=\u00bb4.21.0&#8243; custom_padding=\u00bb34px||0px|||\u00bb global_colors_info=\u00bb{}\u00bb][et_pb_column type=\u00bb4_4&#8243; _builder_version=\u00bb4.16&#8243; global_colors_info=\u00bb{}\u00bb][et_pb_divider color=\u00bb#f75e00&#8243; divider_weight=\u00bb4px\u00bb _builder_version=\u00bb4.21.0&#8243; _module_preset=\u00bbdefault\u00bb width=\u00bb40%\u00bb module_alignment=\u00bbcenter\u00bb global_colors_info=\u00bb{}\u00bb][\/et_pb_divider][et_pb_text _builder_version=\u00bb4.24.2&#8243; text_font=\u00bb||||||||\u00bb text_font_size=\u00bb16px\u00bb text_line_height=\u00bb2em\u00bb header_2_line_height=\u00bb1.4em\u00bb text_orientation=\u00bbjustified\u00bb custom_margin=\u00bb-4px||66px|||\u00bb text_font_size_tablet=\u00bb15px\u00bb text_font_size_phone=\u00bb14px\u00bb text_font_size_last_edited=\u00bbon|phone\u00bb locked=\u00bboff\u00bb global_colors_info=\u00bb{}\u00bb]<\/p>\n<h2>Arte y Artesan\u00eda: Fira del Fang y Mercados Tradicionales<\/h2>\n<p>La Fira del Fang en Marratx\u00ed, desde mediados de marzo, es un para\u00edso para los amantes de la artesan\u00eda. Descubre las obras m\u00e1s recientes de ceramistas locales y lleva a casa una pieza \u00fanica. Adem\u00e1s, participa en talleres y conferencias para sumergirte en el arte tradicional de Mallorca.<\/p>\n<p>Explora los mercados tradicionales como el de Alcudia, Inca o Sineu. Cada uno tiene su encanto y ofrece una amplia gama de productos artesanales, textiles y alimenticios. Sum\u00e9rgete en la autenticidad de la vida mallorquina y descubre tesoros locales.<\/p>\n<p>&nbsp;<\/p>\n<h2>Fiestas y Celebraciones: San Patricio y Feria Agr\u00edcola en Son Ferriol<\/h2>\n<p>El 17 de marzo, Mallorca se viste de verde para celebrar el D\u00eda de San Patricio. Disfruta de la m\u00fasica, la cerveza y los espect\u00e1culos en Santa Pon\u00e7a, con un toque irland\u00e9s en pleno Mediterr\u00e1neo.<\/p>\n<p>A finales de marzo, la feria agr\u00edcola en Son Ferriol es una oportunidad \u00fanica para explorar la tradici\u00f3n ganadera de Mallorca. Exhibiciones de aves rapaces, concursos de doma de caballos y una amplia variedad de productos locales te esperan en este evento multitudinario.<\/p>\n<p>[\/et_pb_text][et_pb_text _builder_version=\u00bb4.24.2&#8243; text_font=\u00bb||||||||\u00bb text_font_size=\u00bb16px\u00bb text_line_height=\u00bb2em\u00bb header_2_line_height=\u00bb1.4em\u00bb text_orientation=\u00bbjustified\u00bb custom_margin=\u00bb||42px|||\u00bb hover_enabled=\u00bb0&#8243; text_font_size_tablet=\u00bb15px\u00bb text_font_size_phone=\u00bb14px\u00bb text_font_size_last_edited=\u00bbon|phone\u00bb locked=\u00bboff\u00bb global_colors_info=\u00bb{}\u00bb sticky_enabled=\u00bb0&#8243;]<\/p>\n<blockquote>\n<h2><span style=\"font-weight: 400;\">Preguntas Frecuentes sobre Viajar a Mallorca en Marzo<\/span><\/h2>\n<\/blockquote>\n<h3>\u00bfC\u00f3mo es Mallorca en marzo?<\/h3>\n<p>El clima en Mallorca en marzo es c\u00e1lido, pero sigue haciendo fr\u00edo, por lo que llevar un jersey fino es recomendable. La lluvia es moderada aunque el clima suele mantenerse estable.<\/p>\n<h3>\u00bfQu\u00e9 temperatura hace en el mes de marzo en Mallorca?<\/h3>\n<p>Marzo es el mes que marca el inicio de la primavera en Mallorca, con una temperatura media diaria de 13 a 15 grados Celsius y una humedad relativa del 71%. Es decir, que es el momento perfecto para volver a guardar el abrigo y salir a la calle con una chaquetita de entretiempo.<\/p>\n<h3>\u00bfSe puede nadar en Mallorca en marzo?<\/h3>\n<p>El agua alrededor de Mallorca tiene una temperatura de unos 14\u2103 en marzo y se considerar\u00eda demasiado fr\u00eda para nadar. Aquellos m\u00e1s resistentes o que suelen nadar en aguas m\u00e1s fr\u00edas podr\u00edan optar por un chapuz\u00f3n r\u00e1pido. Se recomienda un traje de neopreno si deseas pasar m\u00e1s de 5 minutos en el agua.<\/p>\n<h3>\u00bfMagaluf est\u00e1 abierto en marzo?<\/h3>\n<p>La temporada de Magaluf comienza a finales de marzo, con la apertura gradual de bares, discotecas y restaurantes a partir de abril.<\/p>\n<p>[\/et_pb_text][\/et_pb_column][\/et_pb_row][\/et_pb_section]<\/p>\n","protected":false},"excerpt":{"rendered":"<p>VIAJAR A MALLORCA EN MARZO Viajar a Palma de Mallorca en MarzoMarzo se erige como el mes perfecto para explorar la cautivadora isla de Mallorca, cuando el invierno va cediendo paso a la primavera y la isla comienza a despertar de su letargo invernal.\u00a0Viajar a Mallorca en marzo es una experiencia que combina la naturaleza [&hellip;]<\/p>\n","protected":false},"author":1,"featured_media":8235,"parent":7644,"menu_order":0,"comment_status":"closed","ping_status":"closed","template":"","meta":{"_et_pb_use_builder":"on","_et_pb_old_content":"","_et_gb_content_width":"","footnotes":""},"class_list":["post-8230","page","type-page","status-publish","has-post-thumbnail","hentry"],"yoast_head":"<!-- This site is optimized with the Yoast SEO plugin v27.4 - https:\/\/yoast.com\/product\/yoast-seo-wordpress\/ -->\n<title>Surmaster Projects<\/title>\n<meta name=\"robots\" content=\"index, follow, max-snippet:-1, max-image-preview:large, max-video-preview:-1\" \/>\n<link rel=\"canonical\" href=\"https:\/\/surmasterprojects.com\/es\/blog\/viajar-a-mallorca-en-marzo\/\" \/>\n<meta property=\"og:locale\" content=\"es_ES\" \/>\n<meta property=\"og:type\" content=\"article\" \/>\n<meta property=\"og:description\" content=\"VIAJAR A MALLORCA EN MARZO Viajar a Palma de Mallorca en MarzoMarzo se erige como el mes perfecto para explorar la cautivadora isla de Mallorca, cuando el invierno va cediendo paso a la primavera y la isla comienza a despertar de su letargo invernal.\u00a0Viajar a Mallorca en marzo es una experiencia que combina la naturaleza [&hellip;]\" \/>\n<meta property=\"og:url\" content=\"https:\/\/surmasterprojects.com\/es\/blog\/viajar-a-mallorca-en-marzo\/\" \/>\n<meta property=\"og:site_name\" content=\"Surmaster Projects\" \/>\n<meta property=\"article:modified_time\" content=\"2024-03-04T14:46:08+00:00\" \/>\n<meta property=\"og:image\" content=\"https:\/\/surmasterprojects.com\/wp-content\/uploads\/2024\/03\/semana-santa-mallorca.jpg\" \/>\n\t<meta property=\"og:image:width\" content=\"720\" \/>\n\t<meta property=\"og:image:height\" content=\"540\" \/>\n\t<meta property=\"og:image:type\" content=\"image\/jpeg\" \/>\n<meta name=\"twitter:card\" content=\"summary_large_image\" \/>\n<meta name=\"twitter:label1\" content=\"Tiempo de lectura\" \/>\n\t<meta name=\"twitter:data1\" content=\"8 minutos\" \/>\n<script type=\"application\/ld+json\" class=\"yoast-schema-graph\">{\"@context\":\"https:\\\/\\\/schema.org\",\"@graph\":[{\"@type\":\"WebPage\",\"@id\":\"https:\\\/\\\/surmasterprojects.com\\\/blog\\\/viajar-a-mallorca-en-marzo\\\/\",\"url\":\"https:\\\/\\\/surmasterprojects.com\\\/blog\\\/viajar-a-mallorca-en-marzo\\\/\",\"name\":\"\",\"isPartOf\":{\"@id\":\"https:\\\/\\\/surmasterprojects.com\\\/es\\\/#website\"},\"primaryImageOfPage\":{\"@id\":\"https:\\\/\\\/surmasterprojects.com\\\/blog\\\/viajar-a-mallorca-en-marzo\\\/#primaryimage\"},\"image\":{\"@id\":\"https:\\\/\\\/surmasterprojects.com\\\/blog\\\/viajar-a-mallorca-en-marzo\\\/#primaryimage\"},\"thumbnailUrl\":\"https:\\\/\\\/surmasterprojects.com\\\/wp-content\\\/uploads\\\/2024\\\/03\\\/semana-santa-mallorca.jpg\",\"datePublished\":\"2024-03-04T14:40:43+00:00\",\"dateModified\":\"2024-03-04T14:46:08+00:00\",\"breadcrumb\":{\"@id\":\"https:\\\/\\\/surmasterprojects.com\\\/blog\\\/viajar-a-mallorca-en-marzo\\\/#breadcrumb\"},\"inLanguage\":\"es\",\"potentialAction\":[{\"@type\":\"ReadAction\",\"target\":[\"https:\\\/\\\/surmasterprojects.com\\\/blog\\\/viajar-a-mallorca-en-marzo\\\/\"]}]},{\"@type\":\"ImageObject\",\"inLanguage\":\"es\",\"@id\":\"https:\\\/\\\/surmasterprojects.com\\\/blog\\\/viajar-a-mallorca-en-marzo\\\/#primaryimage\",\"url\":\"https:\\\/\\\/surmasterprojects.com\\\/wp-content\\\/uploads\\\/2024\\\/03\\\/semana-santa-mallorca.jpg\",\"contentUrl\":\"https:\\\/\\\/surmasterprojects.com\\\/wp-content\\\/uploads\\\/2024\\\/03\\\/semana-santa-mallorca.jpg\",\"width\":720,\"height\":540},{\"@type\":\"BreadcrumbList\",\"@id\":\"https:\\\/\\\/surmasterprojects.com\\\/blog\\\/viajar-a-mallorca-en-marzo\\\/#breadcrumb\",\"itemListElement\":[{\"@type\":\"ListItem\",\"position\":1,\"name\":\"Portada\",\"item\":\"https:\\\/\\\/surmasterprojects.com\\\/es\\\/\"},{\"@type\":\"ListItem\",\"position\":2,\"name\":\"Blog\",\"item\":\"https:\\\/\\\/surmasterprojects.com\\\/es\\\/blog\\\/\"},{\"@type\":\"ListItem\",\"position\":3,\"name\":\"Viajar a Mallorca en Marzo\"}]},{\"@type\":\"WebSite\",\"@id\":\"https:\\\/\\\/surmasterprojects.com\\\/es\\\/#website\",\"url\":\"https:\\\/\\\/surmasterprojects.com\\\/es\\\/\",\"name\":\"Surmaster Projects\",\"description\":\"\",\"publisher\":{\"@id\":\"https:\\\/\\\/surmasterprojects.com\\\/es\\\/#organization\"},\"potentialAction\":[{\"@type\":\"SearchAction\",\"target\":{\"@type\":\"EntryPoint\",\"urlTemplate\":\"https:\\\/\\\/surmasterprojects.com\\\/es\\\/?s={search_term_string}\"},\"query-input\":{\"@type\":\"PropertyValueSpecification\",\"valueRequired\":true,\"valueName\":\"search_term_string\"}}],\"inLanguage\":\"es\"},{\"@type\":\"Organization\",\"@id\":\"https:\\\/\\\/surmasterprojects.com\\\/es\\\/#organization\",\"name\":\"Surmaster Projects\",\"url\":\"https:\\\/\\\/surmasterprojects.com\\\/es\\\/\",\"logo\":{\"@type\":\"ImageObject\",\"inLanguage\":\"es\",\"@id\":\"https:\\\/\\\/surmasterprojects.com\\\/es\\\/#\\\/schema\\\/logo\\\/image\\\/\",\"url\":\"https:\\\/\\\/surmasterprojects.com\\\/wp-content\\\/uploads\\\/2022\\\/04\\\/cropped-Logo_GrupoSurmaster_negativo.png\",\"contentUrl\":\"https:\\\/\\\/surmasterprojects.com\\\/wp-content\\\/uploads\\\/2022\\\/04\\\/cropped-Logo_GrupoSurmaster_negativo.png\",\"width\":512,\"height\":512,\"caption\":\"Surmaster Projects\"},\"image\":{\"@id\":\"https:\\\/\\\/surmasterprojects.com\\\/es\\\/#\\\/schema\\\/logo\\\/image\\\/\"}}]}<\/script>\n<!-- \/ Yoast SEO plugin. -->","yoast_head_json":{"title":"Surmaster Projects","robots":{"index":"index","follow":"follow","max-snippet":"max-snippet:-1","max-image-preview":"max-image-preview:large","max-video-preview":"max-video-preview:-1"},"canonical":"https:\/\/surmasterprojects.com\/es\/blog\/viajar-a-mallorca-en-marzo\/","og_locale":"es_ES","og_type":"article","og_description":"VIAJAR A MALLORCA EN MARZO Viajar a Palma de Mallorca en MarzoMarzo se erige como el mes perfecto para explorar la cautivadora isla de Mallorca, cuando el invierno va cediendo paso a la primavera y la isla comienza a despertar de su letargo invernal.\u00a0Viajar a Mallorca en marzo es una experiencia que combina la naturaleza [&hellip;]","og_url":"https:\/\/surmasterprojects.com\/es\/blog\/viajar-a-mallorca-en-marzo\/","og_site_name":"Surmaster Projects","article_modified_time":"2024-03-04T14:46:08+00:00","og_image":[{"width":720,"height":540,"url":"https:\/\/surmasterprojects.com\/wp-content\/uploads\/2024\/03\/semana-santa-mallorca.jpg","type":"image\/jpeg"}],"twitter_card":"summary_large_image","twitter_misc":{"Tiempo de lectura":"8 minutos"},"schema":{"@context":"https:\/\/schema.org","@graph":[{"@type":"WebPage","@id":"https:\/\/surmasterprojects.com\/blog\/viajar-a-mallorca-en-marzo\/","url":"https:\/\/surmasterprojects.com\/blog\/viajar-a-mallorca-en-marzo\/","name":"","isPartOf":{"@id":"https:\/\/surmasterprojects.com\/es\/#website"},"primaryImageOfPage":{"@id":"https:\/\/surmasterprojects.com\/blog\/viajar-a-mallorca-en-marzo\/#primaryimage"},"image":{"@id":"https:\/\/surmasterprojects.com\/blog\/viajar-a-mallorca-en-marzo\/#primaryimage"},"thumbnailUrl":"https:\/\/surmasterprojects.com\/wp-content\/uploads\/2024\/03\/semana-santa-mallorca.jpg","datePublished":"2024-03-04T14:40:43+00:00","dateModified":"2024-03-04T14:46:08+00:00","breadcrumb":{"@id":"https:\/\/surmasterprojects.com\/blog\/viajar-a-mallorca-en-marzo\/#breadcrumb"},"inLanguage":"es","potentialAction":[{"@type":"ReadAction","target":["https:\/\/surmasterprojects.com\/blog\/viajar-a-mallorca-en-marzo\/"]}]},{"@type":"ImageObject","inLanguage":"es","@id":"https:\/\/surmasterprojects.com\/blog\/viajar-a-mallorca-en-marzo\/#primaryimage","url":"https:\/\/surmasterprojects.com\/wp-content\/uploads\/2024\/03\/semana-santa-mallorca.jpg","contentUrl":"https:\/\/surmasterprojects.com\/wp-content\/uploads\/2024\/03\/semana-santa-mallorca.jpg","width":720,"height":540},{"@type":"BreadcrumbList","@id":"https:\/\/surmasterprojects.com\/blog\/viajar-a-mallorca-en-marzo\/#breadcrumb","itemListElement":[{"@type":"ListItem","position":1,"name":"Portada","item":"https:\/\/surmasterprojects.com\/es\/"},{"@type":"ListItem","position":2,"name":"Blog","item":"https:\/\/surmasterprojects.com\/es\/blog\/"},{"@type":"ListItem","position":3,"name":"Viajar a Mallorca en Marzo"}]},{"@type":"WebSite","@id":"https:\/\/surmasterprojects.com\/es\/#website","url":"https:\/\/surmasterprojects.com\/es\/","name":"Surmaster Projects","description":"","publisher":{"@id":"https:\/\/surmasterprojects.com\/es\/#organization"},"potentialAction":[{"@type":"SearchAction","target":{"@type":"EntryPoint","urlTemplate":"https:\/\/surmasterprojects.com\/es\/?s={search_term_string}"},"query-input":{"@type":"PropertyValueSpecification","valueRequired":true,"valueName":"search_term_string"}}],"inLanguage":"es"},{"@type":"Organization","@id":"https:\/\/surmasterprojects.com\/es\/#organization","name":"Surmaster Projects","url":"https:\/\/surmasterprojects.com\/es\/","logo":{"@type":"ImageObject","inLanguage":"es","@id":"https:\/\/surmasterprojects.com\/es\/#\/schema\/logo\/image\/","url":"https:\/\/surmasterprojects.com\/wp-content\/uploads\/2022\/04\/cropped-Logo_GrupoSurmaster_negativo.png","contentUrl":"https:\/\/surmasterprojects.com\/wp-content\/uploads\/2022\/04\/cropped-Logo_GrupoSurmaster_negativo.png","width":512,"height":512,"caption":"Surmaster Projects"},"image":{"@id":"https:\/\/surmasterprojects.com\/es\/#\/schema\/logo\/image\/"}}]}},"_links":{"self":[{"href":"https:\/\/surmasterprojects.com\/es\/wp-json\/wp\/v2\/pages\/8230","targetHints":{"allow":["GET"]}}],"collection":[{"href":"https:\/\/surmasterprojects.com\/es\/wp-json\/wp\/v2\/pages"}],"about":[{"href":"https:\/\/surmasterprojects.com\/es\/wp-json\/wp\/v2\/types\/page"}],"author":[{"embeddable":true,"href":"https:\/\/surmasterprojects.com\/es\/wp-json\/wp\/v2\/users\/1"}],"replies":[{"embeddable":true,"href":"https:\/\/surmasterprojects.com\/es\/wp-json\/wp\/v2\/comments?post=8230"}],"version-history":[{"count":5,"href":"https:\/\/surmasterprojects.com\/es\/wp-json\/wp\/v2\/pages\/8230\/revisions"}],"predecessor-version":[{"id":8241,"href":"https:\/\/surmasterprojects.com\/es\/wp-json\/wp\/v2\/pages\/8230\/revisions\/8241"}],"up":[{"embeddable":true,"href":"https:\/\/surmasterprojects.com\/es\/wp-json\/wp\/v2\/pages\/7644"}],"wp:featuredmedia":[{"embeddable":true,"href":"https:\/\/surmasterprojects.com\/es\/wp-json\/wp\/v2\/media\/8235"}],"wp:attachment":[{"href":"https:\/\/surmasterprojects.com\/es\/wp-json\/wp\/v2\/media?parent=8230"}],"curies":[{"name":"wp","href":"https:\/\/api.w.org\/{rel}","templated":true}]}}