{"id":8275,"date":"2024-04-08T14:10:43","date_gmt":"2024-04-08T14:10:43","guid":{"rendered":"https:\/\/surmasterprojects.com\/?page_id=8275"},"modified":"2024-04-09T10:39:42","modified_gmt":"2024-04-09T10:39:42","slug":"viajar-a-mallorca-en-abril","status":"publish","type":"page","link":"https:\/\/surmasterprojects.com\/es\/blog\/viajar-a-mallorca-en-abril\/","title":{"rendered":"Viajar a Mallorca en Abril"},"content":{"rendered":"<p>[et_pb_section fb_built=\u00bb1&#8243; _builder_version=\u00bb4.21.0&#8243; _module_preset=\u00bbdefault\u00bb global_colors_info=\u00bb{}\u00bb][et_pb_row _builder_version=\u00bb4.24.2&#8243; custom_padding=\u00bb21px|||||\u00bb locked=\u00bboff\u00bb global_colors_info=\u00bb{}\u00bb][et_pb_column type=\u00bb4_4&#8243; _builder_version=\u00bb4.16&#8243; global_colors_info=\u00bb{}\u00bb][et_pb_text _builder_version=\u00bb4.24.3&#8243; header_font=\u00bbBellefair||||||||\u00bb header_font_size=\u00bb48px\u00bb header_line_height=\u00bb1.2em\u00bb header_2_font=\u00bbBellefair||||||||\u00bb header_2_text_color=\u00bb#000000&#8243; header_2_font_size=\u00bb48px\u00bb header_2_line_height=\u00bb1.2em\u00bb header_6_font=\u00bbMontserrat|700||on|||||\u00bb header_6_text_color=\u00bb#ff4e00&#8243; header_6_font_size=\u00bb12px\u00bb header_6_letter_spacing=\u00bb2px\u00bb header_6_line_height=\u00bb1.2em\u00bb text_orientation=\u00bbcenter\u00bb max_width=\u00bb700px\u00bb module_alignment=\u00bbcenter\u00bb header_2_font_size_tablet=\u00bb42px\u00bb header_2_font_size_phone=\u00bb34px\u00bb header_2_font_size_last_edited=\u00bbon|desktop\u00bb header_6_font_size_tablet=\u00bb42px\u00bb header_6_font_size_phone=\u00bb34px\u00bb header_6_font_size_last_edited=\u00bboff|phone\u00bb text_text_align=\u00bbjustify\u00bb locked=\u00bboff\u00bb global_colors_info=\u00bb{}\u00bb header_2_2_font_size_tablet=\u00bb42px\u00bb header_3_2_font_size_tablet=\u00bb42px\u00bb header_4_2_font_size_tablet=\u00bb42px\u00bb header_5_2_font_size_tablet=\u00bb42px\u00bb header_6_2_font_size_tablet=\u00bb42px\u00bb header_2_2_font_size_phone=\u00bb34px\u00bb header_3_2_font_size_phone=\u00bb34px\u00bb header_4_2_font_size_phone=\u00bb34px\u00bb header_5_2_font_size_phone=\u00bb34px\u00bb header_6_2_font_size_phone=\u00bb34px\u00bb header_2_2_font_size_last_edited=\u00bbon|tablet\u00bb header_3_2_font_size_last_edited=\u00bbon|tablet\u00bb header_4_2_font_size_last_edited=\u00bbon|tablet\u00bb header_5_2_font_size_last_edited=\u00bbon|tablet\u00bb header_6_2_font_size_last_edited=\u00bbon|tablet\u00bb header_2_3_font_size_tablet=\u00bb34px\u00bb header_3_3_font_size_tablet=\u00bb34px\u00bb header_4_3_font_size_tablet=\u00bb34px\u00bb header_5_3_font_size_tablet=\u00bb34px\u00bb header_6_3_font_size_tablet=\u00bb34px\u00bb header_2_3_font_size_phone=\u00bb28px\u00bb header_3_3_font_size_phone=\u00bb28px\u00bb header_4_3_font_size_phone=\u00bb28px\u00bb header_5_3_font_size_phone=\u00bb28px\u00bb header_6_3_font_size_phone=\u00bb28px\u00bb header_2_3_font_size_last_edited=\u00bbon|phone\u00bb header_3_3_font_size_last_edited=\u00bbon|phone\u00bb header_4_3_font_size_last_edited=\u00bbon|phone\u00bb header_5_3_font_size_last_edited=\u00bbon|phone\u00bb header_6_3_font_size_last_edited=\u00bbon|phone\u00bb header_2_4_font_size_tablet=\u00bb22px\u00bb header_3_4_font_size_tablet=\u00bb22px\u00bb header_4_4_font_size_tablet=\u00bb22px\u00bb header_5_4_font_size_tablet=\u00bb22px\u00bb header_6_4_font_size_tablet=\u00bb22px\u00bb header_2_4_font_size_phone=\u00bb18px\u00bb header_3_4_font_size_phone=\u00bb18px\u00bb header_4_4_font_size_phone=\u00bb18px\u00bb header_5_4_font_size_phone=\u00bb18px\u00bb header_6_4_font_size_phone=\u00bb18px\u00bb header_2_4_font_size_last_edited=\u00bbon|phone\u00bb header_3_4_font_size_last_edited=\u00bbon|phone\u00bb header_4_4_font_size_last_edited=\u00bbon|phone\u00bb header_5_4_font_size_last_edited=\u00bbon|phone\u00bb header_6_4_font_size_last_edited=\u00bbon|phone\u00bb header_2_5_font_size_phone=\u00bb16px\u00bb header_3_5_font_size_phone=\u00bb16px\u00bb header_4_5_font_size_phone=\u00bb16px\u00bb header_5_5_font_size_phone=\u00bb16px\u00bb header_6_5_font_size_phone=\u00bb16px\u00bb header_2_5_font_size_last_edited=\u00bbon|tablet\u00bb header_3_5_font_size_last_edited=\u00bbon|tablet\u00bb header_4_5_font_size_last_edited=\u00bbon|tablet\u00bb header_5_5_font_size_last_edited=\u00bbon|tablet\u00bb header_6_5_font_size_last_edited=\u00bbon|tablet\u00bb]<\/p>\n<h6><b>VIAJAR A MALLORCA EN ABRIL<\/b><\/h6>\n<h1>Viajar a Palma de Mallorca en Abril<\/h1>\n<p>[\/et_pb_text][et_pb_image src=\u00bbhttps:\/\/surmasterprojects.com\/wp-content\/uploads\/2024\/04\/architecture-house-town-building-palace-city-779565-pxhere.com_.jpg\u00bb title_text=\u00bbarchitecture-house-town-building-palace-city-779565-pxhere.com\u00bb align=\u00bbcenter\u00bb _builder_version=\u00bb4.24.3&#8243; global_colors_info=\u00bb{}\u00bb][\/et_pb_image][\/et_pb_column][\/et_pb_row][et_pb_row column_structure=\u00bb1_2,1_2&#8243; _builder_version=\u00bb4.16&#8243; custom_padding=\u00bb||0px|||\u00bb global_colors_info=\u00bb{}\u00bb][et_pb_column type=\u00bb1_2&#8243; _builder_version=\u00bb4.16&#8243; global_colors_info=\u00bb{}\u00bb][et_pb_text _builder_version=\u00bb4.24.3&#8243; header_font=\u00bbBellefair||||||||\u00bb header_text_color=\u00bb#000000&#8243; header_font_size=\u00bb48px\u00bb header_line_height=\u00bb1.2em\u00bb header_2_font=\u00bbBellefair||||||||\u00bb header_2_text_align=\u00bbleft\u00bb header_2_text_color=\u00bb#000000&#8243; header_2_font_size=\u00bb48px\u00bb header_2_line_height=\u00bb1.2em\u00bb header_3_font=\u00bbBellefair||||||||\u00bb header_3_text_color=\u00bb#000000&#8243; header_3_font_size=\u00bb38px\u00bb header_3_line_height=\u00bb1.2em\u00bb header_4_font=\u00bbBellefair||||||||\u00bb header_4_text_color=\u00bb#000000&#8243; header_4_font_size=\u00bb30px\u00bb header_4_line_height=\u00bb1.4em\u00bb header_5_font=\u00bbBellefair||||||||\u00bb header_5_text_color=\u00bb#000000&#8243; header_5_font_size=\u00bb22px\u00bb header_5_line_height=\u00bb1.2em\u00bb header_6_font=\u00bbMontserrat|700||on|||||\u00bb header_6_text_color=\u00bb#ff4e00&#8243; header_6_font_size=\u00bb12px\u00bb header_6_letter_spacing=\u00bb2px\u00bb header_6_line_height=\u00bb1.2em\u00bb header_font_size_tablet=\u00bb42px\u00bb header_font_size_phone=\u00bb34px\u00bb header_font_size_last_edited=\u00bbon|tablet\u00bb header_2_font_size_tablet=\u00bb42px\u00bb header_2_font_size_phone=\u00bb34px\u00bb header_2_font_size_last_edited=\u00bbon|tablet\u00bb header_3_font_size_tablet=\u00bb34px\u00bb header_3_font_size_phone=\u00bb28px\u00bb header_3_font_size_last_edited=\u00bbon|phone\u00bb header_4_font_size_tablet=\u00bb22px\u00bb header_4_font_size_phone=\u00bb18px\u00bb header_4_font_size_last_edited=\u00bbon|phone\u00bb header_5_font_size_tablet=\u00bb\u00bb header_5_font_size_phone=\u00bb16px\u00bb header_5_font_size_last_edited=\u00bbon|tablet\u00bb border_color_all=\u00bb#ff4e00&#8243; border_width_bottom=\u00bb4px\u00bb text_text_align=\u00bbjustify\u00bb locked=\u00bboff\u00bb global_colors_info=\u00bb{}\u00bb header_2_2_font_size_tablet=\u00bb42px\u00bb header_3_2_font_size_tablet=\u00bb42px\u00bb header_4_2_font_size_tablet=\u00bb42px\u00bb header_5_2_font_size_tablet=\u00bb42px\u00bb header_6_2_font_size_tablet=\u00bb42px\u00bb header_2_2_font_size_phone=\u00bb34px\u00bb header_3_2_font_size_phone=\u00bb34px\u00bb header_4_2_font_size_phone=\u00bb34px\u00bb header_5_2_font_size_phone=\u00bb34px\u00bb header_6_2_font_size_phone=\u00bb34px\u00bb header_2_2_font_size_last_edited=\u00bbon|tablet\u00bb header_3_2_font_size_last_edited=\u00bbon|tablet\u00bb header_4_2_font_size_last_edited=\u00bbon|tablet\u00bb header_5_2_font_size_last_edited=\u00bbon|tablet\u00bb header_6_2_font_size_last_edited=\u00bbon|tablet\u00bb header_2_3_font_size_tablet=\u00bb34px\u00bb header_3_3_font_size_tablet=\u00bb34px\u00bb header_4_3_font_size_tablet=\u00bb34px\u00bb header_5_3_font_size_tablet=\u00bb34px\u00bb header_6_3_font_size_tablet=\u00bb34px\u00bb header_2_3_font_size_phone=\u00bb28px\u00bb header_3_3_font_size_phone=\u00bb28px\u00bb header_4_3_font_size_phone=\u00bb28px\u00bb header_5_3_font_size_phone=\u00bb28px\u00bb header_6_3_font_size_phone=\u00bb28px\u00bb header_2_3_font_size_last_edited=\u00bbon|phone\u00bb header_3_3_font_size_last_edited=\u00bbon|phone\u00bb header_4_3_font_size_last_edited=\u00bbon|phone\u00bb header_5_3_font_size_last_edited=\u00bbon|phone\u00bb header_6_3_font_size_last_edited=\u00bbon|phone\u00bb header_2_4_font_size_tablet=\u00bb22px\u00bb header_3_4_font_size_tablet=\u00bb22px\u00bb header_4_4_font_size_tablet=\u00bb22px\u00bb header_5_4_font_size_tablet=\u00bb22px\u00bb header_6_4_font_size_tablet=\u00bb22px\u00bb header_2_4_font_size_phone=\u00bb18px\u00bb header_3_4_font_size_phone=\u00bb18px\u00bb header_4_4_font_size_phone=\u00bb18px\u00bb header_5_4_font_size_phone=\u00bb18px\u00bb header_6_4_font_size_phone=\u00bb18px\u00bb header_2_4_font_size_last_edited=\u00bbon|phone\u00bb header_3_4_font_size_last_edited=\u00bbon|phone\u00bb header_4_4_font_size_last_edited=\u00bbon|phone\u00bb header_5_4_font_size_last_edited=\u00bbon|phone\u00bb header_6_4_font_size_last_edited=\u00bbon|phone\u00bb header_2_5_font_size_phone=\u00bb16px\u00bb header_3_5_font_size_phone=\u00bb16px\u00bb header_4_5_font_size_phone=\u00bb16px\u00bb header_5_5_font_size_phone=\u00bb16px\u00bb header_6_5_font_size_phone=\u00bb16px\u00bb header_2_5_font_size_last_edited=\u00bbon|tablet\u00bb header_3_5_font_size_last_edited=\u00bbon|tablet\u00bb header_4_5_font_size_last_edited=\u00bbon|tablet\u00bb header_5_5_font_size_last_edited=\u00bbon|tablet\u00bb header_6_5_font_size_last_edited=\u00bbon|tablet\u00bb]<\/p>\n<h4>Viajar a Mallorca en abril es una experiencia inolvidable que combina celebraciones religiosas, eventos gastron\u00f3micos, actividades culturales y la belleza natural de la isla en primavera.\u00a0<\/h4>\n<p>[\/et_pb_text][et_pb_text _builder_version=\u00bb4.24.3&#8243; text_font=\u00bb||||||||\u00bb text_font_size=\u00bb16px\u00bb text_line_height=\u00bb2em\u00bb text_orientation=\u00bbjustified\u00bb text_font_size_tablet=\u00bb15px\u00bb text_font_size_phone=\u00bb14px\u00bb text_font_size_last_edited=\u00bbon|phone\u00bb locked=\u00bboff\u00bb global_colors_info=\u00bb{}\u00bb]<\/p>\n<h2>Eventos y Celebraciones de Abril en Palma de Mallorca<\/h2>\n<p>Con una amplia gama de actividades para todos los gustos, Mallorca en abril promete ser un viaje lleno de descubrimientos y momentos inolvidables para los visitantes.<\/p>\n<h3>Celebraciones de Semana Santa y Eventos Religiosos<\/h3>\n<p>Durante el mes de abril, Mallorca se impregna de un ambiente religioso con las celebraciones de Semana Santa. Las calles cobran vida con procesiones y rituales, destacando las impresionantes procesiones de Palma por su variedad y concurrencia.<\/p>\n<p>[\/et_pb_text][\/et_pb_column][et_pb_column type=\u00bb1_2&#8243; _builder_version=\u00bb4.16&#8243; global_colors_info=\u00bb{}\u00bb][et_pb_text _builder_version=\u00bb4.24.3&#8243; text_font=\u00bb||||||||\u00bb text_font_size=\u00bb16px\u00bb text_line_height=\u00bb2em\u00bb header_2_line_height=\u00bb1.4em\u00bb text_orientation=\u00bbjustified\u00bb text_font_size_tablet=\u00bb15px\u00bb text_font_size_phone=\u00bb14px\u00bb text_font_size_last_edited=\u00bbon|phone\u00bb locked=\u00bboff\u00bb global_colors_info=\u00bb{}\u00bb]<\/p>\n<p>Uno de los momentos m\u00e1s destacados es el Devallaments del Cristo de la Sang en la iglesia de l&#8217;Anunciaci\u00f3 de Palma, un acto lleno de espiritualidad que no te puedes perder. Adem\u00e1s, la Semana Santa ofrece la oportunidad de degustar la deliciosa gastronom\u00eda t\u00edpica de la \u00e9poca, como las panades y los rubiols.<\/p>\n<p>&nbsp;<\/p>\n<h3>Eventos Gastron\u00f3micos y Ferias<\/h3>\n<p>Abril es el mes de las ferias gastron\u00f3micas en Mallorca. Desde la Feria de la Naranja en S\u00f3ller hasta la Muestra de Cocina de Calvi\u00e0, los visitantes pueden deleitarse con una amplia variedad de platos y productos locales.<\/p>\n<p>La Feria de la Naranja ofrece una experiencia \u00fanica donde la naranja es la protagonista, mientras que la Muestra de Cocina de Calvi\u00e0 permite disfrutar de deliciosos manjares a precios populares. No te pierdas la oportunidad de explorar las ferias de Sant Francesc en Muro, la Feria de Andratx, la Feria de Oportunidades en Sa Pobla y la semana gastron\u00f3mica de Santany\u00ed.<\/p>\n<p>[\/et_pb_text][\/et_pb_column][\/et_pb_row][et_pb_row column_structure=\u00bb1_2,1_2&#8243; _builder_version=\u00bb4.16&#8243; custom_padding=\u00bb||0px|||\u00bb global_colors_info=\u00bb{}\u00bb][et_pb_column type=\u00bb1_2&#8243; _builder_version=\u00bb4.16&#8243; global_colors_info=\u00bb{}\u00bb][et_pb_image src=\u00bbhttps:\/\/surmasterprojects.com\/wp-content\/uploads\/2024\/03\/semana-santa-mallorca.jpg\u00bb title_text=\u00bbsemana-santa-mallorca\u00bb _builder_version=\u00bb4.24.3&#8243; _module_preset=\u00bbdefault\u00bb global_colors_info=\u00bb{}\u00bb][\/et_pb_image][\/et_pb_column][et_pb_column type=\u00bb1_2&#8243; _builder_version=\u00bb4.16&#8243; global_colors_info=\u00bb{}\u00bb][et_pb_text _builder_version=\u00bb4.24.3&#8243; text_font=\u00bb||||||||\u00bb text_font_size=\u00bb16px\u00bb text_line_height=\u00bb2em\u00bb header_2_line_height=\u00bb1.4em\u00bb text_orientation=\u00bbjustified\u00bb text_font_size_tablet=\u00bb15px\u00bb text_font_size_phone=\u00bb14px\u00bb text_font_size_last_edited=\u00bbon|phone\u00bb locked=\u00bboff\u00bb global_colors_info=\u00bb{}\u00bb]<\/p>\n<h3>Otras Tradiciones y Eventos Locales<\/h3>\n<p>Mallorca en abril ofrece una variedad de tradiciones locales y eventos aut\u00f3ctonos que reflejan la rica historia y cultura de la isla.<\/p>\n<p>Desde la Feria de Abril de Pollen\u00e7a hasta la Fiesta de Sant Jordi, los visitantes pueden sumergirse en la rica cultura de la isla y participar en una variedad de actividades tradicionales.<\/p>\n<p>Adem\u00e1s, eventos como la Feria de Sant Francesc en Muro, la Feria de la Prehistoria y de la Antig\u00fcedad en Art\u00e1, y la Feria de la Semana Santa en Andratx ofrecen una oportunidad \u00fanica para explorar las tradiciones \u00fanicas de Mallorca y participar en una variedad de actividades culturales y recreativas.<\/p>\n<h3><\/h3>\n<h3><\/h3>\n<p>&nbsp;<\/p>\n<p>&nbsp;<\/p>\n<p>[\/et_pb_text][\/et_pb_column][\/et_pb_row][et_pb_row _builder_version=\u00bb4.21.0&#8243; _module_preset=\u00bbdefault\u00bb custom_padding=\u00bb||11px|||\u00bb global_colors_info=\u00bb{}\u00bb][et_pb_column type=\u00bb4_4&#8243; _builder_version=\u00bb4.21.0&#8243; _module_preset=\u00bbdefault\u00bb global_colors_info=\u00bb{}\u00bb][et_pb_divider color=\u00bb#f75e00&#8243; divider_weight=\u00bb4px\u00bb _builder_version=\u00bb4.21.0&#8243; _module_preset=\u00bbdefault\u00bb width=\u00bb40%\u00bb module_alignment=\u00bbcenter\u00bb global_colors_info=\u00bb{}\u00bb][\/et_pb_divider][\/et_pb_column][\/et_pb_row][et_pb_row column_structure=\u00bb1_2,1_2&#8243; _builder_version=\u00bb4.21.0&#8243; custom_padding=\u00bb||0px|||\u00bb global_colors_info=\u00bb{}\u00bb][et_pb_column type=\u00bb1_2&#8243; _builder_version=\u00bb4.16&#8243; global_colors_info=\u00bb{}\u00bb][et_pb_text _builder_version=\u00bb4.24.3&#8243; text_font=\u00bb||||||||\u00bb text_font_size=\u00bb16px\u00bb text_line_height=\u00bb2em\u00bb header_2_line_height=\u00bb1.4em\u00bb text_orientation=\u00bbjustified\u00bb text_font_size_tablet=\u00bb15px\u00bb text_font_size_phone=\u00bb14px\u00bb text_font_size_last_edited=\u00bbon|phone\u00bb locked=\u00bboff\u00bb global_colors_info=\u00bb{}\u00bb]<\/p>\n<h2>Clima de Mallorca en Abril<\/h2>\n<p>El clima en Mallorca en abril es suave y templado, con una temperatura media de alrededor de 15\u00baC y 10 horas de luz diarias. Esto hace que sea el momento perfecto para disfrutar de actividades al aire libre, como senderismo, ciclismo y paseos en barco.<\/p>\n<p>Con el paso del invierno a la primavera las playas a\u00fan no tan concurridas como en los meses de verano por lo que abril es buen mes para visitar Mallorca, aunque suele haber d\u00edas lluviosos.<\/p>\n<p>&nbsp;<\/p>\n<h2>Eventos Culturales y Tradiciones de Mallorca en Abril<\/h2>\n<p>Durante el mes de Abril el evento m\u00e1s importante de la isla es la celebraci\u00f3n de la semana santa, pero puedes encontrar otros eventos y fiestas importantes por toda la isla.<\/p>\n<p>[\/et_pb_text][et_pb_image src=\u00bbhttps:\/\/surmasterprojects.com\/wp-content\/uploads\/2024\/04\/architecture-mansion-building-palace-city-travel-760282-pxhere.com_.jpg\u00bb title_text=\u00bbarchitecture-mansion-building-palace-city-travel-760282-pxhere.com\u00bb _builder_version=\u00bb4.24.3&#8243; _module_preset=\u00bbdefault\u00bb custom_margin=\u00bb||45px|||\u00bb global_colors_info=\u00bb{}\u00bb][\/et_pb_image][et_pb_text _builder_version=\u00bb4.24.3&#8243; text_font=\u00bb||||||||\u00bb text_font_size=\u00bb16px\u00bb text_line_height=\u00bb2em\u00bb header_2_line_height=\u00bb1.4em\u00bb text_orientation=\u00bbjustified\u00bb custom_margin=\u00bb21px|||||\u00bb text_font_size_tablet=\u00bb15px\u00bb text_font_size_phone=\u00bb14px\u00bb text_font_size_last_edited=\u00bbon|phone\u00bb locked=\u00bboff\u00bb global_colors_info=\u00bb{}\u00bb]<\/p>\n<h3>Feria de la Naranja en S\u00f3ller<\/h3>\n<p>Uno de los eventos m\u00e1s destacados es la Feria de la Naranja en S\u00f3ller, que tiene lugar en el pintoresco municipio de la sierra de Tramuntana. Adem\u00e1s de ser uno de los pueblos m\u00e1s bonitos de la isla, S\u00f3ller acoge esta festividad donde la naranja es la protagonista indiscutible.<\/p>\n<p>Durante la feria, los visitantes pueden disfrutar de men\u00fas especiales preparados con naranjas, participar en concursos como el de batir el r\u00e9cord Guinness mundial de la mayor cantidad de zumo de naranja exprimido de forma manual, y explorar el mercadillo de artesan\u00eda local.<\/p>\n<p>[\/et_pb_text][et_pb_text _builder_version=\u00bb4.24.3&#8243; text_font=\u00bb||||||||\u00bb text_font_size=\u00bb16px\u00bb text_line_height=\u00bb2em\u00bb header_2_line_height=\u00bb1.4em\u00bb text_orientation=\u00bbjustified\u00bb text_font_size_tablet=\u00bb15px\u00bb text_font_size_phone=\u00bb14px\u00bb text_font_size_last_edited=\u00bbon|phone\u00bb locked=\u00bboff\u00bb global_colors_info=\u00bb{}\u00bb]<\/p>\n<h3>Feria de Abril de Pollen\u00e7a<\/h3>\n<p>Otro evento cultural destacado es la Feria de Abril de Pollen\u00e7a, que rinde homenaje a la famosa feria sevillana pero con el encanto propio de Mallorca. Durante tres d\u00edas, el municipio de Pollen\u00e7a se llena de m\u00fasica, baile, desfiles de caballos y una misa rociera, creando una atm\u00f3sfera festiva y alegre que atrae tanto a lugare\u00f1os como a visitantes.<\/p>\n<p>[\/et_pb_text][\/et_pb_column][et_pb_column type=\u00bb1_2&#8243; _builder_version=\u00bb4.16&#8243; global_colors_info=\u00bb{}\u00bb][et_pb_image src=\u00bbhttps:\/\/surmasterprojects.com\/wp-content\/uploads\/2024\/04\/beach-sea-coast-tree-architecture-boardwalk-1343220-pxhere.com_.jpg\u00bb title_text=\u00bbbeach-sea-coast-tree-architecture-boardwalk-1343220-pxhere.com\u00bb _builder_version=\u00bb4.24.3&#8243; _module_preset=\u00bbdefault\u00bb custom_margin=\u00bb||47px|||\u00bb global_colors_info=\u00bb{}\u00bb][\/et_pb_image][et_pb_text _builder_version=\u00bb4.24.3&#8243; text_font=\u00bb||||||||\u00bb text_font_size=\u00bb16px\u00bb text_line_height=\u00bb2em\u00bb header_2_line_height=\u00bb1.4em\u00bb text_orientation=\u00bbjustified\u00bb custom_margin=\u00bb21px||76px|||\u00bb text_font_size_tablet=\u00bb15px\u00bb text_font_size_phone=\u00bb14px\u00bb text_font_size_last_edited=\u00bbon|phone\u00bb locked=\u00bboff\u00bb global_colors_info=\u00bb{}\u00bb]<\/p>\n<h3>Fiesta de Sant Jordi<\/h3>\n<p>Adem\u00e1s, no se puede dejar de mencionar la Fiesta de Sant Jordi, una celebraci\u00f3n que conmemora la muerte de San Jorge, patr\u00f3n de Catalu\u00f1a, y que tambi\u00e9n tiene una gran importancia en Mallorca. Durante esta fiesta, los diferentes municipios de la isla organizan actividades como conciertos, talleres infantiles y firmas de libros, donde el amor y la cultura se entrelazan en una celebraci\u00f3n \u00fanica.<\/p>\n<h3>Feria de Prehistoria y de la Antig\u00fcedad en Art\u00e1<\/h3>\n<p>La Feria de Prehistoria y de la Antig\u00fcedad en Art\u00e1 es otro evento cultural que merece la atenci\u00f3n. Esta feria, que se celebra desde el a\u00f1o 2017, re\u00fane a las culturas griega, talay\u00f3tica, romana y p\u00fanica, recordando el pasado hist\u00f3rico de la localidad. Con visitas guiadas, obras de teatro, talleres y conferencias, la feria ofrece a los visitantes la oportunidad de sumergirse en la historia y la cultura de Mallorca de una manera \u00fanica e interactiva.<\/p>\n<p>[\/et_pb_text][et_pb_image src=\u00bbhttps:\/\/surmasterprojects.com\/wp-content\/uploads\/2024\/04\/plant-fruit-sweet-ripe-orange-food-948775-pxhere.com_.jpg\u00bb title_text=\u00bbplant-fruit-sweet-ripe-orange-food-948775-pxhere.com\u00bb _builder_version=\u00bb4.24.3&#8243; _module_preset=\u00bbdefault\u00bb custom_margin=\u00bb19px||62px|||\u00bb global_colors_info=\u00bb{}\u00bb][\/et_pb_image][et_pb_image src=\u00bbhttps:\/\/surmasterprojects.com\/wp-content\/uploads\/2024\/04\/feria-abril-pollenca.png\u00bb title_text=\u00bbferia-abril-pollen\u00e7a\u00bb _builder_version=\u00bb4.24.3&#8243; _module_preset=\u00bbdefault\u00bb custom_margin=\u00bb19px|||||\u00bb global_colors_info=\u00bb{}\u00bb][\/et_pb_image][\/et_pb_column][\/et_pb_row][et_pb_row _builder_version=\u00bb4.21.0&#8243; custom_padding=\u00bb34px||0px|||\u00bb global_colors_info=\u00bb{}\u00bb][et_pb_column type=\u00bb4_4&#8243; _builder_version=\u00bb4.16&#8243; global_colors_info=\u00bb{}\u00bb][et_pb_divider color=\u00bb#f75e00&#8243; divider_weight=\u00bb4px\u00bb _builder_version=\u00bb4.21.0&#8243; _module_preset=\u00bbdefault\u00bb width=\u00bb40%\u00bb module_alignment=\u00bbcenter\u00bb global_colors_info=\u00bb{}\u00bb][\/et_pb_divider][et_pb_text _builder_version=\u00bb4.24.3&#8243; text_font=\u00bb||||||||\u00bb text_font_size=\u00bb16px\u00bb text_line_height=\u00bb2em\u00bb header_2_line_height=\u00bb1.4em\u00bb text_orientation=\u00bbjustified\u00bb custom_margin=\u00bb-4px||66px|||\u00bb text_font_size_tablet=\u00bb15px\u00bb text_font_size_phone=\u00bb14px\u00bb text_font_size_last_edited=\u00bbon|phone\u00bb locked=\u00bboff\u00bb global_colors_info=\u00bb{}\u00bb]<\/p>\n<h2>Visitar la Catedral es una experiencia inolvidable<\/h2>\n<p>Durante tu estancia en Mallorca en abril, una experiencia que no puedes dejar pasar es deleitarte con las magn\u00edficas vistas desde las terrazas de la ic\u00f3nica Catedral de Santa Mar\u00eda, conocida tambi\u00e9n como la Catedral de Mallorca.<\/p>\n<p>Este impresionante edificio, de estilo g\u00f3tico y con un profundo significado religioso, se erige como un s\u00edmbolo emblem\u00e1tico de la isla. Un paseo por sus terrazas te brindar\u00e1 la oportunidad de contemplar una vista panor\u00e1mica completa de la ciudad, un espect\u00e1culo que cautiva a todos los visitantes por igual.<\/p>\n<p>Durante aproximadamente una hora, tendr\u00e1s el privilegio de maravillarte con las vistas tanto del interior de La Seu como de la ciudad de Palma de Mallorca, ofreci\u00e9ndote una experiencia \u00fanica desde cada \u00e1ngulo. Desde esta posici\u00f3n elevada, tambi\u00e9n podr\u00e1s admirar otros puntos de inter\u00e9s como el majestuoso Castillo de Bellver o el imponente Palacio de la Almudaina, que se perfilan en el horizonte.<\/p>\n<p>Es importante tener en cuenta que las visitas guiadas tienen una capacidad limitada, por lo que se aconseja reservar con antelaci\u00f3n para asegurar tu lugar y no perderte esta oportunidad \u00fanica de disfrutar de las vistas m\u00e1s espectaculares de la isla.<\/p>\n<p>&nbsp;<\/p>\n<h2>El Beer Palma: Un evento imprescindible para amantes de la cerveza<\/h2>\n<p>El Beer Palma es un evento imprescindible para los amantes de la cerveza que visitan Palma de Mallorca en abril.<\/p>\n<p>Con el firme prop\u00f3sito de posicionar a Palma como un referente mundial en el mundo cervecero, el Beer Palma ofrece una amplia selecci\u00f3n de las mejores cervezas de todo el mundo. Desde las marcas m\u00e1s reconocidas hasta las m\u00e1s innovadoras y desconocidas, este festival tiene algo para todos los gustos.<\/p>\n<p>Sum\u00e9rgete en esta celebraci\u00f3n cervecera y disfruta de catas, maridajes y la oportunidad de descubrir nuevas variedades y estilos. Si tienes planeado visitar Palma de Mallorca en abril y eres un entusiasta de la cerveza, no puedes perderte esta experiencia \u00fanica. \u00a1Estamos seguros de que ser\u00e1 una experiencia para recordar y repetir en futuras visitas!<\/p>\n<p>[\/et_pb_text][et_pb_text quote_border_color=\u00bb#E09900&#8243; _builder_version=\u00bb4.24.3&#8243; text_font=\u00bb||||||||\u00bb text_font_size=\u00bb16px\u00bb text_line_height=\u00bb2em\u00bb header_2_line_height=\u00bb1.4em\u00bb text_orientation=\u00bbjustified\u00bb custom_margin=\u00bb||42px|||\u00bb text_font_size_tablet=\u00bb15px\u00bb text_font_size_phone=\u00bb14px\u00bb text_font_size_last_edited=\u00bbon|phone\u00bb locked=\u00bboff\u00bb global_colors_info=\u00bb{}\u00bb]<\/p>\n<blockquote>\n<h2><span style=\"font-weight: 400;\">Preguntas Frecuentes sobre Viajar a Mallorca en abril<\/span><\/h2>\n<\/blockquote>\n<h3>\u00bfC\u00f3mo es Mallorca en abril?<\/h3>\n<p>En abril, Mallorca experimenta una transici\u00f3n hacia un clima m\u00e1s c\u00e1lido y agradable. Las temperaturas medias suelen oscilar entre los 16 \u00b0C y 18 \u00b0C, lo que lo convierte en un mes ideal para disfrutar de actividades al aire libre sin el calor sofocante del verano.<\/p>\n<h3>\u00bfLlueve en Mallorca en abril?<\/h3>\n<p>S\u00ed, abril es un mes en el que se pueden esperar precipitaciones moderadas en Mallorca. Es posible que llueva durante tu estancia, por lo que es recomendable estar preparado para posibles lluvias.<\/p>\n<h3>\u00bfSe puede nadar en el mar en Mallorca en abril?<\/h3>\n<p>Aunque la temperatura puede ser agradable en tierra, el agua en la mayor\u00eda de las playas a\u00fan no se ha calentado lo suficiente, por lo que puede sentirse fr\u00eda. Algunas personas se animan a nadar en abril, pero depende de la tolerancia al fr\u00edo de cada individuo.<\/p>\n<h3>\u00bfMagaluf est\u00e1 abierto en abril?<\/h3>\n<p>S\u00ed, la temporada en Magaluf comienza a crecer a partir del mes de Abril, con la apertura de restaurantes, bares y discotecas. Aunque la temporada alta empieza a partir de mayo.<\/p>\n<p>[\/et_pb_text][\/et_pb_column][\/et_pb_row][\/et_pb_section]<\/p>\n","protected":false},"excerpt":{"rendered":"<p>VIAJAR A MALLORCA EN ABRIL Viajar a Palma de Mallorca en AbrilViajar a Mallorca en abril es una experiencia inolvidable que combina celebraciones religiosas, eventos gastron\u00f3micos, actividades culturales y la belleza natural de la isla en primavera.\u00a0Eventos y Celebraciones de Abril en Palma de Mallorca Con una amplia gama de actividades para todos los gustos, [&hellip;]<\/p>\n","protected":false},"author":1,"featured_media":8234,"parent":7644,"menu_order":0,"comment_status":"closed","ping_status":"closed","template":"","meta":{"_et_pb_use_builder":"on","_et_pb_old_content":"","_et_gb_content_width":"","footnotes":""},"class_list":["post-8275","page","type-page","status-publish","has-post-thumbnail","hentry"],"yoast_head":"<!-- This site is optimized with the Yoast SEO plugin v27.4 - https:\/\/yoast.com\/product\/yoast-seo-wordpress\/ -->\n<title>Surmaster Projects<\/title>\n<meta name=\"robots\" content=\"index, follow, max-snippet:-1, max-image-preview:large, max-video-preview:-1\" \/>\n<link rel=\"canonical\" href=\"https:\/\/surmasterprojects.com\/es\/blog\/viajar-a-mallorca-en-abril\/\" \/>\n<meta property=\"og:locale\" content=\"es_ES\" \/>\n<meta property=\"og:type\" content=\"article\" \/>\n<meta property=\"og:description\" content=\"VIAJAR A MALLORCA EN ABRIL Viajar a Palma de Mallorca en AbrilViajar a Mallorca en abril es una experiencia inolvidable que combina celebraciones religiosas, eventos gastron\u00f3micos, actividades culturales y la belleza natural de la isla en primavera.\u00a0Eventos y Celebraciones de Abril en Palma de Mallorca Con una amplia gama de actividades para todos los gustos, [&hellip;]\" \/>\n<meta property=\"og:url\" content=\"https:\/\/surmasterprojects.com\/es\/blog\/viajar-a-mallorca-en-abril\/\" \/>\n<meta property=\"og:site_name\" content=\"Surmaster Projects\" \/>\n<meta property=\"article:modified_time\" content=\"2024-04-09T10:39:42+00:00\" \/>\n<meta property=\"og:image\" content=\"https:\/\/surmasterprojects.com\/wp-content\/uploads\/2024\/03\/palma-de-mallorca-torres-scaled-e1709562688204.jpg\" \/>\n\t<meta property=\"og:image:width\" content=\"1900\" \/>\n\t<meta property=\"og:image:height\" content=\"1353\" \/>\n\t<meta property=\"og:image:type\" content=\"image\/jpeg\" \/>\n<meta name=\"twitter:card\" content=\"summary_large_image\" \/>\n<meta name=\"twitter:label1\" content=\"Tiempo de lectura\" \/>\n\t<meta name=\"twitter:data1\" content=\"8 minutos\" \/>\n<script type=\"application\/ld+json\" class=\"yoast-schema-graph\">{\"@context\":\"https:\\\/\\\/schema.org\",\"@graph\":[{\"@type\":\"WebPage\",\"@id\":\"https:\\\/\\\/surmasterprojects.com\\\/blog\\\/viajar-a-mallorca-en-abril\\\/\",\"url\":\"https:\\\/\\\/surmasterprojects.com\\\/blog\\\/viajar-a-mallorca-en-abril\\\/\",\"name\":\"\",\"isPartOf\":{\"@id\":\"https:\\\/\\\/surmasterprojects.com\\\/es\\\/#website\"},\"primaryImageOfPage\":{\"@id\":\"https:\\\/\\\/surmasterprojects.com\\\/blog\\\/viajar-a-mallorca-en-abril\\\/#primaryimage\"},\"image\":{\"@id\":\"https:\\\/\\\/surmasterprojects.com\\\/blog\\\/viajar-a-mallorca-en-abril\\\/#primaryimage\"},\"thumbnailUrl\":\"https:\\\/\\\/surmasterprojects.com\\\/wp-content\\\/uploads\\\/2024\\\/03\\\/palma-de-mallorca-torres-scaled-e1709562688204.jpg\",\"datePublished\":\"2024-04-08T14:10:43+00:00\",\"dateModified\":\"2024-04-09T10:39:42+00:00\",\"breadcrumb\":{\"@id\":\"https:\\\/\\\/surmasterprojects.com\\\/blog\\\/viajar-a-mallorca-en-abril\\\/#breadcrumb\"},\"inLanguage\":\"es\",\"potentialAction\":[{\"@type\":\"ReadAction\",\"target\":[\"https:\\\/\\\/surmasterprojects.com\\\/blog\\\/viajar-a-mallorca-en-abril\\\/\"]}]},{\"@type\":\"ImageObject\",\"inLanguage\":\"es\",\"@id\":\"https:\\\/\\\/surmasterprojects.com\\\/blog\\\/viajar-a-mallorca-en-abril\\\/#primaryimage\",\"url\":\"https:\\\/\\\/surmasterprojects.com\\\/wp-content\\\/uploads\\\/2024\\\/03\\\/palma-de-mallorca-torres-scaled-e1709562688204.jpg\",\"contentUrl\":\"https:\\\/\\\/surmasterprojects.com\\\/wp-content\\\/uploads\\\/2024\\\/03\\\/palma-de-mallorca-torres-scaled-e1709562688204.jpg\",\"width\":1900,\"height\":1353,\"caption\":\"palma-mallorca-torres\"},{\"@type\":\"BreadcrumbList\",\"@id\":\"https:\\\/\\\/surmasterprojects.com\\\/blog\\\/viajar-a-mallorca-en-abril\\\/#breadcrumb\",\"itemListElement\":[{\"@type\":\"ListItem\",\"position\":1,\"name\":\"Portada\",\"item\":\"https:\\\/\\\/surmasterprojects.com\\\/es\\\/\"},{\"@type\":\"ListItem\",\"position\":2,\"name\":\"Blog\",\"item\":\"https:\\\/\\\/surmasterprojects.com\\\/es\\\/blog\\\/\"},{\"@type\":\"ListItem\",\"position\":3,\"name\":\"Viajar a Mallorca en Abril\"}]},{\"@type\":\"WebSite\",\"@id\":\"https:\\\/\\\/surmasterprojects.com\\\/es\\\/#website\",\"url\":\"https:\\\/\\\/surmasterprojects.com\\\/es\\\/\",\"name\":\"Surmaster Projects\",\"description\":\"\",\"publisher\":{\"@id\":\"https:\\\/\\\/surmasterprojects.com\\\/es\\\/#organization\"},\"potentialAction\":[{\"@type\":\"SearchAction\",\"target\":{\"@type\":\"EntryPoint\",\"urlTemplate\":\"https:\\\/\\\/surmasterprojects.com\\\/es\\\/?s={search_term_string}\"},\"query-input\":{\"@type\":\"PropertyValueSpecification\",\"valueRequired\":true,\"valueName\":\"search_term_string\"}}],\"inLanguage\":\"es\"},{\"@type\":\"Organization\",\"@id\":\"https:\\\/\\\/surmasterprojects.com\\\/es\\\/#organization\",\"name\":\"Surmaster Projects\",\"url\":\"https:\\\/\\\/surmasterprojects.com\\\/es\\\/\",\"logo\":{\"@type\":\"ImageObject\",\"inLanguage\":\"es\",\"@id\":\"https:\\\/\\\/surmasterprojects.com\\\/es\\\/#\\\/schema\\\/logo\\\/image\\\/\",\"url\":\"https:\\\/\\\/surmasterprojects.com\\\/wp-content\\\/uploads\\\/2022\\\/04\\\/cropped-Logo_GrupoSurmaster_negativo.png\",\"contentUrl\":\"https:\\\/\\\/surmasterprojects.com\\\/wp-content\\\/uploads\\\/2022\\\/04\\\/cropped-Logo_GrupoSurmaster_negativo.png\",\"width\":512,\"height\":512,\"caption\":\"Surmaster Projects\"},\"image\":{\"@id\":\"https:\\\/\\\/surmasterprojects.com\\\/es\\\/#\\\/schema\\\/logo\\\/image\\\/\"}}]}<\/script>\n<!-- \/ Yoast SEO plugin. -->","yoast_head_json":{"title":"Surmaster Projects","robots":{"index":"index","follow":"follow","max-snippet":"max-snippet:-1","max-image-preview":"max-image-preview:large","max-video-preview":"max-video-preview:-1"},"canonical":"https:\/\/surmasterprojects.com\/es\/blog\/viajar-a-mallorca-en-abril\/","og_locale":"es_ES","og_type":"article","og_description":"VIAJAR A MALLORCA EN ABRIL Viajar a Palma de Mallorca en AbrilViajar a Mallorca en abril es una experiencia inolvidable que combina celebraciones religiosas, eventos gastron\u00f3micos, actividades culturales y la belleza natural de la isla en primavera.\u00a0Eventos y Celebraciones de Abril en Palma de Mallorca Con una amplia gama de actividades para todos los gustos, [&hellip;]","og_url":"https:\/\/surmasterprojects.com\/es\/blog\/viajar-a-mallorca-en-abril\/","og_site_name":"Surmaster Projects","article_modified_time":"2024-04-09T10:39:42+00:00","og_image":[{"width":1900,"height":1353,"url":"https:\/\/surmasterprojects.com\/wp-content\/uploads\/2024\/03\/palma-de-mallorca-torres-scaled-e1709562688204.jpg","type":"image\/jpeg"}],"twitter_card":"summary_large_image","twitter_misc":{"Tiempo de lectura":"8 minutos"},"schema":{"@context":"https:\/\/schema.org","@graph":[{"@type":"WebPage","@id":"https:\/\/surmasterprojects.com\/blog\/viajar-a-mallorca-en-abril\/","url":"https:\/\/surmasterprojects.com\/blog\/viajar-a-mallorca-en-abril\/","name":"","isPartOf":{"@id":"https:\/\/surmasterprojects.com\/es\/#website"},"primaryImageOfPage":{"@id":"https:\/\/surmasterprojects.com\/blog\/viajar-a-mallorca-en-abril\/#primaryimage"},"image":{"@id":"https:\/\/surmasterprojects.com\/blog\/viajar-a-mallorca-en-abril\/#primaryimage"},"thumbnailUrl":"https:\/\/surmasterprojects.com\/wp-content\/uploads\/2024\/03\/palma-de-mallorca-torres-scaled-e1709562688204.jpg","datePublished":"2024-04-08T14:10:43+00:00","dateModified":"2024-04-09T10:39:42+00:00","breadcrumb":{"@id":"https:\/\/surmasterprojects.com\/blog\/viajar-a-mallorca-en-abril\/#breadcrumb"},"inLanguage":"es","potentialAction":[{"@type":"ReadAction","target":["https:\/\/surmasterprojects.com\/blog\/viajar-a-mallorca-en-abril\/"]}]},{"@type":"ImageObject","inLanguage":"es","@id":"https:\/\/surmasterprojects.com\/blog\/viajar-a-mallorca-en-abril\/#primaryimage","url":"https:\/\/surmasterprojects.com\/wp-content\/uploads\/2024\/03\/palma-de-mallorca-torres-scaled-e1709562688204.jpg","contentUrl":"https:\/\/surmasterprojects.com\/wp-content\/uploads\/2024\/03\/palma-de-mallorca-torres-scaled-e1709562688204.jpg","width":1900,"height":1353,"caption":"palma-mallorca-torres"},{"@type":"BreadcrumbList","@id":"https:\/\/surmasterprojects.com\/blog\/viajar-a-mallorca-en-abril\/#breadcrumb","itemListElement":[{"@type":"ListItem","position":1,"name":"Portada","item":"https:\/\/surmasterprojects.com\/es\/"},{"@type":"ListItem","position":2,"name":"Blog","item":"https:\/\/surmasterprojects.com\/es\/blog\/"},{"@type":"ListItem","position":3,"name":"Viajar a Mallorca en Abril"}]},{"@type":"WebSite","@id":"https:\/\/surmasterprojects.com\/es\/#website","url":"https:\/\/surmasterprojects.com\/es\/","name":"Surmaster Projects","description":"","publisher":{"@id":"https:\/\/surmasterprojects.com\/es\/#organization"},"potentialAction":[{"@type":"SearchAction","target":{"@type":"EntryPoint","urlTemplate":"https:\/\/surmasterprojects.com\/es\/?s={search_term_string}"},"query-input":{"@type":"PropertyValueSpecification","valueRequired":true,"valueName":"search_term_string"}}],"inLanguage":"es"},{"@type":"Organization","@id":"https:\/\/surmasterprojects.com\/es\/#organization","name":"Surmaster Projects","url":"https:\/\/surmasterprojects.com\/es\/","logo":{"@type":"ImageObject","inLanguage":"es","@id":"https:\/\/surmasterprojects.com\/es\/#\/schema\/logo\/image\/","url":"https:\/\/surmasterprojects.com\/wp-content\/uploads\/2022\/04\/cropped-Logo_GrupoSurmaster_negativo.png","contentUrl":"https:\/\/surmasterprojects.com\/wp-content\/uploads\/2022\/04\/cropped-Logo_GrupoSurmaster_negativo.png","width":512,"height":512,"caption":"Surmaster Projects"},"image":{"@id":"https:\/\/surmasterprojects.com\/es\/#\/schema\/logo\/image\/"}}]}},"_links":{"self":[{"href":"https:\/\/surmasterprojects.com\/es\/wp-json\/wp\/v2\/pages\/8275","targetHints":{"allow":["GET"]}}],"collection":[{"href":"https:\/\/surmasterprojects.com\/es\/wp-json\/wp\/v2\/pages"}],"about":[{"href":"https:\/\/surmasterprojects.com\/es\/wp-json\/wp\/v2\/types\/page"}],"author":[{"embeddable":true,"href":"https:\/\/surmasterprojects.com\/es\/wp-json\/wp\/v2\/users\/1"}],"replies":[{"embeddable":true,"href":"https:\/\/surmasterprojects.com\/es\/wp-json\/wp\/v2\/comments?post=8275"}],"version-history":[{"count":10,"href":"https:\/\/surmasterprojects.com\/es\/wp-json\/wp\/v2\/pages\/8275\/revisions"}],"predecessor-version":[{"id":8332,"href":"https:\/\/surmasterprojects.com\/es\/wp-json\/wp\/v2\/pages\/8275\/revisions\/8332"}],"up":[{"embeddable":true,"href":"https:\/\/surmasterprojects.com\/es\/wp-json\/wp\/v2\/pages\/7644"}],"wp:featuredmedia":[{"embeddable":true,"href":"https:\/\/surmasterprojects.com\/es\/wp-json\/wp\/v2\/media\/8234"}],"wp:attachment":[{"href":"https:\/\/surmasterprojects.com\/es\/wp-json\/wp\/v2\/media?parent=8275"}],"curies":[{"name":"wp","href":"https:\/\/api.w.org\/{rel}","templated":true}]}}