{"id":8280,"date":"2024-04-08T16:16:49","date_gmt":"2024-04-08T16:16:49","guid":{"rendered":"https:\/\/surmasterprojects.com\/?page_id=8280"},"modified":"2024-05-02T13:14:25","modified_gmt":"2024-05-02T13:14:25","slug":"viajar-a-mallorca-en-mayo","status":"publish","type":"page","link":"https:\/\/surmasterprojects.com\/es\/blog\/viajar-a-mallorca-en-mayo\/","title":{"rendered":"Viajar a Mallorca en Mayo"},"content":{"rendered":"<p>[et_pb_section fb_built=\u00bb1&#8243; _builder_version=\u00bb4.21.0&#8243; _module_preset=\u00bbdefault\u00bb global_colors_info=\u00bb{}\u00bb][et_pb_row _builder_version=\u00bb4.24.2&#8243; custom_padding=\u00bb21px|||||\u00bb locked=\u00bboff\u00bb global_colors_info=\u00bb{}\u00bb][et_pb_column type=\u00bb4_4&#8243; _builder_version=\u00bb4.16&#8243; global_colors_info=\u00bb{}\u00bb][et_pb_text _builder_version=\u00bb4.24.3&#8243; header_font=\u00bbBellefair||||||||\u00bb header_font_size=\u00bb48px\u00bb header_line_height=\u00bb1.2em\u00bb header_2_font=\u00bbBellefair||||||||\u00bb header_2_text_color=\u00bb#000000&#8243; header_2_font_size=\u00bb48px\u00bb header_2_line_height=\u00bb1.2em\u00bb header_6_font=\u00bbMontserrat|700||on|||||\u00bb header_6_text_color=\u00bb#ff4e00&#8243; header_6_font_size=\u00bb12px\u00bb header_6_letter_spacing=\u00bb2px\u00bb header_6_line_height=\u00bb1.2em\u00bb text_orientation=\u00bbcenter\u00bb max_width=\u00bb700px\u00bb module_alignment=\u00bbcenter\u00bb header_2_font_size_tablet=\u00bb42px\u00bb header_2_font_size_phone=\u00bb34px\u00bb header_2_font_size_last_edited=\u00bbon|desktop\u00bb header_6_font_size_tablet=\u00bb42px\u00bb header_6_font_size_phone=\u00bb34px\u00bb header_6_font_size_last_edited=\u00bboff|phone\u00bb text_text_align=\u00bbjustify\u00bb locked=\u00bboff\u00bb global_colors_info=\u00bb{}\u00bb header_2_2_font_size_tablet=\u00bb42px\u00bb header_3_2_font_size_tablet=\u00bb42px\u00bb header_4_2_font_size_tablet=\u00bb42px\u00bb header_5_2_font_size_tablet=\u00bb42px\u00bb header_6_2_font_size_tablet=\u00bb42px\u00bb header_2_2_font_size_phone=\u00bb34px\u00bb header_3_2_font_size_phone=\u00bb34px\u00bb header_4_2_font_size_phone=\u00bb34px\u00bb header_5_2_font_size_phone=\u00bb34px\u00bb header_6_2_font_size_phone=\u00bb34px\u00bb header_2_2_font_size_last_edited=\u00bbon|tablet\u00bb header_3_2_font_size_last_edited=\u00bbon|tablet\u00bb header_4_2_font_size_last_edited=\u00bbon|tablet\u00bb header_5_2_font_size_last_edited=\u00bbon|tablet\u00bb header_6_2_font_size_last_edited=\u00bbon|tablet\u00bb header_2_3_font_size_tablet=\u00bb34px\u00bb header_3_3_font_size_tablet=\u00bb34px\u00bb header_4_3_font_size_tablet=\u00bb34px\u00bb header_5_3_font_size_tablet=\u00bb34px\u00bb header_6_3_font_size_tablet=\u00bb34px\u00bb header_2_3_font_size_phone=\u00bb28px\u00bb header_3_3_font_size_phone=\u00bb28px\u00bb header_4_3_font_size_phone=\u00bb28px\u00bb header_5_3_font_size_phone=\u00bb28px\u00bb header_6_3_font_size_phone=\u00bb28px\u00bb header_2_3_font_size_last_edited=\u00bbon|phone\u00bb header_3_3_font_size_last_edited=\u00bbon|phone\u00bb header_4_3_font_size_last_edited=\u00bbon|phone\u00bb header_5_3_font_size_last_edited=\u00bbon|phone\u00bb header_6_3_font_size_last_edited=\u00bbon|phone\u00bb header_2_4_font_size_tablet=\u00bb22px\u00bb header_3_4_font_size_tablet=\u00bb22px\u00bb header_4_4_font_size_tablet=\u00bb22px\u00bb header_5_4_font_size_tablet=\u00bb22px\u00bb header_6_4_font_size_tablet=\u00bb22px\u00bb header_2_4_font_size_phone=\u00bb18px\u00bb header_3_4_font_size_phone=\u00bb18px\u00bb header_4_4_font_size_phone=\u00bb18px\u00bb header_5_4_font_size_phone=\u00bb18px\u00bb header_6_4_font_size_phone=\u00bb18px\u00bb header_2_4_font_size_last_edited=\u00bbon|phone\u00bb header_3_4_font_size_last_edited=\u00bbon|phone\u00bb header_4_4_font_size_last_edited=\u00bbon|phone\u00bb header_5_4_font_size_last_edited=\u00bbon|phone\u00bb header_6_4_font_size_last_edited=\u00bbon|phone\u00bb header_2_5_font_size_phone=\u00bb16px\u00bb header_3_5_font_size_phone=\u00bb16px\u00bb header_4_5_font_size_phone=\u00bb16px\u00bb header_5_5_font_size_phone=\u00bb16px\u00bb header_6_5_font_size_phone=\u00bb16px\u00bb header_2_5_font_size_last_edited=\u00bbon|tablet\u00bb header_3_5_font_size_last_edited=\u00bbon|tablet\u00bb header_4_5_font_size_last_edited=\u00bbon|tablet\u00bb header_5_5_font_size_last_edited=\u00bbon|tablet\u00bb header_6_5_font_size_last_edited=\u00bbon|tablet\u00bb]<\/p>\n<h6><b>VIAJAR A MALLORCA EN MAYO<\/b><\/h6>\n<h1>Viajar a Palma de Mallorca en Mayo<\/h1>\n<p>[\/et_pb_text][et_pb_image src=\u00bbhttps:\/\/surmasterprojects.com\/wp-content\/uploads\/2024\/04\/sea-coast-water-nature-ocean-cliff-1096932-pxhere.com_.jpg\u00bb title_text=\u00bbsea-coast-water-nature-ocean-cliff-1096932-pxhere.com\u00bb align=\u00bbcenter\u00bb _builder_version=\u00bb4.24.3&#8243; global_colors_info=\u00bb{}\u00bb][\/et_pb_image][\/et_pb_column][\/et_pb_row][et_pb_row column_structure=\u00bb1_2,1_2&#8243; _builder_version=\u00bb4.16&#8243; custom_padding=\u00bb||0px|||\u00bb global_colors_info=\u00bb{}\u00bb][et_pb_column type=\u00bb1_2&#8243; _builder_version=\u00bb4.16&#8243; global_colors_info=\u00bb{}\u00bb][et_pb_text _builder_version=\u00bb4.24.3&#8243; header_font=\u00bbBellefair||||||||\u00bb header_text_color=\u00bb#000000&#8243; header_font_size=\u00bb48px\u00bb header_line_height=\u00bb1.2em\u00bb header_2_font=\u00bbBellefair||||||||\u00bb header_2_text_align=\u00bbleft\u00bb header_2_text_color=\u00bb#000000&#8243; header_2_font_size=\u00bb48px\u00bb header_2_line_height=\u00bb1.2em\u00bb header_3_font=\u00bbBellefair||||||||\u00bb header_3_text_color=\u00bb#000000&#8243; header_3_font_size=\u00bb38px\u00bb header_3_line_height=\u00bb1.2em\u00bb header_4_font=\u00bbBellefair||||||||\u00bb header_4_text_color=\u00bb#000000&#8243; header_4_font_size=\u00bb30px\u00bb header_4_line_height=\u00bb1.4em\u00bb header_5_font=\u00bbBellefair||||||||\u00bb header_5_text_color=\u00bb#000000&#8243; header_5_font_size=\u00bb22px\u00bb header_5_line_height=\u00bb1.2em\u00bb header_6_font=\u00bbMontserrat|700||on|||||\u00bb header_6_text_color=\u00bb#ff4e00&#8243; header_6_font_size=\u00bb12px\u00bb header_6_letter_spacing=\u00bb2px\u00bb header_6_line_height=\u00bb1.2em\u00bb header_font_size_tablet=\u00bb42px\u00bb header_font_size_phone=\u00bb34px\u00bb header_font_size_last_edited=\u00bbon|tablet\u00bb header_2_font_size_tablet=\u00bb42px\u00bb header_2_font_size_phone=\u00bb34px\u00bb header_2_font_size_last_edited=\u00bbon|tablet\u00bb header_3_font_size_tablet=\u00bb34px\u00bb header_3_font_size_phone=\u00bb28px\u00bb header_3_font_size_last_edited=\u00bbon|phone\u00bb header_4_font_size_tablet=\u00bb22px\u00bb header_4_font_size_phone=\u00bb18px\u00bb header_4_font_size_last_edited=\u00bbon|phone\u00bb header_5_font_size_tablet=\u00bb\u00bb header_5_font_size_phone=\u00bb16px\u00bb header_5_font_size_last_edited=\u00bbon|tablet\u00bb border_color_all=\u00bb#ff4e00&#8243; border_width_bottom=\u00bb4px\u00bb text_text_align=\u00bbjustify\u00bb locked=\u00bboff\u00bb global_colors_info=\u00bb{}\u00bb header_2_2_font_size_tablet=\u00bb42px\u00bb header_3_2_font_size_tablet=\u00bb42px\u00bb header_4_2_font_size_tablet=\u00bb42px\u00bb header_5_2_font_size_tablet=\u00bb42px\u00bb header_6_2_font_size_tablet=\u00bb42px\u00bb header_2_2_font_size_phone=\u00bb34px\u00bb header_3_2_font_size_phone=\u00bb34px\u00bb header_4_2_font_size_phone=\u00bb34px\u00bb header_5_2_font_size_phone=\u00bb34px\u00bb header_6_2_font_size_phone=\u00bb34px\u00bb header_2_2_font_size_last_edited=\u00bbon|tablet\u00bb header_3_2_font_size_last_edited=\u00bbon|tablet\u00bb header_4_2_font_size_last_edited=\u00bbon|tablet\u00bb header_5_2_font_size_last_edited=\u00bbon|tablet\u00bb header_6_2_font_size_last_edited=\u00bbon|tablet\u00bb header_2_3_font_size_tablet=\u00bb34px\u00bb header_3_3_font_size_tablet=\u00bb34px\u00bb header_4_3_font_size_tablet=\u00bb34px\u00bb header_5_3_font_size_tablet=\u00bb34px\u00bb header_6_3_font_size_tablet=\u00bb34px\u00bb header_2_3_font_size_phone=\u00bb28px\u00bb header_3_3_font_size_phone=\u00bb28px\u00bb header_4_3_font_size_phone=\u00bb28px\u00bb header_5_3_font_size_phone=\u00bb28px\u00bb header_6_3_font_size_phone=\u00bb28px\u00bb header_2_3_font_size_last_edited=\u00bbon|phone\u00bb header_3_3_font_size_last_edited=\u00bbon|phone\u00bb header_4_3_font_size_last_edited=\u00bbon|phone\u00bb header_5_3_font_size_last_edited=\u00bbon|phone\u00bb header_6_3_font_size_last_edited=\u00bbon|phone\u00bb header_2_4_font_size_tablet=\u00bb22px\u00bb header_3_4_font_size_tablet=\u00bb22px\u00bb header_4_4_font_size_tablet=\u00bb22px\u00bb header_5_4_font_size_tablet=\u00bb22px\u00bb header_6_4_font_size_tablet=\u00bb22px\u00bb header_2_4_font_size_phone=\u00bb18px\u00bb header_3_4_font_size_phone=\u00bb18px\u00bb header_4_4_font_size_phone=\u00bb18px\u00bb header_5_4_font_size_phone=\u00bb18px\u00bb header_6_4_font_size_phone=\u00bb18px\u00bb header_2_4_font_size_last_edited=\u00bbon|phone\u00bb header_3_4_font_size_last_edited=\u00bbon|phone\u00bb header_4_4_font_size_last_edited=\u00bbon|phone\u00bb header_5_4_font_size_last_edited=\u00bbon|phone\u00bb header_6_4_font_size_last_edited=\u00bbon|phone\u00bb header_2_5_font_size_phone=\u00bb16px\u00bb header_3_5_font_size_phone=\u00bb16px\u00bb header_4_5_font_size_phone=\u00bb16px\u00bb header_5_5_font_size_phone=\u00bb16px\u00bb header_6_5_font_size_phone=\u00bb16px\u00bb header_2_5_font_size_last_edited=\u00bbon|tablet\u00bb header_3_5_font_size_last_edited=\u00bbon|tablet\u00bb header_4_5_font_size_last_edited=\u00bbon|tablet\u00bb header_5_5_font_size_last_edited=\u00bbon|tablet\u00bb header_6_5_font_size_last_edited=\u00bbon|tablet\u00bb]<\/p>\n<h4>Mallorca, la joya del Mediterr\u00e1neo, se presenta en todo su esplendor durante el mes de mayo. Con su clima perfecto y una explosi\u00f3n de colores en la naturaleza, esta isla balear ofrece una amplia gama de actividades y experiencias para todos los gustos.<\/h4>\n<p>[\/et_pb_text][et_pb_text _builder_version=\u00bb4.24.3&#8243; text_font=\u00bb||||||||\u00bb text_font_size=\u00bb16px\u00bb text_line_height=\u00bb2em\u00bb text_orientation=\u00bbjustified\u00bb text_font_size_tablet=\u00bb15px\u00bb text_font_size_phone=\u00bb14px\u00bb text_font_size_last_edited=\u00bbon|phone\u00bb locked=\u00bboff\u00bb global_colors_info=\u00bb{}\u00bb]<\/p>\n<p>Desde emocionantes excursiones a lugares emblem\u00e1ticos hasta la exploraci\u00f3n de encantadores pueblos y la participaci\u00f3n en festividades locales, Mallorca en mayo promete ser una experiencia inolvidable para quienes la visitan..<\/p>\n<p>Mayo es un mes fant\u00e1stico para visitar Mallorca. Con su clima c\u00e1lido, una amplia gama de actividades y eventos, y una belleza natural impresionante, la isla ofrece una experiencia inolvidable para todos los que la visitan. \u00a1Prepara tus maletas y ven a descubrir todo lo que Mallorca tiene para ofrecer en mayo!<\/p>\n<p>[\/et_pb_text][\/et_pb_column][et_pb_column type=\u00bb1_2&#8243; _builder_version=\u00bb4.16&#8243; global_colors_info=\u00bb{}\u00bb][et_pb_text _builder_version=\u00bb4.24.3&#8243; text_font=\u00bb||||||||\u00bb text_font_size=\u00bb16px\u00bb text_line_height=\u00bb2em\u00bb header_2_line_height=\u00bb1.4em\u00bb text_orientation=\u00bbjustified\u00bb text_font_size_tablet=\u00bb15px\u00bb text_font_size_phone=\u00bb14px\u00bb text_font_size_last_edited=\u00bbon|phone\u00bb locked=\u00bboff\u00bb global_colors_info=\u00bb{}\u00bb]<\/p>\n<h2>Clima y Ba\u00f1os en el Mar<\/h2>\n<p>Mayo en Mallorca ofrece temperaturas c\u00e1lidas, con un promedio diurno de alrededor de +22\u00b0C y m\u00ednimas nocturnas de +13\u00b0C. Aunque el agua a\u00fan puede estar un poco fresca para los locales, para los turistas puede ser una \u00e9poca perfecta para disfrutar de las playas, con temperaturas del agua que van desde +17\u00b0C a principios de mes hasta +20\u00b0C hacia finales de mayo. Las playas como Es Trenc, Playa de Muro y Playa de Palma son destinos ideales para disfrutar del sol y el mar durante este mes.<\/p>\n<h2>\u00bfQu\u00e9 ver en Mallorca durante mayo?<\/h2>\n<p>Mallorca ofrece una variedad de destinos encantadores para explorar durante mayo. Desde el casco antiguo de Palma hasta las pintorescas aldeas de monta\u00f1a como Valldemossa y Dei\u00e0, hay algo para todos los gustos.<\/p>\n<p>Adem\u00e1s, los parques naturales como la Sierra de Tramontana y las reservas marinas son ideales para los amantes de la naturaleza y el senderismo.<\/p>\n<p>[\/et_pb_text][\/et_pb_column][\/et_pb_row][et_pb_row column_structure=\u00bb1_2,1_2&#8243; _builder_version=\u00bb4.16&#8243; custom_padding=\u00bb||0px|||\u00bb global_colors_info=\u00bb{}\u00bb][et_pb_column type=\u00bb1_2&#8243; _builder_version=\u00bb4.16&#8243; global_colors_info=\u00bb{}\u00bb][et_pb_image src=\u00bbhttps:\/\/surmasterprojects.com\/wp-content\/uploads\/2024\/03\/palma-de-mallorca-torres-scaled-e1709562688204.jpg\u00bb title_text=\u00bbpalma-mallorca-torres\u00bb _builder_version=\u00bb4.24.2&#8243; _module_preset=\u00bbdefault\u00bb global_colors_info=\u00bb{}\u00bb][\/et_pb_image][\/et_pb_column][et_pb_column type=\u00bb1_2&#8243; _builder_version=\u00bb4.16&#8243; global_colors_info=\u00bb{}\u00bb][et_pb_text _builder_version=\u00bb4.24.3&#8243; text_font=\u00bb||||||||\u00bb text_font_size=\u00bb16px\u00bb text_line_height=\u00bb2em\u00bb header_2_line_height=\u00bb1.4em\u00bb text_orientation=\u00bbjustified\u00bb text_font_size_tablet=\u00bb15px\u00bb text_font_size_phone=\u00bb14px\u00bb text_font_size_last_edited=\u00bbon|phone\u00bb locked=\u00bboff\u00bb global_colors_info=\u00bb{}\u00bb]<\/p>\n<h3>Fiestas y Celebraciones Locales<\/h3>\n<p>Mayo en Mallorca est\u00e1 lleno de festividades y celebraciones locales. Desde el Sant Joan Pel\u00f3s en Pollen\u00e7a hasta la Feria del Vi en Binissalem, hay eventos para todos los intereses. La Feria de Mayo en S\u00f3ller y la Nit de Foc en Palma son solo algunas de las festividades que no te puedes perder durante tu visita.<\/p>\n<h3><\/h3>\n<h2>Belleza natural de Mallorca en Mayo<\/h2>\n<p>Mallorca es conocida por su belleza natural y sus encantadores pueblos. Durante mayo, el Faro de Formentor, el casco antiguo de Palma y la ruta hacia el oeste de la isla son destinos populares. Adem\u00e1s, lugares como el Jard\u00edn Bot\u00e1nico de Mallorca y la Granja de Avestruces ofrecen experiencias \u00fanicas para los visitantes.<\/p>\n<p>&nbsp;<\/p>\n<p>&nbsp;<\/p>\n<p>[\/et_pb_text][\/et_pb_column][\/et_pb_row][et_pb_row _builder_version=\u00bb4.21.0&#8243; _module_preset=\u00bbdefault\u00bb custom_padding=\u00bb||11px|||\u00bb global_colors_info=\u00bb{}\u00bb][et_pb_column type=\u00bb4_4&#8243; _builder_version=\u00bb4.21.0&#8243; _module_preset=\u00bbdefault\u00bb global_colors_info=\u00bb{}\u00bb][et_pb_divider color=\u00bb#f75e00&#8243; divider_weight=\u00bb4px\u00bb _builder_version=\u00bb4.21.0&#8243; _module_preset=\u00bbdefault\u00bb width=\u00bb40%\u00bb module_alignment=\u00bbcenter\u00bb global_colors_info=\u00bb{}\u00bb][\/et_pb_divider][\/et_pb_column][\/et_pb_row][et_pb_row column_structure=\u00bb1_2,1_2&#8243; _builder_version=\u00bb4.21.0&#8243; custom_padding=\u00bb||0px|||\u00bb global_colors_info=\u00bb{}\u00bb][et_pb_column type=\u00bb1_2&#8243; _builder_version=\u00bb4.16&#8243; global_colors_info=\u00bb{}\u00bb][et_pb_text _builder_version=\u00bb4.25.0&#8243; text_font=\u00bb||||||||\u00bb text_font_size=\u00bb16px\u00bb text_line_height=\u00bb2em\u00bb header_2_line_height=\u00bb1.4em\u00bb text_orientation=\u00bbjustified\u00bb hover_enabled=\u00bb0&#8243; text_font_size_tablet=\u00bb15px\u00bb text_font_size_phone=\u00bb14px\u00bb text_font_size_last_edited=\u00bbon|phone\u00bb locked=\u00bboff\u00bb global_colors_info=\u00bb{}\u00bb sticky_enabled=\u00bb0&#8243;]<\/p>\n<h3>La primavera a Mallorca durante Mayo<\/h3>\n<p>En mayo Mallorca se llena de color con una gran variedad de flores y plantas en plena floraci\u00f3n. Desde la Hierba de Santa Margalida hasta el Lirio de Mar, la isla ofrece una experiencia visualmente impresionante para los amantes de la naturaleza.<\/p>\n<p>Durante el mes de Mayo la primavera florece en Mallorca generando unos paisajes naturales extremadamente bellos, por lo que puede ser un buen mes para visitar la isla teniendo en cuenta adem\u00e1s que las playas aun no estan tan masificadas durante este mes como en los meses de verano.\u00a0<\/p>\n<p>&nbsp;<\/p>\n<h2>Eventos y Actividades de Mallorca en Mayo<\/h2>\n<p>Mayo es un mes lleno de eventos y actividades en Mallorca. Desde el Fir\u00f3 de S\u00f3ller hasta el Mallorca Live Festival en Magaluf, hay opciones para todos los gustos. Adem\u00e1s, los mercados y ferias locales ofrecen una oportunidad \u00fanica para explorar la cultura y la gastronom\u00eda de la isla.<\/p>\n<p>[\/et_pb_text][et_pb_image src=\u00bbhttps:\/\/surmasterprojects.com\/wp-content\/uploads\/2024\/03\/pueblo-espanol-palma-mallorca-scaled-e1712656861365.jpg\u00bb title_text=\u00bbpueblo-espa\u00f1ol-palma-mallorca\u00bb _builder_version=\u00bb4.24.3&#8243; _module_preset=\u00bbdefault\u00bb global_colors_info=\u00bb{}\u00bb][\/et_pb_image][et_pb_text _builder_version=\u00bb4.24.3&#8243; text_font=\u00bb||||||||\u00bb text_font_size=\u00bb16px\u00bb text_line_height=\u00bb2em\u00bb header_2_line_height=\u00bb1.4em\u00bb text_orientation=\u00bbjustified\u00bb text_font_size_tablet=\u00bb15px\u00bb text_font_size_phone=\u00bb14px\u00bb text_font_size_last_edited=\u00bbon|phone\u00bb locked=\u00bboff\u00bb global_colors_info=\u00bb{}\u00bb]<\/p>\n<h2>\u00bfQu\u00e9 hacer en Mallorca en mayo?<\/h2>\n<h3><\/h3>\n<h3>Excursi\u00f3n a Sa Calobra: Una Aventura Costera<\/h3>\n<p>Una de las excursiones m\u00e1s destacadas en Mallorca en mayo es la visita a Sa Calobra, un para\u00edso escondido en la costa noroeste de la isla. Rodeado de impresionantes monta\u00f1as y acantilados, este rinc\u00f3n ofrece una playa en forma de concha ba\u00f1ada por aguas cristalinas. Aqu\u00ed, los visitantes pueden adentrarse en el desfiladero de Torrent de Pareis, una garganta natural de impresionante belleza.<\/p>\n<h4><\/h4>\n<h4>Opci\u00f3n de Acceso por Mar a Sa Calobra<\/h4>\n<p>Para aquellos que deseen una experiencia \u00fanica, se puede optar por una excursi\u00f3n en barco desde el Puerto de S\u00f3ller. Este tranquilo viaje de 50 minutos ofrece vistas panor\u00e1micas de la costa mallorquina, culminando con la impresionante vista de Sa Calobra desde el mar.<\/p>\n<p>&nbsp;<\/p>\n<h3>Festa de es Fir\u00f3 de Soller: Historia y Tradici\u00f3n<\/h3>\n<p>El segundo d\u00eda de mayo, S\u00f3ller celebra la Festa de es Fir\u00f3, una festividad que conmemora el desembarco de corsarios turcos y argelinos en el Puerto de S\u00f3ller en 1561. Esta colorida celebraci\u00f3n incluye recreaciones de batallas entre corsarios y locales vestidos de payeses, acompa\u00f1adas de m\u00fasica, bailes y fuegos artificiales.<\/p>\n<p>[\/et_pb_text][et_pb_image src=\u00bbhttps:\/\/surmasterprojects.com\/wp-content\/uploads\/2024\/04\/rock-architecture-antique-window-building-old-683769-pxhere.com_.jpg\u00bb title_text=\u00bbrock-architecture-antique-window-building-old-683769-pxhere.com\u00bb _builder_version=\u00bb4.24.3&#8243; _module_preset=\u00bbdefault\u00bb global_colors_info=\u00bb{}\u00bb][\/et_pb_image][\/et_pb_column][et_pb_column type=\u00bb1_2&#8243; _builder_version=\u00bb4.16&#8243; global_colors_info=\u00bb{}\u00bb][et_pb_image src=\u00bbhttps:\/\/surmasterprojects.com\/wp-content\/uploads\/2024\/04\/architecture-wood-road-street-town-alley-834408-pxhere.com_.jpg\u00bb title_text=\u00bbarchitecture-wood-road-street-town-alley-834408-pxhere.com\u00bb _builder_version=\u00bb4.24.3&#8243; _module_preset=\u00bbdefault\u00bb global_colors_info=\u00bb{}\u00bb][\/et_pb_image][et_pb_text _builder_version=\u00bb4.24.3&#8243; text_font=\u00bb||||||||\u00bb text_font_size=\u00bb16px\u00bb text_line_height=\u00bb2em\u00bb header_2_line_height=\u00bb1.4em\u00bb text_orientation=\u00bbjustified\u00bb text_font_size_tablet=\u00bb15px\u00bb text_font_size_phone=\u00bb14px\u00bb text_font_size_last_edited=\u00bbon|phone\u00bb locked=\u00bboff\u00bb global_colors_info=\u00bb{}\u00bb]<\/p>\n<h2>Gastronom\u00eda Mallorquina en Mayo<\/h2>\n<p>La cocina mallorquina es una delicia durante todo el a\u00f1o, pero en mayo, con la llegada de frutas y verduras de temporada, es especialmente sabrosa. Desde frutas como melones y cerezas hasta mariscos frescos y carnes de granja, hay algo para todos los paladares.<\/p>\n<h3>Fira del Caragol de Sant Jordi: Una Fiesta Gastron\u00f3mica<\/h3>\n<p>La Feria del Caracol de Sant Jordi es una oportunidad para disfrutar de la rica gastronom\u00eda mallorquina. Con actividades como carreras de caracoles y degustaciones de platos tradicionales, esta festividad ofrece una muestra del delicioso patrimonio culinario de la isla.<\/p>\n<h2>Tarifas y Alojamientos de Mallorca en Mayo<\/h2>\n<p>Es importante tener en cuenta que mayo es un mes popular en Mallorca, por lo que las tarifas de hoteles y alquileres tienden a ser m\u00e1s altas. Sin embargo, con una planificaci\u00f3n adecuada, a\u00fan es posible encontrar opciones asequibles.<\/p>\n<p>Desde apartamentos en alquiler hasta hoteles de lujo, hay alojamientos para todos los presupuestos.<\/p>\n<p>[\/et_pb_text][et_pb_image src=\u00bbhttps:\/\/surmasterprojects.com\/wp-content\/uploads\/2023\/12\/ruta-senderismo-calador-e1703689076524.jpg\u00bb title_text=\u00bbruta-senderismo-calador\u00bb align=\u00bbcenter\u00bb _builder_version=\u00bb4.24.3&#8243; _module_preset=\u00bbdefault\u00bb global_colors_info=\u00bb{}\u00bb][\/et_pb_image][et_pb_text _builder_version=\u00bb4.24.3&#8243; text_font=\u00bb||||||||\u00bb text_font_size=\u00bb16px\u00bb text_line_height=\u00bb2em\u00bb header_2_line_height=\u00bb1.4em\u00bb text_orientation=\u00bbjustified\u00bb text_font_size_tablet=\u00bb15px\u00bb text_font_size_phone=\u00bb14px\u00bb text_font_size_last_edited=\u00bbon|phone\u00bb locked=\u00bboff\u00bb global_colors_info=\u00bb{}\u00bb]<\/p>\n<h3>Excursi\u00f3n en Quad: Aventura Todo Terreno<\/h3>\n<p>Para los m\u00e1s aventureros, una excursi\u00f3n en quad de tres horas desde el Puerto de Alcudia hasta el Puerto de Pollensa es una opci\u00f3n emocionante. Esta traves\u00eda ofrece vistas espectaculares del paisaje rural de Mallorca, culminando en el Mirador de Es Colomer, donde los visitantes pueden disfrutar de impresionantes vistas del mar Mediterr\u00e1neo y los acantilados.<\/p>\n<h3>Las mejores calas de Mallorca en mayo<\/h3>\n<p>Mallorca en mayo ofrece la oportunidad perfecta para descubrir las pintorescas calas de la isla. Desde la animada Cala d\u2019Or hasta la tranquila Cala Torta, cada rinc\u00f3n costero ofrece una experiencia \u00fanica. Los visitantes pueden disfrutar de aguas cristalinas, arena fina y paisajes id\u00edlicos en estas calas escondidas.<\/p>\n<p>[\/et_pb_text][\/et_pb_column][\/et_pb_row][et_pb_row _builder_version=\u00bb4.21.0&#8243; custom_padding=\u00bb34px||0px|||\u00bb global_colors_info=\u00bb{}\u00bb][et_pb_column type=\u00bb4_4&#8243; _builder_version=\u00bb4.16&#8243; global_colors_info=\u00bb{}\u00bb][et_pb_divider color=\u00bb#f75e00&#8243; divider_weight=\u00bb4px\u00bb _builder_version=\u00bb4.21.0&#8243; _module_preset=\u00bbdefault\u00bb width=\u00bb40%\u00bb module_alignment=\u00bbcenter\u00bb global_colors_info=\u00bb{}\u00bb][\/et_pb_divider][et_pb_text _builder_version=\u00bb4.24.3&#8243; text_font=\u00bb||||||||\u00bb text_font_size=\u00bb16px\u00bb text_line_height=\u00bb2em\u00bb header_2_line_height=\u00bb1.4em\u00bb text_orientation=\u00bbjustified\u00bb custom_margin=\u00bb-4px||66px|||\u00bb text_font_size_tablet=\u00bb15px\u00bb text_font_size_phone=\u00bb14px\u00bb text_font_size_last_edited=\u00bbon|phone\u00bb locked=\u00bboff\u00bb global_colors_info=\u00bb{}\u00bb]<\/p>\n<h2>Consejos para Viajar a Mallorca en Mayo<\/h2>\n<p>Para aprovechar al m\u00e1ximo tu visita a Mallorca en mayo, es recomendable planificar con anticipaci\u00f3n y reservar actividades con anticipaci\u00f3n, especialmente aquellas que son populares entre los visitantes. Adem\u00e1s, es importante recordar llevar protecci\u00f3n solar y agua, ya que el clima puede ser c\u00e1lido durante esta \u00e9poca del a\u00f1o.<\/p>\n<p>En resumen, mayo es un mes fant\u00e1stico para visitar Mallorca. Con su clima c\u00e1lido, una amplia gama de actividades y eventos, y una belleza natural impresionante, la isla ofrece una experiencia inolvidable para todos los que la visitan. \u00a1Prepara tus maletas y ven a descubrir todo lo que Mallorca tiene para ofrecer en mayo!<\/p>\n<p>[\/et_pb_text][et_pb_text quote_border_color=\u00bb#E09900&#8243; _builder_version=\u00bb4.24.3&#8243; text_font=\u00bb||||||||\u00bb text_font_size=\u00bb16px\u00bb text_line_height=\u00bb2em\u00bb header_2_line_height=\u00bb1.4em\u00bb text_orientation=\u00bbjustified\u00bb custom_margin=\u00bb||42px|||\u00bb text_font_size_tablet=\u00bb15px\u00bb text_font_size_phone=\u00bb14px\u00bb text_font_size_last_edited=\u00bbon|phone\u00bb locked=\u00bboff\u00bb global_colors_info=\u00bb{}\u00bb]<\/p>\n<blockquote>\n<h2><span style=\"font-weight: 400;\">Preguntas Frecuentes sobre Viajar a Mallorca en mayo<\/span><\/h2>\n<\/blockquote>\n<h3>\u00bfVale la pena viajar a Mallorca en mayo?<\/h3>\n<p>S\u00ed, vale la pena. Mayo es un momento perfecto para visitar Mallorca, ya que las temperaturas son agradables y hay menos turistas que durante los meses de verano. Todos los restaurantes y lugares de ocio est\u00e1n abiertos, lo que permite disfrutar plenamente de la isla.<\/p>\n<h3>\u00bfQu\u00e9 temperatura hay en Mallorca en mayo?<\/h3>\n<p>La temperatura en Mallorca durante mayo es agradable ya que no hace demasiado calor, la tempertura suele oscilar entre los 20 y 24\u00baC, con m\u00ednimas que rondan los 12-15\u00baC.\u00a0<\/p>\n<h3>\u00bfSe puede nadar en el mar en Mallorca en mayo?<\/h3>\n<p>Aunque todav\u00eda no haga mucho calor, mayo es un mes en el que se pueden encontrar ba\u00f1istas en las playas por toda la isla, aunque depende de tu tolerancia al frio.<\/p>\n<h3>\u00bfLlueve mucho en Mallorca en mayo?<\/h3>\n<p>No, las precipitaciones en Mallorca durante mayo son moderadas. Aunque pueden darse algunas lluvias, la cantidad de precipitaci\u00f3n suele disminuir hacia finales de mayo con la llegada del verano. En promedio, Mallorca recibe alrededor de 29 mm de lluvia en abril y mayo.<\/p>\n<h3>\u00bfMallorca est\u00e1 llena de gente en mayo?<\/h3>\n<p>No, mayo a\u00fan se considera temporada baja en Mallorca. Aunque hay turistas, no hay multitudes abrumadoras como en los meses de verano. Es un buen momento para visitar la isla y disfrutar de una experiencia m\u00e1s tranquila y relajada.<\/p>\n<p>[\/et_pb_text][\/et_pb_column][\/et_pb_row][\/et_pb_section]<\/p>\n","protected":false},"excerpt":{"rendered":"<p>VIAJAR A MALLORCA EN MAYO Viajar a Palma de Mallorca en MayoMallorca, la joya del Mediterr\u00e1neo, se presenta en todo su esplendor durante el mes de mayo. Con su clima perfecto y una explosi\u00f3n de colores en la naturaleza, esta isla balear ofrece una amplia gama de actividades y experiencias para todos los gustos.Desde emocionantes [&hellip;]<\/p>\n","protected":false},"author":1,"featured_media":7941,"parent":7644,"menu_order":0,"comment_status":"closed","ping_status":"closed","template":"","meta":{"_et_pb_use_builder":"on","_et_pb_old_content":"","_et_gb_content_width":"","footnotes":""},"class_list":["post-8280","page","type-page","status-publish","has-post-thumbnail","hentry"],"yoast_head":"<!-- This site is optimized with the Yoast SEO plugin v27.4 - https:\/\/yoast.com\/product\/yoast-seo-wordpress\/ -->\n<title>Surmaster Projects<\/title>\n<meta name=\"robots\" content=\"index, follow, max-snippet:-1, max-image-preview:large, max-video-preview:-1\" \/>\n<link rel=\"canonical\" href=\"https:\/\/surmasterprojects.com\/es\/blog\/viajar-a-mallorca-en-mayo\/\" \/>\n<meta property=\"og:locale\" content=\"es_ES\" \/>\n<meta property=\"og:type\" content=\"article\" \/>\n<meta property=\"og:description\" content=\"VIAJAR A MALLORCA EN MAYO Viajar a Palma de Mallorca en MayoMallorca, la joya del Mediterr\u00e1neo, se presenta en todo su esplendor durante el mes de mayo. Con su clima perfecto y una explosi\u00f3n de colores en la naturaleza, esta isla balear ofrece una amplia gama de actividades y experiencias para todos los gustos.Desde emocionantes [&hellip;]\" \/>\n<meta property=\"og:url\" content=\"https:\/\/surmasterprojects.com\/es\/blog\/viajar-a-mallorca-en-mayo\/\" \/>\n<meta property=\"og:site_name\" content=\"Surmaster Projects\" \/>\n<meta property=\"article:modified_time\" content=\"2024-05-02T13:14:25+00:00\" \/>\n<meta property=\"og:image\" content=\"https:\/\/surmasterprojects.com\/wp-content\/uploads\/2023\/11\/cala-dor_atardecer_5197259231-e1700765192604.jpg\" \/>\n\t<meta property=\"og:image:width\" content=\"640\" \/>\n\t<meta property=\"og:image:height\" content=\"691\" \/>\n\t<meta property=\"og:image:type\" content=\"image\/jpeg\" \/>\n<meta name=\"twitter:card\" content=\"summary_large_image\" \/>\n<meta name=\"twitter:label1\" content=\"Tiempo de lectura\" \/>\n\t<meta name=\"twitter:data1\" content=\"8 minutos\" \/>\n<script type=\"application\/ld+json\" class=\"yoast-schema-graph\">{\"@context\":\"https:\\\/\\\/schema.org\",\"@graph\":[{\"@type\":\"WebPage\",\"@id\":\"https:\\\/\\\/surmasterprojects.com\\\/es\\\/blog\\\/viajar-a-mallorca-en-mayo\\\/\",\"url\":\"https:\\\/\\\/surmasterprojects.com\\\/es\\\/blog\\\/viajar-a-mallorca-en-mayo\\\/\",\"name\":\"\",\"isPartOf\":{\"@id\":\"https:\\\/\\\/surmasterprojects.com\\\/es\\\/#website\"},\"primaryImageOfPage\":{\"@id\":\"https:\\\/\\\/surmasterprojects.com\\\/es\\\/blog\\\/viajar-a-mallorca-en-mayo\\\/#primaryimage\"},\"image\":{\"@id\":\"https:\\\/\\\/surmasterprojects.com\\\/es\\\/blog\\\/viajar-a-mallorca-en-mayo\\\/#primaryimage\"},\"thumbnailUrl\":\"https:\\\/\\\/surmasterprojects.com\\\/wp-content\\\/uploads\\\/2023\\\/11\\\/cala-dor_atardecer_5197259231-e1700765192604.jpg\",\"datePublished\":\"2024-04-08T16:16:49+00:00\",\"dateModified\":\"2024-05-02T13:14:25+00:00\",\"breadcrumb\":{\"@id\":\"https:\\\/\\\/surmasterprojects.com\\\/es\\\/blog\\\/viajar-a-mallorca-en-mayo\\\/#breadcrumb\"},\"inLanguage\":\"es\",\"potentialAction\":[{\"@type\":\"ReadAction\",\"target\":[\"https:\\\/\\\/surmasterprojects.com\\\/es\\\/blog\\\/viajar-a-mallorca-en-mayo\\\/\"]}]},{\"@type\":\"ImageObject\",\"inLanguage\":\"es\",\"@id\":\"https:\\\/\\\/surmasterprojects.com\\\/es\\\/blog\\\/viajar-a-mallorca-en-mayo\\\/#primaryimage\",\"url\":\"https:\\\/\\\/surmasterprojects.com\\\/wp-content\\\/uploads\\\/2023\\\/11\\\/cala-dor_atardecer_5197259231-e1700765192604.jpg\",\"contentUrl\":\"https:\\\/\\\/surmasterprojects.com\\\/wp-content\\\/uploads\\\/2023\\\/11\\\/cala-dor_atardecer_5197259231-e1700765192604.jpg\",\"width\":640,\"height\":691},{\"@type\":\"BreadcrumbList\",\"@id\":\"https:\\\/\\\/surmasterprojects.com\\\/es\\\/blog\\\/viajar-a-mallorca-en-mayo\\\/#breadcrumb\",\"itemListElement\":[{\"@type\":\"ListItem\",\"position\":1,\"name\":\"Portada\",\"item\":\"https:\\\/\\\/surmasterprojects.com\\\/es\\\/\"},{\"@type\":\"ListItem\",\"position\":2,\"name\":\"Blog\",\"item\":\"https:\\\/\\\/surmasterprojects.com\\\/es\\\/blog\\\/\"},{\"@type\":\"ListItem\",\"position\":3,\"name\":\"Viajar a Mallorca en Mayo\"}]},{\"@type\":\"WebSite\",\"@id\":\"https:\\\/\\\/surmasterprojects.com\\\/es\\\/#website\",\"url\":\"https:\\\/\\\/surmasterprojects.com\\\/es\\\/\",\"name\":\"Surmaster Projects\",\"description\":\"\",\"publisher\":{\"@id\":\"https:\\\/\\\/surmasterprojects.com\\\/es\\\/#organization\"},\"potentialAction\":[{\"@type\":\"SearchAction\",\"target\":{\"@type\":\"EntryPoint\",\"urlTemplate\":\"https:\\\/\\\/surmasterprojects.com\\\/es\\\/?s={search_term_string}\"},\"query-input\":{\"@type\":\"PropertyValueSpecification\",\"valueRequired\":true,\"valueName\":\"search_term_string\"}}],\"inLanguage\":\"es\"},{\"@type\":\"Organization\",\"@id\":\"https:\\\/\\\/surmasterprojects.com\\\/es\\\/#organization\",\"name\":\"Surmaster Projects\",\"url\":\"https:\\\/\\\/surmasterprojects.com\\\/es\\\/\",\"logo\":{\"@type\":\"ImageObject\",\"inLanguage\":\"es\",\"@id\":\"https:\\\/\\\/surmasterprojects.com\\\/es\\\/#\\\/schema\\\/logo\\\/image\\\/\",\"url\":\"https:\\\/\\\/surmasterprojects.com\\\/wp-content\\\/uploads\\\/2022\\\/04\\\/cropped-Logo_GrupoSurmaster_negativo.png\",\"contentUrl\":\"https:\\\/\\\/surmasterprojects.com\\\/wp-content\\\/uploads\\\/2022\\\/04\\\/cropped-Logo_GrupoSurmaster_negativo.png\",\"width\":512,\"height\":512,\"caption\":\"Surmaster Projects\"},\"image\":{\"@id\":\"https:\\\/\\\/surmasterprojects.com\\\/es\\\/#\\\/schema\\\/logo\\\/image\\\/\"}}]}<\/script>\n<!-- \/ Yoast SEO plugin. -->","yoast_head_json":{"title":"Surmaster Projects","robots":{"index":"index","follow":"follow","max-snippet":"max-snippet:-1","max-image-preview":"max-image-preview:large","max-video-preview":"max-video-preview:-1"},"canonical":"https:\/\/surmasterprojects.com\/es\/blog\/viajar-a-mallorca-en-mayo\/","og_locale":"es_ES","og_type":"article","og_description":"VIAJAR A MALLORCA EN MAYO Viajar a Palma de Mallorca en MayoMallorca, la joya del Mediterr\u00e1neo, se presenta en todo su esplendor durante el mes de mayo. Con su clima perfecto y una explosi\u00f3n de colores en la naturaleza, esta isla balear ofrece una amplia gama de actividades y experiencias para todos los gustos.Desde emocionantes [&hellip;]","og_url":"https:\/\/surmasterprojects.com\/es\/blog\/viajar-a-mallorca-en-mayo\/","og_site_name":"Surmaster Projects","article_modified_time":"2024-05-02T13:14:25+00:00","og_image":[{"width":640,"height":691,"url":"https:\/\/surmasterprojects.com\/wp-content\/uploads\/2023\/11\/cala-dor_atardecer_5197259231-e1700765192604.jpg","type":"image\/jpeg"}],"twitter_card":"summary_large_image","twitter_misc":{"Tiempo de lectura":"8 minutos"},"schema":{"@context":"https:\/\/schema.org","@graph":[{"@type":"WebPage","@id":"https:\/\/surmasterprojects.com\/es\/blog\/viajar-a-mallorca-en-mayo\/","url":"https:\/\/surmasterprojects.com\/es\/blog\/viajar-a-mallorca-en-mayo\/","name":"","isPartOf":{"@id":"https:\/\/surmasterprojects.com\/es\/#website"},"primaryImageOfPage":{"@id":"https:\/\/surmasterprojects.com\/es\/blog\/viajar-a-mallorca-en-mayo\/#primaryimage"},"image":{"@id":"https:\/\/surmasterprojects.com\/es\/blog\/viajar-a-mallorca-en-mayo\/#primaryimage"},"thumbnailUrl":"https:\/\/surmasterprojects.com\/wp-content\/uploads\/2023\/11\/cala-dor_atardecer_5197259231-e1700765192604.jpg","datePublished":"2024-04-08T16:16:49+00:00","dateModified":"2024-05-02T13:14:25+00:00","breadcrumb":{"@id":"https:\/\/surmasterprojects.com\/es\/blog\/viajar-a-mallorca-en-mayo\/#breadcrumb"},"inLanguage":"es","potentialAction":[{"@type":"ReadAction","target":["https:\/\/surmasterprojects.com\/es\/blog\/viajar-a-mallorca-en-mayo\/"]}]},{"@type":"ImageObject","inLanguage":"es","@id":"https:\/\/surmasterprojects.com\/es\/blog\/viajar-a-mallorca-en-mayo\/#primaryimage","url":"https:\/\/surmasterprojects.com\/wp-content\/uploads\/2023\/11\/cala-dor_atardecer_5197259231-e1700765192604.jpg","contentUrl":"https:\/\/surmasterprojects.com\/wp-content\/uploads\/2023\/11\/cala-dor_atardecer_5197259231-e1700765192604.jpg","width":640,"height":691},{"@type":"BreadcrumbList","@id":"https:\/\/surmasterprojects.com\/es\/blog\/viajar-a-mallorca-en-mayo\/#breadcrumb","itemListElement":[{"@type":"ListItem","position":1,"name":"Portada","item":"https:\/\/surmasterprojects.com\/es\/"},{"@type":"ListItem","position":2,"name":"Blog","item":"https:\/\/surmasterprojects.com\/es\/blog\/"},{"@type":"ListItem","position":3,"name":"Viajar a Mallorca en Mayo"}]},{"@type":"WebSite","@id":"https:\/\/surmasterprojects.com\/es\/#website","url":"https:\/\/surmasterprojects.com\/es\/","name":"Surmaster Projects","description":"","publisher":{"@id":"https:\/\/surmasterprojects.com\/es\/#organization"},"potentialAction":[{"@type":"SearchAction","target":{"@type":"EntryPoint","urlTemplate":"https:\/\/surmasterprojects.com\/es\/?s={search_term_string}"},"query-input":{"@type":"PropertyValueSpecification","valueRequired":true,"valueName":"search_term_string"}}],"inLanguage":"es"},{"@type":"Organization","@id":"https:\/\/surmasterprojects.com\/es\/#organization","name":"Surmaster Projects","url":"https:\/\/surmasterprojects.com\/es\/","logo":{"@type":"ImageObject","inLanguage":"es","@id":"https:\/\/surmasterprojects.com\/es\/#\/schema\/logo\/image\/","url":"https:\/\/surmasterprojects.com\/wp-content\/uploads\/2022\/04\/cropped-Logo_GrupoSurmaster_negativo.png","contentUrl":"https:\/\/surmasterprojects.com\/wp-content\/uploads\/2022\/04\/cropped-Logo_GrupoSurmaster_negativo.png","width":512,"height":512,"caption":"Surmaster Projects"},"image":{"@id":"https:\/\/surmasterprojects.com\/es\/#\/schema\/logo\/image\/"}}]}},"_links":{"self":[{"href":"https:\/\/surmasterprojects.com\/es\/wp-json\/wp\/v2\/pages\/8280","targetHints":{"allow":["GET"]}}],"collection":[{"href":"https:\/\/surmasterprojects.com\/es\/wp-json\/wp\/v2\/pages"}],"about":[{"href":"https:\/\/surmasterprojects.com\/es\/wp-json\/wp\/v2\/types\/page"}],"author":[{"embeddable":true,"href":"https:\/\/surmasterprojects.com\/es\/wp-json\/wp\/v2\/users\/1"}],"replies":[{"embeddable":true,"href":"https:\/\/surmasterprojects.com\/es\/wp-json\/wp\/v2\/comments?post=8280"}],"version-history":[{"count":6,"href":"https:\/\/surmasterprojects.com\/es\/wp-json\/wp\/v2\/pages\/8280\/revisions"}],"predecessor-version":[{"id":8407,"href":"https:\/\/surmasterprojects.com\/es\/wp-json\/wp\/v2\/pages\/8280\/revisions\/8407"}],"up":[{"embeddable":true,"href":"https:\/\/surmasterprojects.com\/es\/wp-json\/wp\/v2\/pages\/7644"}],"wp:featuredmedia":[{"embeddable":true,"href":"https:\/\/surmasterprojects.com\/es\/wp-json\/wp\/v2\/media\/7941"}],"wp:attachment":[{"href":"https:\/\/surmasterprojects.com\/es\/wp-json\/wp\/v2\/media?parent=8280"}],"curies":[{"name":"wp","href":"https:\/\/api.w.org\/{rel}","templated":true}]}}