{"id":8443,"date":"2024-06-10T11:55:38","date_gmt":"2024-06-10T11:55:38","guid":{"rendered":"https:\/\/surmasterprojects.com\/?page_id=8443"},"modified":"2024-06-10T12:35:01","modified_gmt":"2024-06-10T12:35:01","slug":"viajar-a-mallorca-en-agosto-guia-completa","status":"publish","type":"page","link":"https:\/\/surmasterprojects.com\/es\/blog\/viajar-a-mallorca-en-agosto-guia-completa\/","title":{"rendered":"Viajar a Mallorca en Agosto: Gu\u00eda Completa"},"content":{"rendered":"<p>[et_pb_section fb_built=\u00bb1&#8243; _builder_version=\u00bb4.21.0&#8243; _module_preset=\u00bbdefault\u00bb global_colors_info=\u00bb{}\u00bb][et_pb_row _builder_version=\u00bb4.24.2&#8243; custom_padding=\u00bb21px|||||\u00bb locked=\u00bboff\u00bb global_colors_info=\u00bb{}\u00bb][et_pb_column type=\u00bb4_4&#8243; _builder_version=\u00bb4.16&#8243; global_colors_info=\u00bb{}\u00bb][et_pb_text _builder_version=\u00bb4.25.1&#8243; header_font=\u00bbBellefair||||||||\u00bb header_font_size=\u00bb48px\u00bb header_line_height=\u00bb1.2em\u00bb header_2_font=\u00bbBellefair||||||||\u00bb header_2_text_color=\u00bb#000000&#8243; header_2_font_size=\u00bb48px\u00bb header_2_line_height=\u00bb1.2em\u00bb header_6_font=\u00bbMontserrat|700||on|||||\u00bb header_6_text_color=\u00bb#ff4e00&#8243; header_6_font_size=\u00bb12px\u00bb header_6_letter_spacing=\u00bb2px\u00bb header_6_line_height=\u00bb1.2em\u00bb text_orientation=\u00bbcenter\u00bb max_width=\u00bb700px\u00bb module_alignment=\u00bbcenter\u00bb header_2_font_size_tablet=\u00bb42px\u00bb header_2_font_size_phone=\u00bb34px\u00bb header_2_font_size_last_edited=\u00bbon|desktop\u00bb header_6_font_size_tablet=\u00bb42px\u00bb header_6_font_size_phone=\u00bb34px\u00bb header_6_font_size_last_edited=\u00bboff|phone\u00bb text_text_align=\u00bbjustify\u00bb locked=\u00bboff\u00bb global_colors_info=\u00bb{}\u00bb header_2_2_font_size_tablet=\u00bb42px\u00bb header_3_2_font_size_tablet=\u00bb42px\u00bb header_4_2_font_size_tablet=\u00bb42px\u00bb header_5_2_font_size_tablet=\u00bb42px\u00bb header_6_2_font_size_tablet=\u00bb42px\u00bb header_2_2_font_size_phone=\u00bb34px\u00bb header_3_2_font_size_phone=\u00bb34px\u00bb header_4_2_font_size_phone=\u00bb34px\u00bb header_5_2_font_size_phone=\u00bb34px\u00bb header_6_2_font_size_phone=\u00bb34px\u00bb header_2_2_font_size_last_edited=\u00bbon|tablet\u00bb header_3_2_font_size_last_edited=\u00bbon|tablet\u00bb header_4_2_font_size_last_edited=\u00bbon|tablet\u00bb header_5_2_font_size_last_edited=\u00bbon|tablet\u00bb header_6_2_font_size_last_edited=\u00bbon|tablet\u00bb header_2_3_font_size_tablet=\u00bb34px\u00bb header_3_3_font_size_tablet=\u00bb34px\u00bb header_4_3_font_size_tablet=\u00bb34px\u00bb header_5_3_font_size_tablet=\u00bb34px\u00bb header_6_3_font_size_tablet=\u00bb34px\u00bb header_2_3_font_size_phone=\u00bb28px\u00bb header_3_3_font_size_phone=\u00bb28px\u00bb header_4_3_font_size_phone=\u00bb28px\u00bb header_5_3_font_size_phone=\u00bb28px\u00bb header_6_3_font_size_phone=\u00bb28px\u00bb header_2_3_font_size_last_edited=\u00bbon|phone\u00bb header_3_3_font_size_last_edited=\u00bbon|phone\u00bb header_4_3_font_size_last_edited=\u00bbon|phone\u00bb header_5_3_font_size_last_edited=\u00bbon|phone\u00bb header_6_3_font_size_last_edited=\u00bbon|phone\u00bb header_2_4_font_size_tablet=\u00bb22px\u00bb header_3_4_font_size_tablet=\u00bb22px\u00bb header_4_4_font_size_tablet=\u00bb22px\u00bb header_5_4_font_size_tablet=\u00bb22px\u00bb header_6_4_font_size_tablet=\u00bb22px\u00bb header_2_4_font_size_phone=\u00bb18px\u00bb header_3_4_font_size_phone=\u00bb18px\u00bb header_4_4_font_size_phone=\u00bb18px\u00bb header_5_4_font_size_phone=\u00bb18px\u00bb header_6_4_font_size_phone=\u00bb18px\u00bb header_2_4_font_size_last_edited=\u00bbon|phone\u00bb header_3_4_font_size_last_edited=\u00bbon|phone\u00bb header_4_4_font_size_last_edited=\u00bbon|phone\u00bb header_5_4_font_size_last_edited=\u00bbon|phone\u00bb header_6_4_font_size_last_edited=\u00bbon|phone\u00bb header_2_5_font_size_phone=\u00bb16px\u00bb header_3_5_font_size_phone=\u00bb16px\u00bb header_4_5_font_size_phone=\u00bb16px\u00bb header_5_5_font_size_phone=\u00bb16px\u00bb header_6_5_font_size_phone=\u00bb16px\u00bb header_2_5_font_size_last_edited=\u00bbon|tablet\u00bb header_3_5_font_size_last_edited=\u00bbon|tablet\u00bb header_4_5_font_size_last_edited=\u00bbon|tablet\u00bb header_5_5_font_size_last_edited=\u00bbon|tablet\u00bb header_6_5_font_size_last_edited=\u00bbon|tablet\u00bb]<\/p>\n<h6><b>VIAJAR A MALLORCA EN AGOSTO<\/b><\/h6>\n<h1>Viajar a Palma de Mallorca en Agosto<\/h1>\n<p>[\/et_pb_text][et_pb_image src=\u00bbhttps:\/\/surmasterprojects.com\/wp-content\/uploads\/2024\/05\/1441px-Cala_Varques_29-1.jpg\u00bb title_text=\u00bb1441px-Cala_Varques_29&#8243; align=\u00bbcenter\u00bb _builder_version=\u00bb4.25.1&#8243; global_colors_info=\u00bb{}\u00bb][\/et_pb_image][\/et_pb_column][\/et_pb_row][et_pb_row column_structure=\u00bb1_2,1_2&#8243; _builder_version=\u00bb4.16&#8243; custom_padding=\u00bb||0px|||\u00bb global_colors_info=\u00bb{}\u00bb][et_pb_column type=\u00bb1_2&#8243; _builder_version=\u00bb4.16&#8243; global_colors_info=\u00bb{}\u00bb][et_pb_text _builder_version=\u00bb4.25.1&#8243; header_font=\u00bbBellefair||||||||\u00bb header_text_color=\u00bb#000000&#8243; header_font_size=\u00bb48px\u00bb header_line_height=\u00bb1.2em\u00bb header_2_font=\u00bbBellefair||||||||\u00bb header_2_text_align=\u00bbleft\u00bb header_2_text_color=\u00bb#000000&#8243; header_2_font_size=\u00bb48px\u00bb header_2_line_height=\u00bb1.2em\u00bb header_3_font=\u00bbBellefair||||||||\u00bb header_3_text_color=\u00bb#000000&#8243; header_3_font_size=\u00bb38px\u00bb header_3_line_height=\u00bb1.2em\u00bb header_4_font=\u00bbBellefair||||||||\u00bb header_4_text_color=\u00bb#000000&#8243; header_4_font_size=\u00bb30px\u00bb header_4_line_height=\u00bb1.4em\u00bb header_5_font=\u00bbBellefair||||||||\u00bb header_5_text_color=\u00bb#000000&#8243; header_5_font_size=\u00bb22px\u00bb header_5_line_height=\u00bb1.2em\u00bb header_6_font=\u00bbMontserrat|700||on|||||\u00bb header_6_text_color=\u00bb#ff4e00&#8243; header_6_font_size=\u00bb12px\u00bb header_6_letter_spacing=\u00bb2px\u00bb header_6_line_height=\u00bb1.2em\u00bb header_font_size_tablet=\u00bb42px\u00bb header_font_size_phone=\u00bb34px\u00bb header_font_size_last_edited=\u00bbon|tablet\u00bb header_2_font_size_tablet=\u00bb42px\u00bb header_2_font_size_phone=\u00bb34px\u00bb header_2_font_size_last_edited=\u00bbon|tablet\u00bb header_3_font_size_tablet=\u00bb34px\u00bb header_3_font_size_phone=\u00bb28px\u00bb header_3_font_size_last_edited=\u00bbon|phone\u00bb header_4_font_size_tablet=\u00bb22px\u00bb header_4_font_size_phone=\u00bb18px\u00bb header_4_font_size_last_edited=\u00bbon|phone\u00bb header_5_font_size_tablet=\u00bb\u00bb header_5_font_size_phone=\u00bb16px\u00bb header_5_font_size_last_edited=\u00bbon|tablet\u00bb border_color_all=\u00bb#ff4e00&#8243; border_width_bottom=\u00bb4px\u00bb text_text_align=\u00bbjustify\u00bb locked=\u00bboff\u00bb global_colors_info=\u00bb{}\u00bb header_2_2_font_size_tablet=\u00bb42px\u00bb header_3_2_font_size_tablet=\u00bb42px\u00bb header_4_2_font_size_tablet=\u00bb42px\u00bb header_5_2_font_size_tablet=\u00bb42px\u00bb header_6_2_font_size_tablet=\u00bb42px\u00bb header_2_2_font_size_phone=\u00bb34px\u00bb header_3_2_font_size_phone=\u00bb34px\u00bb header_4_2_font_size_phone=\u00bb34px\u00bb header_5_2_font_size_phone=\u00bb34px\u00bb header_6_2_font_size_phone=\u00bb34px\u00bb header_2_2_font_size_last_edited=\u00bbon|tablet\u00bb header_3_2_font_size_last_edited=\u00bbon|tablet\u00bb header_4_2_font_size_last_edited=\u00bbon|tablet\u00bb header_5_2_font_size_last_edited=\u00bbon|tablet\u00bb header_6_2_font_size_last_edited=\u00bbon|tablet\u00bb header_2_3_font_size_tablet=\u00bb34px\u00bb header_3_3_font_size_tablet=\u00bb34px\u00bb header_4_3_font_size_tablet=\u00bb34px\u00bb header_5_3_font_size_tablet=\u00bb34px\u00bb header_6_3_font_size_tablet=\u00bb34px\u00bb header_2_3_font_size_phone=\u00bb28px\u00bb header_3_3_font_size_phone=\u00bb28px\u00bb header_4_3_font_size_phone=\u00bb28px\u00bb header_5_3_font_size_phone=\u00bb28px\u00bb header_6_3_font_size_phone=\u00bb28px\u00bb header_2_3_font_size_last_edited=\u00bbon|phone\u00bb header_3_3_font_size_last_edited=\u00bbon|phone\u00bb header_4_3_font_size_last_edited=\u00bbon|phone\u00bb header_5_3_font_size_last_edited=\u00bbon|phone\u00bb header_6_3_font_size_last_edited=\u00bbon|phone\u00bb header_2_4_font_size_tablet=\u00bb22px\u00bb header_3_4_font_size_tablet=\u00bb22px\u00bb header_4_4_font_size_tablet=\u00bb22px\u00bb header_5_4_font_size_tablet=\u00bb22px\u00bb header_6_4_font_size_tablet=\u00bb22px\u00bb header_2_4_font_size_phone=\u00bb18px\u00bb header_3_4_font_size_phone=\u00bb18px\u00bb header_4_4_font_size_phone=\u00bb18px\u00bb header_5_4_font_size_phone=\u00bb18px\u00bb header_6_4_font_size_phone=\u00bb18px\u00bb header_2_4_font_size_last_edited=\u00bbon|phone\u00bb header_3_4_font_size_last_edited=\u00bbon|phone\u00bb header_4_4_font_size_last_edited=\u00bbon|phone\u00bb header_5_4_font_size_last_edited=\u00bbon|phone\u00bb header_6_4_font_size_last_edited=\u00bbon|phone\u00bb header_2_5_font_size_phone=\u00bb16px\u00bb header_3_5_font_size_phone=\u00bb16px\u00bb header_4_5_font_size_phone=\u00bb16px\u00bb header_5_5_font_size_phone=\u00bb16px\u00bb header_6_5_font_size_phone=\u00bb16px\u00bb header_2_5_font_size_last_edited=\u00bbon|tablet\u00bb header_3_5_font_size_last_edited=\u00bbon|tablet\u00bb header_4_5_font_size_last_edited=\u00bbon|tablet\u00bb header_5_5_font_size_last_edited=\u00bbon|tablet\u00bb header_6_5_font_size_last_edited=\u00bbon|tablet\u00bb]<\/p>\n<h4>Mallorca, la joya del Mediterr\u00e1neo, es uno de los destinos tur\u00edsticos m\u00e1s populares de Europa. Si est\u00e1s pensando en viajar a Mallorca en agosto, est\u00e1s en el momento ideal para disfrutar de sus playas paradis\u00edacas, su vibrante vida nocturna y sus impresionantes paisajes naturales.<\/h4>\n<p>[\/et_pb_text][et_pb_text _builder_version=\u00bb4.25.1&#8243; text_font=\u00bb||||||||\u00bb text_font_size=\u00bb16px\u00bb text_line_height=\u00bb2em\u00bb text_orientation=\u00bbjustified\u00bb custom_margin=\u00bb||47px|||\u00bb text_font_size_tablet=\u00bb15px\u00bb text_font_size_phone=\u00bb14px\u00bb text_font_size_last_edited=\u00bbon|phone\u00bb header_2_font_size_tablet=\u00bb\u00bb header_2_font_size_phone=\u00bb\u00bb header_2_font_size_last_edited=\u00bbon|phone\u00bb header_2_letter_spacing_tablet=\u00bb\u00bb header_2_letter_spacing_phone=\u00bb\u00bb header_2_letter_spacing_last_edited=\u00bbon|phone\u00bb header_2_line_height_tablet=\u00bb\u00bb header_2_line_height_phone=\u00bb1.3em\u00bb header_2_line_height_last_edited=\u00bbon|phone\u00bb locked=\u00bboff\u00bb global_colors_info=\u00bb{}\u00bb]<\/p>\n<h2>Clima y temperatura en Mallorca en Agosto<\/h2>\n<p><span style=\"font-weight: 400;\">Agosto es el mes m\u00e1s caluroso del a\u00f1o en Mallorca, con temperaturas que suelen oscilar entre los 25 y 35 grados Celsius.<\/span><\/p>\n<p><span style=\"font-weight: 400;\"> Viajar a Mallorca en agosto significa disfrutar de d\u00edas soleados y c\u00e1lidos, perfectos para actividades al aire libre y explorar la isla, aunque debes tener en cuenta que es uno de los meses del a\u00f1o donde m\u00e1s turismo hay, por que es muy recomendable que planifiques bien tu viaje con antelaci\u00f3n para aprovechar al m\u00e1ximo tu estancia en la isla.<\/span><\/p>\n<p>[\/et_pb_text][et_pb_image src=\u00bbhttps:\/\/surmasterprojects.com\/wp-content\/uploads\/2024\/05\/960px-Cala_Esmeralda_13.jpg\u00bb title_text=\u00bb960px-Cala_Esmeralda_13&#8243; _builder_version=\u00bb4.25.1&#8243; _module_preset=\u00bbdefault\u00bb custom_margin=\u00bb33px|||||\u00bb global_colors_info=\u00bb{}\u00bb][\/et_pb_image][\/et_pb_column][et_pb_column type=\u00bb1_2&#8243; _builder_version=\u00bb4.16&#8243; global_colors_info=\u00bb{}\u00bb][et_pb_text _builder_version=\u00bb4.25.1&#8243; text_font=\u00bb||||||||\u00bb text_font_size=\u00bb16px\u00bb text_line_height=\u00bb2em\u00bb text_orientation=\u00bbjustified\u00bb hover_enabled=\u00bb0&#8243; text_font_size_tablet=\u00bb15px\u00bb text_font_size_phone=\u00bb14px\u00bb text_font_size_last_edited=\u00bbon|phone\u00bb header_2_font_size_tablet=\u00bb\u00bb header_2_font_size_phone=\u00bb\u00bb header_2_font_size_last_edited=\u00bbon|phone\u00bb header_2_letter_spacing_tablet=\u00bb\u00bb header_2_letter_spacing_phone=\u00bb\u00bb header_2_letter_spacing_last_edited=\u00bbon|phone\u00bb header_2_line_height_tablet=\u00bb\u00bb header_2_line_height_phone=\u00bb1.3em\u00bb header_2_line_height_last_edited=\u00bbon|phone\u00bb locked=\u00bboff\u00bb global_colors_info=\u00bb{}\u00bb sticky_enabled=\u00bb0&#8243;]<\/p>\n<h2>Agosto es el mejor mes para disfrutar de las playas de Mallorca<\/h2>\n<p>Mallorca, la joya de las Islas Baleares en el Mar Mediterr\u00e1neo, es famosa por sus impresionantes playas de aguas cristalinas y paisajes espectaculares. Si est\u00e1s planeando un viaje a esta isla paradis\u00edaca, no puedes perderte la oportunidad de explorar algunas de sus playas m\u00e1s incre\u00edbles.<\/p>\n<p><span style=\"font-weight: 400;\">La isla cuenta con m\u00e1s de 200 playas y calas, cada una con su propio encanto. Desde las populares playas de Palma hasta las escondidas calas en la costa este, hay opciones para todos los gustos. Las aguas cristalinas y la arena fina hacen de Mallorca un destino perfecto para relajarse y disfrutar del sol.<\/span><\/p>\n<p>Desde calas escondidas hasta amplias extensiones de arena blanca, Mallorca tiene algo para todos los gustos. Aqu\u00ed te presentamos una gu\u00eda completa de las mejores playas de Mallorca para que puedas planificar tu pr\u00f3xima escapada de sol y mar.<\/p>\n<h3>Cala Agulla (Cala Ratjada, Art\u00e0)<\/h3>\n<p>Situada en el extremo oriental de Mallorca, Cala Agulla es un para\u00edso natural rodeado de pinos y monta\u00f1as. Sus aguas cristalinas y su fina arena la convierten en el lugar perfecto para disfrutar de un d\u00eda de playa.<\/p>\n<p>Aunque popular entre los visitantes, su ubicaci\u00f3n a las afueras de Cala Ratjada la hace m\u00e1s tranquila que otras playas m\u00e1s concurridas de la isla.<\/p>\n<h3>Cala Varques (Manacor)<\/h3>\n<p>Para aquellos que buscan un refugio tranquilo lejos de las multitudes, Cala Varques es la elecci\u00f3n perfecta. Esta cala virgen en la costa este de Mallorca es conocida por sus impresionantes aguas turquesas y su ambiente tranquilo.<\/p>\n<p>Se puede acceder a ella a pie, en bicicleta o en barco, lo que la convierte en un destino ideal para los amantes de la naturaleza y la aventura.<\/p>\n<p>[\/et_pb_text][\/et_pb_column][\/et_pb_row][et_pb_row column_structure=\u00bb1_2,1_2&#8243; _builder_version=\u00bb4.16&#8243; custom_padding=\u00bb||0px|||\u00bb global_colors_info=\u00bb{}\u00bb][et_pb_column type=\u00bb1_2&#8243; _builder_version=\u00bb4.16&#8243; global_colors_info=\u00bb{}\u00bb][et_pb_text _builder_version=\u00bb4.25.1&#8243; text_font=\u00bb||||||||\u00bb text_font_size=\u00bb16px\u00bb text_line_height=\u00bb2em\u00bb text_orientation=\u00bbjustified\u00bb text_font_size_tablet=\u00bb15px\u00bb text_font_size_phone=\u00bb14px\u00bb text_font_size_last_edited=\u00bbon|phone\u00bb header_2_font_size_tablet=\u00bb\u00bb header_2_font_size_phone=\u00bb\u00bb header_2_font_size_last_edited=\u00bbon|phone\u00bb header_2_letter_spacing_tablet=\u00bb\u00bb header_2_letter_spacing_phone=\u00bb\u00bb header_2_letter_spacing_last_edited=\u00bbon|phone\u00bb header_2_line_height_tablet=\u00bb\u00bb header_2_line_height_phone=\u00bb1.3em\u00bb header_2_line_height_last_edited=\u00bbon|phone\u00bb locked=\u00bboff\u00bb global_colors_info=\u00bb{}\u00bb]<\/p>\n<h3>Cala S&#8217;Amarador (Cap d&#8217;Es Moro, Santany\u00ed)<\/h3>\n<p>Dentro del Parque Natural de Mondrag\u00f3, al sur de Mallorca, se encuentra Cala S&#8217;Amarador, una hermosa playa de arena blanca y aguas cristalinas.<\/p>\n<p>Rodeada de acantilados y vegetaci\u00f3n mediterr\u00e1nea, esta cala es ideal para familias que buscan un lugar tranquilo donde pasar el d\u00eda.<\/p>\n<h3>Cala Tuent<\/h3>\n<p>Situada en la impresionante Sierra de Tramuntana, Cala Tuent es un verdadero para\u00edso escondido.<\/p>\n<p>El camino hacia la playa puede ser estrecho y sinuoso, pero la belleza natural que te espera al final del camino hace que el viaje valga la pena.<\/p>\n<p>Rodeada de bosques de pinos y olivos centenarios, esta cala ofrece un entorno tranquilo y sereno para disfrutar del sol y el mar.<\/p>\n<h3>Torrent de Pareis (Sa Calobra)<\/h3>\n<p>Torrent de Pareis es una playa \u00fanica en todos los sentidos. Para llegar a ella, tendr\u00e1s que recorrer una de las carreteras m\u00e1s espectaculares de Espa\u00f1a, que serpentea a trav\u00e9s de la Sierra de Tramuntana.<\/p>\n<p>Una vez que llegues, ser\u00e1s recibido por dos playas impresionantes: la cala de Sa Calobra y el Torrent de Pareis, una playa de grava escondida detr\u00e1s de una cueva.<\/p>\n<p>[\/et_pb_text][et_pb_image src=\u00bbhttps:\/\/surmasterprojects.com\/wp-content\/uploads\/2024\/05\/960px-Cala_petita_de_Cala_dOr_1.jpg\u00bb title_text=\u00bb960px-Cala_petita_de_Cala_d&#8217;Or_1&#8243; _builder_version=\u00bb4.25.1&#8243; _module_preset=\u00bbdefault\u00bb custom_margin=\u00bb33px|||||\u00bb global_colors_info=\u00bb{}\u00bb][\/et_pb_image][\/et_pb_column][et_pb_column type=\u00bb1_2&#8243; _builder_version=\u00bb4.16&#8243; global_colors_info=\u00bb{}\u00bb][et_pb_text _builder_version=\u00bb4.25.1&#8243; text_font=\u00bb||||||||\u00bb text_font_size=\u00bb16px\u00bb text_line_height=\u00bb2em\u00bb text_orientation=\u00bbjustified\u00bb text_font_size_tablet=\u00bb15px\u00bb text_font_size_phone=\u00bb14px\u00bb text_font_size_last_edited=\u00bbon|phone\u00bb header_2_font_size_tablet=\u00bb\u00bb header_2_font_size_phone=\u00bb\u00bb header_2_font_size_last_edited=\u00bbon|phone\u00bb header_2_letter_spacing_tablet=\u00bb\u00bb header_2_letter_spacing_phone=\u00bb\u00bb header_2_letter_spacing_last_edited=\u00bbon|phone\u00bb header_2_line_height_tablet=\u00bb\u00bb header_2_line_height_phone=\u00bb1.3em\u00bb header_2_line_height_last_edited=\u00bbon|phone\u00bb locked=\u00bboff\u00bb global_colors_info=\u00bb{}\u00bb]<\/p>\n<h3>Cal\u00f3 des M\u00e0rmols (Santany\u00ed)<\/h3>\n<p>Cal\u00f3 des M\u00e0rmols es una de las pocas calas v\u00edrgenes que quedan en el este de Mallorca. Para llegar a ella, tendr\u00e1s que caminar durante aproximadamente una hora desde el faro de Cap de Ses Salines, lo que la convierte en una verdadera aventura. Sin embargo, una vez que llegues, ser\u00e1s recompensado con impresionantes acantilados de piedra caliza y aguas cristalinas.<\/p>\n<h3>Cala del Mago (Portals Vells)<\/h3>\n<p>Ubicada cerca de la capital, Palma, Cala del Mago es un oasis de tranquilidad rodeado de acantilados rocosos y exuberante vegetaci\u00f3n. Sus aguas cristalinas son perfectas para practicar snorkel y descubrir el impresionante mundo submarino que se esconde debajo de la superficie.<\/p>\n<p>[\/et_pb_text][et_pb_image src=\u00bbhttps:\/\/surmasterprojects.com\/wp-content\/uploads\/2024\/05\/960px-Cala_Ferrera_02.jpg\u00bb title_text=\u00bb960px-Cala_Ferrera_02&#8243; _builder_version=\u00bb4.25.1&#8243; _module_preset=\u00bbdefault\u00bb custom_margin=\u00bb33px|||||\u00bb global_colors_info=\u00bb{}\u00bb][\/et_pb_image][et_pb_text _builder_version=\u00bb4.25.1&#8243; text_font=\u00bb||||||||\u00bb text_font_size=\u00bb16px\u00bb text_line_height=\u00bb2em\u00bb text_orientation=\u00bbjustified\u00bb text_font_size_tablet=\u00bb15px\u00bb text_font_size_phone=\u00bb14px\u00bb text_font_size_last_edited=\u00bbon|phone\u00bb header_2_font_size_tablet=\u00bb\u00bb header_2_font_size_phone=\u00bb\u00bb header_2_font_size_last_edited=\u00bbon|phone\u00bb header_2_letter_spacing_tablet=\u00bb\u00bb header_2_letter_spacing_phone=\u00bb\u00bb header_2_letter_spacing_last_edited=\u00bbon|phone\u00bb header_2_line_height_tablet=\u00bb\u00bb header_2_line_height_phone=\u00bb1.3em\u00bb header_2_line_height_last_edited=\u00bbon|phone\u00bb locked=\u00bboff\u00bb global_colors_info=\u00bb{}\u00bb]<\/p>\n<h3>Cala Fornells (Peguera)<\/h3>\n<p>Cala Fornells es conocida por su ambiente tranquilo y relajado, a pesar de estar cerca de zonas m\u00e1s urbanizadas. Con su arena gruesa y aguas turquesas, esta playa es ideal para aquellos que buscan escapar<\/p>\n<h3>Playa de Formentor (Port de Pollen\u00e7a)<\/h3>\n<p>Ubicada cerca del punto m\u00e1s septentrional de Mallorca, la Playa de Formentor es un verdadero para\u00edso natural.<\/p>\n<p>Con vistas a la bah\u00eda de Pollensa y rodeada de bosques de pinos, esta playa ofrece una combinaci\u00f3n perfecta de belleza paisaj\u00edstica y comodidades modernas.<\/p>\n<p>[\/et_pb_text][\/et_pb_column][\/et_pb_row][et_pb_row column_structure=\u00bb1_2,1_2&#8243; _builder_version=\u00bb4.25.1&#8243; custom_padding=\u00bb||0px|||\u00bb global_colors_info=\u00bb{}\u00bb][et_pb_column type=\u00bb1_2&#8243; _builder_version=\u00bb4.16&#8243; global_colors_info=\u00bb{}\u00bb][et_pb_text _builder_version=\u00bb4.25.1&#8243; text_font=\u00bb||||||||\u00bb text_font_size=\u00bb16px\u00bb text_line_height=\u00bb2em\u00bb text_orientation=\u00bbjustified\u00bb custom_margin=\u00bb||17px|||\u00bb text_font_size_tablet=\u00bb15px\u00bb text_font_size_phone=\u00bb14px\u00bb text_font_size_last_edited=\u00bbon|phone\u00bb header_2_font_size_tablet=\u00bb\u00bb header_2_font_size_phone=\u00bb\u00bb header_2_font_size_last_edited=\u00bbon|phone\u00bb header_2_letter_spacing_tablet=\u00bb\u00bb header_2_letter_spacing_phone=\u00bb\u00bb header_2_letter_spacing_last_edited=\u00bbon|phone\u00bb header_2_line_height_tablet=\u00bb\u00bb header_2_line_height_phone=\u00bb1.3em\u00bb header_2_line_height_last_edited=\u00bbon|phone\u00bb locked=\u00bboff\u00bb global_colors_info=\u00bb{}\u00bb]<\/p>\n<h2><span style=\"font-weight: 400;\">Actividades acu\u00e1ticas en Mallorca en Agosto<\/span><\/h2>\n<p><span style=\"font-weight: 400;\">Durante agosto, las condiciones son perfectas para practicar deportes acu\u00e1ticos como el snorkel, el buceo, el windsurf y el paddle surf. Las temperaturas c\u00e1lidas del agua y la visibilidad excelente ofrecen una experiencia inolvidable tanto para principiantes como para expertos.<\/span><\/p>\n<p><span style=\"font-weight: 400;\">Adem\u00e1s de las hermosas playas, viajar a Mallorca en agosto te permite disfrutar de una rica oferta cultural y de entretenidos festivales. La isla celebra varias fiestas tradicionales y eventos que muestran su patrimonio y su vibrante vida social.<\/span><\/p>\n<p>[\/et_pb_text][et_pb_image src=\u00bbhttps:\/\/surmasterprojects.com\/wp-content\/uploads\/2024\/05\/960px-Calo_des_Pou_03.jpg\u00bb title_text=\u00bb960px-Cal\u00f3_d&#8217;es_Pou_03&#8243; _builder_version=\u00bb4.25.1&#8243; _module_preset=\u00bbdefault\u00bb custom_margin=\u00bb-5px||37px|||\u00bb custom_padding=\u00bb29px|||||\u00bb global_colors_info=\u00bb{}\u00bb][\/et_pb_image][\/et_pb_column][et_pb_column type=\u00bb1_2&#8243; _builder_version=\u00bb4.16&#8243; global_colors_info=\u00bb{}\u00bb][et_pb_image src=\u00bbhttps:\/\/surmasterprojects.com\/wp-content\/uploads\/2024\/05\/960px-Cala_Serena_12.jpg\u00bb title_text=\u00bb960px-Cala_Serena_12&#8243; _builder_version=\u00bb4.25.1&#8243; _module_preset=\u00bbdefault\u00bb custom_margin=\u00bb0px||37px|||\u00bb custom_padding=\u00bb0px|||||\u00bb global_colors_info=\u00bb{}\u00bb][\/et_pb_image][et_pb_text _builder_version=\u00bb4.25.1&#8243; text_font=\u00bb||||||||\u00bb text_font_size=\u00bb16px\u00bb text_line_height=\u00bb2em\u00bb text_orientation=\u00bbjustified\u00bb text_font_size_tablet=\u00bb15px\u00bb text_font_size_phone=\u00bb14px\u00bb text_font_size_last_edited=\u00bbon|phone\u00bb locked=\u00bboff\u00bb global_colors_info=\u00bb{}\u00bb]<\/p>\n<h3>Copa del Rey de Vela de Mallorca<\/h3>\n<p><span style=\"font-weight: 400;\">A primeros de agosto se suele celebrar en la capital balear uno de los campeonatos de vela m\u00e1s importantes a nivel mundial, la Copa del Rey de Vela de Mallorca.<\/span><\/p>\n<p><span style=\"font-weight: 400;\">M\u00e1s de 100 equipos nacionales e internacionales se enfrentan en esta prestigiosa regata en la bah\u00eda mallorquina en diferentes categor\u00edas y con barcos de distintos tama\u00f1os.<\/span><\/p>\n<p><span style=\"font-weight: 400;\">Con el conocido \u00abembat\u00bb de fondo, los barcos fondean en las condiciones perfectas para la competici\u00f3n, organizada por el Real Club N\u00e1utico de Palma.<\/span><\/p>\n<p>[\/et_pb_text][\/et_pb_column][\/et_pb_row][et_pb_row column_structure=\u00bb1_2,1_2&#8243; _builder_version=\u00bb4.21.0&#8243; custom_padding=\u00bb||0px|||\u00bb global_colors_info=\u00bb{}\u00bb][et_pb_column type=\u00bb1_2&#8243; _builder_version=\u00bb4.16&#8243; global_colors_info=\u00bb{}\u00bb][et_pb_text _builder_version=\u00bb4.25.1&#8243; text_font=\u00bb||||||||\u00bb text_font_size=\u00bb16px\u00bb text_line_height=\u00bb2em\u00bb header_2_line_height=\u00bb1.4em\u00bb text_orientation=\u00bbjustified\u00bb text_font_size_tablet=\u00bb15px\u00bb text_font_size_phone=\u00bb14px\u00bb text_font_size_last_edited=\u00bbon|phone\u00bb locked=\u00bboff\u00bb global_colors_info=\u00bb{}\u00bb]<\/p>\n<h2>Vida nocturna en Mallorca en Agosto<\/h2>\n<p>Mallorca es conocida por su animada vida nocturna, especialmente en agosto. Las zonas de Magaluf y Palma de Mallorca cuentan con una gran cantidad de bares, discotecas y clubes de playa donde puedes bailar hasta el amanecer.<\/p>\n<p>Los festivales de m\u00fasica tambi\u00e9n son muy populares y atraen a DJ internacionales y artistas de renombre.<\/p>\n<h3>Turismo cultural y de interior en Mallorca:<\/h3>\n<p>Adem\u00e1s de la oferta de sol y playa, Mallorca ofrece numerosas actividades culturales y excursiones al interior de la isla, perfectas para diversificar tu experiencia.<\/p>\n<p><span style=\"font-weight: 400;\">El calor de agosto en Mallorca puede ser intenso, por lo que recorrer la ciudad en un autob\u00fas tur\u00edstico es una excelente opci\u00f3n. Estos buses de dos plantas ofrecen varias rutas de 1 hora y media de duraci\u00f3n, permiti\u00e9ndote subir y bajar tantas veces como desees en sus 18 paradas.<\/span><\/p>\n<p><span style=\"font-weight: 400;\">Podr\u00e1s visitar lugares emblem\u00e1ticos como el Castell de Bellver, la Catedral de Mallorca, la Plaza de Espa\u00f1a, el Paseo Mar\u00edtimo y la Plaza de toros de Mallorca.<\/span><\/p>\n<p><span style=\"font-weight: 400;\">Una atracci\u00f3n tur\u00edstica imprescindible es el Rafa Nadal Museum, donde puedes conocer el impresionante palmar\u00e9s del tenista mallorqu\u00edn y participar en actividades interactivas como ciclismo, remo y simulaciones de deportes con realidad virtual. Perfecto para una visita en familia y una excelente manera de escapar del calor de agosto.<\/span><\/p>\n<h2><span style=\"font-weight: 400;\">Aprovecha para relajarte en las bellas Cuevas del Drach<\/span><\/h2>\n<p><span style=\"font-weight: 400;\">Cerca de Manacor, las Cuevas del Drach en Porto Cristo ofrecen una experiencia \u00fanica con sus impresionantes formaciones de estalactitas y estalagmitas. A 25 metros de altura y con una temperatura constante de 21\u00baC, estas cuevas incluyen un paseo en barco por el Lago Martel, uno de los mayores lagos subterr\u00e1neos del mundo.<\/span><\/p>\n<p>[\/et_pb_text][et_pb_image src=\u00bbhttps:\/\/surmasterprojects.com\/wp-content\/uploads\/2024\/05\/960px-Strand_von_Cala_Gat.jpg\u00bb title_text=\u00bb960px-Strand_von_Cala_Gat\u00bb _builder_version=\u00bb4.25.1&#8243; _module_preset=\u00bbdefault\u00bb global_colors_info=\u00bb{}\u00bb][\/et_pb_image][\/et_pb_column][et_pb_column type=\u00bb1_2&#8243; _builder_version=\u00bb4.16&#8243; global_colors_info=\u00bb{}\u00bb][et_pb_image src=\u00bbhttps:\/\/surmasterprojects.com\/wp-content\/uploads\/2024\/05\/960px-Calo_des_Pou_04.jpg\u00bb title_text=\u00bb960px-Cal\u00f3_d&#8217;es_Pou_04&#8243; _builder_version=\u00bb4.25.1&#8243; _module_preset=\u00bbdefault\u00bb global_colors_info=\u00bb{}\u00bb][\/et_pb_image][et_pb_text _builder_version=\u00bb4.25.1&#8243; text_font=\u00bb||||||||\u00bb text_font_size=\u00bb16px\u00bb text_line_height=\u00bb2em\u00bb header_2_line_height=\u00bb1.4em\u00bb text_orientation=\u00bbjustified\u00bb hover_enabled=\u00bb0&#8243; text_font_size_tablet=\u00bb15px\u00bb text_font_size_phone=\u00bb14px\u00bb text_font_size_last_edited=\u00bbon|phone\u00bb locked=\u00bboff\u00bb global_colors_info=\u00bb{}\u00bb sticky_enabled=\u00bb0&#8243;]<\/p>\n<h2><span style=\"font-weight: 400;\">Gastronom\u00eda mallorquina: Delicias para degustar en Agosto<\/span><\/h2>\n<p><span style=\"font-weight: 400;\">La cocina mallorquina es un reflejo de su rica historia y diversidad cultural. Viajar a Mallorca en agosto es una oportunidad para degustar los sabores frescos y aut\u00e9nticos de la isla.<\/span><\/p>\n<h3 style=\"text-align: left;\"><span style=\"font-weight: 400;\">Platos t\u00edpicos de Mallorca: Sabores mediterr\u00e1neos para disfrutar en Agosto<\/span><\/h3>\n<p><span style=\"font-weight: 400;\">No puedes visitar Mallorca sin probar su deliciosa gastronom\u00eda. Entre los platos m\u00e1s t\u00edpicos se encuentran la \u00absobrasada\u00bb (un embutido tradicional), el \u00abtumbet\u00bb (un guiso de verduras) y el \u00abfrito mallorqu\u00edn\u00bb (un plato de carne y verduras).<\/span><\/p>\n<p><span style=\"font-weight: 400;\">Los restaurantes locales y los mercados ofrecen una amplia variedad de opciones para degustar la cocina mallorquina aut\u00e9ntica y disfrutar de una experiencia gastron\u00f3mica \u00fanica.<\/span><\/p>\n<h3><span style=\"font-weight: 400;\">Fiestas patronales y eventos gastron\u00f3micos en Mallorca en Agosto<\/span><\/h3>\n<p><span style=\"font-weight: 400;\">Durante todo el mes de agosto, Mallorca celebra diversas fiestas patronales en diferentes localidades de la isla, donde podr\u00e1s disfrutar de m\u00fasica en vivo, bailes tradicionales y, por supuesto, degustar la deliciosa gastronom\u00eda local.<\/span><\/p>\n<p><span style=\"font-weight: 400;\">Algunos de los eventos m\u00e1s destacados incluyen la Feria nocturna de la Estaci\u00f3n de San Lloren\u00e7, las Fiestas de Sant Bartomeu en Soller y la Feria de Sant Agust\u00ed de Felanitx.<\/span><\/p>\n<h3><span style=\"font-weight: 400;\">Ruta del vino en Binissalem: Descubre los sabores de Mallorca<\/span><\/h3>\n<p><span style=\"font-weight: 400;\">Si eres amante del buen vino, no puedes perderte la oportunidad de hacer la ruta del vino en Binissalem. Considerada la capital del vino en Mallorca, esta regi\u00f3n cuenta con m\u00e1s de 70 bodegas donde podr\u00e1s conocer el proceso de elaboraci\u00f3n del vino y disfrutar de catas de los mejores vinos locales.<\/span><\/p>\n<p><span style=\"font-weight: 400;\">Santa Mar\u00eda del Cam\u00ed, Consell, Sencelles y Santa Eugenia son algunos de los pueblos que forman parte de esta ruta vin\u00edcola, ofreci\u00e9ndote una experiencia \u00fanica enol\u00f3gica.<\/span><\/p>\n<p>[\/et_pb_text][\/et_pb_column][\/et_pb_row][et_pb_row column_structure=\u00bb1_2,1_2&#8243; _builder_version=\u00bb4.21.0&#8243; custom_padding=\u00bb||0px|||\u00bb global_colors_info=\u00bb{}\u00bb][et_pb_column type=\u00bb1_2&#8243; _builder_version=\u00bb4.16&#8243; global_colors_info=\u00bb{}\u00bb][et_pb_text _builder_version=\u00bb4.25.1&#8243; text_font=\u00bb||||||||\u00bb text_font_size=\u00bb16px\u00bb text_line_height=\u00bb2em\u00bb header_2_line_height=\u00bb1.4em\u00bb text_orientation=\u00bbjustified\u00bb text_font_size_tablet=\u00bb15px\u00bb text_font_size_phone=\u00bb14px\u00bb text_font_size_last_edited=\u00bbon|phone\u00bb locked=\u00bboff\u00bb global_colors_info=\u00bb{}\u00bb]<\/p>\n<h2><span style=\"font-weight: 400;\">Consejos para disfrutar al m\u00e1ximo de tu viaje a Mallorca en Agosto<\/span><\/h2>\n<h3><span style=\"font-weight: 400;\">Evita las multitudes y descubre rincones menos conocidos<\/span><\/h3>\n<p><span style=\"font-weight: 400;\">Si prefieres escapar de las multitudes y descubrir la aut\u00e9ntica Mallorca, te recomendamos explorar los pueblos del interior de la isla. <\/span><span style=\"font-weight: 400;\">Lugares como Valldemossa, Dei\u00e0, Esporles y Pollen\u00e7a ofrecen un ambiente tranquilo y pintoresco, perfecto para relajarse y disfrutar de la belleza natural de la isla.<\/span><\/p>\n<h3><span style=\"font-weight: 400;\">Planifica con anticipaci\u00f3n y reserva tus actividades<\/span><\/h3>\n<p><span style=\"font-weight: 400;\">Dado que agosto es uno de los meses m\u00e1s concurridos en Mallorca, es importante planificar tu viaje con anticipaci\u00f3n y reservar tus actividades y alojamiento con suficiente tiempo de antelaci\u00f3n.<\/span><span style=\"font-weight: 400;\"><\/span><\/p>\n<h3><span style=\"font-weight: 400;\">Disfruta de los atardeceres m\u00e1gicos de Mallorca<\/span><\/h3>\n<p><span style=\"font-weight: 400;\">No te pierdas la oportunidad de presenciar los incre\u00edbles atardeceres de Mallorca, que ofrecen un espect\u00e1culo de colores y paisajes impresionantes.<\/span><\/p>\n<p><span style=\"font-weight: 400;\">Desde el faro de Formentor hasta la playa de Es Trenc, hay numerosos lugares donde podr\u00e1s disfrutar de este momento m\u00e1gico y crear recuerdos inolvidables.<\/span><span style=\"font-weight: 400;\"><\/span><\/p>\n<p>[\/et_pb_text][et_pb_image src=\u00bbhttps:\/\/surmasterprojects.com\/wp-content\/uploads\/2024\/05\/1076px-Cala_Ferrera2.jpg\u00bb title_text=\u00bb1076px-Cala_Ferrera2&#8243; _builder_version=\u00bb4.25.1&#8243; _module_preset=\u00bbdefault\u00bb global_colors_info=\u00bb{}\u00bb][\/et_pb_image][\/et_pb_column][et_pb_column type=\u00bb1_2&#8243; _builder_version=\u00bb4.16&#8243; global_colors_info=\u00bb{}\u00bb][et_pb_image src=\u00bbhttps:\/\/surmasterprojects.com\/wp-content\/uploads\/2024\/05\/961px-Cala_Varques_29.jpg\u00bb title_text=\u00bb961px-Cala_Varques_29&#8243; _builder_version=\u00bb4.25.1&#8243; _module_preset=\u00bbdefault\u00bb global_colors_info=\u00bb{}\u00bb][\/et_pb_image][et_pb_text _builder_version=\u00bb4.25.1&#8243; text_font=\u00bb||||||||\u00bb text_font_size=\u00bb16px\u00bb text_line_height=\u00bb2em\u00bb header_2_line_height=\u00bb1.4em\u00bb text_orientation=\u00bbjustified\u00bb text_font_size_tablet=\u00bb15px\u00bb text_font_size_phone=\u00bb14px\u00bb text_font_size_last_edited=\u00bbon|phone\u00bb locked=\u00bboff\u00bb global_colors_info=\u00bb{}\u00bb]<\/p>\n<p><span style=\"font-weight: 400;\">Aqu\u00ed tienes algunos consejos adicionales que te ayudar\u00e1n a sacar el m\u00e1ximo provecho de tu viaje a Mallorca en agosto:<\/span><\/p>\n<p><span style=\"font-weight: 400;\"><\/span><\/p>\n<ul>\n<li style=\"font-weight: 400;\" aria-level=\"1\"><span style=\"font-weight: 400;\"><span style=\"font-weight: 400;\">Evita las horas punta en las atracciones tur\u00edsticas: Para evitar las aglomeraciones, intenta visitar las atracciones tur\u00edsticas m\u00e1s populares durante las horas menos concurridas del d\u00eda, como primera hora de la ma\u00f1ana o al final de la tarde.<\/span><\/span><span style=\"font-weight: 400;\"><span style=\"font-weight: 400;\"><\/span><\/span><\/li>\n<\/ul>\n<p><span style=\"font-weight: 400;\"><span style=\"font-weight: 400;\"><\/span><\/span><\/p>\n<ul>\n<li style=\"font-weight: 400;\" aria-level=\"1\"><span style=\"font-weight: 400;\"><span style=\"font-weight: 400;\">Reserva con anticipaci\u00f3n las visitas guiadas y actividades: Si planeas participar en tours guiados, excursiones o actividades espec\u00edficas, es recomendable reservar con anticipaci\u00f3n para asegurarte de tener tu lugar garantizado, especialmente en temporada alta.<\/span><\/span>\u00a0<\/li>\n<\/ul>\n<ul>\n<li style=\"font-weight: 400;\" aria-level=\"1\"><span style=\"font-weight: 400;\">Explora la gastronom\u00eda local fuera de las zonas tur\u00edsticas: Si deseas probar la aut\u00e9ntica cocina mallorquina, considera alejarte de las zonas tur\u00edsticas y explorar restaurantes y mercados locales donde los lugare\u00f1os suelen comer. Esto te permitir\u00e1 descubrir sabores aut\u00e9nticos y disfrutar de una experiencia m\u00e1s genuina.<\/span><\/li>\n<\/ul>\n<p><span style=\"font-weight: 400;\"><\/span><\/p>\n<ul>\n<li style=\"font-weight: 400;\" aria-level=\"1\"><span style=\"font-weight: 400;\">Respeta el entorno natural y cultural: Durante tu estancia en Mallorca, recuerda ser respetuoso con el medio ambiente y la cultura local. Respeta las normas de conservaci\u00f3n, evita dejar residuos en la playa o en \u00e1reas naturales protegidas y respeta las tradiciones y costumbres locales.<\/span><\/li>\n<\/ul>\n<p>[\/et_pb_text][\/et_pb_column][\/et_pb_row][et_pb_row _builder_version=\u00bb4.21.0&#8243; custom_margin=\u00bb36px|auto||auto||\u00bb custom_padding=\u00bb34px||0px|||\u00bb global_colors_info=\u00bb{}\u00bb][et_pb_column type=\u00bb4_4&#8243; _builder_version=\u00bb4.16&#8243; global_colors_info=\u00bb{}\u00bb][et_pb_divider color=\u00bb#f75e00&#8243; divider_weight=\u00bb4px\u00bb _builder_version=\u00bb4.21.0&#8243; _module_preset=\u00bbdefault\u00bb width=\u00bb40%\u00bb module_alignment=\u00bbcenter\u00bb global_colors_info=\u00bb{}\u00bb][\/et_pb_divider][et_pb_text quote_border_color=\u00bb#E09900&#8243; _builder_version=\u00bb4.25.1&#8243; text_font=\u00bb||||||||\u00bb text_font_size=\u00bb16px\u00bb text_line_height=\u00bb2em\u00bb header_2_line_height=\u00bb1.4em\u00bb text_orientation=\u00bbjustified\u00bb custom_margin=\u00bb||42px|||\u00bb text_font_size_tablet=\u00bb15px\u00bb text_font_size_phone=\u00bb14px\u00bb text_font_size_last_edited=\u00bbon|phone\u00bb locked=\u00bboff\u00bb global_colors_info=\u00bb{}\u00bb]<\/p>\n<blockquote>\n<h2><span style=\"font-weight: 400;\">Preguntas Frecuentes sobre Viajar a Mallorca en agosto<\/span><\/h2>\n<\/blockquote>\n<h3>\u00bfC\u00f3mo es el clima en Mallorca en agosto?<\/h3>\n<p>En agosto, el clima en Mallorca sigue siendo c\u00e1lido y soleado, con temperaturas que suelen oscilar entre los 24 y 32 grados Celsius. Es un mes perfecto para disfrutar del sol y las actividades al aire libre durante todo el d\u00eda.<\/p>\n<h3>\u00bfEs agosto una buena \u00e9poca para visitar Mallorca?<\/h3>\n<p>S\u00ed, agosto sigue siendo una excelente \u00e9poca para visitar Mallorca. El clima es ideal para disfrutar de las playas y calas de la isla, y contin\u00faan los eventos culturales y festivales que hacen de Mallorca un destino vacacional emocionante.<\/p>\n<h3>\u00bfSe puede nadar en el mar en Mallorca en agosto?<\/h3>\n<p>S\u00ed, en agosto las temperaturas del mar contin\u00faan siendo c\u00e1lidas y perfectas para nadar. Con temperaturas que rondan los 25\u00b0C, las aguas de Mallorca son ideales para refrescarse y disfrutar del verano en la isla.<\/p>\n<h3>\u00bfLlueve mucho en Mallorca en agosto?<\/h3>\n<p>Agosto sigue siendo un mes seco en Mallorca, con pocas precipitaciones y d\u00edas lluviosos. El sol sigue brillando la mayor parte del mes, lo que lo convierte en un momento perfecto para disfrutar de las actividades al aire libre y de la playa.<\/p>\n<h3>\u00bfHay mucha gente en Mallorca en agosto?<\/h3>\n<p>S\u00ed, agosto es otro mes muy concurrido en Mallorca debido a la continua temporada alta de turismo. Las playas, calles y atracciones tur\u00edsticas suelen estar bastante concurridas durante este mes, ya que muchas personas eligen Mallorca como destino vacacional en verano. Se recomienda anticipar reservas y planificar actividades con anticipaci\u00f3n para evitar inconvenientes debido a las multitudes.<\/p>\n<h3>\u00bfEs Magaluf adecuado para visitar en agosto?<\/h3>\n<p>S\u00ed, agosto tambi\u00e9n es un mes popular para visitar Magaluf, especialmente para aquellos que disfrutan del ambiente animado y las actividades nocturnas. Con temperaturas c\u00e1lidas y secas, es un momento perfecto para disfrutar de la vida nocturna y las playas de la zona.<\/p>\n<p>[\/et_pb_text][\/et_pb_column][\/et_pb_row][\/et_pb_section]<\/p>\n","protected":false},"excerpt":{"rendered":"<p>VIAJAR A MALLORCA EN AGOSTO Viajar a Palma de Mallorca en AgostoMallorca, la joya del Mediterr\u00e1neo, es uno de los destinos tur\u00edsticos m\u00e1s populares de Europa. Si est\u00e1s pensando en viajar a Mallorca en agosto, est\u00e1s en el momento ideal para disfrutar de sus playas paradis\u00edacas, su vibrante vida nocturna y sus impresionantes paisajes naturales.Clima [&hellip;]<\/p>\n","protected":false},"author":1,"featured_media":8444,"parent":7644,"menu_order":0,"comment_status":"closed","ping_status":"closed","template":"","meta":{"_et_pb_use_builder":"on","_et_pb_old_content":"","_et_gb_content_width":"","footnotes":""},"class_list":["post-8443","page","type-page","status-publish","has-post-thumbnail","hentry"],"yoast_head":"<!-- This site is optimized with the Yoast SEO plugin v27.4 - https:\/\/yoast.com\/product\/yoast-seo-wordpress\/ -->\n<title>Surmaster Projects<\/title>\n<meta name=\"robots\" content=\"index, follow, max-snippet:-1, max-image-preview:large, max-video-preview:-1\" \/>\n<link rel=\"canonical\" href=\"https:\/\/surmasterprojects.com\/es\/blog\/viajar-a-mallorca-en-agosto-guia-completa\/\" \/>\n<meta property=\"og:locale\" content=\"es_ES\" \/>\n<meta property=\"og:type\" content=\"article\" \/>\n<meta property=\"og:description\" content=\"VIAJAR A MALLORCA EN AGOSTO Viajar a Palma de Mallorca en AgostoMallorca, la joya del Mediterr\u00e1neo, es uno de los destinos tur\u00edsticos m\u00e1s populares de Europa. Si est\u00e1s pensando en viajar a Mallorca en agosto, est\u00e1s en el momento ideal para disfrutar de sus playas paradis\u00edacas, su vibrante vida nocturna y sus impresionantes paisajes naturales.Clima [&hellip;]\" \/>\n<meta property=\"og:url\" content=\"https:\/\/surmasterprojects.com\/es\/blog\/viajar-a-mallorca-en-agosto-guia-completa\/\" \/>\n<meta property=\"og:site_name\" content=\"Surmaster Projects\" \/>\n<meta property=\"article:modified_time\" content=\"2024-06-10T12:35:01+00:00\" \/>\n<meta property=\"og:image\" content=\"https:\/\/surmasterprojects.com\/wp-content\/uploads\/2024\/05\/1441px-Cala_Varques_29.jpg\" \/>\n\t<meta property=\"og:image:width\" content=\"1441\" \/>\n\t<meta property=\"og:image:height\" content=\"1080\" \/>\n\t<meta property=\"og:image:type\" content=\"image\/jpeg\" \/>\n<meta name=\"twitter:card\" content=\"summary_large_image\" \/>\n<meta name=\"twitter:label1\" content=\"Tiempo de lectura\" \/>\n\t<meta name=\"twitter:data1\" content=\"1 minuto\" \/>\n<script type=\"application\/ld+json\" class=\"yoast-schema-graph\">{\"@context\":\"https:\\\/\\\/schema.org\",\"@graph\":[{\"@type\":\"WebPage\",\"@id\":\"https:\\\/\\\/surmasterprojects.com\\\/blog\\\/viajar-a-mallorca-en-agosto-guia-completa\\\/\",\"url\":\"https:\\\/\\\/surmasterprojects.com\\\/blog\\\/viajar-a-mallorca-en-agosto-guia-completa\\\/\",\"name\":\"\",\"isPartOf\":{\"@id\":\"https:\\\/\\\/surmasterprojects.com\\\/es\\\/#website\"},\"primaryImageOfPage\":{\"@id\":\"https:\\\/\\\/surmasterprojects.com\\\/blog\\\/viajar-a-mallorca-en-agosto-guia-completa\\\/#primaryimage\"},\"image\":{\"@id\":\"https:\\\/\\\/surmasterprojects.com\\\/blog\\\/viajar-a-mallorca-en-agosto-guia-completa\\\/#primaryimage\"},\"thumbnailUrl\":\"https:\\\/\\\/surmasterprojects.com\\\/wp-content\\\/uploads\\\/2024\\\/05\\\/1441px-Cala_Varques_29.jpg\",\"datePublished\":\"2024-06-10T11:55:38+00:00\",\"dateModified\":\"2024-06-10T12:35:01+00:00\",\"breadcrumb\":{\"@id\":\"https:\\\/\\\/surmasterprojects.com\\\/blog\\\/viajar-a-mallorca-en-agosto-guia-completa\\\/#breadcrumb\"},\"inLanguage\":\"es\",\"potentialAction\":[{\"@type\":\"ReadAction\",\"target\":[\"https:\\\/\\\/surmasterprojects.com\\\/blog\\\/viajar-a-mallorca-en-agosto-guia-completa\\\/\"]}]},{\"@type\":\"ImageObject\",\"inLanguage\":\"es\",\"@id\":\"https:\\\/\\\/surmasterprojects.com\\\/blog\\\/viajar-a-mallorca-en-agosto-guia-completa\\\/#primaryimage\",\"url\":\"https:\\\/\\\/surmasterprojects.com\\\/wp-content\\\/uploads\\\/2024\\\/05\\\/1441px-Cala_Varques_29.jpg\",\"contentUrl\":\"https:\\\/\\\/surmasterprojects.com\\\/wp-content\\\/uploads\\\/2024\\\/05\\\/1441px-Cala_Varques_29.jpg\",\"width\":1441,\"height\":1080},{\"@type\":\"BreadcrumbList\",\"@id\":\"https:\\\/\\\/surmasterprojects.com\\\/blog\\\/viajar-a-mallorca-en-agosto-guia-completa\\\/#breadcrumb\",\"itemListElement\":[{\"@type\":\"ListItem\",\"position\":1,\"name\":\"Portada\",\"item\":\"https:\\\/\\\/surmasterprojects.com\\\/es\\\/\"},{\"@type\":\"ListItem\",\"position\":2,\"name\":\"Blog\",\"item\":\"https:\\\/\\\/surmasterprojects.com\\\/es\\\/blog\\\/\"},{\"@type\":\"ListItem\",\"position\":3,\"name\":\"Viajar a Mallorca en Agosto: Gu\u00eda Completa\"}]},{\"@type\":\"WebSite\",\"@id\":\"https:\\\/\\\/surmasterprojects.com\\\/es\\\/#website\",\"url\":\"https:\\\/\\\/surmasterprojects.com\\\/es\\\/\",\"name\":\"Surmaster Projects\",\"description\":\"\",\"publisher\":{\"@id\":\"https:\\\/\\\/surmasterprojects.com\\\/es\\\/#organization\"},\"potentialAction\":[{\"@type\":\"SearchAction\",\"target\":{\"@type\":\"EntryPoint\",\"urlTemplate\":\"https:\\\/\\\/surmasterprojects.com\\\/es\\\/?s={search_term_string}\"},\"query-input\":{\"@type\":\"PropertyValueSpecification\",\"valueRequired\":true,\"valueName\":\"search_term_string\"}}],\"inLanguage\":\"es\"},{\"@type\":\"Organization\",\"@id\":\"https:\\\/\\\/surmasterprojects.com\\\/es\\\/#organization\",\"name\":\"Surmaster Projects\",\"url\":\"https:\\\/\\\/surmasterprojects.com\\\/es\\\/\",\"logo\":{\"@type\":\"ImageObject\",\"inLanguage\":\"es\",\"@id\":\"https:\\\/\\\/surmasterprojects.com\\\/es\\\/#\\\/schema\\\/logo\\\/image\\\/\",\"url\":\"https:\\\/\\\/surmasterprojects.com\\\/wp-content\\\/uploads\\\/2022\\\/04\\\/cropped-Logo_GrupoSurmaster_negativo.png\",\"contentUrl\":\"https:\\\/\\\/surmasterprojects.com\\\/wp-content\\\/uploads\\\/2022\\\/04\\\/cropped-Logo_GrupoSurmaster_negativo.png\",\"width\":512,\"height\":512,\"caption\":\"Surmaster Projects\"},\"image\":{\"@id\":\"https:\\\/\\\/surmasterprojects.com\\\/es\\\/#\\\/schema\\\/logo\\\/image\\\/\"}}]}<\/script>\n<!-- \/ Yoast SEO plugin. -->","yoast_head_json":{"title":"Surmaster Projects","robots":{"index":"index","follow":"follow","max-snippet":"max-snippet:-1","max-image-preview":"max-image-preview:large","max-video-preview":"max-video-preview:-1"},"canonical":"https:\/\/surmasterprojects.com\/es\/blog\/viajar-a-mallorca-en-agosto-guia-completa\/","og_locale":"es_ES","og_type":"article","og_description":"VIAJAR A MALLORCA EN AGOSTO Viajar a Palma de Mallorca en AgostoMallorca, la joya del Mediterr\u00e1neo, es uno de los destinos tur\u00edsticos m\u00e1s populares de Europa. Si est\u00e1s pensando en viajar a Mallorca en agosto, est\u00e1s en el momento ideal para disfrutar de sus playas paradis\u00edacas, su vibrante vida nocturna y sus impresionantes paisajes naturales.Clima [&hellip;]","og_url":"https:\/\/surmasterprojects.com\/es\/blog\/viajar-a-mallorca-en-agosto-guia-completa\/","og_site_name":"Surmaster Projects","article_modified_time":"2024-06-10T12:35:01+00:00","og_image":[{"width":1441,"height":1080,"url":"https:\/\/surmasterprojects.com\/wp-content\/uploads\/2024\/05\/1441px-Cala_Varques_29.jpg","type":"image\/jpeg"}],"twitter_card":"summary_large_image","twitter_misc":{"Tiempo de lectura":"1 minuto"},"schema":{"@context":"https:\/\/schema.org","@graph":[{"@type":"WebPage","@id":"https:\/\/surmasterprojects.com\/blog\/viajar-a-mallorca-en-agosto-guia-completa\/","url":"https:\/\/surmasterprojects.com\/blog\/viajar-a-mallorca-en-agosto-guia-completa\/","name":"","isPartOf":{"@id":"https:\/\/surmasterprojects.com\/es\/#website"},"primaryImageOfPage":{"@id":"https:\/\/surmasterprojects.com\/blog\/viajar-a-mallorca-en-agosto-guia-completa\/#primaryimage"},"image":{"@id":"https:\/\/surmasterprojects.com\/blog\/viajar-a-mallorca-en-agosto-guia-completa\/#primaryimage"},"thumbnailUrl":"https:\/\/surmasterprojects.com\/wp-content\/uploads\/2024\/05\/1441px-Cala_Varques_29.jpg","datePublished":"2024-06-10T11:55:38+00:00","dateModified":"2024-06-10T12:35:01+00:00","breadcrumb":{"@id":"https:\/\/surmasterprojects.com\/blog\/viajar-a-mallorca-en-agosto-guia-completa\/#breadcrumb"},"inLanguage":"es","potentialAction":[{"@type":"ReadAction","target":["https:\/\/surmasterprojects.com\/blog\/viajar-a-mallorca-en-agosto-guia-completa\/"]}]},{"@type":"ImageObject","inLanguage":"es","@id":"https:\/\/surmasterprojects.com\/blog\/viajar-a-mallorca-en-agosto-guia-completa\/#primaryimage","url":"https:\/\/surmasterprojects.com\/wp-content\/uploads\/2024\/05\/1441px-Cala_Varques_29.jpg","contentUrl":"https:\/\/surmasterprojects.com\/wp-content\/uploads\/2024\/05\/1441px-Cala_Varques_29.jpg","width":1441,"height":1080},{"@type":"BreadcrumbList","@id":"https:\/\/surmasterprojects.com\/blog\/viajar-a-mallorca-en-agosto-guia-completa\/#breadcrumb","itemListElement":[{"@type":"ListItem","position":1,"name":"Portada","item":"https:\/\/surmasterprojects.com\/es\/"},{"@type":"ListItem","position":2,"name":"Blog","item":"https:\/\/surmasterprojects.com\/es\/blog\/"},{"@type":"ListItem","position":3,"name":"Viajar a Mallorca en Agosto: Gu\u00eda Completa"}]},{"@type":"WebSite","@id":"https:\/\/surmasterprojects.com\/es\/#website","url":"https:\/\/surmasterprojects.com\/es\/","name":"Surmaster Projects","description":"","publisher":{"@id":"https:\/\/surmasterprojects.com\/es\/#organization"},"potentialAction":[{"@type":"SearchAction","target":{"@type":"EntryPoint","urlTemplate":"https:\/\/surmasterprojects.com\/es\/?s={search_term_string}"},"query-input":{"@type":"PropertyValueSpecification","valueRequired":true,"valueName":"search_term_string"}}],"inLanguage":"es"},{"@type":"Organization","@id":"https:\/\/surmasterprojects.com\/es\/#organization","name":"Surmaster Projects","url":"https:\/\/surmasterprojects.com\/es\/","logo":{"@type":"ImageObject","inLanguage":"es","@id":"https:\/\/surmasterprojects.com\/es\/#\/schema\/logo\/image\/","url":"https:\/\/surmasterprojects.com\/wp-content\/uploads\/2022\/04\/cropped-Logo_GrupoSurmaster_negativo.png","contentUrl":"https:\/\/surmasterprojects.com\/wp-content\/uploads\/2022\/04\/cropped-Logo_GrupoSurmaster_negativo.png","width":512,"height":512,"caption":"Surmaster Projects"},"image":{"@id":"https:\/\/surmasterprojects.com\/es\/#\/schema\/logo\/image\/"}}]}},"_links":{"self":[{"href":"https:\/\/surmasterprojects.com\/es\/wp-json\/wp\/v2\/pages\/8443","targetHints":{"allow":["GET"]}}],"collection":[{"href":"https:\/\/surmasterprojects.com\/es\/wp-json\/wp\/v2\/pages"}],"about":[{"href":"https:\/\/surmasterprojects.com\/es\/wp-json\/wp\/v2\/types\/page"}],"author":[{"embeddable":true,"href":"https:\/\/surmasterprojects.com\/es\/wp-json\/wp\/v2\/users\/1"}],"replies":[{"embeddable":true,"href":"https:\/\/surmasterprojects.com\/es\/wp-json\/wp\/v2\/comments?post=8443"}],"version-history":[{"count":3,"href":"https:\/\/surmasterprojects.com\/es\/wp-json\/wp\/v2\/pages\/8443\/revisions"}],"predecessor-version":[{"id":8461,"href":"https:\/\/surmasterprojects.com\/es\/wp-json\/wp\/v2\/pages\/8443\/revisions\/8461"}],"up":[{"embeddable":true,"href":"https:\/\/surmasterprojects.com\/es\/wp-json\/wp\/v2\/pages\/7644"}],"wp:featuredmedia":[{"embeddable":true,"href":"https:\/\/surmasterprojects.com\/es\/wp-json\/wp\/v2\/media\/8444"}],"wp:attachment":[{"href":"https:\/\/surmasterprojects.com\/es\/wp-json\/wp\/v2\/media?parent=8443"}],"curies":[{"name":"wp","href":"https:\/\/api.w.org\/{rel}","templated":true}]}}